{"id":8532,"date":"2023-06-02T12:51:42","date_gmt":"2023-06-02T15:51:42","guid":{"rendered":"https:\/\/ibyme.org.ar\/investigacion\/profesional-staff-finder\/"},"modified":"2023-12-20T12:40:58","modified_gmt":"2023-12-20T15:40:58","slug":"profesional-staff-finder","status":"publish","type":"page","link":"https:\/\/ibyme.org.ar\/investigacion\/en\/profesional-staff-finder\/","title":{"rendered":"Staff Search"},"content":{"rendered":"<p><div class=\"fusion-fullwidth fullwidth-box fusion-builder-row-1 fusion-flex-container has-pattern-background has-mask-background header-separator-arg nonhundred-percent-fullwidth non-hundred-percent-height-scrolling\" style=\"--awb-border-radius-top-left:0px;--awb-border-radius-top-right:0px;--awb-border-radius-bottom-right:0px;--awb-border-radius-bottom-left:0px;--awb-padding-top:2px;--awb-padding-bottom:3px;--awb-margin-top:0px;--awb-margin-bottom:40px;--awb-flex-wrap:wrap;\" ><div class=\"fusion-builder-row fusion-row fusion-flex-align-items-flex-start fusion-flex-content-wrap\" style=\"max-width:1248px;margin-left: calc(-4% \/ 2 );margin-right: calc(-4% \/ 2 );\"><\/div><\/div>\n<div class=\"fusion-fullwidth fullwidth-box fusion-builder-row-2 fusion-flex-container has-pattern-background has-mask-background nonhundred-percent-fullwidth non-hundred-percent-height-scrolling\" style=\"--awb-border-radius-top-left:0px;--awb-border-radius-top-right:0px;--awb-border-radius-bottom-right:0px;--awb-border-radius-bottom-left:0px;--awb-flex-wrap:wrap;\" ><div class=\"fusion-builder-row fusion-row fusion-flex-align-items-flex-start fusion-flex-content-wrap\" style=\"max-width:1248px;margin-left: calc(-4% \/ 2 );margin-right: calc(-4% \/ 2 );\"><div class=\"fusion-layout-column fusion_builder_column fusion-builder-column-0 fusion_builder_column_1_1 1_1 fusion-flex-column\" style=\"--awb-bg-size:cover;--awb-width-large:100%;--awb-margin-top-large:0px;--awb-spacing-right-large:1.92%;--awb-margin-bottom-large:20px;--awb-spacing-left-large:1.92%;--awb-width-medium:100%;--awb-order-medium:0;--awb-spacing-right-medium:1.92%;--awb-spacing-left-medium:1.92%;--awb-width-small:100%;--awb-order-small:0;--awb-spacing-right-small:1.92%;--awb-spacing-left-small:1.92%;\"><div class=\"fusion-column-wrapper fusion-column-has-shadow fusion-flex-justify-content-flex-start fusion-content-layout-column\"><nav class=\"fusion-breadcrumbs awb-yoast-breadcrumbs fusion-breadcrumbs-1\" style=\"--awb-alignment:left;--awb-breadcrumb-sep:&#039;\/&#039;;text-align:left;\" aria-label=\"Breadcrumb\"><span><span><a href=\"https:\/\/ibyme.org.ar\/investigacion\/en\/laboratories\/\">Inicio<\/a><\/span><\/span><\/nav><div class=\"fusion-title title fusion-title-1 fusion-sep-none fusion-title-text fusion-title-size-one\"><h1 class=\"fusion-title-heading title-heading-left\" style=\"margin:0;\">Staff Search<\/h1><\/div><\/div><\/div><\/div><\/div><div class=\"fusion-fullwidth fullwidth-box fusion-builder-row-3 fusion-flex-container has-pattern-background has-mask-background nonhundred-percent-fullwidth non-hundred-percent-height-scrolling\" style=\"--awb-border-radius-top-left:0px;--awb-border-radius-top-right:0px;--awb-border-radius-bottom-right:0px;--awb-border-radius-bottom-left:0px;--awb-flex-wrap:wrap;\" ><div class=\"fusion-builder-row fusion-row fusion-flex-align-items-flex-start fusion-flex-content-wrap\" style=\"max-width:1248px;margin-left: calc(-4% \/ 2 );margin-right: calc(-4% \/ 2 );\"><div class=\"fusion-layout-column fusion_builder_column fusion-builder-column-1 fusion_builder_column_1_1 1_1 fusion-flex-column\" style=\"--awb-bg-size:cover;--awb-width-large:100%;--awb-margin-top-large:0px;--awb-spacing-right-large:1.92%;--awb-margin-bottom-large:20px;--awb-spacing-left-large:1.92%;--awb-width-medium:100%;--awb-order-medium:0;--awb-spacing-right-medium:1.92%;--awb-spacing-left-medium:1.92%;--awb-width-small:100%;--awb-order-small:0;--awb-spacing-right-small:1.92%;--awb-spacing-left-small:1.92%;\"><div class=\"fusion-column-wrapper fusion-column-has-shadow fusion-flex-justify-content-flex-start fusion-content-layout-column\"><div id=\"wpupg-grid-with-filters-profesionales\" class=\"wpupg-grid-with-filters\"><style>#wpupg-grid-profesionales-filters .wpupg-filter-container {padding: 10px 10px;}<\/style><div id=\"wpupg-grid-profesionales-filters\" class=\"wpupg-grid-filters wpupg-grid-filters-display-inline wpupg-grid-filters-align-center\"><div id=\"wpupg-grid-profesionales-filter-1-container\" class=\"wpupg-filter-container wpupg-filter-container-label-block\"><div id=\"wpupg-grid-profesionales-filter-1\" class=\"wpupg-filter wpupg-filter-text_search\"><style>#wpupg-grid-profesionales-filter-1 {margin: 0 -5px;}#wpupg-grid-profesionales-filter-1 .wpupg-filter-text-input-container {margin: 5px 5px;width: 250px;}#wpupg-grid-profesionales-filter-1 input.wpupg-filter-text-input {color: #101010;font-size: 14px;background-color: #FFFFFF;border-color: #4d4d4d;}#wpupg-grid-profesionales-filter-1 input.wpupg-filter-text-input::placeholder {color: #101010;}#wpupg-grid-profesionales-filter-1 .wpupg-input-loader {border-top-color: #101010;}<\/style><div class=\"wpupg-filter-text-input-container\"><input type=\"text\" class=\"wpupg-filter-text-input\" placeholder=\"Nombre del profesional...\" aria-label=\"Text search to filter grid items. Type to search.\"><div class=\"wpupg-input-loader\"><\/div><\/div><\/div><\/div><div id=\"wpupg-grid-profesionales-filter-2-container\" class=\"wpupg-filter-container wpupg-filter-container-label-block\"><div id=\"wpupg-grid-profesionales-filter-2\" class=\"wpupg-filter wpupg-filter-clear\"><style>#wpupg-grid-profesionales-filter-2 {text-align: left;margin: 0 -0px;}#wpupg-grid-profesionales-filter-2 .wpupg-filter-item {opacity: 0.3;background-color: #FFFFFF;color: #2E5077;font-size: 14px;margin: 3px 0px;padding: 0px 0px;}#wpupg-grid-profesionales-filter-2 .wpupg-filter-item:focus {outline: none;border-color: #FFFFFF;background-color: #FFFFFF;color: #1C3148;}@media (hover: hover) and (pointer: fine) {#wpupg-grid-profesionales-filter-2 .wpupg-filter-item:hover {outline: none;border-color: #FFFFFF;background-color: #FFFFFF;color: #1C3148;}}<\/style><div class=\"wpupg-filter-item wpupg-filter-clear-button\" role=\"button\" tabindex=\"0\">Borrar<\/div><\/div><\/div><\/div><div id=\"wpupg-grid-container-profesionales\" class=\"wpupg-grid-container\"><style>#wpupg-grid-profesionales .wpupg-item { width: calc(100% - 20px); max-width: none; margin: 10px; } #wpupg-grid-profesionales { margin: 0 -10px;}<\/style><div id=\"wpupg-grid-profesionales\" class=\"wpupg-grid wpupg-grid-loading\" data-grid-id=\"6906\"><div class=\"wpupg-item wpupg-item-post wpupg-item-13006 wpupg-type-integrantes wpupg-item-no-image wpupg-template-profesionales\" data-id=\"13006\" data-order-default=\"Abril Mart\u00ednez Casin - Tesista de grado (Lic. en Biotecnolog\u00eda, UADE)\">\n\n<div class=\"wpupg-meta-container\">\n\t<div class=\"wpupg-item-title wpupg-block-text-bold\">Abril Mart\u00ednez Casin - Tesista de grado (Lic. en Biotecnolog\u00eda, UADE)<\/div>\n    <span class=\"wpupg-item-custom-field wpupg-block-text-normal\">Tesista de grado (Licenciatura en Biotecnolog\u00eda, UADE)<\/span><br>\n    <span><a class=\"single-professional-item\" href='&quot;&quot;' target=\"_blank\" style=\"text-decoration:none; color:black;\"><\/a><\/span>\n<\/div><\/div><div class=\"wpupg-item wpupg-item-post wpupg-item-7655 wpupg-type-integrantes wpupg-item-has-image wpupg-template-profesionales\" data-id=\"7655\" data-order-default=\"Agustina Caruso\"><div class=\"wpupg-item-image wpupg-block-image-normal wpupg-align-center\"><img decoding=\"async\" style=\"border-width: 0px;border-style: solid;border-color: #666666;\" width=\"150\" height=\"150\" src=\"https:\/\/ibyme.org.ar\/investigacion\/wp-content\/uploads\/2023\/07\/avatar-f-150x150.jpg\" class=\"skip-lazy disable-lazyload attachment-150x150 size-150x150\" alt=\"\" srcset=\"https:\/\/ibyme.org.ar\/investigacion\/wp-content\/uploads\/2023\/07\/avatar-f-66x66.jpg 66w, https:\/\/ibyme.org.ar\/investigacion\/wp-content\/uploads\/2023\/07\/avatar-f-150x150.jpg 150w\" sizes=\"(max-width: 150px) 100vw, 150px\" \/><\/div>\n\n<div class=\"wpupg-meta-container\">\n\t<div class=\"wpupg-item-title wpupg-block-text-bold\">Agustina Caruso<\/div>\n    <span class=\"wpupg-item-custom-field wpupg-block-text-normal\">Asistente administrativo<\/span><br>\n    <span><a class=\"single-professional-item\" href='&quot;&quot;' target=\"_blank\" style=\"text-decoration:none; color:black;\"><span class=\"wpupg-item-terms wpupg-block-text-normal\"><span class=\"wpupg-item-term\">Unidad de Administraci\u00f3n<\/span><\/span><\/a><\/span>\n<\/div><\/div><div class=\"wpupg-item wpupg-item-post wpupg-item-1927 wpupg-type-integrantes wpupg-item-has-image wpupg-template-profesionales\" data-id=\"1927\" data-order-default=\"Agustina Marchena\"><div class=\"wpupg-item-image wpupg-block-image-normal wpupg-align-center\"><img decoding=\"async\" style=\"border-width: 0px;border-style: solid;border-color: #666666;\" width=\"150\" height=\"150\" src=\"https:\/\/ibyme.org.ar\/investigacion\/wp-content\/uploads\/2023\/03\/person-150x150.png\" class=\"skip-lazy disable-lazyload attachment-150x150 size-150x150\" alt=\"\" srcset=\"https:\/\/ibyme.org.ar\/investigacion\/wp-content\/uploads\/2023\/03\/person-66x66.png 66w, https:\/\/ibyme.org.ar\/investigacion\/wp-content\/uploads\/2023\/03\/person-150x150.png 150w\" sizes=\"(max-width: 150px) 100vw, 150px\" \/><\/div>\n\n<div class=\"wpupg-meta-container\">\n\t<div class=\"wpupg-item-title wpupg-block-text-bold\">Agustina Marchena<\/div>\n    <span class=\"wpupg-item-custom-field wpupg-block-text-normal\">Estudiante de grado UADE<\/span><br>\n    <span><a class=\"single-professional-item\" href='&quot;&quot;' target=\"_blank\" style=\"text-decoration:none; color:black;\"><span class=\"wpupg-item-terms wpupg-block-text-normal\"><span class=\"wpupg-item-term\">Neurobiologia<\/span><\/span><\/a><\/span>\n<\/div><\/div><div class=\"wpupg-item wpupg-item-post wpupg-item-9739 wpupg-type-integrantes wpupg-item-has-image wpupg-template-profesionales\" data-id=\"9739\" data-order-default=\"Ana Romarowski, Ph.D.\"><div class=\"wpupg-item-image wpupg-block-image-normal wpupg-align-center\"><img decoding=\"async\" style=\"border-width: 0px;border-style: solid;border-color: #666666;\" width=\"150\" height=\"150\" src=\"https:\/\/ibyme.org.ar\/investigacion\/wp-content\/uploads\/2023\/03\/Lab-Buffone-Romarowski-2024-E-150x150.jpg\" class=\"skip-lazy disable-lazyload attachment-150x150 size-150x150\" alt=\"\" srcset=\"https:\/\/ibyme.org.ar\/investigacion\/wp-content\/uploads\/2023\/03\/Lab-Buffone-Romarowski-2024-E-66x66.jpg 66w, https:\/\/ibyme.org.ar\/investigacion\/wp-content\/uploads\/2023\/03\/Lab-Buffone-Romarowski-2024-E-150x150.jpg 150w\" sizes=\"(max-width: 150px) 100vw, 150px\" \/><\/div>\n\n<div class=\"wpupg-meta-container\">\n\t<div class=\"wpupg-item-title wpupg-block-text-bold\">Ana Romarowski, Ph.D.<\/div>\n    <span class=\"wpupg-item-custom-field wpupg-block-text-normal\">Researcher (CONICET)<\/span><br>\n    <span><a class=\"single-professional-item\" href='\/\/ibyme.org.ar\/investigacion\/laboratorios\/biologia-celular-y-molecular-de-la-reproduccion\/&lt;\/span&gt;&quot;' target=\"_blank\" style=\"text-decoration:none; color:black;\"><span class=\"wpupg-item-terms wpupg-block-text-normal\"><span class=\"wpupg-item-term\">Biolog\u00eda Celular y Molecular de la Reproducci\u00f3n<\/span><\/span><\/a><\/span>\n<\/div><\/div><div class=\"wpupg-item wpupg-item-post wpupg-item-2034 wpupg-type-integrantes wpupg-item-has-image wpupg-template-profesionales\" data-id=\"2034\" data-order-default=\"Ant\u00fa Zvik\"><div class=\"wpupg-item-image wpupg-block-image-normal wpupg-align-center\"><img decoding=\"async\" style=\"border-width: 0px;border-style: solid;border-color: #666666;\" width=\"150\" height=\"150\" src=\"https:\/\/ibyme.org.ar\/investigacion\/wp-content\/uploads\/2023\/03\/person-150x150.png\" class=\"skip-lazy disable-lazyload attachment-150x150 size-150x150\" alt=\"\" srcset=\"https:\/\/ibyme.org.ar\/investigacion\/wp-content\/uploads\/2023\/03\/person-66x66.png 66w, https:\/\/ibyme.org.ar\/investigacion\/wp-content\/uploads\/2023\/03\/person-150x150.png 150w\" sizes=\"(max-width: 150px) 100vw, 150px\" \/><\/div>\n\n<div class=\"wpupg-meta-container\">\n\t<div class=\"wpupg-item-title wpupg-block-text-bold\">Ant\u00fa Zvik<\/div>\n    <span class=\"wpupg-item-custom-field wpupg-block-text-normal\">Estudiante de Grado (FCEyN-UBA)<\/span><br>\n    <span><a class=\"single-professional-item\" href='\/\/ibyme.org.ar\/investigacion\/laboratorios\/biotecnologia-farmaceutica\/&lt;\/span&gt;&quot;' target=\"_blank\" style=\"text-decoration:none; color:black;\"><span class=\"wpupg-item-terms wpupg-block-text-normal\"><span class=\"wpupg-item-term\">Biotecnolog\u00eda Farmac\u00e9utica<\/span><\/span><\/a><\/span>\n<\/div><\/div><div class=\"wpupg-item wpupg-item-post wpupg-item-6998 wpupg-type-integrantes wpupg-item-has-image wpupg-template-profesionales\" data-id=\"6998\" data-order-default=\"Athina Carducci Sartorio\"><div class=\"wpupg-item-image wpupg-block-image-normal wpupg-align-center\"><img decoding=\"async\" style=\"border-width: 0px;border-style: solid;border-color: #666666;\" width=\"150\" height=\"150\" src=\"https:\/\/ibyme.org.ar\/investigacion\/wp-content\/uploads\/2023\/03\/Athi-150x150.jpg\" class=\"skip-lazy disable-lazyload attachment-150x150 size-150x150\" alt=\"\" srcset=\"https:\/\/ibyme.org.ar\/investigacion\/wp-content\/uploads\/2023\/03\/Athi-66x66.jpg 66w, https:\/\/ibyme.org.ar\/investigacion\/wp-content\/uploads\/2023\/03\/Athi-150x150.jpg 150w, https:\/\/ibyme.org.ar\/investigacion\/wp-content\/uploads\/2023\/03\/Athi-200x200.jpg 200w, https:\/\/ibyme.org.ar\/investigacion\/wp-content\/uploads\/2023\/03\/Athi-300x300.jpg 300w, https:\/\/ibyme.org.ar\/investigacion\/wp-content\/uploads\/2023\/03\/Athi-400x400.jpg 400w, https:\/\/ibyme.org.ar\/investigacion\/wp-content\/uploads\/2023\/03\/Athi.jpg 591w\" sizes=\"(max-width: 150px) 100vw, 150px\" \/><\/div>\n\n<div class=\"wpupg-meta-container\">\n\t<div class=\"wpupg-item-title wpupg-block-text-bold\">Athina Carducci Sartorio<\/div>\n    <span class=\"wpupg-item-custom-field wpupg-block-text-normal\">Tesista de Licenciatura en Biotecnolog\u00eda (UADE)<\/span><br>\n    <span><a class=\"single-professional-item\" href='\/\/ibyme.org.ar\/investigacion\/laboratorios\/proteinas-quinasas-y-oncologia-molecular\/&lt;\/span&gt;&quot;' target=\"_blank\" style=\"text-decoration:none; color:black;\"><span class=\"wpupg-item-terms wpupg-block-text-normal\"><span class=\"wpupg-item-term\">Prote\u00ednas Quinasas y Oncolog\u00eda Molecular<\/span><\/span><\/a><\/span>\n<\/div><\/div><div class=\"wpupg-item wpupg-item-post wpupg-item-12750 wpupg-type-integrantes wpupg-item-has-image wpupg-template-profesionales\" data-id=\"12750\" data-order-default=\"Azul Mui\u00f1o\"><div class=\"wpupg-item-image wpupg-block-image-normal wpupg-align-center\"><img decoding=\"async\" style=\"border-width: 0px;border-style: solid;border-color: #666666;\" width=\"150\" height=\"150\" src=\"https:\/\/ibyme.org.ar\/investigacion\/wp-content\/uploads\/2026\/01\/Foto-Azul-scaled-e1768848230228-150x150.jpeg\" class=\"skip-lazy disable-lazyload attachment-150x150 size-150x150\" alt=\"\" srcset=\"https:\/\/ibyme.org.ar\/investigacion\/wp-content\/uploads\/2026\/01\/Foto-Azul-scaled-e1768848230228-66x66.jpeg 66w, https:\/\/ibyme.org.ar\/investigacion\/wp-content\/uploads\/2026\/01\/Foto-Azul-scaled-e1768848230228-150x150.jpeg 150w, https:\/\/ibyme.org.ar\/investigacion\/wp-content\/uploads\/2026\/01\/Foto-Azul-scaled-e1768848230228-200x200.jpeg 200w, https:\/\/ibyme.org.ar\/investigacion\/wp-content\/uploads\/2026\/01\/Foto-Azul-scaled-e1768848230228-300x300.jpeg 300w, https:\/\/ibyme.org.ar\/investigacion\/wp-content\/uploads\/2026\/01\/Foto-Azul-scaled-e1768848230228-400x400.jpeg 400w, https:\/\/ibyme.org.ar\/investigacion\/wp-content\/uploads\/2026\/01\/Foto-Azul-scaled-e1768848230228-600x600.jpeg 600w, https:\/\/ibyme.org.ar\/investigacion\/wp-content\/uploads\/2026\/01\/Foto-Azul-scaled-e1768848230228-768x768.jpeg 768w, https:\/\/ibyme.org.ar\/investigacion\/wp-content\/uploads\/2026\/01\/Foto-Azul-scaled-e1768848230228-800x800.jpeg 800w, https:\/\/ibyme.org.ar\/investigacion\/wp-content\/uploads\/2026\/01\/Foto-Azul-scaled-e1768848230228-1024x1024.jpeg 1024w, https:\/\/ibyme.org.ar\/investigacion\/wp-content\/uploads\/2026\/01\/Foto-Azul-scaled-e1768848230228-1200x1200.jpeg 1200w, https:\/\/ibyme.org.ar\/investigacion\/wp-content\/uploads\/2026\/01\/Foto-Azul-scaled-e1768848230228.jpeg 1386w\" sizes=\"(max-width: 150px) 100vw, 150px\" \/><\/div>\n\n<div class=\"wpupg-meta-container\">\n\t<div class=\"wpupg-item-title wpupg-block-text-bold\">Azul Mui\u00f1o<\/div>\n    <span class=\"wpupg-item-custom-field wpupg-block-text-normal\">Tesista de Licenciatura en Ciencias Biol\u00f3gicas (FCEN-UBA)<\/span><br>\n    <span><a class=\"single-professional-item\" href='\/\/ibyme.org.ar\/investigacion\/laboratorios\/proteinas-quinasas-y-oncologia-molecular\/&lt;\/span&gt;&quot;' target=\"_blank\" style=\"text-decoration:none; color:black;\"><span class=\"wpupg-item-terms wpupg-block-text-normal\"><span class=\"wpupg-item-term\">Prote\u00ednas Quinasas y Oncolog\u00eda Molecular<\/span><\/span><\/a><\/span>\n<\/div><\/div><div class=\"wpupg-item wpupg-item-post wpupg-item-1855 wpupg-type-integrantes wpupg-item-has-image wpupg-template-profesionales\" data-id=\"1855\" data-order-default=\"Bioq. Mar\u00eda Jos\u00e9 Espa\u00f1a de Marco\"><div class=\"wpupg-item-image wpupg-block-image-normal wpupg-align-center\"><img decoding=\"async\" style=\"border-width: 0px;border-style: solid;border-color: #666666;\" width=\"150\" height=\"150\" src=\"https:\/\/ibyme.org.ar\/investigacion\/wp-content\/uploads\/2023\/03\/FOTO-Majo-150x150.jpg\" class=\"skip-lazy disable-lazyload attachment-150x150 size-150x150\" alt=\"\" srcset=\"https:\/\/ibyme.org.ar\/investigacion\/wp-content\/uploads\/2023\/03\/FOTO-Majo-66x66.jpg 66w, https:\/\/ibyme.org.ar\/investigacion\/wp-content\/uploads\/2023\/03\/FOTO-Majo-150x150.jpg 150w, https:\/\/ibyme.org.ar\/investigacion\/wp-content\/uploads\/2023\/03\/FOTO-Majo-200x200.jpg 200w, https:\/\/ibyme.org.ar\/investigacion\/wp-content\/uploads\/2023\/03\/FOTO-Majo-300x300.jpg 300w, https:\/\/ibyme.org.ar\/investigacion\/wp-content\/uploads\/2023\/03\/FOTO-Majo-400x400.jpg 400w, https:\/\/ibyme.org.ar\/investigacion\/wp-content\/uploads\/2023\/03\/FOTO-Majo-600x600.jpg 600w, https:\/\/ibyme.org.ar\/investigacion\/wp-content\/uploads\/2023\/03\/FOTO-Majo.jpg 640w\" sizes=\"(max-width: 150px) 100vw, 150px\" \/><\/div>\n\n<div class=\"wpupg-meta-container\">\n\t<div class=\"wpupg-item-title wpupg-block-text-bold\">Bioq. Mar\u00eda Jos\u00e9 Espa\u00f1a de Marco<\/div>\n    <span class=\"wpupg-item-custom-field wpupg-block-text-normal\">Becario Doctoral (CONICET)<\/span><br>\n    <span><a class=\"single-professional-item\" href='\/\/ibyme.org.ar\/investigacion\/laboratorios\/fisiologia-y-biologia-tumoral-del-ovario\/&lt;\/span&gt;&quot;' target=\"_blank\" style=\"text-decoration:none; color:black;\"><span class=\"wpupg-item-terms wpupg-block-text-normal\"><span class=\"wpupg-item-term\">Fisiolog\u00eda y Biolog\u00eda Tumoral del Ovario<\/span><\/span><\/a><\/span>\n<\/div><\/div><div class=\"wpupg-item wpupg-item-post wpupg-item-1847 wpupg-type-integrantes wpupg-item-has-image wpupg-template-profesionales\" data-id=\"1847\" data-order-default=\"Bioq. Mar\u00eda Natalia Rubinsztain\"><div class=\"wpupg-item-image wpupg-block-image-normal wpupg-align-center\"><img decoding=\"async\" style=\"border-width: 0px;border-style: solid;border-color: #666666;\" width=\"150\" height=\"150\" src=\"https:\/\/ibyme.org.ar\/investigacion\/wp-content\/uploads\/2023\/05\/foto-Nati-150x150.jpg\" class=\"skip-lazy disable-lazyload attachment-150x150 size-150x150\" alt=\"\" srcset=\"https:\/\/ibyme.org.ar\/investigacion\/wp-content\/uploads\/2023\/05\/foto-Nati-66x66.jpg 66w, https:\/\/ibyme.org.ar\/investigacion\/wp-content\/uploads\/2023\/05\/foto-Nati-150x150.jpg 150w\" sizes=\"(max-width: 150px) 100vw, 150px\" \/><\/div>\n\n<div class=\"wpupg-meta-container\">\n\t<div class=\"wpupg-item-title wpupg-block-text-bold\">Bioq. Mar\u00eda Natalia Rubinsztain<\/div>\n    <span class=\"wpupg-item-custom-field wpupg-block-text-normal\">Becaria de doctorado CONICET<\/span><br>\n    <span><a class=\"single-professional-item\" href='\/\/ibyme.org.ar\/investigacion\/laboratorios\/fisiopatologia-de-la-inmunidad-innata\/&lt;\/span&gt;&quot;' target=\"_blank\" style=\"text-decoration:none; color:black;\"><span class=\"wpupg-item-terms wpupg-block-text-normal\"><span class=\"wpupg-item-term\">Fisiopatolog\u00eda de la Inmunidad Innata<\/span><\/span><\/a><\/span>\n<\/div><\/div><div class=\"wpupg-item wpupg-item-post wpupg-item-1856 wpupg-type-integrantes wpupg-item-has-image wpupg-template-profesionales\" data-id=\"1856\" data-order-default=\"Bioq. Roc\u00edo Marinoni\"><div class=\"wpupg-item-image wpupg-block-image-normal wpupg-align-center\"><img decoding=\"async\" style=\"border-width: 0px;border-style: solid;border-color: #666666;\" width=\"150\" height=\"150\" src=\"https:\/\/ibyme.org.ar\/investigacion\/wp-content\/uploads\/2023\/03\/FOTO-Ro-150x150.jpg\" class=\"skip-lazy disable-lazyload attachment-150x150 size-150x150\" alt=\"\" srcset=\"https:\/\/ibyme.org.ar\/investigacion\/wp-content\/uploads\/2023\/03\/FOTO-Ro-66x66.jpg 66w, https:\/\/ibyme.org.ar\/investigacion\/wp-content\/uploads\/2023\/03\/FOTO-Ro-150x150.jpg 150w\" sizes=\"(max-width: 150px) 100vw, 150px\" \/><\/div>\n\n<div class=\"wpupg-meta-container\">\n\t<div class=\"wpupg-item-title wpupg-block-text-bold\">Bioq. Roc\u00edo Marinoni<\/div>\n    <span class=\"wpupg-item-custom-field wpupg-block-text-normal\">Becario Doctoral (ANPCYT)<\/span><br>\n    <span><a class=\"single-professional-item\" href='\/\/ibyme.org.ar\/investigacion\/laboratorios\/fisiologia-y-biologia-tumoral-del-ovario\/&lt;\/span&gt;&quot;' target=\"_blank\" style=\"text-decoration:none; color:black;\"><span class=\"wpupg-item-terms wpupg-block-text-normal\"><span class=\"wpupg-item-term\">Fisiolog\u00eda y Biolog\u00eda Tumoral del Ovario<\/span><\/span><\/a><\/span>\n<\/div><\/div><div class=\"wpupg-item wpupg-item-post wpupg-item-2031 wpupg-type-integrantes wpupg-item-has-image wpupg-template-profesionales\" data-id=\"2031\" data-order-default=\"Bioq. Sol Ferrer\"><div class=\"wpupg-item-image wpupg-block-image-normal wpupg-align-center\"><img decoding=\"async\" style=\"border-width: 0px;border-style: solid;border-color: #666666;\" width=\"150\" height=\"150\" src=\"https:\/\/ibyme.org.ar\/investigacion\/wp-content\/uploads\/2023\/03\/01-FERRERO-E-150x150.jpg\" class=\"skip-lazy disable-lazyload attachment-150x150 size-150x150\" alt=\"\" srcset=\"https:\/\/ibyme.org.ar\/investigacion\/wp-content\/uploads\/2023\/03\/01-FERRERO-E-66x66.jpg 66w, https:\/\/ibyme.org.ar\/investigacion\/wp-content\/uploads\/2023\/03\/01-FERRERO-E-150x150.jpg 150w\" sizes=\"(max-width: 150px) 100vw, 150px\" \/><\/div>\n\n<div class=\"wpupg-meta-container\">\n\t<div class=\"wpupg-item-title wpupg-block-text-bold\">Bioq. Sol Ferrer<\/div>\n    <span class=\"wpupg-item-custom-field wpupg-block-text-normal\">Becaria Doctoral PDTS (CONICET)<\/span><br>\n    <span><a class=\"single-professional-item\" href='\/\/ibyme.org.ar\/investigacion\/laboratorios\/biotecnologia-farmaceutica\/&lt;\/span&gt;&quot;' target=\"_blank\" style=\"text-decoration:none; color:black;\"><span class=\"wpupg-item-terms wpupg-block-text-normal\"><span class=\"wpupg-item-term\">Biotecnolog\u00eda Farmac\u00e9utica<\/span><\/span><\/a><\/span>\n<\/div><\/div><div class=\"wpupg-item wpupg-item-post wpupg-item-1909 wpupg-type-integrantes wpupg-item-has-image wpupg-template-profesionales\" data-id=\"1909\" data-order-default=\"Camila Bach\"><div class=\"wpupg-item-image wpupg-block-image-normal wpupg-align-center\"><img decoding=\"async\" style=\"border-width: 0px;border-style: solid;border-color: #666666;\" width=\"150\" height=\"150\" src=\"https:\/\/ibyme.org.ar\/investigacion\/wp-content\/uploads\/2023\/03\/person-150x150.png\" class=\"skip-lazy disable-lazyload attachment-150x150 size-150x150\" alt=\"\" srcset=\"https:\/\/ibyme.org.ar\/investigacion\/wp-content\/uploads\/2023\/03\/person-66x66.png 66w, https:\/\/ibyme.org.ar\/investigacion\/wp-content\/uploads\/2023\/03\/person-150x150.png 150w\" sizes=\"(max-width: 150px) 100vw, 150px\" \/><\/div>\n\n<div class=\"wpupg-meta-container\">\n\t<div class=\"wpupg-item-title wpupg-block-text-bold\">Camila Bach<\/div>\n    <span class=\"wpupg-item-custom-field wpupg-block-text-normal\">Becaria Doctoral (CONICET)<\/span><br>\n    <span><a class=\"single-professional-item\" href='\/\/ibyme.org.ar\/investigacion\/laboratorios\/glicomedicina\/&lt;\/span&gt;&quot;' target=\"_blank\" style=\"text-decoration:none; color:black;\"><span class=\"wpupg-item-terms wpupg-block-text-normal\"><span class=\"wpupg-item-term\">Glicomedicina<\/span><\/span><\/a><\/span>\n<\/div><\/div><div class=\"wpupg-item wpupg-item-post wpupg-item-2033 wpupg-type-integrantes wpupg-item-has-image wpupg-template-profesionales\" data-id=\"2033\" data-order-default=\"Camila Bel\u00e9n Paz Gueler\"><div class=\"wpupg-item-image wpupg-block-image-normal wpupg-align-center\"><img decoding=\"async\" style=\"border-width: 0px;border-style: solid;border-color: #666666;\" width=\"150\" height=\"150\" src=\"https:\/\/ibyme.org.ar\/investigacion\/wp-content\/uploads\/2023\/03\/01-Paz-G-E-b-150x150.jpg\" class=\"skip-lazy disable-lazyload attachment-150x150 size-150x150\" alt=\"\" srcset=\"https:\/\/ibyme.org.ar\/investigacion\/wp-content\/uploads\/2023\/03\/01-Paz-G-E-b-66x66.jpg 66w, https:\/\/ibyme.org.ar\/investigacion\/wp-content\/uploads\/2023\/03\/01-Paz-G-E-b-150x150.jpg 150w\" sizes=\"(max-width: 150px) 100vw, 150px\" \/><\/div>\n\n<div class=\"wpupg-meta-container\">\n\t<div class=\"wpupg-item-title wpupg-block-text-bold\">Camila Bel\u00e9n Paz Gueler<\/div>\n    <span class=\"wpupg-item-custom-field wpupg-block-text-normal\">Estudiante de Grado (UNSAM)<\/span><br>\n    <span><a class=\"single-professional-item\" href='\/\/ibyme.org.ar\/investigacion\/laboratorios\/biotecnologia-farmaceutica\/&lt;\/span&gt;&quot;' target=\"_blank\" style=\"text-decoration:none; color:black;\"><span class=\"wpupg-item-terms wpupg-block-text-normal\"><span class=\"wpupg-item-term\">Biotecnolog\u00eda Farmac\u00e9utica<\/span><\/span><\/a><\/span>\n<\/div><\/div><div class=\"wpupg-item wpupg-item-post wpupg-item-11103 wpupg-type-integrantes wpupg-item-has-image wpupg-template-profesionales\" data-id=\"11103\" data-order-default=\"Camila Dalessandro Sellanes\"><div class=\"wpupg-item-image wpupg-block-image-normal wpupg-align-center\"><img decoding=\"async\" style=\"border-width: 0px;border-style: solid;border-color: #666666;\" width=\"150\" height=\"150\" src=\"https:\/\/ibyme.org.ar\/investigacion\/wp-content\/uploads\/2023\/03\/Lab-Buffone-Dalessandro-2024-150x150.jpg\" class=\"skip-lazy disable-lazyload attachment-150x150 size-150x150\" alt=\"\" srcset=\"https:\/\/ibyme.org.ar\/investigacion\/wp-content\/uploads\/2023\/03\/Lab-Buffone-Dalessandro-2024-66x66.jpg 66w, https:\/\/ibyme.org.ar\/investigacion\/wp-content\/uploads\/2023\/03\/Lab-Buffone-Dalessandro-2024-150x150.jpg 150w\" sizes=\"(max-width: 150px) 100vw, 150px\" \/><\/div>\n\n<div class=\"wpupg-meta-container\">\n\t<div class=\"wpupg-item-title wpupg-block-text-bold\">Camila Dalessandro Sellanes<\/div>\n    <span class=\"wpupg-item-custom-field wpupg-block-text-normal\">Undergraduate student (UBA)<\/span><br>\n    <span><a class=\"single-professional-item\" href='&quot;&quot;' target=\"_blank\" style=\"text-decoration:none; color:black;\"><span class=\"wpupg-item-terms wpupg-block-text-normal\"><span class=\"wpupg-item-term\">Biolog\u00eda Celular y Molecular de la Reproducci\u00f3n<\/span><\/span><\/a><\/span>\n<\/div><\/div><div class=\"wpupg-item wpupg-item-post wpupg-item-13002 wpupg-type-integrantes wpupg-item-no-image wpupg-template-profesionales\" data-id=\"13002\" data-order-default=\"Camila Guidi-Tesista de grado (Licenciatura en Biotecnolog\u00eda, UADE)\">\n\n<div class=\"wpupg-meta-container\">\n\t<div class=\"wpupg-item-title wpupg-block-text-bold\">Camila Guidi-Tesista de grado (Licenciatura en Biotecnolog\u00eda, UADE)<\/div>\n    <span class=\"wpupg-item-custom-field wpupg-block-text-normal\">Tesista de grado (Licenciatura en Biotecnolog\u00eda, UADE)<\/span><br>\n    <span><a class=\"single-professional-item\" href='&quot;&quot;' target=\"_blank\" style=\"text-decoration:none; color:black;\"><\/a><\/span>\n<\/div><\/div><div class=\"wpupg-item wpupg-item-post wpupg-item-2007 wpupg-type-integrantes wpupg-item-has-image wpupg-template-profesionales\" data-id=\"2007\" data-order-default=\"Camila Jencquel\"><div class=\"wpupg-item-image wpupg-block-image-normal wpupg-align-center\"><img decoding=\"async\" style=\"border-width: 0px;border-style: solid;border-color: #666666;\" width=\"150\" height=\"150\" src=\"https:\/\/ibyme.org.ar\/investigacion\/wp-content\/uploads\/2023\/03\/06-Camila-Jencquel-150x150.jpg\" class=\"skip-lazy disable-lazyload attachment-150x150 size-150x150\" alt=\"\" srcset=\"https:\/\/ibyme.org.ar\/investigacion\/wp-content\/uploads\/2023\/03\/06-Camila-Jencquel-66x66.jpg 66w, https:\/\/ibyme.org.ar\/investigacion\/wp-content\/uploads\/2023\/03\/06-Camila-Jencquel-150x150.jpg 150w\" sizes=\"(max-width: 150px) 100vw, 150px\" \/><\/div>\n\n<div class=\"wpupg-meta-container\">\n\t<div class=\"wpupg-item-title wpupg-block-text-bold\">Camila Jencquel<\/div>\n    <span class=\"wpupg-item-custom-field wpupg-block-text-normal\">Pasante-Estudiante de Bioqu\u00edmica<\/span><br>\n    <span><a class=\"single-professional-item\" href='\/\/ibyme.org.ar\/investigacion\/laboratorios\/inmunologia-tumoral\/&lt;\/span&gt;&quot;' target=\"_blank\" style=\"text-decoration:none; color:black;\"><span class=\"wpupg-item-terms wpupg-block-text-normal\"><span class=\"wpupg-item-term\">Inmunolog\u00eda Tumoral<\/span><\/span><\/a><\/span>\n<\/div><\/div><div class=\"wpupg-item wpupg-item-post wpupg-item-12914 wpupg-type-integrantes wpupg-item-has-image wpupg-template-profesionales\" data-id=\"12914\" data-order-default=\"Camila Quintana\"><div class=\"wpupg-item-image wpupg-block-image-normal wpupg-align-center\"><img decoding=\"async\" style=\"border-width: 0px;border-style: solid;border-color: #666666;\" width=\"150\" height=\"150\" src=\"https:\/\/ibyme.org.ar\/investigacion\/wp-content\/uploads\/2026\/03\/Camila-Quintana-150x150.jpg\" class=\"skip-lazy disable-lazyload attachment-150x150 size-150x150\" alt=\"\" srcset=\"https:\/\/ibyme.org.ar\/investigacion\/wp-content\/uploads\/2026\/03\/Camila-Quintana-66x66.jpg 66w, https:\/\/ibyme.org.ar\/investigacion\/wp-content\/uploads\/2026\/03\/Camila-Quintana-150x150.jpg 150w\" sizes=\"(max-width: 150px) 100vw, 150px\" \/><\/div>\n\n<div class=\"wpupg-meta-container\">\n\t<div class=\"wpupg-item-title wpupg-block-text-bold\">Camila Quintana<\/div>\n    <span class=\"wpupg-item-custom-field wpupg-block-text-normal\">Pasante - Licenciatura en Ciencias Biol\u00f3gicas - FCEN-UBA<\/span><br>\n    <span><a class=\"single-professional-item\" href='\/\/ibyme.org.ar\/investigacion\/laboratorios\/quimica-de-proteoglicanos-y-matriz-extracelular\/&lt;\/span&gt;&quot;' target=\"_blank\" style=\"text-decoration:none; color:black;\"><span class=\"wpupg-item-terms wpupg-block-text-normal\"><span class=\"wpupg-item-term\">Qu\u00edmica de Proteoglicanos y Matriz Extracelular<\/span><\/span><\/a><\/span>\n<\/div><\/div><div class=\"wpupg-item wpupg-item-post wpupg-item-12782 wpupg-type-integrantes wpupg-item-has-image wpupg-template-profesionales\" data-id=\"12782\" data-order-default=\"Camila Rocio Gonzalez\"><div class=\"wpupg-item-image wpupg-block-image-normal wpupg-align-center\"><img decoding=\"async\" style=\"border-width: 0px;border-style: solid;border-color: #666666;\" width=\"150\" height=\"150\" src=\"https:\/\/ibyme.org.ar\/investigacion\/wp-content\/uploads\/2026\/01\/WhatsApp-Image-2026-01-30-at-1.27.49-PM-150x150.jpeg\" class=\"skip-lazy disable-lazyload attachment-150x150 size-150x150\" alt=\"Camila Rocio Gonzalez\" srcset=\"https:\/\/ibyme.org.ar\/investigacion\/wp-content\/uploads\/2026\/01\/WhatsApp-Image-2026-01-30-at-1.27.49-PM-66x66.jpeg 66w, https:\/\/ibyme.org.ar\/investigacion\/wp-content\/uploads\/2026\/01\/WhatsApp-Image-2026-01-30-at-1.27.49-PM-150x150.jpeg 150w\" sizes=\"(max-width: 150px) 100vw, 150px\" \/><\/div>\n\n<div class=\"wpupg-meta-container\">\n\t<div class=\"wpupg-item-title wpupg-block-text-bold\">Camila Rocio Gonzalez<\/div>\n    <span class=\"wpupg-item-custom-field wpupg-block-text-normal\">Tesinista UADE-IBYME<\/span><br>\n    <span><a class=\"single-professional-item\" href='&quot;&quot;' target=\"_blank\" style=\"text-decoration:none; color:black;\"><\/a><\/span>\n<\/div><\/div><div class=\"wpupg-item wpupg-item-post wpupg-item-7175 wpupg-type-integrantes wpupg-item-has-image wpupg-template-profesionales\" data-id=\"7175\" data-order-default=\"Candela Senosia\u00edn\"><div class=\"wpupg-item-image wpupg-block-image-normal wpupg-align-center\"><img decoding=\"async\" style=\"border-width: 0px;border-style: solid;border-color: #666666;\" width=\"150\" height=\"150\" src=\"https:\/\/ibyme.org.ar\/investigacion\/wp-content\/uploads\/2023\/06\/IMG_20240312_090914-150x150.jpg\" class=\"skip-lazy disable-lazyload attachment-150x150 size-150x150\" alt=\"\" srcset=\"https:\/\/ibyme.org.ar\/investigacion\/wp-content\/uploads\/2023\/06\/IMG_20240312_090914-66x66.jpg 66w, https:\/\/ibyme.org.ar\/investigacion\/wp-content\/uploads\/2023\/06\/IMG_20240312_090914-150x150.jpg 150w\" sizes=\"(max-width: 150px) 100vw, 150px\" \/><\/div>\n\n<div class=\"wpupg-meta-container\">\n\t<div class=\"wpupg-item-title wpupg-block-text-bold\">Candela Senosia\u00edn<\/div>\n    <span class=\"wpupg-item-custom-field wpupg-block-text-normal\">Estudiante de grado (UADE)<\/span><br>\n    <span><a class=\"single-professional-item\" href='\/\/ibyme.org.ar\/investigacion\/laboratorios\/biologia-de-las-gametas-gametolab\/&lt;\/span&gt;&quot;' target=\"_blank\" style=\"text-decoration:none; color:black;\"><span class=\"wpupg-item-terms wpupg-block-text-normal\"><span class=\"wpupg-item-term\">Biolog\u00eda de las Gametas<\/span><\/span><\/a><\/span>\n<\/div><\/div><div class=\"wpupg-item wpupg-item-post wpupg-item-12930 wpupg-type-integrantes wpupg-item-has-image wpupg-template-profesionales\" data-id=\"12930\" data-order-default=\"Carolina Herrera\"><div class=\"wpupg-item-image wpupg-block-image-normal wpupg-align-center\"><img decoding=\"async\" style=\"border-width: 0px;border-style: solid;border-color: #666666;\" width=\"150\" height=\"150\" src=\"https:\/\/ibyme.org.ar\/investigacion\/wp-content\/uploads\/2026\/03\/Retrato_Herrera-150x150.jpg\" class=\"skip-lazy disable-lazyload attachment-150x150 size-150x150\" alt=\"\" srcset=\"https:\/\/ibyme.org.ar\/investigacion\/wp-content\/uploads\/2026\/03\/Retrato_Herrera-66x66.jpg 66w, https:\/\/ibyme.org.ar\/investigacion\/wp-content\/uploads\/2026\/03\/Retrato_Herrera-150x150.jpg 150w\" sizes=\"(max-width: 150px) 100vw, 150px\" \/><\/div>\n\n<div class=\"wpupg-meta-container\">\n\t<div class=\"wpupg-item-title wpupg-block-text-bold\">Carolina Herrera<\/div>\n    <span class=\"wpupg-item-custom-field wpupg-block-text-normal\">Pasante-Estudiante de Biotecnolog\u00eda y Bioinform\u00e1tica<\/span><br>\n    <span><a class=\"single-professional-item\" href='&quot;&quot;' target=\"_blank\" style=\"text-decoration:none; color:black;\"><span class=\"wpupg-item-terms wpupg-block-text-normal\"><span class=\"wpupg-item-term\">Inmunolog\u00eda Tumoral<\/span><\/span><\/a><\/span>\n<\/div><\/div><div class=\"wpupg-item wpupg-item-post wpupg-item-7588 wpupg-type-directores wpupg-item-has-image wpupg-template-profesionales\" data-id=\"7588\" data-order-default=\"Caroline A. Lamb\"><div class=\"wpupg-item-image wpupg-block-image-normal wpupg-align-center\"><img decoding=\"async\" style=\"border-width: 0px;border-style: solid;border-color: #666666;\" width=\"150\" height=\"150\" src=\"https:\/\/ibyme.org.ar\/investigacion\/wp-content\/uploads\/2023\/08\/Caro-150x150.jpg\" class=\"skip-lazy disable-lazyload attachment-150x150 size-150x150\" alt=\"\" srcset=\"https:\/\/ibyme.org.ar\/investigacion\/wp-content\/uploads\/2023\/08\/Caro-66x66.jpg 66w, https:\/\/ibyme.org.ar\/investigacion\/wp-content\/uploads\/2023\/08\/Caro-150x150.jpg 150w\" sizes=\"(max-width: 150px) 100vw, 150px\" \/><\/div>\n\n<div class=\"wpupg-meta-container\">\n\t<div class=\"wpupg-item-title wpupg-block-text-bold\">Caroline A. Lamb<\/div>\n    <span class=\"wpupg-item-custom-field wpupg-block-text-normal\">Investigador Independiente (CONICET)<\/span><br>\n    <span><a class=\"single-professional-item\" href='\/\/ibyme.org.ar\/investigacion\/laboratorios\/carcinogenesis-hormonal\/&lt;\/span&gt;&quot;' target=\"_blank\" style=\"text-decoration:none; color:black;\"><span class=\"wpupg-item-terms wpupg-block-text-normal\"><span class=\"wpupg-item-term\">Carcinog\u00e9nesis Hormonal<\/span><\/span><\/a><\/span>\n<\/div><\/div><div class=\"wpupg-item wpupg-item-post wpupg-item-7191 wpupg-type-integrantes wpupg-item-has-image wpupg-template-profesionales\" data-id=\"7191\" data-order-default=\"Clara Campos\"><div class=\"wpupg-item-image wpupg-block-image-normal wpupg-align-center\"><img decoding=\"async\" style=\"border-width: 0px;border-style: solid;border-color: #666666;\" width=\"150\" height=\"150\" src=\"https:\/\/ibyme.org.ar\/investigacion\/wp-content\/uploads\/2023\/03\/person-150x150.png\" class=\"skip-lazy disable-lazyload attachment-150x150 size-150x150\" alt=\"\" srcset=\"https:\/\/ibyme.org.ar\/investigacion\/wp-content\/uploads\/2023\/03\/person-66x66.png 66w, https:\/\/ibyme.org.ar\/investigacion\/wp-content\/uploads\/2023\/03\/person-150x150.png 150w\" sizes=\"(max-width: 150px) 100vw, 150px\" \/><\/div>\n\n<div class=\"wpupg-meta-container\">\n\t<div class=\"wpupg-item-title wpupg-block-text-bold\">Clara Campos<\/div>\n    <span class=\"wpupg-item-custom-field wpupg-block-text-normal\">Beca Doctoral en Temas Estrat\u00e9gicos (CONICET)<\/span><br>\n    <span><a class=\"single-professional-item\" href='\/\/ibyme.org.ar\/investigacion\/laboratorios\/regulacion-hormonal-del-tracto-reproductivo-femenino\/&lt;\/span&gt;&quot;' target=\"_blank\" style=\"text-decoration:none; color:black;\"><span class=\"wpupg-item-terms wpupg-block-text-normal\"><span class=\"wpupg-item-term\">Regulaci\u00f3n Hormonal del Tracto Reproductivo Femenino<\/span><\/span><\/a><\/span>\n<\/div><\/div><div class=\"wpupg-item wpupg-item-post wpupg-item-7657 wpupg-type-integrantes wpupg-item-has-image wpupg-template-profesionales\" data-id=\"7657\" data-order-default=\"Clara Gonz\u00e1lez\"><div class=\"wpupg-item-image wpupg-block-image-normal wpupg-align-center\"><img decoding=\"async\" style=\"border-width: 0px;border-style: solid;border-color: #666666;\" width=\"150\" height=\"150\" src=\"https:\/\/ibyme.org.ar\/investigacion\/wp-content\/uploads\/2023\/07\/avatar-f-150x150.jpg\" class=\"skip-lazy disable-lazyload attachment-150x150 size-150x150\" alt=\"\" srcset=\"https:\/\/ibyme.org.ar\/investigacion\/wp-content\/uploads\/2023\/07\/avatar-f-66x66.jpg 66w, https:\/\/ibyme.org.ar\/investigacion\/wp-content\/uploads\/2023\/07\/avatar-f-150x150.jpg 150w\" sizes=\"(max-width: 150px) 100vw, 150px\" \/><\/div>\n\n<div class=\"wpupg-meta-container\">\n\t<div class=\"wpupg-item-title wpupg-block-text-bold\">Clara Gonz\u00e1lez<\/div>\n    <span class=\"wpupg-item-custom-field wpupg-block-text-normal\">Contadora<\/span><br>\n    <span><a class=\"single-professional-item\" href='&quot;&quot;' target=\"_blank\" style=\"text-decoration:none; color:black;\"><span class=\"wpupg-item-terms wpupg-block-text-normal\"><span class=\"wpupg-item-term\">Unidad de Administraci\u00f3n<\/span><\/span><\/a><\/span>\n<\/div><\/div><div class=\"wpupg-item wpupg-item-post wpupg-item-9737 wpupg-type-integrantes wpupg-item-has-image wpupg-template-profesionales\" data-id=\"9737\" data-order-default=\"Clara Isabel Mar\u00edn Briggiler, Ph.D.\"><div class=\"wpupg-item-image wpupg-block-image-normal wpupg-align-center\"><img decoding=\"async\" style=\"border-width: 0px;border-style: solid;border-color: #666666;\" width=\"150\" height=\"150\" src=\"https:\/\/ibyme.org.ar\/investigacion\/wp-content\/uploads\/2023\/03\/Marin-Bri-3-quiero-150x150.jpg\" class=\"skip-lazy disable-lazyload attachment-150x150 size-150x150\" alt=\"\" srcset=\"https:\/\/ibyme.org.ar\/investigacion\/wp-content\/uploads\/2023\/03\/Marin-Bri-3-quiero-66x66.jpg 66w, https:\/\/ibyme.org.ar\/investigacion\/wp-content\/uploads\/2023\/03\/Marin-Bri-3-quiero-150x150.jpg 150w\" sizes=\"(max-width: 150px) 100vw, 150px\" \/><\/div>\n\n<div class=\"wpupg-meta-container\">\n\t<div class=\"wpupg-item-title wpupg-block-text-bold\">Clara Isabel Mar\u00edn Briggiler, Ph.D.<\/div>\n    <span class=\"wpupg-item-custom-field wpupg-block-text-normal\">Researcher (CONICET)<\/span><br>\n    <span><a class=\"single-professional-item\" href='\/\/ibyme.org.ar\/investigacion\/laboratorios\/biologia-celular-y-molecular-de-la-reproduccion\/&lt;\/span&gt;&quot;' target=\"_blank\" style=\"text-decoration:none; color:black;\"><span class=\"wpupg-item-terms wpupg-block-text-normal\"><span class=\"wpupg-item-term\">Biolog\u00eda Celular y Molecular de la Reproducci\u00f3n<\/span><\/span><\/a><\/span>\n<\/div><\/div><div class=\"wpupg-item wpupg-item-post wpupg-item-7190 wpupg-type-integrantes wpupg-item-has-image wpupg-template-profesionales\" data-id=\"7190\" data-order-default=\"Constanza Stortini\"><div class=\"wpupg-item-image wpupg-block-image-normal wpupg-align-center\"><img decoding=\"async\" style=\"border-width: 0px;border-style: solid;border-color: #666666;\" width=\"150\" height=\"150\" src=\"https:\/\/ibyme.org.ar\/investigacion\/wp-content\/uploads\/2023\/03\/person-150x150.png\" class=\"skip-lazy disable-lazyload attachment-150x150 size-150x150\" alt=\"\" srcset=\"https:\/\/ibyme.org.ar\/investigacion\/wp-content\/uploads\/2023\/03\/person-66x66.png 66w, https:\/\/ibyme.org.ar\/investigacion\/wp-content\/uploads\/2023\/03\/person-150x150.png 150w\" sizes=\"(max-width: 150px) 100vw, 150px\" \/><\/div>\n\n<div class=\"wpupg-meta-container\">\n\t<div class=\"wpupg-item-title wpupg-block-text-bold\">Constanza Stortini<\/div>\n    <span class=\"wpupg-item-custom-field wpupg-block-text-normal\">Estudiante (UADE)<\/span><br>\n    <span><a class=\"single-professional-item\" href='\/\/ibyme.org.ar\/investigacion\/laboratorios\/glicomedicina\/&lt;\/span&gt;&quot;' target=\"_blank\" style=\"text-decoration:none; color:black;\"><span class=\"wpupg-item-terms wpupg-block-text-normal\"><span class=\"wpupg-item-term\">Glicomedicina<\/span><\/span><\/a><\/span>\n<\/div><\/div><div class=\"wpupg-item wpupg-item-post wpupg-item-7664 wpupg-type-integrantes wpupg-item-has-image wpupg-template-profesionales\" data-id=\"7664\" data-order-default=\"Delf\u00edn Reinerio Corbal\u00e1n\"><div class=\"wpupg-item-image wpupg-block-image-normal wpupg-align-center\"><img decoding=\"async\" style=\"border-width: 0px;border-style: solid;border-color: #666666;\" width=\"150\" height=\"150\" src=\"https:\/\/ibyme.org.ar\/investigacion\/wp-content\/uploads\/2023\/07\/avatar-f-150x150.jpg\" class=\"skip-lazy disable-lazyload attachment-150x150 size-150x150\" alt=\"\" srcset=\"https:\/\/ibyme.org.ar\/investigacion\/wp-content\/uploads\/2023\/07\/avatar-f-66x66.jpg 66w, https:\/\/ibyme.org.ar\/investigacion\/wp-content\/uploads\/2023\/07\/avatar-f-150x150.jpg 150w\" sizes=\"(max-width: 150px) 100vw, 150px\" \/><\/div>\n\n<div class=\"wpupg-meta-container\">\n\t<div class=\"wpupg-item-title wpupg-block-text-bold\">Delf\u00edn Reinerio Corbal\u00e1n<\/div>\n    <span class=\"wpupg-item-custom-field wpupg-block-text-normal\">T\u00e9cnico<\/span><br>\n    <span><a class=\"single-professional-item\" href='\/\/ibyme.org.ar\/areas-complementarias\/bioterio\/&lt;\/span&gt;&quot;' target=\"_blank\" style=\"text-decoration:none; color:black;\"><span class=\"wpupg-item-terms wpupg-block-text-normal\"><span class=\"wpupg-item-term\">Bioterio<\/span><\/span><\/a><\/span>\n<\/div><\/div><div class=\"wpupg-item wpupg-item-post wpupg-item-1938 wpupg-type-integrantes wpupg-item-has-image wpupg-template-profesionales\" data-id=\"1938\" data-order-default=\"Delfina Aranda\"><div class=\"wpupg-item-image wpupg-block-image-normal wpupg-align-center\"><img decoding=\"async\" style=\"border-width: 0px;border-style: solid;border-color: #666666;\" width=\"150\" height=\"150\" src=\"https:\/\/ibyme.org.ar\/investigacion\/wp-content\/uploads\/2023\/03\/person-150x150.png\" class=\"skip-lazy disable-lazyload attachment-150x150 size-150x150\" alt=\"\" srcset=\"https:\/\/ibyme.org.ar\/investigacion\/wp-content\/uploads\/2023\/03\/person-66x66.png 66w, https:\/\/ibyme.org.ar\/investigacion\/wp-content\/uploads\/2023\/03\/person-150x150.png 150w\" sizes=\"(max-width: 150px) 100vw, 150px\" \/><\/div>\n\n<div class=\"wpupg-meta-container\">\n\t<div class=\"wpupg-item-title wpupg-block-text-bold\">Delfina Aranda<\/div>\n    <span class=\"wpupg-item-custom-field wpupg-block-text-normal\">Tesinista de Licenciatura<\/span><br>\n    <span><a class=\"single-professional-item\" href='\/\/ibyme.org.ar\/investigacion\/laboratorios\/patologia-y-farmacologia-molecular\/&lt;\/span&gt;&quot;' target=\"_blank\" style=\"text-decoration:none; color:black;\"><span class=\"wpupg-item-terms wpupg-block-text-normal\"><span class=\"wpupg-item-term\">Patolog\u00eda y Farmacolog\u00eda Molecular<\/span><\/span><\/a><\/span>\n<\/div><\/div><div class=\"wpupg-item wpupg-item-post wpupg-item-1912 wpupg-type-integrantes wpupg-item-has-image wpupg-template-profesionales\" data-id=\"1912\" data-order-default=\"Delfina Loch\"><div class=\"wpupg-item-image wpupg-block-image-normal wpupg-align-center\"><img decoding=\"async\" style=\"border-width: 0px;border-style: solid;border-color: #666666;\" width=\"150\" height=\"150\" src=\"https:\/\/ibyme.org.ar\/investigacion\/wp-content\/uploads\/2023\/03\/person-150x150.png\" class=\"skip-lazy disable-lazyload attachment-150x150 size-150x150\" alt=\"\" srcset=\"https:\/\/ibyme.org.ar\/investigacion\/wp-content\/uploads\/2023\/03\/person-66x66.png 66w, https:\/\/ibyme.org.ar\/investigacion\/wp-content\/uploads\/2023\/03\/person-150x150.png 150w\" sizes=\"(max-width: 150px) 100vw, 150px\" \/><\/div>\n\n<div class=\"wpupg-meta-container\">\n\t<div class=\"wpupg-item-title wpupg-block-text-bold\">Delfina Loch<\/div>\n    <span class=\"wpupg-item-custom-field wpupg-block-text-normal\">Becaria Doctoral (CONICET)<\/span><br>\n    <span><a class=\"single-professional-item\" href='\/\/ibyme.org.ar\/investigacion\/laboratorios\/glicomedicina\/&lt;\/span&gt;&quot;' target=\"_blank\" style=\"text-decoration:none; color:black;\"><span class=\"wpupg-item-terms wpupg-block-text-normal\"><span class=\"wpupg-item-term\">Glicomedicina<\/span><\/span><\/a><\/span>\n<\/div><\/div><div class=\"wpupg-item wpupg-item-post wpupg-item-12924 wpupg-type-integrantes wpupg-item-has-image wpupg-template-profesionales\" data-id=\"12924\" data-order-default=\"Delfina Romero Victorica\"><div class=\"wpupg-item-image wpupg-block-image-normal wpupg-align-center\"><img decoding=\"async\" style=\"border-width: 0px;border-style: solid;border-color: #666666;\" width=\"150\" height=\"150\" src=\"https:\/\/ibyme.org.ar\/investigacion\/wp-content\/uploads\/2026\/03\/Foto-Delfina-150x150.jpeg\" class=\"skip-lazy disable-lazyload attachment-150x150 size-150x150\" alt=\"\" srcset=\"https:\/\/ibyme.org.ar\/investigacion\/wp-content\/uploads\/2026\/03\/Foto-Delfina-66x66.jpeg 66w, https:\/\/ibyme.org.ar\/investigacion\/wp-content\/uploads\/2026\/03\/Foto-Delfina-150x150.jpeg 150w\" sizes=\"(max-width: 150px) 100vw, 150px\" \/><\/div>\n\n<div class=\"wpupg-meta-container\">\n\t<div class=\"wpupg-item-title wpupg-block-text-bold\">Delfina Romero Victorica<\/div>\n    <span class=\"wpupg-item-custom-field wpupg-block-text-normal\">Tesista de Licenciatura en Ciencias Biol\u00f3gicas . Universidad Favaloro<\/span><br>\n    <span><a class=\"single-professional-item\" href='\/\/ibyme.org.ar\/investigacion\/laboratorios\/quimica-de-proteoglicanos-y-matriz-extracelular\/&lt;\/span&gt;&quot;' target=\"_blank\" style=\"text-decoration:none; color:black;\"><span class=\"wpupg-item-terms wpupg-block-text-normal\"><span class=\"wpupg-item-term\">Qu\u00edmica de Proteoglicanos y Matriz Extracelular<\/span><\/span><\/a><\/span>\n<\/div><\/div><div class=\"wpupg-item wpupg-item-post wpupg-item-1884 wpupg-type-integrantes wpupg-item-has-image wpupg-template-profesionales\" data-id=\"1884\" data-order-default=\"Dr Carlos Pomilio\"><div class=\"wpupg-item-image wpupg-block-image-normal wpupg-align-center\"><img decoding=\"async\" style=\"border-width: 0px;border-style: solid;border-color: #666666;\" width=\"150\" height=\"150\" src=\"https:\/\/ibyme.org.ar\/investigacion\/wp-content\/uploads\/2023\/03\/Foto-CP-150x150.jpg\" class=\"skip-lazy disable-lazyload attachment-150x150 size-150x150\" alt=\"\" srcset=\"https:\/\/ibyme.org.ar\/investigacion\/wp-content\/uploads\/2023\/03\/Foto-CP-66x66.jpg 66w, https:\/\/ibyme.org.ar\/investigacion\/wp-content\/uploads\/2023\/03\/Foto-CP-150x150.jpg 150w, https:\/\/ibyme.org.ar\/investigacion\/wp-content\/uploads\/2023\/03\/Foto-CP-200x200.jpg 200w, https:\/\/ibyme.org.ar\/investigacion\/wp-content\/uploads\/2023\/03\/Foto-CP-300x300.jpg 300w, https:\/\/ibyme.org.ar\/investigacion\/wp-content\/uploads\/2023\/03\/Foto-CP-400x400.jpg 400w, https:\/\/ibyme.org.ar\/investigacion\/wp-content\/uploads\/2023\/03\/Foto-CP-600x600.jpg 600w, https:\/\/ibyme.org.ar\/investigacion\/wp-content\/uploads\/2023\/03\/Foto-CP-768x768.jpg 768w, https:\/\/ibyme.org.ar\/investigacion\/wp-content\/uploads\/2023\/03\/Foto-CP-800x800.jpg 800w, https:\/\/ibyme.org.ar\/investigacion\/wp-content\/uploads\/2023\/03\/Foto-CP-1024x1024.jpg 1024w, https:\/\/ibyme.org.ar\/investigacion\/wp-content\/uploads\/2023\/03\/Foto-CP-1200x1200.jpg 1200w, https:\/\/ibyme.org.ar\/investigacion\/wp-content\/uploads\/2023\/03\/Foto-CP.jpg 1260w\" sizes=\"(max-width: 150px) 100vw, 150px\" \/><\/div>\n\n<div class=\"wpupg-meta-container\">\n\t<div class=\"wpupg-item-title wpupg-block-text-bold\">Dr Carlos Pomilio<\/div>\n    <span class=\"wpupg-item-custom-field wpupg-block-text-normal\">Investigador Asistente CONICET<\/span><br>\n    <span><a class=\"single-professional-item\" href='\/\/ibyme.org.ar\/investigacion\/laboratorios\/neurobiologia-del-envejecimiento\/&lt;\/span&gt;&quot;' target=\"_blank\" style=\"text-decoration:none; color:black;\"><span class=\"wpupg-item-terms wpupg-block-text-normal\"><span class=\"wpupg-item-term\">Neurobiologia del Envejecimiento<\/span><\/span><\/a><\/span>\n<\/div><\/div><div class=\"wpupg-item wpupg-item-post wpupg-item-1840 wpupg-type-integrantes wpupg-item-has-image wpupg-template-profesionales\" data-id=\"1840\" data-order-default=\"Dr. Adri\u00e1n Friedrich\"><div class=\"wpupg-item-image wpupg-block-image-normal wpupg-align-center\"><img decoding=\"async\" style=\"border-width: 0px;border-style: solid;border-color: #666666;\" width=\"150\" height=\"150\" src=\"https:\/\/ibyme.org.ar\/investigacion\/wp-content\/uploads\/2023\/03\/Zw-Friedrich-3-150x150.jpg\" class=\"skip-lazy disable-lazyload attachment-150x150 size-150x150\" alt=\"\" srcset=\"https:\/\/ibyme.org.ar\/investigacion\/wp-content\/uploads\/2023\/03\/Zw-Friedrich-3-66x66.jpg 66w, https:\/\/ibyme.org.ar\/investigacion\/wp-content\/uploads\/2023\/03\/Zw-Friedrich-3-150x150.jpg 150w\" sizes=\"(max-width: 150px) 100vw, 150px\" \/><\/div>\n\n<div class=\"wpupg-meta-container\">\n\t<div class=\"wpupg-item-title wpupg-block-text-bold\">Dr. Adri\u00e1n Friedrich<\/div>\n    <span class=\"wpupg-item-custom-field wpupg-block-text-normal\">Investigador Asistente CONICET<\/span><br>\n    <span><a class=\"single-professional-item\" href='\/\/ibyme.org.ar\/investigacion\/laboratorios\/fisiopatologia-de-la-inmunidad-innata\/&lt;\/span&gt;&quot;' target=\"_blank\" style=\"text-decoration:none; color:black;\"><span class=\"wpupg-item-terms wpupg-block-text-normal\"><span class=\"wpupg-item-term\">Fisiopatolog\u00eda de la Inmunidad Innata<\/span><\/span><\/a><\/span>\n<\/div><\/div><div class=\"wpupg-item wpupg-item-post wpupg-item-1990 wpupg-type-integrantes wpupg-item-has-image wpupg-template-profesionales\" data-id=\"1990\" data-order-default=\"Dr. Alberto Andr\u00e9s Iorio\"><div class=\"wpupg-item-image wpupg-block-image-normal wpupg-align-center\"><img decoding=\"async\" style=\"border-width: 0px;border-style: solid;border-color: #666666;\" width=\"150\" height=\"150\" src=\"https:\/\/ibyme.org.ar\/investigacion\/wp-content\/uploads\/2023\/03\/person-150x150.png\" class=\"skip-lazy disable-lazyload attachment-150x150 size-150x150\" alt=\"\" srcset=\"https:\/\/ibyme.org.ar\/investigacion\/wp-content\/uploads\/2023\/03\/person-66x66.png 66w, https:\/\/ibyme.org.ar\/investigacion\/wp-content\/uploads\/2023\/03\/person-150x150.png 150w\" sizes=\"(max-width: 150px) 100vw, 150px\" \/><\/div>\n\n<div class=\"wpupg-meta-container\">\n\t<div class=\"wpupg-item-title wpupg-block-text-bold\">Dr. Alberto Andr\u00e9s Iorio<\/div>\n    <span class=\"wpupg-item-custom-field wpupg-block-text-normal\">Investigador Formado (UBA)<\/span><br>\n    <span><a class=\"single-professional-item\" href='\/\/ibyme.org.ar\/investigacion\/laboratorios\/biologia-del-comportamiento\/&lt;\/span&gt;&quot;' target=\"_blank\" style=\"text-decoration:none; color:black;\"><span class=\"wpupg-item-terms wpupg-block-text-normal\"><span class=\"wpupg-item-term\">Biolog\u00eda del Comportamiento<\/span><\/span><\/a><\/span>\n<\/div><\/div><div class=\"wpupg-item wpupg-item-post wpupg-item-1905 wpupg-type-integrantes wpupg-item-has-image wpupg-template-profesionales\" data-id=\"1905\" data-order-default=\"Dr. Alejandro Benatar\"><div class=\"wpupg-item-image wpupg-block-image-normal wpupg-align-center\"><img decoding=\"async\" style=\"border-width: 0px;border-style: solid;border-color: #666666;\" width=\"150\" height=\"150\" src=\"https:\/\/ibyme.org.ar\/investigacion\/wp-content\/uploads\/2023\/03\/person-150x150.png\" class=\"skip-lazy disable-lazyload attachment-150x150 size-150x150\" alt=\"\" srcset=\"https:\/\/ibyme.org.ar\/investigacion\/wp-content\/uploads\/2023\/03\/person-66x66.png 66w, https:\/\/ibyme.org.ar\/investigacion\/wp-content\/uploads\/2023\/03\/person-150x150.png 150w\" sizes=\"(max-width: 150px) 100vw, 150px\" \/><\/div>\n\n<div class=\"wpupg-meta-container\">\n\t<div class=\"wpupg-item-title wpupg-block-text-bold\">Dr. Alejandro Benatar<\/div>\n    <span class=\"wpupg-item-custom-field wpupg-block-text-normal\">Profesional Principal (CONICET)<\/span><br>\n    <span><a class=\"single-professional-item\" href='\/\/ibyme.org.ar\/investigacion\/laboratorios\/glicomedicina\/&lt;\/span&gt;&quot;' target=\"_blank\" style=\"text-decoration:none; color:black;\"><span class=\"wpupg-item-terms wpupg-block-text-normal\"><span class=\"wpupg-item-term\">Glicomedicina<\/span><\/span><\/a><\/span>\n<\/div><\/div><div class=\"wpupg-item wpupg-item-post wpupg-item-2067 wpupg-type-integrantes wpupg-item-has-image wpupg-template-profesionales\" data-id=\"2067\" data-order-default=\"Dr. Alejandro Ferrante\"><div class=\"wpupg-item-image wpupg-block-image-normal wpupg-align-center\"><img decoding=\"async\" style=\"border-width: 0px;border-style: solid;border-color: #666666;\" width=\"150\" height=\"150\" src=\"https:\/\/ibyme.org.ar\/investigacion\/wp-content\/uploads\/2023\/03\/Ale-Ferrante-1-150x150.jpg\" class=\"skip-lazy disable-lazyload attachment-150x150 size-150x150\" alt=\"\" srcset=\"https:\/\/ibyme.org.ar\/investigacion\/wp-content\/uploads\/2023\/03\/Ale-Ferrante-1-66x66.jpg 66w, https:\/\/ibyme.org.ar\/investigacion\/wp-content\/uploads\/2023\/03\/Ale-Ferrante-1-150x150.jpg 150w\" sizes=\"(max-width: 150px) 100vw, 150px\" \/><\/div>\n\n<div class=\"wpupg-meta-container\">\n\t<div class=\"wpupg-item-title wpupg-block-text-bold\">Dr. Alejandro Ferrante<\/div>\n    <span class=\"wpupg-item-custom-field wpupg-block-text-normal\">Med. Vet y Doctor de la Universidad de Buenos Aires. Investigador Asociado<\/span><br>\n    <span><a class=\"single-professional-item\" href='\/\/ibyme.org.ar\/investigacion\/laboratorios\/estudios-de-interaccion-celular-en-reproduccion-y-cancer\/&lt;\/span&gt;&quot;' target=\"_blank\" style=\"text-decoration:none; color:black;\"><span class=\"wpupg-item-terms wpupg-block-text-normal\"><span class=\"wpupg-item-term\">Estudios de Interacci\u00f3n Celular en Reproducci\u00f3n y C\u00e1ncer<\/span><\/span><\/a><\/span>\n<\/div><\/div><div class=\"wpupg-item wpupg-item-post wpupg-item-1987 wpupg-type-integrantes wpupg-item-has-image wpupg-template-profesionales\" data-id=\"1987\" data-order-default=\"Dr. Armando Ezequiel Pereyra\"><div class=\"wpupg-item-image wpupg-block-image-normal wpupg-align-center\"><img decoding=\"async\" style=\"border-width: 0px;border-style: solid;border-color: #666666;\" width=\"150\" height=\"150\" src=\"https:\/\/ibyme.org.ar\/investigacion\/wp-content\/uploads\/2023\/03\/FOTO-EZE-150x150.jpeg\" class=\"skip-lazy disable-lazyload attachment-150x150 size-150x150\" alt=\"\" srcset=\"https:\/\/ibyme.org.ar\/investigacion\/wp-content\/uploads\/2023\/03\/FOTO-EZE-66x66.jpeg 66w, https:\/\/ibyme.org.ar\/investigacion\/wp-content\/uploads\/2023\/03\/FOTO-EZE-150x150.jpeg 150w\" sizes=\"(max-width: 150px) 100vw, 150px\" \/><\/div>\n\n<div class=\"wpupg-meta-container\">\n\t<div class=\"wpupg-item-title wpupg-block-text-bold\">Dr. Armando Ezequiel Pereyra<\/div>\n    <span class=\"wpupg-item-custom-field wpupg-block-text-normal\">Investigador Formado (UBA)<\/span><br>\n    <span><a class=\"single-professional-item\" href='\/\/ibyme.org.ar\/investigacion\/laboratorios\/biologia-del-comportamiento\/&lt;\/span&gt;&quot;' target=\"_blank\" style=\"text-decoration:none; color:black;\"><span class=\"wpupg-item-terms wpupg-block-text-normal\"><span class=\"wpupg-item-term\">Biolog\u00eda del Comportamiento<\/span><\/span><\/a><\/span>\n<\/div><\/div><div class=\"wpupg-item wpupg-item-post wpupg-item-1984 wpupg-type-integrantes wpupg-item-has-image wpupg-template-profesionales\" data-id=\"1984\" data-order-default=\"Dr. B. Silvano Zanutto\"><div class=\"wpupg-item-image wpupg-block-image-normal wpupg-align-center\"><img decoding=\"async\" style=\"border-width: 0px;border-style: solid;border-color: #666666;\" width=\"150\" height=\"150\" src=\"https:\/\/ibyme.org.ar\/investigacion\/wp-content\/uploads\/2023\/03\/FOTO-SILVANO-150x150.png\" class=\"skip-lazy disable-lazyload attachment-150x150 size-150x150\" alt=\"\" srcset=\"https:\/\/ibyme.org.ar\/investigacion\/wp-content\/uploads\/2023\/03\/FOTO-SILVANO-66x66.png 66w, https:\/\/ibyme.org.ar\/investigacion\/wp-content\/uploads\/2023\/03\/FOTO-SILVANO-150x150.png 150w\" sizes=\"(max-width: 150px) 100vw, 150px\" \/><\/div>\n\n<div class=\"wpupg-meta-container\">\n\t<div class=\"wpupg-item-title wpupg-block-text-bold\">Dr. B. Silvano Zanutto<\/div>\n    <span class=\"wpupg-item-custom-field wpupg-block-text-normal\">Investigador Principal (CONICET)<\/span><br>\n    <span><a class=\"single-professional-item\" href='\/\/ibyme.org.ar\/investigacion\/laboratorios\/biologia-del-comportamiento\/&lt;\/span&gt;&quot;' target=\"_blank\" style=\"text-decoration:none; color:black;\"><span class=\"wpupg-item-terms wpupg-block-text-normal\"><span class=\"wpupg-item-term\">Biolog\u00eda del Comportamiento<\/span><\/span><\/a><\/span>\n<\/div><\/div><div class=\"wpupg-item wpupg-item-post wpupg-item-1986 wpupg-type-integrantes wpupg-item-has-image wpupg-template-profesionales\" data-id=\"1986\" data-order-default=\"Dr. Camilo Mininni\"><div class=\"wpupg-item-image wpupg-block-image-normal wpupg-align-center\"><img decoding=\"async\" style=\"border-width: 0px;border-style: solid;border-color: #666666;\" width=\"150\" height=\"150\" src=\"https:\/\/ibyme.org.ar\/investigacion\/wp-content\/uploads\/2023\/03\/FOTO-CAMILO-150x150.jpeg\" class=\"skip-lazy disable-lazyload attachment-150x150 size-150x150\" alt=\"\" srcset=\"https:\/\/ibyme.org.ar\/investigacion\/wp-content\/uploads\/2023\/03\/FOTO-CAMILO-66x66.jpeg 66w, https:\/\/ibyme.org.ar\/investigacion\/wp-content\/uploads\/2023\/03\/FOTO-CAMILO-150x150.jpeg 150w\" sizes=\"(max-width: 150px) 100vw, 150px\" \/><\/div>\n\n<div class=\"wpupg-meta-container\">\n\t<div class=\"wpupg-item-title wpupg-block-text-bold\">Dr. Camilo Mininni<\/div>\n    <span class=\"wpupg-item-custom-field wpupg-block-text-normal\">Investigador Asistente (CONICET)<\/span><br>\n    <span><a class=\"single-professional-item\" href='\/\/ibyme.org.ar\/investigacion\/laboratorios\/biologia-del-comportamiento\/&lt;\/span&gt;&quot;' target=\"_blank\" style=\"text-decoration:none; color:black;\"><span class=\"wpupg-item-terms wpupg-block-text-normal\"><span class=\"wpupg-item-term\">Biolog\u00eda del Comportamiento<\/span><\/span><\/a><\/span>\n<\/div><\/div><div class=\"wpupg-item wpupg-item-post wpupg-item-1974 wpupg-type-integrantes wpupg-item-has-image wpupg-template-profesionales\" data-id=\"1974\" data-order-default=\"Dr. Carlos David Bruque\"><div class=\"wpupg-item-image wpupg-block-image-normal wpupg-align-center\"><img decoding=\"async\" style=\"border-width: 0px;border-style: solid;border-color: #666666;\" width=\"150\" height=\"150\" src=\"https:\/\/ibyme.org.ar\/investigacion\/wp-content\/uploads\/2023\/03\/IMG-20231024-WA0011-e1737736786747-150x150.jpg\" class=\"skip-lazy disable-lazyload attachment-150x150 size-150x150\" alt=\"\" srcset=\"https:\/\/ibyme.org.ar\/investigacion\/wp-content\/uploads\/2023\/03\/IMG-20231024-WA0011-e1737736786747-66x66.jpg 66w, https:\/\/ibyme.org.ar\/investigacion\/wp-content\/uploads\/2023\/03\/IMG-20231024-WA0011-e1737736786747-150x150.jpg 150w\" sizes=\"(max-width: 150px) 100vw, 150px\" \/><\/div>\n\n<div class=\"wpupg-meta-container\">\n\t<div class=\"wpupg-item-title wpupg-block-text-bold\">Dr. Carlos David Bruque<\/div>\n    <span class=\"wpupg-item-custom-field wpupg-block-text-normal\">Investigador Asociado al laboratorio (Hospital de Alta Complejidad SAMIC - El Calafate)<\/span><br>\n    <span><a class=\"single-professional-item\" href='\/\/ibyme.org.ar\/investigacion\/laboratorios\/hormonas-y-cancer\/&lt;\/span&gt;&quot;' target=\"_blank\" style=\"text-decoration:none; color:black;\"><span class=\"wpupg-item-terms wpupg-block-text-normal\"><span class=\"wpupg-item-term\">Hormonas y C\u00e1ncer<\/span><\/span><\/a><\/span>\n<\/div><\/div><div class=\"wpupg-item wpupg-item-post wpupg-item-7584 wpupg-type-directores wpupg-item-has-image wpupg-template-profesionales\" data-id=\"7584\" data-order-default=\"Dr. Diego Gelman\"><div class=\"wpupg-item-image wpupg-block-image-normal wpupg-align-center\"><img decoding=\"async\" style=\"border-width: 0px;border-style: solid;border-color: #666666;\" width=\"150\" height=\"150\" src=\"https:\/\/ibyme.org.ar\/investigacion\/wp-content\/uploads\/2025\/06\/DG-foto-web-IBYME-ia-150x150.jpg\" class=\"skip-lazy disable-lazyload attachment-150x150 size-150x150\" alt=\"\" srcset=\"https:\/\/ibyme.org.ar\/investigacion\/wp-content\/uploads\/2025\/06\/DG-foto-web-IBYME-ia-66x66.jpg 66w, https:\/\/ibyme.org.ar\/investigacion\/wp-content\/uploads\/2025\/06\/DG-foto-web-IBYME-ia-150x150.jpg 150w\" sizes=\"(max-width: 150px) 100vw, 150px\" \/><\/div>\n\n<div class=\"wpupg-meta-container\">\n\t<div class=\"wpupg-item-title wpupg-block-text-bold\">Dr. Diego Gelman<\/div>\n    <span class=\"wpupg-item-custom-field wpupg-block-text-normal\">Investigador Independiente - CONICET<\/span><br>\n    <span><a class=\"single-professional-item\" href='\/\/ibyme.org.ar\/investigacion\/laboratorios\/desarrollo-del-sistema-nervioso\/&lt;\/span&gt;&quot;' target=\"_blank\" style=\"text-decoration:none; color:black;\"><span class=\"wpupg-item-terms wpupg-block-text-normal\"><span class=\"wpupg-item-term\">Desarrollo del Sistema Nervioso<\/span><\/span><\/a><\/span>\n<\/div><\/div><div class=\"wpupg-item wpupg-item-post wpupg-item-1991 wpupg-type-integrantes wpupg-item-has-image wpupg-template-profesionales\" data-id=\"1991\" data-order-default=\"Dr. Federico S\u00e1nchez\"><div class=\"wpupg-item-image wpupg-block-image-normal wpupg-align-center\"><img decoding=\"async\" style=\"border-width: 0px;border-style: solid;border-color: #666666;\" width=\"150\" height=\"150\" src=\"https:\/\/ibyme.org.ar\/investigacion\/wp-content\/uploads\/2023\/03\/person-150x150.png\" class=\"skip-lazy disable-lazyload attachment-150x150 size-150x150\" alt=\"\" srcset=\"https:\/\/ibyme.org.ar\/investigacion\/wp-content\/uploads\/2023\/03\/person-66x66.png 66w, https:\/\/ibyme.org.ar\/investigacion\/wp-content\/uploads\/2023\/03\/person-150x150.png 150w\" sizes=\"(max-width: 150px) 100vw, 150px\" \/><\/div>\n\n<div class=\"wpupg-meta-container\">\n\t<div class=\"wpupg-item-title wpupg-block-text-bold\">Dr. Federico S\u00e1nchez<\/div>\n    <span class=\"wpupg-item-custom-field wpupg-block-text-normal\">Investigador Formado (UBA)<\/span><br>\n    <span><a class=\"single-professional-item\" href='\/\/ibyme.org.ar\/investigacion\/laboratorios\/biologia-del-comportamiento\/&lt;\/span&gt;&quot;' target=\"_blank\" style=\"text-decoration:none; color:black;\"><span class=\"wpupg-item-terms wpupg-block-text-normal\"><span class=\"wpupg-item-term\">Biolog\u00eda del Comportamiento<\/span><\/span><\/a><\/span>\n<\/div><\/div><div class=\"wpupg-item wpupg-item-post wpupg-item-2036 wpupg-type-integrantes wpupg-item-has-image wpupg-template-profesionales\" data-id=\"2036\" data-order-default=\"Dr. Francisco Pisciottano\"><div class=\"wpupg-item-image wpupg-block-image-normal wpupg-align-center\"><img decoding=\"async\" style=\"border-width: 0px;border-style: solid;border-color: #666666;\" width=\"150\" height=\"150\" src=\"https:\/\/ibyme.org.ar\/investigacion\/wp-content\/uploads\/2023\/03\/WhatsApp-Image-2024-01-10-at-18.07.22-150x150.jpeg\" class=\"skip-lazy disable-lazyload attachment-150x150 size-150x150\" alt=\"\" srcset=\"https:\/\/ibyme.org.ar\/investigacion\/wp-content\/uploads\/2023\/03\/WhatsApp-Image-2024-01-10-at-18.07.22-66x66.jpeg 66w, https:\/\/ibyme.org.ar\/investigacion\/wp-content\/uploads\/2023\/03\/WhatsApp-Image-2024-01-10-at-18.07.22-150x150.jpeg 150w\" sizes=\"(max-width: 150px) 100vw, 150px\" \/><\/div>\n\n<div class=\"wpupg-meta-container\">\n\t<div class=\"wpupg-item-title wpupg-block-text-bold\">Dr. Francisco Pisciottano<\/div>\n    <span class=\"wpupg-item-custom-field wpupg-block-text-normal\">Investigador (CONICET)<\/span><br>\n    <span><a class=\"single-professional-item\" href='\/\/ibyme.org.ar\/investigacion\/laboratorios\/regulacion-hormonal-del-tracto-reproductivo-femenino\/&lt;\/span&gt;&quot;' target=\"_blank\" style=\"text-decoration:none; color:black;\"><span class=\"wpupg-item-terms wpupg-block-text-normal\"><span class=\"wpupg-item-term\">Regulaci\u00f3n Hormonal del Tracto Reproductivo Femenino<\/span><\/span><\/a><\/span>\n<\/div><\/div><div class=\"wpupg-item wpupg-item-post wpupg-item-7600 wpupg-type-directores wpupg-item-no-image wpupg-template-profesionales\" data-id=\"7600\" data-order-default=\"Dr. Gabriel Rabinovich\">\n\n<div class=\"wpupg-meta-container\">\n\t<div class=\"wpupg-item-title wpupg-block-text-bold\">Dr. Gabriel Rabinovich<\/div>\n    <span class=\"wpupg-item-custom-field wpupg-block-text-normal\">Investigador Superior (CONICET)<\/span><br>\n    <span><a class=\"single-professional-item\" href='\/\/ibyme.org.ar\/investigacion\/laboratorios\/glicomedicina\/&lt;\/span&gt;&quot;' target=\"_blank\" style=\"text-decoration:none; color:black;\"><span class=\"wpupg-item-terms wpupg-block-text-normal\"><span class=\"wpupg-item-term\">Glicomedicina<\/span><\/span><\/a><\/span>\n<\/div><\/div><div class=\"wpupg-item wpupg-item-post wpupg-item-7576 wpupg-type-directores wpupg-item-has-image wpupg-template-profesionales\" data-id=\"7576\" data-order-default=\"Dr. H\u00e9ctor Coirini\"><div class=\"wpupg-item-image wpupg-block-image-normal wpupg-align-center\"><img decoding=\"async\" style=\"border-width: 0px;border-style: solid;border-color: #666666;\" width=\"150\" height=\"150\" src=\"https:\/\/ibyme.org.ar\/investigacion\/wp-content\/uploads\/2023\/04\/mi-59-rube-copy-150x150.jpg\" class=\"skip-lazy disable-lazyload attachment-150x150 size-150x150\" alt=\"\" srcset=\"https:\/\/ibyme.org.ar\/investigacion\/wp-content\/uploads\/2023\/04\/mi-59-rube-copy-66x66.jpg 66w, https:\/\/ibyme.org.ar\/investigacion\/wp-content\/uploads\/2023\/04\/mi-59-rube-copy-150x150.jpg 150w\" sizes=\"(max-width: 150px) 100vw, 150px\" \/><\/div>\n\n<div class=\"wpupg-meta-container\">\n\t<div class=\"wpupg-item-title wpupg-block-text-bold\">Dr. H\u00e9ctor Coirini<\/div>\n    <span class=\"wpupg-item-custom-field wpupg-block-text-normal\">Investigador Principal<\/span><br>\n    <span><a class=\"single-professional-item\" href='\/\/ibyme.org.ar\/investigacion\/laboratorios\/neurobiologia\/&lt;\/span&gt;&quot;' target=\"_blank\" style=\"text-decoration:none; color:black;\"><span class=\"wpupg-item-terms wpupg-block-text-normal\"><span class=\"wpupg-item-term\">Neurobiologia<\/span><\/span><\/a><\/span>\n<\/div><\/div><div class=\"wpupg-item wpupg-item-post wpupg-item-7192 wpupg-type-integrantes wpupg-item-has-image wpupg-template-profesionales\" data-id=\"7192\" data-order-default=\"Dr. Juan Beauquis\"><div class=\"wpupg-item-image wpupg-block-image-normal wpupg-align-center\"><img decoding=\"async\" style=\"border-width: 0px;border-style: solid;border-color: #666666;\" width=\"150\" height=\"150\" src=\"https:\/\/ibyme.org.ar\/investigacion\/wp-content\/uploads\/2023\/06\/Foto-JB-web-ibyme-150x150.jpeg\" class=\"skip-lazy disable-lazyload attachment-150x150 size-150x150\" alt=\"\" srcset=\"https:\/\/ibyme.org.ar\/investigacion\/wp-content\/uploads\/2023\/06\/Foto-JB-web-ibyme-66x66.jpeg 66w, https:\/\/ibyme.org.ar\/investigacion\/wp-content\/uploads\/2023\/06\/Foto-JB-web-ibyme-150x150.jpeg 150w\" sizes=\"(max-width: 150px) 100vw, 150px\" \/><\/div>\n\n<div class=\"wpupg-meta-container\">\n\t<div class=\"wpupg-item-title wpupg-block-text-bold\">Dr. Juan Beauquis<\/div>\n    <span class=\"wpupg-item-custom-field wpupg-block-text-normal\">Investigador Adjunto (CONICET)<\/span><br>\n    <span><a class=\"single-professional-item\" href='\/\/ibyme.org.ar\/investigacion\/laboratorios\/neurobiologia-del-envejecimiento\/&lt;\/span&gt;&quot;' target=\"_blank\" style=\"text-decoration:none; color:black;\"><span class=\"wpupg-item-terms wpupg-block-text-normal\"><span class=\"wpupg-item-term\">Neurobiologia del Envejecimiento<\/span><\/span><\/a><\/span>\n<\/div><\/div><div class=\"wpupg-item wpupg-item-post wpupg-item-7572 wpupg-type-directores wpupg-item-has-image wpupg-template-profesionales\" data-id=\"7572\" data-order-default=\"Dr. Juan Carlos Calvo\"><div class=\"wpupg-item-image wpupg-block-image-normal wpupg-align-center\"><img decoding=\"async\" style=\"border-width: 0px;border-style: solid;border-color: #666666;\" width=\"150\" height=\"150\" src=\"https:\/\/ibyme.org.ar\/investigacion\/wp-content\/uploads\/2023\/07\/Carlos-Calvo-perfil-150x150.jpg\" class=\"skip-lazy disable-lazyload attachment-150x150 size-150x150\" alt=\"\" srcset=\"https:\/\/ibyme.org.ar\/investigacion\/wp-content\/uploads\/2023\/07\/Carlos-Calvo-perfil-66x66.jpg 66w, https:\/\/ibyme.org.ar\/investigacion\/wp-content\/uploads\/2023\/07\/Carlos-Calvo-perfil-150x150.jpg 150w\" sizes=\"(max-width: 150px) 100vw, 150px\" \/><\/div>\n\n<div class=\"wpupg-meta-container\">\n\t<div class=\"wpupg-item-title wpupg-block-text-bold\">Dr. Juan Carlos Calvo<\/div>\n    <span class=\"wpupg-item-custom-field wpupg-block-text-normal\">Investigador Principal ad-honorem (CONICET)<\/span><br>\n    <span><a class=\"single-professional-item\" href='\/\/ibyme.org.ar\/investigacion\/laboratorios\/quimica-de-proteoglicanos-y-matriz-extracelular\/&lt;\/span&gt;&quot;' target=\"_blank\" style=\"text-decoration:none; color:black;\"><span class=\"wpupg-item-terms wpupg-block-text-normal\"><span class=\"wpupg-item-term\">Qu\u00edmica de Proteoglicanos y Matriz Extracelular<\/span><\/span><\/a><\/span>\n<\/div><\/div><div class=\"wpupg-item wpupg-item-post wpupg-item-1897 wpupg-type-integrantes wpupg-item-has-image wpupg-template-profesionales\" data-id=\"1897\" data-order-default=\"Dr. Juan Manuel Perez Saez\"><div class=\"wpupg-item-image wpupg-block-image-normal wpupg-align-center\"><img decoding=\"async\" style=\"border-width: 0px;border-style: solid;border-color: #666666;\" width=\"150\" height=\"150\" src=\"https:\/\/ibyme.org.ar\/investigacion\/wp-content\/uploads\/2023\/03\/person-150x150.png\" class=\"skip-lazy disable-lazyload attachment-150x150 size-150x150\" alt=\"\" srcset=\"https:\/\/ibyme.org.ar\/investigacion\/wp-content\/uploads\/2023\/03\/person-66x66.png 66w, https:\/\/ibyme.org.ar\/investigacion\/wp-content\/uploads\/2023\/03\/person-150x150.png 150w\" sizes=\"(max-width: 150px) 100vw, 150px\" \/><\/div>\n\n<div class=\"wpupg-meta-container\">\n\t<div class=\"wpupg-item-title wpupg-block-text-bold\">Dr. Juan Manuel Perez Saez<\/div>\n    <span class=\"wpupg-item-custom-field wpupg-block-text-normal\">Investigador Adjunto (CONICET)<\/span><br>\n    <span><a class=\"single-professional-item\" href='\/\/ibyme.org.ar\/investigacion\/laboratorios\/glicomedicina\/&lt;\/span&gt;&quot;' target=\"_blank\" style=\"text-decoration:none; color:black;\"><span class=\"wpupg-item-terms wpupg-block-text-normal\"><span class=\"wpupg-item-term\">Glicomedicina<\/span><\/span><\/a><\/span>\n<\/div><\/div><div class=\"wpupg-item wpupg-item-post wpupg-item-11608 wpupg-type-directores wpupg-item-has-image wpupg-template-profesionales\" data-id=\"11608\" data-order-default=\"Dr. Luciano Vell\u00f3n\"><div class=\"wpupg-item-image wpupg-block-image-normal wpupg-align-center\"><img decoding=\"async\" style=\"border-width: 0px;border-style: solid;border-color: #666666;\" width=\"150\" height=\"150\" src=\"https:\/\/ibyme.org.ar\/investigacion\/wp-content\/uploads\/2025\/08\/IBYME-Lab-Vellon-L-Vellon-2-150x150.jpg\" class=\"skip-lazy disable-lazyload attachment-150x150 size-150x150\" alt=\"\" srcset=\"https:\/\/ibyme.org.ar\/investigacion\/wp-content\/uploads\/2025\/08\/IBYME-Lab-Vellon-L-Vellon-2-66x66.jpg 66w, https:\/\/ibyme.org.ar\/investigacion\/wp-content\/uploads\/2025\/08\/IBYME-Lab-Vellon-L-Vellon-2-150x150.jpg 150w\" sizes=\"(max-width: 150px) 100vw, 150px\" \/><\/div>\n\n<div class=\"wpupg-meta-container\">\n\t<div class=\"wpupg-item-title wpupg-block-text-bold\">Dr. Luciano Vell\u00f3n<\/div>\n    <span class=\"wpupg-item-custom-field wpupg-block-text-normal\">Investigador Adjunto (CONICET)<\/span><br>\n    <span><a class=\"single-professional-item\" href='&quot;&quot;' target=\"_blank\" style=\"text-decoration:none; color:black;\"><span class=\"wpupg-item-terms wpupg-block-text-normal\"><span class=\"wpupg-item-term\">C\u00e9lulas Madre Tumorales y Reprogramaci\u00f3n Metab\u00f3lica<\/span><\/span><\/a><\/span>\n<\/div><\/div><div class=\"wpupg-item wpupg-item-post wpupg-item-1935 wpupg-type-integrantes wpupg-item-has-image wpupg-template-profesionales\" data-id=\"1935\" data-order-default=\"Dr. Luis Alberto Haro Durand\"><div class=\"wpupg-item-image wpupg-block-image-normal wpupg-align-center\"><img decoding=\"async\" style=\"border-width: 0px;border-style: solid;border-color: #666666;\" width=\"150\" height=\"150\" src=\"https:\/\/ibyme.org.ar\/investigacion\/wp-content\/uploads\/2023\/03\/Haro-Durand-150x150.jpg\" class=\"skip-lazy disable-lazyload attachment-150x150 size-150x150\" alt=\"\" srcset=\"https:\/\/ibyme.org.ar\/investigacion\/wp-content\/uploads\/2023\/03\/Haro-Durand-66x66.jpg 66w, https:\/\/ibyme.org.ar\/investigacion\/wp-content\/uploads\/2023\/03\/Haro-Durand-150x150.jpg 150w, https:\/\/ibyme.org.ar\/investigacion\/wp-content\/uploads\/2023\/03\/Haro-Durand-200x200.jpg 200w, https:\/\/ibyme.org.ar\/investigacion\/wp-content\/uploads\/2023\/03\/Haro-Durand-300x300.jpg 300w, https:\/\/ibyme.org.ar\/investigacion\/wp-content\/uploads\/2023\/03\/Haro-Durand-400x399.jpg 400w, https:\/\/ibyme.org.ar\/investigacion\/wp-content\/uploads\/2023\/03\/Haro-Durand-600x599.jpg 600w, https:\/\/ibyme.org.ar\/investigacion\/wp-content\/uploads\/2023\/03\/Haro-Durand.jpg 690w\" sizes=\"(max-width: 150px) 100vw, 150px\" \/><\/div>\n\n<div class=\"wpupg-meta-container\">\n\t<div class=\"wpupg-item-title wpupg-block-text-bold\">Dr. Luis Alberto Haro Durand<\/div>\n    <span class=\"wpupg-item-custom-field wpupg-block-text-normal\">Investigador Asistente (CONICET)<\/span><br>\n    <span><a class=\"single-professional-item\" href='\/\/ibyme.org.ar\/investigacion\/laboratorios\/patologia-y-farmacologia-molecular\/&lt;\/span&gt;&quot;' target=\"_blank\" style=\"text-decoration:none; color:black;\"><span class=\"wpupg-item-terms wpupg-block-text-normal\"><span class=\"wpupg-item-term\">Patolog\u00eda y Farmacolog\u00eda Molecular<\/span><\/span><\/a><\/span>\n<\/div><\/div><div class=\"wpupg-item wpupg-item-post wpupg-item-12492 wpupg-type-integrantes wpupg-item-has-image wpupg-template-profesionales\" data-id=\"12492\" data-order-default=\"Dr. Luis Alberto Haro Durand\"><div class=\"wpupg-item-image wpupg-block-image-normal wpupg-align-center\"><img decoding=\"async\" style=\"border-width: 0px;border-style: solid;border-color: #666666;\" width=\"150\" height=\"150\" src=\"https:\/\/ibyme.org.ar\/investigacion\/wp-content\/uploads\/2025\/08\/IBYME-Lab-Vellon-L-Haro-4-150x150.jpg\" class=\"skip-lazy disable-lazyload attachment-150x150 size-150x150\" alt=\"\" srcset=\"https:\/\/ibyme.org.ar\/investigacion\/wp-content\/uploads\/2025\/08\/IBYME-Lab-Vellon-L-Haro-4-66x66.jpg 66w, https:\/\/ibyme.org.ar\/investigacion\/wp-content\/uploads\/2025\/08\/IBYME-Lab-Vellon-L-Haro-4-150x150.jpg 150w\" sizes=\"(max-width: 150px) 100vw, 150px\" \/><\/div>\n\n<div class=\"wpupg-meta-container\">\n\t<div class=\"wpupg-item-title wpupg-block-text-bold\">Dr. Luis Alberto Haro Durand<\/div>\n    <span class=\"wpupg-item-custom-field wpupg-block-text-normal\">Investigador Asistente (CONICET)<\/span><br>\n    <span><a class=\"single-professional-item\" href='&quot;&quot;' target=\"_blank\" style=\"text-decoration:none; color:black;\"><span class=\"wpupg-item-terms wpupg-block-text-normal\"><span class=\"wpupg-item-term\">C\u00e9lulas Madre Tumorales y Reprogramaci\u00f3n Metab\u00f3lica<\/span><\/span><\/a><\/span>\n<\/div><\/div><div class=\"wpupg-item wpupg-item-post wpupg-item-1988 wpupg-type-integrantes wpupg-item-has-image wpupg-template-profesionales\" data-id=\"1988\" data-order-default=\"Dr. Marcelo Cassini Hern\u00e1n\"><div class=\"wpupg-item-image wpupg-block-image-normal wpupg-align-center\"><img decoding=\"async\" style=\"border-width: 0px;border-style: solid;border-color: #666666;\" width=\"150\" height=\"150\" src=\"https:\/\/ibyme.org.ar\/investigacion\/wp-content\/uploads\/2023\/03\/person-150x150.png\" class=\"skip-lazy disable-lazyload attachment-150x150 size-150x150\" alt=\"\" srcset=\"https:\/\/ibyme.org.ar\/investigacion\/wp-content\/uploads\/2023\/03\/person-66x66.png 66w, https:\/\/ibyme.org.ar\/investigacion\/wp-content\/uploads\/2023\/03\/person-150x150.png 150w\" sizes=\"(max-width: 150px) 100vw, 150px\" \/><\/div>\n\n<div class=\"wpupg-meta-container\">\n\t<div class=\"wpupg-item-title wpupg-block-text-bold\">Dr. Marcelo Cassini Hern\u00e1n<\/div>\n    <span class=\"wpupg-item-custom-field wpupg-block-text-normal\">Investigador Principal (CONICET)<\/span><br>\n    <span><a class=\"single-professional-item\" href='\/\/ibyme.org.ar\/investigacion\/laboratorios\/biologia-del-comportamiento\/&lt;\/span&gt;&quot;' target=\"_blank\" style=\"text-decoration:none; color:black;\"><span class=\"wpupg-item-terms wpupg-block-text-normal\"><span class=\"wpupg-item-term\">Biolog\u00eda del Comportamiento<\/span><\/span><\/a><\/span>\n<\/div><\/div><div class=\"wpupg-item wpupg-item-post wpupg-item-7583 wpupg-type-directores wpupg-item-no-image wpupg-template-profesionales\" data-id=\"7583\" data-order-default=\"Dr. Mario Galigniana\">\n\n<div class=\"wpupg-meta-container\">\n\t<div class=\"wpupg-item-title wpupg-block-text-bold\">Dr. Mario Galigniana<\/div>\n    <span class=\"wpupg-item-custom-field wpupg-block-text-normal\">Investigador Principal (CONICET)<\/span><br>\n    <span><a class=\"single-professional-item\" href='\/\/ibyme.org.ar\/investigacion\/laboratorios\/receptores-nucleares\/&lt;\/span&gt;&quot;' target=\"_blank\" style=\"text-decoration:none; color:black;\"><span class=\"wpupg-item-terms wpupg-block-text-normal\"><span class=\"wpupg-item-term\">Receptores Nucleares<\/span><\/span><\/a><\/span>\n<\/div><\/div><div class=\"wpupg-item wpupg-item-post wpupg-item-1982 wpupg-type-integrantes wpupg-item-has-image wpupg-template-profesionales\" data-id=\"1982\" data-order-default=\"Dr. Mart\u00edn Miguel Puddington\"><div class=\"wpupg-item-image wpupg-block-image-normal wpupg-align-center\"><img decoding=\"async\" style=\"border-width: 0px;border-style: solid;border-color: #666666;\" width=\"150\" height=\"150\" src=\"https:\/\/ibyme.org.ar\/investigacion\/wp-content\/uploads\/2023\/06\/FOTO-Martin-Puddington-150x150.jpg\" class=\"skip-lazy disable-lazyload attachment-150x150 size-150x150\" alt=\"\" srcset=\"https:\/\/ibyme.org.ar\/investigacion\/wp-content\/uploads\/2023\/06\/FOTO-Martin-Puddington-66x66.jpg 66w, https:\/\/ibyme.org.ar\/investigacion\/wp-content\/uploads\/2023\/06\/FOTO-Martin-Puddington-150x150.jpg 150w\" sizes=\"(max-width: 150px) 100vw, 150px\" \/><\/div>\n\n<div class=\"wpupg-meta-container\">\n\t<div class=\"wpupg-item-title wpupg-block-text-bold\">Dr. Mart\u00edn Miguel Puddington<\/div>\n    <span class=\"wpupg-item-custom-field wpupg-block-text-normal\">Investigador Formado - JTP (UNTreF)<\/span><br>\n    <span><a class=\"single-professional-item\" href='\/\/ibyme.org.ar\/investigacion\/laboratorios\/biologia-del-comportamiento\/&lt;\/span&gt;&quot;' target=\"_blank\" style=\"text-decoration:none; color:black;\"><span class=\"wpupg-item-terms wpupg-block-text-normal\"><span class=\"wpupg-item-term\">Biolog\u00eda del Comportamiento<\/span><\/span><\/a><\/span>\n<\/div><\/div><div class=\"wpupg-item wpupg-item-post wpupg-item-1900 wpupg-type-integrantes wpupg-item-has-image wpupg-template-profesionales\" data-id=\"1900\" data-order-default=\"Dr. Nicol\u00e1s Torres\"><div class=\"wpupg-item-image wpupg-block-image-normal wpupg-align-center\"><img decoding=\"async\" style=\"border-width: 0px;border-style: solid;border-color: #666666;\" width=\"150\" height=\"150\" src=\"https:\/\/ibyme.org.ar\/investigacion\/wp-content\/uploads\/2023\/03\/person-150x150.png\" class=\"skip-lazy disable-lazyload attachment-150x150 size-150x150\" alt=\"\" srcset=\"https:\/\/ibyme.org.ar\/investigacion\/wp-content\/uploads\/2023\/03\/person-66x66.png 66w, https:\/\/ibyme.org.ar\/investigacion\/wp-content\/uploads\/2023\/03\/person-150x150.png 150w\" sizes=\"(max-width: 150px) 100vw, 150px\" \/><\/div>\n\n<div class=\"wpupg-meta-container\">\n\t<div class=\"wpupg-item-title wpupg-block-text-bold\">Dr. Nicol\u00e1s Torres<\/div>\n    <span class=\"wpupg-item-custom-field wpupg-block-text-normal\">Investigador Asistente (CONICET)<\/span><br>\n    <span><a class=\"single-professional-item\" href='\/\/ibyme.org.ar\/investigacion\/laboratorios\/glicomedicina\/&lt;\/span&gt;&quot;' target=\"_blank\" style=\"text-decoration:none; color:black;\"><span class=\"wpupg-item-terms wpupg-block-text-normal\"><span class=\"wpupg-item-term\">Glicomedicina<\/span><\/span><\/a><\/span>\n<\/div><\/div><div class=\"wpupg-item wpupg-item-post wpupg-item-7606 wpupg-type-directores wpupg-item-has-image wpupg-template-profesionales\" data-id=\"7606\" data-order-default=\"Dr. Norberto Walter Zwirner\"><div class=\"wpupg-item-image wpupg-block-image-normal wpupg-align-center\"><img decoding=\"async\" style=\"border-width: 0px;border-style: solid;border-color: #666666;\" width=\"150\" height=\"150\" src=\"https:\/\/ibyme.org.ar\/investigacion\/wp-content\/uploads\/2023\/03\/ZWIRNER-1-150x150.jpg\" class=\"skip-lazy disable-lazyload attachment-150x150 size-150x150\" alt=\"\" srcset=\"https:\/\/ibyme.org.ar\/investigacion\/wp-content\/uploads\/2023\/03\/ZWIRNER-1-66x66.jpg 66w, https:\/\/ibyme.org.ar\/investigacion\/wp-content\/uploads\/2023\/03\/ZWIRNER-1-150x150.jpg 150w\" sizes=\"(max-width: 150px) 100vw, 150px\" \/><\/div>\n\n<div class=\"wpupg-meta-container\">\n\t<div class=\"wpupg-item-title wpupg-block-text-bold\">Dr. Norberto Walter Zwirner<\/div>\n    <span class=\"wpupg-item-custom-field wpupg-block-text-normal\">Investigador Superior CONICET<\/span><br>\n    <span><a class=\"single-professional-item\" href='\/\/ibyme.org.ar\/investigacion\/laboratorios\/fisiopatologia-de-la-inmunidad-innata\/&lt;\/span&gt;&quot;' target=\"_blank\" style=\"text-decoration:none; color:black;\"><span class=\"wpupg-item-terms wpupg-block-text-normal\"><span class=\"wpupg-item-term\">Fisiopatolog\u00eda de la Inmunidad Innata<\/span><\/span><\/a><\/span>\n<\/div><\/div><div class=\"wpupg-item wpupg-item-post wpupg-item-2044 wpupg-type-integrantes wpupg-item-has-image wpupg-template-profesionales\" data-id=\"2044\" data-order-default=\"Dr. Paula Alejandra Sacca\"><div class=\"wpupg-item-image wpupg-block-image-normal wpupg-align-center\"><img decoding=\"async\" style=\"border-width: 0px;border-style: solid;border-color: #666666;\" width=\"150\" height=\"150\" src=\"https:\/\/ibyme.org.ar\/investigacion\/wp-content\/uploads\/2023\/03\/Paula-Sacca-compr-150x150.jpg\" class=\"skip-lazy disable-lazyload attachment-150x150 size-150x150\" alt=\"\" srcset=\"https:\/\/ibyme.org.ar\/investigacion\/wp-content\/uploads\/2023\/03\/Paula-Sacca-compr-66x66.jpg 66w, https:\/\/ibyme.org.ar\/investigacion\/wp-content\/uploads\/2023\/03\/Paula-Sacca-compr-150x150.jpg 150w\" sizes=\"(max-width: 150px) 100vw, 150px\" \/><\/div>\n\n<div class=\"wpupg-meta-container\">\n\t<div class=\"wpupg-item-title wpupg-block-text-bold\">Dr. Paula Alejandra Sacca<\/div>\n    <span class=\"wpupg-item-custom-field wpupg-block-text-normal\">T\u00e9cnica Profesional Principal (CONICET)<\/span><br>\n    <span><a class=\"single-professional-item\" href='\/\/ibyme.org.ar\/investigacion\/laboratorios\/quimica-de-proteoglicanos-y-matriz-extracelular\/&lt;\/span&gt;&quot;' target=\"_blank\" style=\"text-decoration:none; color:black;\"><span class=\"wpupg-item-terms wpupg-block-text-normal\"><span class=\"wpupg-item-term\">Qu\u00edmica de Proteoglicanos y Matriz Extracelular<\/span><\/span><\/a><\/span>\n<\/div><\/div><div class=\"wpupg-item wpupg-item-post wpupg-item-7593 wpupg-type-directores wpupg-item-has-image wpupg-template-profesionales\" data-id=\"7593\" data-order-default=\"Dr. Rub\u00e9n N. Muzio\"><div class=\"wpupg-item-image wpupg-block-image-normal wpupg-align-center\"><img decoding=\"async\" style=\"border-width: 0px;border-style: solid;border-color: #666666;\" width=\"150\" height=\"150\" src=\"https:\/\/ibyme.org.ar\/investigacion\/wp-content\/uploads\/2023\/07\/MUZIO-F-1-150x150.jpg\" class=\"skip-lazy disable-lazyload attachment-150x150 size-150x150\" alt=\"\" srcset=\"https:\/\/ibyme.org.ar\/investigacion\/wp-content\/uploads\/2023\/07\/MUZIO-F-1-66x66.jpg 66w, https:\/\/ibyme.org.ar\/investigacion\/wp-content\/uploads\/2023\/07\/MUZIO-F-1-150x150.jpg 150w\" sizes=\"(max-width: 150px) 100vw, 150px\" \/><\/div>\n\n<div class=\"wpupg-meta-container\">\n\t<div class=\"wpupg-item-title wpupg-block-text-bold\">Dr. Rub\u00e9n N. Muzio<\/div>\n    <span class=\"wpupg-item-custom-field wpupg-block-text-normal\">Investigador Principal (CONICET)<\/span><br>\n    <span><a class=\"single-professional-item\" href='\/\/ibyme.org.ar\/investigacion\/laboratorios\/biologia-del-comportamiento\/&lt;\/span&gt;&quot;' target=\"_blank\" style=\"text-decoration:none; color:black;\"><span class=\"wpupg-item-terms wpupg-block-text-normal\"><span class=\"wpupg-item-term\">Biolog\u00eda del Comportamiento<\/span><\/span><\/a><\/span>\n<\/div><\/div><div class=\"wpupg-item wpupg-item-post wpupg-item-1985 wpupg-type-integrantes wpupg-item-has-image wpupg-template-profesionales\" data-id=\"1985\" data-order-default=\"Dr. Sergio Lew\"><div class=\"wpupg-item-image wpupg-block-image-normal wpupg-align-center\"><img decoding=\"async\" style=\"border-width: 0px;border-style: solid;border-color: #666666;\" width=\"150\" height=\"150\" src=\"https:\/\/ibyme.org.ar\/investigacion\/wp-content\/uploads\/2023\/03\/person-150x150.png\" class=\"skip-lazy disable-lazyload attachment-150x150 size-150x150\" alt=\"\" srcset=\"https:\/\/ibyme.org.ar\/investigacion\/wp-content\/uploads\/2023\/03\/person-66x66.png 66w, https:\/\/ibyme.org.ar\/investigacion\/wp-content\/uploads\/2023\/03\/person-150x150.png 150w\" sizes=\"(max-width: 150px) 100vw, 150px\" \/><\/div>\n\n<div class=\"wpupg-meta-container\">\n\t<div class=\"wpupg-item-title wpupg-block-text-bold\">Dr. Sergio Lew<\/div>\n    <span class=\"wpupg-item-custom-field wpupg-block-text-normal\">Investigador Formado  -  Prof. Asociado (UBA)<\/span><br>\n    <span><a class=\"single-professional-item\" href='\/\/ibyme.org.ar\/investigacion\/laboratorios\/biologia-del-comportamiento\/&lt;\/span&gt;&quot;' target=\"_blank\" style=\"text-decoration:none; color:black;\"><span class=\"wpupg-item-terms wpupg-block-text-normal\"><span class=\"wpupg-item-term\">Biolog\u00eda del Comportamiento<\/span><\/span><\/a><\/span>\n<\/div><\/div><div class=\"wpupg-item wpupg-item-post wpupg-item-1899 wpupg-type-integrantes wpupg-item-has-image wpupg-template-profesionales\" data-id=\"1899\" data-order-default=\"Dr. Tom\u00e1s D&#039;Alotto-Moreno\"><div class=\"wpupg-item-image wpupg-block-image-normal wpupg-align-center\"><img decoding=\"async\" style=\"border-width: 0px;border-style: solid;border-color: #666666;\" width=\"150\" height=\"150\" src=\"https:\/\/ibyme.org.ar\/investigacion\/wp-content\/uploads\/2023\/03\/person-150x150.png\" class=\"skip-lazy disable-lazyload attachment-150x150 size-150x150\" alt=\"\" srcset=\"https:\/\/ibyme.org.ar\/investigacion\/wp-content\/uploads\/2023\/03\/person-66x66.png 66w, https:\/\/ibyme.org.ar\/investigacion\/wp-content\/uploads\/2023\/03\/person-150x150.png 150w\" sizes=\"(max-width: 150px) 100vw, 150px\" \/><\/div>\n\n<div class=\"wpupg-meta-container\">\n\t<div class=\"wpupg-item-title wpupg-block-text-bold\">Dr. Tom\u00e1s D'Alotto-Moreno<\/div>\n    <span class=\"wpupg-item-custom-field wpupg-block-text-normal\">Investigador Asistente (CONICET)<\/span><br>\n    <span><a class=\"single-professional-item\" href='&quot;&quot;' target=\"_blank\" style=\"text-decoration:none; color:black;\"><span class=\"wpupg-item-terms wpupg-block-text-normal\"><span class=\"wpupg-item-term\">Glicomedicina<\/span><\/span><\/a><\/span>\n<\/div><\/div><div class=\"wpupg-item wpupg-item-post wpupg-item-12985 wpupg-type-integrantes wpupg-item-has-image wpupg-template-profesionales\" data-id=\"12985\" data-order-default=\"Dra Evelin Elia\"><div class=\"wpupg-item-image wpupg-block-image-normal wpupg-align-center\"><img decoding=\"async\" style=\"border-width: 0px;border-style: solid;border-color: #666666;\" width=\"150\" height=\"150\" src=\"https:\/\/ibyme.org.ar\/investigacion\/wp-content\/uploads\/2026\/04\/Foto-Eveliln-Elia-150x150.gif\" class=\"skip-lazy disable-lazyload attachment-150x150 size-150x150\" alt=\"\" srcset=\"https:\/\/ibyme.org.ar\/investigacion\/wp-content\/uploads\/2026\/04\/Foto-Eveliln-Elia-66x66.gif 66w, https:\/\/ibyme.org.ar\/investigacion\/wp-content\/uploads\/2026\/04\/Foto-Eveliln-Elia-150x150.gif 150w\" sizes=\"(max-width: 150px) 100vw, 150px\" \/><\/div>\n\n<div class=\"wpupg-meta-container\">\n\t<div class=\"wpupg-item-title wpupg-block-text-bold\">Dra Evelin Elia<\/div>\n    <span class=\"wpupg-item-custom-field wpupg-block-text-normal\">Investigadora Independiente<\/span><br>\n    <span><a class=\"single-professional-item\" href='&quot;&quot;' target=\"_blank\" style=\"text-decoration:none; color:black;\"><span class=\"wpupg-item-terms wpupg-block-text-normal\"><span class=\"wpupg-item-term\">Fisiopatolog\u00eda Hormonal<\/span><\/span><\/a><\/span>\n<\/div><\/div><div class=\"wpupg-item wpupg-item-post wpupg-item-1898 wpupg-type-integrantes wpupg-item-has-image wpupg-template-profesionales\" data-id=\"1898\" data-order-default=\"Dra.  Ada Blidner\"><div class=\"wpupg-item-image wpupg-block-image-normal wpupg-align-center\"><img decoding=\"async\" style=\"border-width: 0px;border-style: solid;border-color: #666666;\" width=\"150\" height=\"150\" src=\"https:\/\/ibyme.org.ar\/investigacion\/wp-content\/uploads\/2023\/03\/person-150x150.png\" class=\"skip-lazy disable-lazyload attachment-150x150 size-150x150\" alt=\"\" srcset=\"https:\/\/ibyme.org.ar\/investigacion\/wp-content\/uploads\/2023\/03\/person-66x66.png 66w, https:\/\/ibyme.org.ar\/investigacion\/wp-content\/uploads\/2023\/03\/person-150x150.png 150w\" sizes=\"(max-width: 150px) 100vw, 150px\" \/><\/div>\n\n<div class=\"wpupg-meta-container\">\n\t<div class=\"wpupg-item-title wpupg-block-text-bold\">Dra.  Ada Blidner<\/div>\n    <span class=\"wpupg-item-custom-field wpupg-block-text-normal\">Investigadora Asistente (CONICET)<\/span><br>\n    <span><a class=\"single-professional-item\" href='\/\/ibyme.org.ar\/investigacion\/laboratorios\/glicomedicina\/&lt;\/span&gt;&quot;' target=\"_blank\" style=\"text-decoration:none; color:black;\"><span class=\"wpupg-item-terms wpupg-block-text-normal\"><span class=\"wpupg-item-term\">Glicomedicina<\/span><\/span><\/a><\/span>\n<\/div><\/div><div class=\"wpupg-item wpupg-item-post wpupg-item-7579 wpupg-type-directores wpupg-item-has-image wpupg-template-profesionales\" data-id=\"7579\" data-order-default=\"Dra. Adriana De Siervi\"><div class=\"wpupg-item-image wpupg-block-image-normal wpupg-align-center\"><img decoding=\"async\" style=\"border-width: 0px;border-style: solid;border-color: #666666;\" width=\"150\" height=\"150\" src=\"https:\/\/ibyme.org.ar\/investigacion\/wp-content\/uploads\/2023\/03\/Adri-150x150.jpeg\" class=\"skip-lazy disable-lazyload attachment-150x150 size-150x150\" alt=\"\" srcset=\"https:\/\/ibyme.org.ar\/investigacion\/wp-content\/uploads\/2023\/03\/Adri-66x66.jpeg 66w, https:\/\/ibyme.org.ar\/investigacion\/wp-content\/uploads\/2023\/03\/Adri-150x150.jpeg 150w\" sizes=\"(max-width: 150px) 100vw, 150px\" \/><\/div>\n\n<div class=\"wpupg-meta-container\">\n\t<div class=\"wpupg-item-title wpupg-block-text-bold\">Dra. Adriana De Siervi<\/div>\n    <span class=\"wpupg-item-custom-field wpupg-block-text-normal\">Investigadora Principal del CONICET<\/span><br>\n    <span><a class=\"single-professional-item\" href='\/\/ibyme.org.ar\/investigacion\/laboratorios\/proteinas-quinasas-y-oncologia-molecular\/&lt;\/span&gt;&quot;' target=\"_blank\" style=\"text-decoration:none; color:black;\"><span class=\"wpupg-item-terms wpupg-block-text-normal\"><span class=\"wpupg-item-term\">Prote\u00ednas Quinasas y Oncolog\u00eda Molecular<\/span><\/span><\/a><\/span>\n<\/div><\/div><div class=\"wpupg-item wpupg-item-post wpupg-item-1936 wpupg-type-integrantes wpupg-item-has-image wpupg-template-profesionales\" data-id=\"1936\" data-order-default=\"Dra. Ana Sahores\"><div class=\"wpupg-item-image wpupg-block-image-normal wpupg-align-center\"><img decoding=\"async\" style=\"border-width: 0px;border-style: solid;border-color: #666666;\" width=\"150\" height=\"150\" src=\"https:\/\/ibyme.org.ar\/investigacion\/wp-content\/uploads\/2023\/03\/person-150x150.png\" class=\"skip-lazy disable-lazyload attachment-150x150 size-150x150\" alt=\"\" srcset=\"https:\/\/ibyme.org.ar\/investigacion\/wp-content\/uploads\/2023\/03\/person-66x66.png 66w, https:\/\/ibyme.org.ar\/investigacion\/wp-content\/uploads\/2023\/03\/person-150x150.png 150w\" sizes=\"(max-width: 150px) 100vw, 150px\" \/><\/div>\n\n<div class=\"wpupg-meta-container\">\n\t<div class=\"wpupg-item-title wpupg-block-text-bold\">Dra. Ana Sahores<\/div>\n    <span class=\"wpupg-item-custom-field wpupg-block-text-normal\">Investigadora Asistente (CONICET)<\/span><br>\n    <span><a class=\"single-professional-item\" href='\/\/ibyme.org.ar\/investigacion\/laboratorios\/patologia-y-farmacologia-molecular\/&lt;\/span&gt;&quot;' target=\"_blank\" style=\"text-decoration:none; color:black;\"><span class=\"wpupg-item-terms wpupg-block-text-normal\"><span class=\"wpupg-item-term\">Patolog\u00eda y Farmacolog\u00eda Molecular<\/span><\/span><\/a><\/span>\n<\/div><\/div><div class=\"wpupg-item wpupg-item-post wpupg-item-1892 wpupg-type-integrantes wpupg-item-has-image wpupg-template-profesionales\" data-id=\"1892\" data-order-default=\"Dra. Anabela Cutine\"><div class=\"wpupg-item-image wpupg-block-image-normal wpupg-align-center\"><img decoding=\"async\" style=\"border-width: 0px;border-style: solid;border-color: #666666;\" width=\"150\" height=\"150\" src=\"https:\/\/ibyme.org.ar\/investigacion\/wp-content\/uploads\/2023\/11\/foto-Ana-150x150.jpg\" class=\"skip-lazy disable-lazyload attachment-150x150 size-150x150\" alt=\"\" srcset=\"https:\/\/ibyme.org.ar\/investigacion\/wp-content\/uploads\/2023\/11\/foto-Ana-66x66.jpg 66w, https:\/\/ibyme.org.ar\/investigacion\/wp-content\/uploads\/2023\/11\/foto-Ana-150x150.jpg 150w\" sizes=\"(max-width: 150px) 100vw, 150px\" \/><\/div>\n\n<div class=\"wpupg-meta-container\">\n\t<div class=\"wpupg-item-title wpupg-block-text-bold\">Dra. Anabela Cutine<\/div>\n    <span class=\"wpupg-item-custom-field wpupg-block-text-normal\">Becaria Postdoctoral<\/span><br>\n    <span><a class=\"single-professional-item\" href='\/\/ibyme.org.ar\/investigacion\/laboratorios\/glicomica-funcional-y-molecular\/&lt;\/span&gt;&quot;' target=\"_blank\" style=\"text-decoration:none; color:black;\"><span class=\"wpupg-item-terms wpupg-block-text-normal\"><span class=\"wpupg-item-term\">Glic\u00f3mica Funcional y Molecular<\/span><\/span><\/a><\/span>\n<\/div><\/div><div class=\"wpupg-item wpupg-item-post wpupg-item-1882 wpupg-type-integrantes wpupg-item-has-image wpupg-template-profesionales\" data-id=\"1882\" data-order-default=\"Dra. Anal\u00eda Gabriela Ricci\"><div class=\"wpupg-item-image wpupg-block-image-normal wpupg-align-center\"><img decoding=\"async\" style=\"border-width: 0px;border-style: solid;border-color: #666666;\" width=\"150\" height=\"150\" src=\"https:\/\/ibyme.org.ar\/investigacion\/wp-content\/uploads\/2023\/03\/foto-ani-2-150x150.jpg\" class=\"skip-lazy disable-lazyload attachment-150x150 size-150x150\" alt=\"\" srcset=\"https:\/\/ibyme.org.ar\/investigacion\/wp-content\/uploads\/2023\/03\/foto-ani-2-66x66.jpg 66w, https:\/\/ibyme.org.ar\/investigacion\/wp-content\/uploads\/2023\/03\/foto-ani-2-150x150.jpg 150w\" sizes=\"(max-width: 150px) 100vw, 150px\" \/><\/div>\n\n<div class=\"wpupg-meta-container\">\n\t<div class=\"wpupg-item-title wpupg-block-text-bold\">Dra. Anal\u00eda Gabriela Ricci<\/div>\n    <span class=\"wpupg-item-custom-field wpupg-block-text-normal\">Investigadora Adjunta (CONICET)<\/span><br>\n    <span><a class=\"single-professional-item\" href='\/\/ibyme.org.ar\/investigacion\/laboratorios\/inmunologia-de-la-reproduccion\/&lt;\/span&gt;&quot;' target=\"_blank\" style=\"text-decoration:none; color:black;\"><span class=\"wpupg-item-terms wpupg-block-text-normal\"><span class=\"wpupg-item-term\">Fisiopatolog\u00eda endometrial<\/span><\/span><\/a><\/span>\n<\/div><\/div><div class=\"wpupg-item wpupg-item-post wpupg-item-2062 wpupg-type-integrantes wpupg-item-has-image wpupg-template-profesionales\" data-id=\"2062\" data-order-default=\"Dra. Ania Antonella Manjon\"><div class=\"wpupg-item-image wpupg-block-image-normal wpupg-align-center\"><img decoding=\"async\" style=\"border-width: 0px;border-style: solid;border-color: #666666;\" width=\"150\" height=\"150\" src=\"https:\/\/ibyme.org.ar\/investigacion\/wp-content\/uploads\/2023\/03\/Ania-Manjon-2-150x150.jpg\" class=\"skip-lazy disable-lazyload attachment-150x150 size-150x150\" alt=\"\" srcset=\"https:\/\/ibyme.org.ar\/investigacion\/wp-content\/uploads\/2023\/03\/Ania-Manjon-2-66x66.jpg 66w, https:\/\/ibyme.org.ar\/investigacion\/wp-content\/uploads\/2023\/03\/Ania-Manjon-2-150x150.jpg 150w\" sizes=\"(max-width: 150px) 100vw, 150px\" \/><\/div>\n\n<div class=\"wpupg-meta-container\">\n\t<div class=\"wpupg-item-title wpupg-block-text-bold\">Dra. Ania Antonella Manjon<\/div>\n    <span class=\"wpupg-item-custom-field wpupg-block-text-normal\">Licenciada en Gen\u00e9tica. Universidad de Mor\u00f3n. Becaria Doctoral (CONICET). Directora: Dra. M\u00f3nica Vazquez-Levin<\/span><br>\n    <span><a class=\"single-professional-item\" href='\/\/ibyme.org.ar\/investigacion\/laboratorios\/estudios-de-interaccion-celular-en-reproduccion-y-cancer\/&lt;\/span&gt;&quot;' target=\"_blank\" style=\"text-decoration:none; color:black;\"><span class=\"wpupg-item-terms wpupg-block-text-normal\"><span class=\"wpupg-item-term\">Estudios de Interacci\u00f3n Celular en Reproducci\u00f3n y C\u00e1ncer<\/span><\/span><\/a><\/span>\n<\/div><\/div><div class=\"wpupg-item wpupg-item-post wpupg-item-7603 wpupg-type-directores wpupg-item-has-image wpupg-template-profesionales\" data-id=\"7603\" data-order-default=\"Dra. Carina Shayo\"><div class=\"wpupg-item-image wpupg-block-image-normal wpupg-align-center\"><img decoding=\"async\" style=\"border-width: 0px;border-style: solid;border-color: #666666;\" width=\"150\" height=\"150\" src=\"https:\/\/ibyme.org.ar\/investigacion\/wp-content\/uploads\/2023\/06\/SHAYO-2-150x150.jpg\" class=\"skip-lazy disable-lazyload attachment-150x150 size-150x150\" alt=\"\" srcset=\"https:\/\/ibyme.org.ar\/investigacion\/wp-content\/uploads\/2023\/06\/SHAYO-2-66x66.jpg 66w, https:\/\/ibyme.org.ar\/investigacion\/wp-content\/uploads\/2023\/06\/SHAYO-2-150x150.jpg 150w\" sizes=\"(max-width: 150px) 100vw, 150px\" \/><\/div>\n\n<div class=\"wpupg-meta-container\">\n\t<div class=\"wpupg-item-title wpupg-block-text-bold\">Dra. Carina Shayo<\/div>\n    <span class=\"wpupg-item-custom-field wpupg-block-text-normal\">Investigadora Principal (CONICET)<\/span><br>\n    <span><a class=\"single-professional-item\" href='\/\/ibyme.org.ar\/investigacion\/laboratorios\/patologia-y-farmacologia-molecular\/&lt;\/span&gt;&quot;' target=\"_blank\" style=\"text-decoration:none; color:black;\"><span class=\"wpupg-item-terms wpupg-block-text-normal\"><span class=\"wpupg-item-term\">Patolog\u00eda y Farmacolog\u00eda Molecular<\/span><\/span><\/a><\/span>\n<\/div><\/div><div class=\"wpupg-item wpupg-item-post wpupg-item-1839 wpupg-type-integrantes wpupg-item-has-image wpupg-template-profesionales\" data-id=\"1839\" data-order-default=\"Dra. Carolina In\u00e9s Domaica\"><div class=\"wpupg-item-image wpupg-block-image-normal wpupg-align-center\"><img decoding=\"async\" style=\"border-width: 0px;border-style: solid;border-color: #666666;\" width=\"150\" height=\"150\" src=\"https:\/\/ibyme.org.ar\/investigacion\/wp-content\/uploads\/2023\/03\/IBYME-Domaica-150x150.jpg\" class=\"skip-lazy disable-lazyload attachment-150x150 size-150x150\" alt=\"\" srcset=\"https:\/\/ibyme.org.ar\/investigacion\/wp-content\/uploads\/2023\/03\/IBYME-Domaica-66x66.jpg 66w, https:\/\/ibyme.org.ar\/investigacion\/wp-content\/uploads\/2023\/03\/IBYME-Domaica-150x150.jpg 150w\" sizes=\"(max-width: 150px) 100vw, 150px\" \/><\/div>\n\n<div class=\"wpupg-meta-container\">\n\t<div class=\"wpupg-item-title wpupg-block-text-bold\">Dra. Carolina In\u00e9s Domaica<\/div>\n    <span class=\"wpupg-item-custom-field wpupg-block-text-normal\">Investigadora Asistente CONICET<\/span><br>\n    <span><a class=\"single-professional-item\" href='\/\/ibyme.org.ar\/investigacion\/laboratorios\/fisiopatologia-de-la-inmunidad-innata\/&lt;\/span&gt;&quot;' target=\"_blank\" style=\"text-decoration:none; color:black;\"><span class=\"wpupg-item-terms wpupg-block-text-normal\"><span class=\"wpupg-item-term\">Fisiopatolog\u00eda de la Inmunidad Innata<\/span><\/span><\/a><\/span>\n<\/div><\/div><div class=\"wpupg-item wpupg-item-post wpupg-item-12694 wpupg-type-directores wpupg-item-has-image wpupg-template-profesionales\" data-id=\"12694\" data-order-default=\"Dra. Cecilia P\u00e9rez Pi\u00f1ero\"><div class=\"wpupg-item-image wpupg-block-image-normal wpupg-align-center\"><img decoding=\"async\" style=\"border-width: 0px;border-style: solid;border-color: #666666;\" width=\"150\" height=\"150\" src=\"https:\/\/ibyme.org.ar\/investigacion\/wp-content\/uploads\/2023\/03\/Cecilia-150x150.jpg\" class=\"skip-lazy disable-lazyload attachment-150x150 size-150x150\" alt=\"\" srcset=\"https:\/\/ibyme.org.ar\/investigacion\/wp-content\/uploads\/2023\/03\/Cecilia-66x66.jpg 66w, https:\/\/ibyme.org.ar\/investigacion\/wp-content\/uploads\/2023\/03\/Cecilia-150x150.jpg 150w\" sizes=\"(max-width: 150px) 100vw, 150px\" \/><\/div>\n\n<div class=\"wpupg-meta-container\">\n\t<div class=\"wpupg-item-title wpupg-block-text-bold\">Dra. Cecilia P\u00e9rez Pi\u00f1ero<\/div>\n    <span class=\"wpupg-item-custom-field wpupg-block-text-normal\">investigadora Adjunta (CONICET)<\/span><br>\n    <span><a class=\"single-professional-item\" href='\/\/ibyme.org.ar\/investigacion\/laboratorios\/hormonas-y-cancer\/&lt;\/span&gt;&quot;' target=\"_blank\" style=\"text-decoration:none; color:black;\"><span class=\"wpupg-item-terms wpupg-block-text-normal\"><span class=\"wpupg-item-term\">Hormonas y C\u00e1ncer<\/span><\/span><\/a><\/span>\n<\/div><\/div><div class=\"wpupg-item wpupg-item-post wpupg-item-7587 wpupg-type-directores wpupg-item-has-image wpupg-template-profesionales\" data-id=\"7587\" data-order-default=\"Dra. Claudia Lanari\"><div class=\"wpupg-item-image wpupg-block-image-normal wpupg-align-center\"><img decoding=\"async\" style=\"border-width: 0px;border-style: solid;border-color: #666666;\" width=\"150\" height=\"150\" src=\"https:\/\/ibyme.org.ar\/investigacion\/wp-content\/uploads\/2023\/08\/claudia-1-1-150x150.jpg\" class=\"skip-lazy disable-lazyload attachment-150x150 size-150x150\" alt=\"\" srcset=\"https:\/\/ibyme.org.ar\/investigacion\/wp-content\/uploads\/2023\/08\/claudia-1-1-66x66.jpg 66w, https:\/\/ibyme.org.ar\/investigacion\/wp-content\/uploads\/2023\/08\/claudia-1-1-150x150.jpg 150w\" sizes=\"(max-width: 150px) 100vw, 150px\" \/><\/div>\n\n<div class=\"wpupg-meta-container\">\n\t<div class=\"wpupg-item-title wpupg-block-text-bold\">Dra. Claudia Lanari<\/div>\n    <span class=\"wpupg-item-custom-field wpupg-block-text-normal\">Investigador Superior (CONICET)<\/span><br>\n    <span><a class=\"single-professional-item\" href='\/\/ibyme.org.ar\/investigacion\/laboratorios\/carcinogenesis-hormonal\/&lt;\/span&gt;&quot;' target=\"_blank\" style=\"text-decoration:none; color:black;\"><span class=\"wpupg-item-terms wpupg-block-text-normal\"><span class=\"wpupg-item-term\">Carcinog\u00e9nesis Hormonal<\/span><\/span><\/a><\/span>\n<\/div><\/div><div class=\"wpupg-item wpupg-item-post wpupg-item-7596 wpupg-type-directores wpupg-item-has-image wpupg-template-profesionales\" data-id=\"7596\" data-order-default=\"Dra. Dalhia Abramovich\"><div class=\"wpupg-item-image wpupg-block-image-normal wpupg-align-center\"><img decoding=\"async\" style=\"border-width: 0px;border-style: solid;border-color: #666666;\" width=\"150\" height=\"150\" src=\"https:\/\/ibyme.org.ar\/investigacion\/wp-content\/uploads\/2023\/07\/DA-150x150.jpg\" class=\"skip-lazy disable-lazyload attachment-150x150 size-150x150\" alt=\"\" srcset=\"https:\/\/ibyme.org.ar\/investigacion\/wp-content\/uploads\/2023\/07\/DA-66x66.jpg 66w, https:\/\/ibyme.org.ar\/investigacion\/wp-content\/uploads\/2023\/07\/DA-150x150.jpg 150w\" sizes=\"(max-width: 150px) 100vw, 150px\" \/><\/div>\n\n<div class=\"wpupg-meta-container\">\n\t<div class=\"wpupg-item-title wpupg-block-text-bold\">Dra. Dalhia Abramovich<\/div>\n    <span class=\"wpupg-item-custom-field wpupg-block-text-normal\">Investigadora Independiente (CONICET)<\/span><br>\n    <span><a class=\"single-professional-item\" href='\/\/ibyme.org.ar\/investigacion\/laboratorios\/estudios-de-la-fisiopatologia-del-ovario\/&lt;\/span&gt;&quot;' target=\"_blank\" style=\"text-decoration:none; color:black;\"><span class=\"wpupg-item-terms wpupg-block-text-normal\"><span class=\"wpupg-item-term\">Estudios de la Fisiopatolog\u00eda del Ovario<\/span><\/span><\/a><\/span>\n<\/div><\/div><div class=\"wpupg-item wpupg-item-post wpupg-item-7570 wpupg-type-directores wpupg-item-has-image wpupg-template-profesionales\" data-id=\"7570\" data-order-default=\"Dra. Damasia Becu de Villalobos\"><div class=\"wpupg-item-image wpupg-block-image-normal wpupg-align-center\"><img decoding=\"async\" style=\"border-width: 0px;border-style: solid;border-color: #666666;\" width=\"150\" height=\"150\" src=\"https:\/\/ibyme.org.ar\/investigacion\/wp-content\/uploads\/2025\/11\/Damasia3-150x150.jpg\" class=\"skip-lazy disable-lazyload attachment-150x150 size-150x150\" alt=\"\" srcset=\"https:\/\/ibyme.org.ar\/investigacion\/wp-content\/uploads\/2025\/11\/Damasia3-66x66.jpg 66w, https:\/\/ibyme.org.ar\/investigacion\/wp-content\/uploads\/2025\/11\/Damasia3-150x150.jpg 150w\" sizes=\"(max-width: 150px) 100vw, 150px\" \/><\/div>\n\n<div class=\"wpupg-meta-container\">\n\t<div class=\"wpupg-item-title wpupg-block-text-bold\">Dra. Damasia Becu de Villalobos<\/div>\n    <span class=\"wpupg-item-custom-field wpupg-block-text-normal\">Investigadora Superior (CONICET)<\/span><br>\n    <span><a class=\"single-professional-item\" href='\/\/ibyme.org.ar\/investigacion\/laboratorios\/regulacion-hipofisaria\/&lt;\/span&gt;&quot;' target=\"_blank\" style=\"text-decoration:none; color:black;\"><span class=\"wpupg-item-terms wpupg-block-text-normal\"><span class=\"wpupg-item-term\">Regulaci\u00f3n Hipofisaria<\/span><\/span><\/a><\/span>\n<\/div><\/div><div class=\"wpupg-item wpupg-item-post wpupg-item-11782 wpupg-type-directores wpupg-item-has-image wpupg-template-profesionales\" data-id=\"11782\" data-order-default=\"Dra. Debora Cohen\"><div class=\"wpupg-item-image wpupg-block-image-normal wpupg-align-center\"><img decoding=\"async\" style=\"border-width: 0px;border-style: solid;border-color: #666666;\" width=\"150\" height=\"150\" src=\"https:\/\/ibyme.org.ar\/investigacion\/wp-content\/uploads\/2023\/03\/WhatsApp-Image-2023-07-18-at-12.36.30-PM-1-150x150.jpeg\" class=\"skip-lazy disable-lazyload attachment-150x150 size-150x150\" alt=\"\" srcset=\"https:\/\/ibyme.org.ar\/investigacion\/wp-content\/uploads\/2023\/03\/WhatsApp-Image-2023-07-18-at-12.36.30-PM-1-66x66.jpeg 66w, https:\/\/ibyme.org.ar\/investigacion\/wp-content\/uploads\/2023\/03\/WhatsApp-Image-2023-07-18-at-12.36.30-PM-1-150x150.jpeg 150w\" sizes=\"(max-width: 150px) 100vw, 150px\" \/><\/div>\n\n<div class=\"wpupg-meta-container\">\n\t<div class=\"wpupg-item-title wpupg-block-text-bold\">Dra. Debora Cohen<\/div>\n    <span class=\"wpupg-item-custom-field wpupg-block-text-normal\">Investigador Independiente (CONICET)<\/span><br>\n    <span><a class=\"single-professional-item\" href='\/\/ibyme.org.ar\/investigacion\/laboratorios\/biologia-de-las-gametas-gametolab\/&lt;\/span&gt;&quot;' target=\"_blank\" style=\"text-decoration:none; color:black;\"><span class=\"wpupg-item-terms wpupg-block-text-normal\"><span class=\"wpupg-item-term\">Biolog\u00eda de las Gametas<\/span><\/span><\/a><\/span>\n<\/div><\/div><div class=\"wpupg-item wpupg-item-post wpupg-item-1867 wpupg-type-integrantes wpupg-item-has-image wpupg-template-profesionales\" data-id=\"1867\" data-order-default=\"Dra. Eleonora M. Sorianello\"><div class=\"wpupg-item-image wpupg-block-image-normal wpupg-align-center\"><img decoding=\"async\" style=\"border-width: 0px;border-style: solid;border-color: #666666;\" width=\"150\" height=\"150\" src=\"https:\/\/ibyme.org.ar\/investigacion\/wp-content\/uploads\/2025\/11\/Eleo-ELIJO-ESTA-150x150.jpg\" class=\"skip-lazy disable-lazyload attachment-150x150 size-150x150\" alt=\"\" srcset=\"https:\/\/ibyme.org.ar\/investigacion\/wp-content\/uploads\/2025\/11\/Eleo-ELIJO-ESTA-66x66.jpg 66w, https:\/\/ibyme.org.ar\/investigacion\/wp-content\/uploads\/2025\/11\/Eleo-ELIJO-ESTA-150x150.jpg 150w\" sizes=\"(max-width: 150px) 100vw, 150px\" \/><\/div>\n\n<div class=\"wpupg-meta-container\">\n\t<div class=\"wpupg-item-title wpupg-block-text-bold\">Dra. Eleonora M. Sorianello<\/div>\n    <span class=\"wpupg-item-custom-field wpupg-block-text-normal\">Investigador Adjunto, CONICET<\/span><br>\n    <span><a class=\"single-professional-item\" href='\/\/ibyme.org.ar\/investigacion\/laboratorios\/regulacion-hipofisaria\/&lt;\/span&gt;&quot;' target=\"_blank\" style=\"text-decoration:none; color:black;\"><span class=\"wpupg-item-terms wpupg-block-text-normal\"><span class=\"wpupg-item-term\">Regulaci\u00f3n Hipofisaria<\/span><\/span><\/a><\/span>\n<\/div><\/div><div class=\"wpupg-item wpupg-item-post wpupg-item-7602 wpupg-type-directores wpupg-item-has-image wpupg-template-profesionales\" data-id=\"7602\" data-order-default=\"Dra. Flavia Saravia\"><div class=\"wpupg-item-image wpupg-block-image-normal wpupg-align-center\"><img decoding=\"async\" style=\"border-width: 0px;border-style: solid;border-color: #666666;\" width=\"150\" height=\"150\" src=\"https:\/\/ibyme.org.ar\/investigacion\/wp-content\/uploads\/2023\/07\/IMG_20240301_143023998-scaled-e1709318843673-150x150.jpg\" class=\"skip-lazy disable-lazyload attachment-150x150 size-150x150\" alt=\"\" srcset=\"https:\/\/ibyme.org.ar\/investigacion\/wp-content\/uploads\/2023\/07\/IMG_20240301_143023998-scaled-e1709318843673-66x66.jpg 66w, https:\/\/ibyme.org.ar\/investigacion\/wp-content\/uploads\/2023\/07\/IMG_20240301_143023998-scaled-e1709318843673-150x150.jpg 150w\" sizes=\"(max-width: 150px) 100vw, 150px\" \/><\/div>\n\n<div class=\"wpupg-meta-container\">\n\t<div class=\"wpupg-item-title wpupg-block-text-bold\">Dra. Flavia Saravia<\/div>\n    <span class=\"wpupg-item-custom-field wpupg-block-text-normal\">Investigadora Principal (CONICET)<\/span><br>\n    <span><a class=\"single-professional-item\" href='\/\/ibyme.org.ar\/investigacion\/laboratorios\/neurobiologia-del-envejecimiento\/&lt;\/span&gt;&quot;' target=\"_blank\" style=\"text-decoration:none; color:black;\"><span class=\"wpupg-item-terms wpupg-block-text-normal\"><span class=\"wpupg-item-term\">Neurobiologia del Envejecimiento<\/span><\/span><\/a><\/span>\n<\/div><\/div><div class=\"wpupg-item wpupg-item-post wpupg-item-8142 wpupg-type-integrantes wpupg-item-has-image wpupg-template-profesionales\" data-id=\"8142\" data-order-default=\"Dra. Florencia Laura Cascardo\"><div class=\"wpupg-item-image wpupg-block-image-normal wpupg-align-center\"><img decoding=\"async\" style=\"border-width: 0px;border-style: solid;border-color: #666666;\" width=\"150\" height=\"150\" src=\"https:\/\/ibyme.org.ar\/investigacion\/wp-content\/uploads\/2026\/01\/Flory-e1768849493717-150x150.jpeg\" class=\"skip-lazy disable-lazyload attachment-150x150 size-150x150\" alt=\"\" srcset=\"https:\/\/ibyme.org.ar\/investigacion\/wp-content\/uploads\/2026\/01\/Flory-e1768849493717-66x66.jpeg 66w, https:\/\/ibyme.org.ar\/investigacion\/wp-content\/uploads\/2026\/01\/Flory-e1768849493717-150x150.jpeg 150w\" sizes=\"(max-width: 150px) 100vw, 150px\" \/><\/div>\n\n<div class=\"wpupg-meta-container\">\n\t<div class=\"wpupg-item-title wpupg-block-text-bold\">Dra. Florencia Laura Cascardo<\/div>\n    <span class=\"wpupg-item-custom-field wpupg-block-text-normal\">Becaria posdoctoral (CONICET)<\/span><br>\n    <span><a class=\"single-professional-item\" href='\/\/ibyme.org.ar\/investigacion\/laboratorios\/proteinas-quinasas-y-cancer\/&lt;\/span&gt;&quot;' target=\"_blank\" style=\"text-decoration:none; color:black;\"><span class=\"wpupg-item-terms wpupg-block-text-normal\"><span class=\"wpupg-item-term\">Prote\u00ednas Quinasas y Oncolog\u00eda Molecular<\/span><\/span><\/a><\/span>\n<\/div><\/div><div class=\"wpupg-item wpupg-item-post wpupg-item-7592 wpupg-type-directores wpupg-item-has-image wpupg-template-profesionales\" data-id=\"7592\" data-order-default=\"Dra. Gabriela Meresman\"><div class=\"wpupg-item-image wpupg-block-image-normal wpupg-align-center\"><img decoding=\"async\" style=\"border-width: 0px;border-style: solid;border-color: #666666;\" width=\"150\" height=\"150\" src=\"https:\/\/ibyme.org.ar\/investigacion\/wp-content\/uploads\/2023\/08\/WhatsApp-Image-2023-08-06-at-9.48.22-AM-150x150.jpeg\" class=\"skip-lazy disable-lazyload attachment-150x150 size-150x150\" alt=\"\" srcset=\"https:\/\/ibyme.org.ar\/investigacion\/wp-content\/uploads\/2023\/08\/WhatsApp-Image-2023-08-06-at-9.48.22-AM-66x66.jpeg 66w, https:\/\/ibyme.org.ar\/investigacion\/wp-content\/uploads\/2023\/08\/WhatsApp-Image-2023-08-06-at-9.48.22-AM-150x150.jpeg 150w\" sizes=\"(max-width: 150px) 100vw, 150px\" \/><\/div>\n\n<div class=\"wpupg-meta-container\">\n\t<div class=\"wpupg-item-title wpupg-block-text-bold\">Dra. Gabriela Meresman<\/div>\n    <span class=\"wpupg-item-custom-field wpupg-block-text-normal\">Investigadora Principal (CONICET)<\/span><br>\n    <span><a class=\"single-professional-item\" href='\/\/ibyme.org.ar\/investigacion\/laboratorios\/fisiopatologia-endometrial\/&lt;\/span&gt;&quot;' target=\"_blank\" style=\"text-decoration:none; color:black;\"><span class=\"wpupg-item-terms wpupg-block-text-normal\"><span class=\"wpupg-item-term\">Fisiopatolog\u00eda endometrial<\/span><\/span><\/a><\/span>\n<\/div><\/div><div class=\"wpupg-item wpupg-item-post wpupg-item-7580 wpupg-type-directores wpupg-item-has-image wpupg-template-profesionales\" data-id=\"7580\" data-order-default=\"Dra. Graciela D\u00edaz Torga\"><div class=\"wpupg-item-image wpupg-block-image-normal wpupg-align-center\"><img decoding=\"async\" style=\"border-width: 0px;border-style: solid;border-color: #666666;\" width=\"150\" height=\"150\" src=\"https:\/\/ibyme.org.ar\/investigacion\/wp-content\/uploads\/2023\/07\/Dra-Graciela-Susana-Diaz_ibyme-150x150.jpg\" class=\"skip-lazy disable-lazyload attachment-150x150 size-150x150\" alt=\"\" srcset=\"https:\/\/ibyme.org.ar\/investigacion\/wp-content\/uploads\/2023\/07\/Dra-Graciela-Susana-Diaz_ibyme-66x66.jpg 66w, https:\/\/ibyme.org.ar\/investigacion\/wp-content\/uploads\/2023\/07\/Dra-Graciela-Susana-Diaz_ibyme-150x150.jpg 150w\" sizes=\"(max-width: 150px) 100vw, 150px\" \/><\/div>\n\n<div class=\"wpupg-meta-container\">\n\t<div class=\"wpupg-item-title wpupg-block-text-bold\">Dra. Graciela D\u00edaz Torga<\/div>\n    <span class=\"wpupg-item-custom-field wpupg-block-text-normal\">Investigadora Principal (CONICET)<\/span><br>\n    <span><a class=\"single-professional-item\" href='\/\/ibyme.org.ar\/investigacion\/laboratorios\/fisiopatologia-hormonal\/&lt;\/span&gt;&quot;' target=\"_blank\" style=\"text-decoration:none; color:black;\"><span class=\"wpupg-item-terms wpupg-block-text-normal\"><span class=\"wpupg-item-term\">Fisiopatolog\u00eda Hormonal<\/span><\/span><\/a><\/span>\n<\/div><\/div><div class=\"wpupg-item wpupg-item-post wpupg-item-12982 wpupg-type-integrantes wpupg-item-has-image wpupg-template-profesionales\" data-id=\"12982\" data-order-default=\"Dra. Graciela Diaz-Torga\"><div class=\"wpupg-item-image wpupg-block-image-normal wpupg-align-center\"><img decoding=\"async\" style=\"border-width: 0px;border-style: solid;border-color: #666666;\" width=\"150\" height=\"150\" src=\"https:\/\/ibyme.org.ar\/investigacion\/wp-content\/uploads\/2023\/07\/Dra-Graciela-Susana-Diaz_ibyme-150x150.jpg\" class=\"skip-lazy disable-lazyload attachment-150x150 size-150x150\" alt=\"\" srcset=\"https:\/\/ibyme.org.ar\/investigacion\/wp-content\/uploads\/2023\/07\/Dra-Graciela-Susana-Diaz_ibyme-66x66.jpg 66w, https:\/\/ibyme.org.ar\/investigacion\/wp-content\/uploads\/2023\/07\/Dra-Graciela-Susana-Diaz_ibyme-150x150.jpg 150w\" sizes=\"(max-width: 150px) 100vw, 150px\" \/><\/div>\n\n<div class=\"wpupg-meta-container\">\n\t<div class=\"wpupg-item-title wpupg-block-text-bold\">Dra. Graciela Diaz-Torga<\/div>\n    <span class=\"wpupg-item-custom-field wpupg-block-text-normal\">Directora de Laboratorio, Investigadora Principal CONICET<\/span><br>\n    <span><a class=\"single-professional-item\" href='&quot;&quot;' target=\"_blank\" style=\"text-decoration:none; color:black;\"><span class=\"wpupg-item-terms wpupg-block-text-normal\"><span class=\"wpupg-item-term\">Fisiopatolog\u00eda Hormonal<\/span><\/span><\/a><\/span>\n<\/div><\/div><div class=\"wpupg-item wpupg-item-post wpupg-item-7598 wpupg-type-directores wpupg-item-no-image wpupg-template-profesionales\" data-id=\"7598\" data-order-default=\"Dra. Graciela Piwien-Pilipuk\">\n\n<div class=\"wpupg-meta-container\">\n\t<div class=\"wpupg-item-title wpupg-block-text-bold\">Dra. Graciela Piwien-Pilipuk<\/div>\n    <span class=\"wpupg-item-custom-field wpupg-block-text-normal\">Investigadora Independiente (CONICET)<\/span><br>\n    <span><a class=\"single-professional-item\" href='\/\/ibyme.org.ar\/investigacion\/laboratorios\/arquitectura-nuclear\/&lt;\/span&gt;&quot;' target=\"_blank\" style=\"text-decoration:none; color:black;\"><span class=\"wpupg-item-terms wpupg-block-text-normal\"><span class=\"wpupg-item-term\">Arquitectura Nuclear<\/span><\/span><\/a><\/span>\n<\/div><\/div><div class=\"wpupg-item wpupg-item-post wpupg-item-7589 wpupg-type-directores wpupg-item-has-image wpupg-template-profesionales\" data-id=\"7589\" data-order-default=\"Dra. Isabel Alicia L\u00fcthy\"><div class=\"wpupg-item-image wpupg-block-image-normal wpupg-align-center\"><img decoding=\"async\" style=\"border-width: 0px;border-style: solid;border-color: #666666;\" width=\"150\" height=\"150\" src=\"https:\/\/ibyme.org.ar\/investigacion\/wp-content\/uploads\/2023\/08\/Luthy-150x150.png\" class=\"skip-lazy disable-lazyload attachment-150x150 size-150x150\" alt=\"\" srcset=\"https:\/\/ibyme.org.ar\/investigacion\/wp-content\/uploads\/2023\/08\/Luthy-66x66.png 66w, https:\/\/ibyme.org.ar\/investigacion\/wp-content\/uploads\/2023\/08\/Luthy-150x150.png 150w\" sizes=\"(max-width: 150px) 100vw, 150px\" \/><\/div>\n\n<div class=\"wpupg-meta-container\">\n\t<div class=\"wpupg-item-title wpupg-block-text-bold\">Dra. Isabel Alicia L\u00fcthy<\/div>\n    <span class=\"wpupg-item-custom-field wpupg-block-text-normal\">Investigadora Principal (CONICET) Jubilada Contratada<\/span><br>\n    <span><a class=\"single-professional-item\" href='\/\/ibyme.org.ar\/investigacion\/laboratorios\/hormonas-y-cancer\/&lt;\/span&gt;&quot;' target=\"_blank\" style=\"text-decoration:none; color:black;\"><span class=\"wpupg-item-terms wpupg-block-text-normal\"><span class=\"wpupg-item-term\">Hormonas y C\u00e1ncer<\/span><\/span><\/a><\/span>\n<\/div><\/div><div class=\"wpupg-item wpupg-item-post wpupg-item-2041 wpupg-type-integrantes wpupg-item-has-image wpupg-template-profesionales\" data-id=\"2041\" data-order-default=\"Dra. Judith Toneatto\"><div class=\"wpupg-item-image wpupg-block-image-normal wpupg-align-center\"><img decoding=\"async\" style=\"border-width: 0px;border-style: solid;border-color: #666666;\" width=\"150\" height=\"150\" src=\"https:\/\/ibyme.org.ar\/investigacion\/wp-content\/uploads\/2023\/03\/Judith-Toneatto-150x150.jpg\" class=\"skip-lazy disable-lazyload attachment-150x150 size-150x150\" alt=\"\" srcset=\"https:\/\/ibyme.org.ar\/investigacion\/wp-content\/uploads\/2023\/03\/Judith-Toneatto-66x66.jpg 66w, https:\/\/ibyme.org.ar\/investigacion\/wp-content\/uploads\/2023\/03\/Judith-Toneatto-150x150.jpg 150w\" sizes=\"(max-width: 150px) 100vw, 150px\" \/><\/div>\n\n<div class=\"wpupg-meta-container\">\n\t<div class=\"wpupg-item-title wpupg-block-text-bold\">Dra. Judith Toneatto<\/div>\n    <span class=\"wpupg-item-custom-field wpupg-block-text-normal\">Investigadora Adjunta (CONICET)<\/span><br>\n    <span><a class=\"single-professional-item\" href='\/\/ibyme.org.ar\/investigacion\/laboratorios\/quimica-de-proteoglicanos-y-matriz-extracelular\/&lt;\/span&gt;&quot;' target=\"_blank\" style=\"text-decoration:none; color:black;\"><span class=\"wpupg-item-terms wpupg-block-text-normal\"><span class=\"wpupg-item-term\">Qu\u00edmica de Proteoglicanos y Matriz Extracelular<\/span><\/span><\/a><\/span>\n<\/div><\/div><div class=\"wpupg-item wpupg-item-post wpupg-item-7591 wpupg-type-directores wpupg-item-has-image wpupg-template-profesionales\" data-id=\"7591\" data-order-default=\"Dra. Karina Mari\u00f1o\"><div class=\"wpupg-item-image wpupg-block-image-normal wpupg-align-center\"><img decoding=\"async\" style=\"border-width: 0px;border-style: solid;border-color: #666666;\" width=\"150\" height=\"150\" src=\"https:\/\/ibyme.org.ar\/investigacion\/wp-content\/uploads\/2023\/11\/MARINO-2-150x150.jpg\" class=\"skip-lazy disable-lazyload attachment-150x150 size-150x150\" alt=\"\" srcset=\"https:\/\/ibyme.org.ar\/investigacion\/wp-content\/uploads\/2023\/11\/MARINO-2-66x66.jpg 66w, https:\/\/ibyme.org.ar\/investigacion\/wp-content\/uploads\/2023\/11\/MARINO-2-150x150.jpg 150w\" sizes=\"(max-width: 150px) 100vw, 150px\" \/><\/div>\n\n<div class=\"wpupg-meta-container\">\n\t<div class=\"wpupg-item-title wpupg-block-text-bold\">Dra. Karina Mari\u00f1o<\/div>\n    <span class=\"wpupg-item-custom-field wpupg-block-text-normal\">Investigadora Independiente (CONICET)<\/span><br>\n    <span><a class=\"single-professional-item\" href='\/\/ibyme.org.ar\/investigacion\/laboratorios\/glicomica-funcional-y-molecular\/&lt;\/span&gt;&quot;' target=\"_blank\" style=\"text-decoration:none; color:black;\"><span class=\"wpupg-item-terms wpupg-block-text-normal\"><span class=\"wpupg-item-term\">Glic\u00f3mica Funcional y Molecular<\/span><\/span><\/a><\/span>\n<\/div><\/div><div class=\"wpupg-item wpupg-item-post wpupg-item-2050 wpupg-type-integrantes wpupg-item-has-image wpupg-template-profesionales\" data-id=\"2050\" data-order-default=\"Dra. Laura In\u00e9s Garay\"><div class=\"wpupg-item-image wpupg-block-image-normal wpupg-align-center\"><img decoding=\"async\" style=\"border-width: 0px;border-style: solid;border-color: #666666;\" width=\"150\" height=\"150\" src=\"https:\/\/ibyme.org.ar\/investigacion\/wp-content\/uploads\/2023\/08\/20230807_151406-150x150.jpg\" class=\"skip-lazy disable-lazyload attachment-150x150 size-150x150\" alt=\"\" srcset=\"https:\/\/ibyme.org.ar\/investigacion\/wp-content\/uploads\/2023\/08\/20230807_151406-66x66.jpg 66w, https:\/\/ibyme.org.ar\/investigacion\/wp-content\/uploads\/2023\/08\/20230807_151406-150x150.jpg 150w\" sizes=\"(max-width: 150px) 100vw, 150px\" \/><\/div>\n\n<div class=\"wpupg-meta-container\">\n\t<div class=\"wpupg-item-title wpupg-block-text-bold\">Dra. Laura In\u00e9s Garay<\/div>\n    <span class=\"wpupg-item-custom-field wpupg-block-text-normal\">Investigadora Adjunta (CONICET)<\/span><br>\n    <span><a class=\"single-professional-item\" href='\/\/ibyme.org.ar\/investigacion\/laboratorios\/bioquimica-neuroendocrina\/&lt;\/span&gt;&quot;' target=\"_blank\" style=\"text-decoration:none; color:black;\"><span class=\"wpupg-item-terms wpupg-block-text-normal\"><span class=\"wpupg-item-term\">Bioqu\u00edmica Neuroend\u00f3crina<\/span><\/span><\/a><\/span>\n<\/div><\/div><div class=\"wpupg-item wpupg-item-post wpupg-item-2049 wpupg-type-integrantes wpupg-item-has-image wpupg-template-profesionales\" data-id=\"2049\" data-order-default=\"Dra. Luciana Pietranera\"><div class=\"wpupg-item-image wpupg-block-image-normal wpupg-align-center\"><img decoding=\"async\" style=\"border-width: 0px;border-style: solid;border-color: #666666;\" width=\"150\" height=\"150\" src=\"https:\/\/ibyme.org.ar\/investigacion\/wp-content\/uploads\/2023\/08\/20230807_151343-150x150.jpg\" class=\"skip-lazy disable-lazyload attachment-150x150 size-150x150\" alt=\"\" srcset=\"https:\/\/ibyme.org.ar\/investigacion\/wp-content\/uploads\/2023\/08\/20230807_151343-66x66.jpg 66w, https:\/\/ibyme.org.ar\/investigacion\/wp-content\/uploads\/2023\/08\/20230807_151343-150x150.jpg 150w\" sizes=\"(max-width: 150px) 100vw, 150px\" \/><\/div>\n\n<div class=\"wpupg-meta-container\">\n\t<div class=\"wpupg-item-title wpupg-block-text-bold\">Dra. Luciana Pietranera<\/div>\n    <span class=\"wpupg-item-custom-field wpupg-block-text-normal\">Investigadora Adjunta (CONICET)<\/span><br>\n    <span><a class=\"single-professional-item\" href='\/\/ibyme.org.ar\/investigacion\/laboratorios\/bioquimica-neuroendocrina\/&lt;\/span&gt;&quot;' target=\"_blank\" style=\"text-decoration:none; color:black;\"><span class=\"wpupg-item-terms wpupg-block-text-normal\"><span class=\"wpupg-item-term\">Bioqu\u00edmica Neuroend\u00f3crina<\/span><\/span><\/a><\/span>\n<\/div><\/div><div class=\"wpupg-item wpupg-item-post wpupg-item-2047 wpupg-type-integrantes wpupg-item-has-image wpupg-template-profesionales\" data-id=\"2047\" data-order-default=\"Dra. Mar\u00eda Claudia Gonzalez Deniselle\"><div class=\"wpupg-item-image wpupg-block-image-normal wpupg-align-center\"><img decoding=\"async\" style=\"border-width: 0px;border-style: solid;border-color: #666666;\" width=\"150\" height=\"150\" src=\"https:\/\/ibyme.org.ar\/investigacion\/wp-content\/uploads\/2023\/08\/IMG-20230808-WA0001-150x150.jpg\" class=\"skip-lazy disable-lazyload attachment-150x150 size-150x150\" alt=\"\" srcset=\"https:\/\/ibyme.org.ar\/investigacion\/wp-content\/uploads\/2023\/08\/IMG-20230808-WA0001-66x66.jpg 66w, https:\/\/ibyme.org.ar\/investigacion\/wp-content\/uploads\/2023\/08\/IMG-20230808-WA0001-150x150.jpg 150w\" sizes=\"(max-width: 150px) 100vw, 150px\" \/><\/div>\n\n<div class=\"wpupg-meta-container\">\n\t<div class=\"wpupg-item-title wpupg-block-text-bold\">Dra. Mar\u00eda Claudia Gonzalez Deniselle<\/div>\n    <span class=\"wpupg-item-custom-field wpupg-block-text-normal\">Investigadora Independiente (CONICET)<\/span><br>\n    <span><a class=\"single-professional-item\" href='\/\/ibyme.org.ar\/investigacion\/laboratorios\/bioquimica-neuroendocrina\/&lt;\/span&gt;&quot;' target=\"_blank\" style=\"text-decoration:none; color:black;\"><span class=\"wpupg-item-terms wpupg-block-text-normal\"><span class=\"wpupg-item-term\">Bioqu\u00edmica Neuroend\u00f3crina<\/span><\/span><\/a><\/span>\n<\/div><\/div><div class=\"wpupg-item wpupg-item-post wpupg-item-11865 wpupg-type-directores wpupg-item-has-image wpupg-template-profesionales\" data-id=\"11865\" data-order-default=\"Dra. Mar\u00eda Eugenia Matzkin\"><div class=\"wpupg-item-image wpupg-block-image-normal wpupg-align-center\"><img decoding=\"async\" style=\"border-width: 0px;border-style: solid;border-color: #666666;\" width=\"150\" height=\"150\" src=\"https:\/\/ibyme.org.ar\/investigacion\/wp-content\/uploads\/2023\/05\/Dra.-Maria-Eugenia-Matzkin_Foto-150x150.jpg\" class=\"skip-lazy disable-lazyload attachment-150x150 size-150x150\" alt=\"\" srcset=\"https:\/\/ibyme.org.ar\/investigacion\/wp-content\/uploads\/2023\/05\/Dra.-Maria-Eugenia-Matzkin_Foto-66x66.jpg 66w, https:\/\/ibyme.org.ar\/investigacion\/wp-content\/uploads\/2023\/05\/Dra.-Maria-Eugenia-Matzkin_Foto-150x150.jpg 150w\" sizes=\"(max-width: 150px) 100vw, 150px\" \/><\/div>\n\n<div class=\"wpupg-meta-container\">\n\t<div class=\"wpupg-item-title wpupg-block-text-bold\">Dra. Mar\u00eda Eugenia Matzkin<\/div>\n    <span class=\"wpupg-item-custom-field wpupg-block-text-normal\">Investigadora Adjunta (CONICET)<\/span><br>\n    <span><a class=\"single-professional-item\" href='\/\/ibyme.org.ar\/investigacion\/laboratorios\/fisiologia-testicular\/&lt;\/span&gt;&quot;' target=\"_blank\" style=\"text-decoration:none; color:black;\"><span class=\"wpupg-item-terms wpupg-block-text-normal\"><span class=\"wpupg-item-term\">Fisiolog\u00eda Testicular<\/span><\/span><\/a><\/span>\n<\/div><\/div><div class=\"wpupg-item wpupg-item-post wpupg-item-7595 wpupg-type-directores wpupg-item-has-image wpupg-template-profesionales\" data-id=\"7595\" data-order-default=\"Dra. Mar\u00eda Fernanda Parborell\"><div class=\"wpupg-item-image wpupg-block-image-normal wpupg-align-center\"><img decoding=\"async\" style=\"border-width: 0px;border-style: solid;border-color: #666666;\" width=\"150\" height=\"150\" src=\"https:\/\/ibyme.org.ar\/investigacion\/wp-content\/uploads\/2024\/08\/Sin-titulo-150x150.jpg\" class=\"skip-lazy disable-lazyload attachment-150x150 size-150x150\" alt=\"\" srcset=\"https:\/\/ibyme.org.ar\/investigacion\/wp-content\/uploads\/2024\/08\/Sin-titulo-66x66.jpg 66w, https:\/\/ibyme.org.ar\/investigacion\/wp-content\/uploads\/2024\/08\/Sin-titulo-150x150.jpg 150w\" sizes=\"(max-width: 150px) 100vw, 150px\" \/><\/div>\n\n<div class=\"wpupg-meta-container\">\n\t<div class=\"wpupg-item-title wpupg-block-text-bold\">Dra. Mar\u00eda Fernanda Parborell<\/div>\n    <span class=\"wpupg-item-custom-field wpupg-block-text-normal\">Investigadora Principal (CONICET)<\/span><br>\n    <span><a class=\"single-professional-item\" href='\/\/ibyme.org.ar\/investigacion\/laboratorios\/estudios-de-la-fisiopatologia-del-ovario\/&lt;\/span&gt;&quot;' target=\"_blank\" style=\"text-decoration:none; color:black;\"><span class=\"wpupg-item-terms wpupg-block-text-normal\"><span class=\"wpupg-item-term\">Estudios de la Fisiopatolog\u00eda del Ovario<\/span><\/span><\/a><\/span>\n<\/div><\/div><div class=\"wpupg-item wpupg-item-post wpupg-item-1978 wpupg-type-integrantes wpupg-item-has-image wpupg-template-profesionales\" data-id=\"1978\" data-order-default=\"Dra. Mar\u00eda Florencia Daneri\"><div class=\"wpupg-item-image wpupg-block-image-normal wpupg-align-center\"><img decoding=\"async\" style=\"border-width: 0px;border-style: solid;border-color: #666666;\" width=\"150\" height=\"150\" src=\"https:\/\/ibyme.org.ar\/investigacion\/wp-content\/uploads\/2023\/06\/FOTO-Florencia-Daneri-150x150.jpg\" class=\"skip-lazy disable-lazyload attachment-150x150 size-150x150\" alt=\"\" srcset=\"https:\/\/ibyme.org.ar\/investigacion\/wp-content\/uploads\/2023\/06\/FOTO-Florencia-Daneri-66x66.jpg 66w, https:\/\/ibyme.org.ar\/investigacion\/wp-content\/uploads\/2023\/06\/FOTO-Florencia-Daneri-150x150.jpg 150w\" sizes=\"(max-width: 150px) 100vw, 150px\" \/><\/div>\n\n<div class=\"wpupg-meta-container\">\n\t<div class=\"wpupg-item-title wpupg-block-text-bold\">Dra. Mar\u00eda Florencia Daneri<\/div>\n    <span class=\"wpupg-item-custom-field wpupg-block-text-normal\">Investigadora Asistente (CONICET)<\/span><br>\n    <span><a class=\"single-professional-item\" href='\/\/ibyme.org.ar\/investigacion\/laboratorios\/biologia-del-comportamiento\/&lt;\/span&gt;&quot;' target=\"_blank\" style=\"text-decoration:none; color:black;\"><span class=\"wpupg-item-terms wpupg-block-text-normal\"><span class=\"wpupg-item-term\">Biolog\u00eda del Comportamiento<\/span><\/span><\/a><\/span>\n<\/div><\/div><div class=\"wpupg-item wpupg-item-post wpupg-item-2048 wpupg-type-integrantes wpupg-item-has-image wpupg-template-profesionales\" data-id=\"2048\" data-order-default=\"Dra. Mar\u00eda Florencia Labombarda\"><div class=\"wpupg-item-image wpupg-block-image-normal wpupg-align-center\"><img decoding=\"async\" style=\"border-width: 0px;border-style: solid;border-color: #666666;\" width=\"150\" height=\"150\" src=\"https:\/\/ibyme.org.ar\/investigacion\/wp-content\/uploads\/2023\/03\/IMG-20230810-WA0005-150x150.jpg\" class=\"skip-lazy disable-lazyload attachment-150x150 size-150x150\" alt=\"\" srcset=\"https:\/\/ibyme.org.ar\/investigacion\/wp-content\/uploads\/2023\/03\/IMG-20230810-WA0005-66x66.jpg 66w, https:\/\/ibyme.org.ar\/investigacion\/wp-content\/uploads\/2023\/03\/IMG-20230810-WA0005-150x150.jpg 150w\" sizes=\"(max-width: 150px) 100vw, 150px\" \/><\/div>\n\n<div class=\"wpupg-meta-container\">\n\t<div class=\"wpupg-item-title wpupg-block-text-bold\">Dra. Mar\u00eda Florencia Labombarda<\/div>\n    <span class=\"wpupg-item-custom-field wpupg-block-text-normal\">Investigadora Independiente (CONICET)<\/span><br>\n    <span><a class=\"single-professional-item\" href='\/\/ibyme.org.ar\/investigacion\/laboratorios\/bioquimica-neuroendocrina\/&lt;\/span&gt;&quot;' target=\"_blank\" style=\"text-decoration:none; color:black;\"><span class=\"wpupg-item-terms wpupg-block-text-normal\"><span class=\"wpupg-item-term\">Bioqu\u00edmica Neuroend\u00f3crina<\/span><\/span><\/a><\/span>\n<\/div><\/div><div class=\"wpupg-item wpupg-item-post wpupg-item-1998 wpupg-type-integrantes wpupg-item-has-image wpupg-template-profesionales\" data-id=\"1998\" data-order-default=\"Dra. Mar\u00eda Florencia Mercogliano\"><div class=\"wpupg-item-image wpupg-block-image-normal wpupg-align-center\"><img decoding=\"async\" style=\"border-width: 0px;border-style: solid;border-color: #666666;\" width=\"150\" height=\"150\" src=\"https:\/\/ibyme.org.ar\/investigacion\/wp-content\/uploads\/2026\/02\/01-Mercogliano-F-150x150.jpg\" class=\"skip-lazy disable-lazyload attachment-150x150 size-150x150\" alt=\"\" srcset=\"https:\/\/ibyme.org.ar\/investigacion\/wp-content\/uploads\/2026\/02\/01-Mercogliano-F-66x66.jpg 66w, https:\/\/ibyme.org.ar\/investigacion\/wp-content\/uploads\/2026\/02\/01-Mercogliano-F-150x150.jpg 150w\" sizes=\"(max-width: 150px) 100vw, 150px\" \/><\/div>\n\n<div class=\"wpupg-meta-container\">\n\t<div class=\"wpupg-item-title wpupg-block-text-bold\">Dra. Mar\u00eda Florencia Mercogliano<\/div>\n    <span class=\"wpupg-item-custom-field wpupg-block-text-normal\">Investigadora Asistente CONICET<\/span><br>\n    <span><a class=\"single-professional-item\" href='\/\/ibyme.org.ar\/investigacion\/laboratorios\/inmunologia-tumoral\/&lt;\/span&gt;&quot;' target=\"_blank\" style=\"text-decoration:none; color:black;\"><span class=\"wpupg-item-terms wpupg-block-text-normal\"><span class=\"wpupg-item-term\">Inmunolog\u00eda Tumoral<\/span><\/span><\/a><\/span>\n<\/div><\/div><div class=\"wpupg-item wpupg-item-post wpupg-item-8933 wpupg-type-integrantes wpupg-item-has-image wpupg-template-profesionales\" data-id=\"8933\" data-order-default=\"Dra. Mar\u00eda In\u00e9s Sotelo\"><div class=\"wpupg-item-image wpupg-block-image-normal wpupg-align-center\"><img decoding=\"async\" style=\"border-width: 0px;border-style: solid;border-color: #666666;\" width=\"150\" height=\"150\" src=\"https:\/\/ibyme.org.ar\/investigacion\/wp-content\/uploads\/2023\/06\/FOTO-Ines-Sotelo-150x150.jpg\" class=\"skip-lazy disable-lazyload attachment-150x150 size-150x150\" alt=\"\" srcset=\"https:\/\/ibyme.org.ar\/investigacion\/wp-content\/uploads\/2023\/06\/FOTO-Ines-Sotelo-66x66.jpg 66w, https:\/\/ibyme.org.ar\/investigacion\/wp-content\/uploads\/2023\/06\/FOTO-Ines-Sotelo-150x150.jpg 150w\" sizes=\"(max-width: 150px) 100vw, 150px\" \/><\/div>\n\n<div class=\"wpupg-meta-container\">\n\t<div class=\"wpupg-item-title wpupg-block-text-bold\">Dra. Mar\u00eda In\u00e9s Sotelo<\/div>\n    <span class=\"wpupg-item-custom-field wpupg-block-text-normal\">Investigadora Asistente (CONICET)<\/span><br>\n    <span><a class=\"single-professional-item\" href='\/\/ibyme.org.ar\/investigacion\/laboratorios\/biologia-del-comportamiento\/&lt;\/span&gt;&quot;' target=\"_blank\" style=\"text-decoration:none; color:black;\"><span class=\"wpupg-item-terms wpupg-block-text-normal\"><span class=\"wpupg-item-term\">Biolog\u00eda del Comportamiento<\/span><\/span><\/a><\/span>\n<\/div><\/div><div class=\"wpupg-item wpupg-item-post wpupg-item-2051 wpupg-type-integrantes wpupg-item-has-image wpupg-template-profesionales\" data-id=\"2051\" data-order-default=\"Dra. Mar\u00eda Meyer\"><div class=\"wpupg-item-image wpupg-block-image-normal wpupg-align-center\"><img decoding=\"async\" style=\"border-width: 0px;border-style: solid;border-color: #666666;\" width=\"150\" height=\"150\" src=\"https:\/\/ibyme.org.ar\/investigacion\/wp-content\/uploads\/2023\/08\/20230807_151353-150x150.jpg\" class=\"skip-lazy disable-lazyload attachment-150x150 size-150x150\" alt=\"\" srcset=\"https:\/\/ibyme.org.ar\/investigacion\/wp-content\/uploads\/2023\/08\/20230807_151353-66x66.jpg 66w, https:\/\/ibyme.org.ar\/investigacion\/wp-content\/uploads\/2023\/08\/20230807_151353-150x150.jpg 150w\" sizes=\"(max-width: 150px) 100vw, 150px\" \/><\/div>\n\n<div class=\"wpupg-meta-container\">\n\t<div class=\"wpupg-item-title wpupg-block-text-bold\">Dra. Mar\u00eda Meyer<\/div>\n    <span class=\"wpupg-item-custom-field wpupg-block-text-normal\">Investigadora  Asistente (CONICET)<\/span><br>\n    <span><a class=\"single-professional-item\" href='\/\/ibyme.org.ar\/investigacion\/laboratorios\/bioquimica-neuroendocrina\/&lt;\/span&gt;&quot;' target=\"_blank\" style=\"text-decoration:none; color:black;\"><span class=\"wpupg-item-terms wpupg-block-text-normal\"><span class=\"wpupg-item-term\">Bioqu\u00edmica Neuroend\u00f3crina<\/span><\/span><\/a><\/span>\n<\/div><\/div><div class=\"wpupg-item wpupg-item-post wpupg-item-11605 wpupg-type-directores wpupg-item-has-image wpupg-template-profesionales\" data-id=\"11605\" data-order-default=\"Dra. Mar\u00eda Silvia Bianchi\"><div class=\"wpupg-item-image wpupg-block-image-normal wpupg-align-center\"><img decoding=\"async\" style=\"border-width: 0px;border-style: solid;border-color: #666666;\" width=\"150\" height=\"150\" src=\"https:\/\/ibyme.org.ar\/investigacion\/wp-content\/uploads\/2023\/03\/silvia-150x150.jpg\" class=\"skip-lazy disable-lazyload attachment-150x150 size-150x150\" alt=\"\" srcset=\"https:\/\/ibyme.org.ar\/investigacion\/wp-content\/uploads\/2023\/03\/silvia-66x66.jpg 66w, https:\/\/ibyme.org.ar\/investigacion\/wp-content\/uploads\/2023\/03\/silvia-150x150.jpg 150w\" sizes=\"(max-width: 150px) 100vw, 150px\" \/><\/div>\n\n<div class=\"wpupg-meta-container\">\n\t<div class=\"wpupg-item-title wpupg-block-text-bold\">Dra. Mar\u00eda Silvia Bianchi<\/div>\n    <span class=\"wpupg-item-custom-field wpupg-block-text-normal\">Investigadora Adjunta (CONICET)<\/span><br>\n    <span><a class=\"single-professional-item\" href='\/\/ibyme.org.ar\/investigacion\/laboratorios\/neuroendocrinologia\/&lt;\/span&gt;&quot;' target=\"_blank\" style=\"text-decoration:none; color:black;\"><span class=\"wpupg-item-terms wpupg-block-text-normal\"><span class=\"wpupg-item-term\">Neuroendocrinolog\u00eda<\/span><\/span><\/a><\/span>\n<\/div><\/div><div class=\"wpupg-item wpupg-item-post wpupg-item-1923 wpupg-type-integrantes wpupg-item-has-image wpupg-template-profesionales\" data-id=\"1923\" data-order-default=\"Dra. Mar\u00eda Sol Kruse\"><div class=\"wpupg-item-image wpupg-block-image-normal wpupg-align-center\"><img decoding=\"async\" style=\"border-width: 0px;border-style: solid;border-color: #666666;\" width=\"150\" height=\"150\" src=\"https:\/\/ibyme.org.ar\/investigacion\/wp-content\/uploads\/2023\/03\/sol3-150x150.jpg\" class=\"skip-lazy disable-lazyload attachment-150x150 size-150x150\" alt=\"\" srcset=\"https:\/\/ibyme.org.ar\/investigacion\/wp-content\/uploads\/2023\/03\/sol3-66x66.jpg 66w, https:\/\/ibyme.org.ar\/investigacion\/wp-content\/uploads\/2023\/03\/sol3-150x150.jpg 150w\" sizes=\"(max-width: 150px) 100vw, 150px\" \/><\/div>\n\n<div class=\"wpupg-meta-container\">\n\t<div class=\"wpupg-item-title wpupg-block-text-bold\">Dra. Mar\u00eda Sol Kruse<\/div>\n    <span class=\"wpupg-item-custom-field wpupg-block-text-normal\">Investigador Adunto (CONICET)<\/span><br>\n    <span><a class=\"single-professional-item\" href='\/\/ibyme.org.ar\/investigacion\/laboratorios\/neurobiologia\/&lt;\/span&gt;&quot;' target=\"_blank\" style=\"text-decoration:none; color:black;\"><span class=\"wpupg-item-terms wpupg-block-text-normal\"><span class=\"wpupg-item-term\">Neurobiologia<\/span><\/span><\/a><\/span>\n<\/div><\/div><div class=\"wpupg-item wpupg-item-post wpupg-item-1924 wpupg-type-integrantes wpupg-item-has-image wpupg-template-profesionales\" data-id=\"1924\" data-order-default=\"Dra. Mariana Rey\"><div class=\"wpupg-item-image wpupg-block-image-normal wpupg-align-center\"><img decoding=\"async\" style=\"border-width: 0px;border-style: solid;border-color: #666666;\" width=\"150\" height=\"150\" src=\"https:\/\/ibyme.org.ar\/investigacion\/wp-content\/uploads\/2025\/03\/foto2-150x150.jpg\" class=\"skip-lazy disable-lazyload attachment-150x150 size-150x150\" alt=\"\" srcset=\"https:\/\/ibyme.org.ar\/investigacion\/wp-content\/uploads\/2025\/03\/foto2-66x66.jpg 66w, https:\/\/ibyme.org.ar\/investigacion\/wp-content\/uploads\/2025\/03\/foto2-150x150.jpg 150w\" sizes=\"(max-width: 150px) 100vw, 150px\" \/><\/div>\n\n<div class=\"wpupg-meta-container\">\n\t<div class=\"wpupg-item-title wpupg-block-text-bold\">Dra. Mariana Rey<\/div>\n    <span class=\"wpupg-item-custom-field wpupg-block-text-normal\">Investigador Adjunto (CONICET)<\/span><br>\n    <span><a class=\"single-professional-item\" href='\/\/ibyme.org.ar\/investigacion\/laboratorios\/neurobiologia\/&lt;\/span&gt;&quot;' target=\"_blank\" style=\"text-decoration:none; color:black;\"><span class=\"wpupg-item-terms wpupg-block-text-normal\"><span class=\"wpupg-item-term\">Neurobiologia<\/span><\/span><\/a><\/span>\n<\/div><\/div><div class=\"wpupg-item wpupg-item-post wpupg-item-1895 wpupg-type-integrantes wpupg-item-has-image wpupg-template-profesionales\" data-id=\"1895\" data-order-default=\"Dra. Mariana Salatino\"><div class=\"wpupg-item-image wpupg-block-image-normal wpupg-align-center\"><img decoding=\"async\" style=\"border-width: 0px;border-style: solid;border-color: #666666;\" width=\"150\" height=\"150\" src=\"https:\/\/ibyme.org.ar\/investigacion\/wp-content\/uploads\/2023\/03\/person-150x150.png\" class=\"skip-lazy disable-lazyload attachment-150x150 size-150x150\" alt=\"\" srcset=\"https:\/\/ibyme.org.ar\/investigacion\/wp-content\/uploads\/2023\/03\/person-66x66.png 66w, https:\/\/ibyme.org.ar\/investigacion\/wp-content\/uploads\/2023\/03\/person-150x150.png 150w\" sizes=\"(max-width: 150px) 100vw, 150px\" \/><\/div>\n\n<div class=\"wpupg-meta-container\">\n\t<div class=\"wpupg-item-title wpupg-block-text-bold\">Dra. Mariana Salatino<\/div>\n    <span class=\"wpupg-item-custom-field wpupg-block-text-normal\">Investigadora Independiente (CONICET)<\/span><br>\n    <span><a class=\"single-professional-item\" href='\/\/ibyme.org.ar\/investigacion\/laboratorios\/glicomedicina\/&lt;\/span&gt;&quot;' target=\"_blank\" style=\"text-decoration:none; color:black;\"><span class=\"wpupg-item-terms wpupg-block-text-normal\"><span class=\"wpupg-item-term\">Glicomedicina<\/span><\/span><\/a><\/span>\n<\/div><\/div><div class=\"wpupg-item wpupg-item-post wpupg-item-2011 wpupg-type-integrantes wpupg-item-has-image wpupg-template-profesionales\" data-id=\"2011\" data-order-default=\"Dra. Mariana Weigel Mu\u00f1oz\"><div class=\"wpupg-item-image wpupg-block-image-normal wpupg-align-center\"><img decoding=\"async\" style=\"border-width: 0px;border-style: solid;border-color: #666666;\" width=\"150\" height=\"150\" src=\"https:\/\/ibyme.org.ar\/investigacion\/wp-content\/uploads\/2026\/01\/WhatsApp-Image-2026-01-29-at-13.59.28-150x150.jpg\" class=\"skip-lazy disable-lazyload attachment-150x150 size-150x150\" alt=\"\" srcset=\"https:\/\/ibyme.org.ar\/investigacion\/wp-content\/uploads\/2026\/01\/WhatsApp-Image-2026-01-29-at-13.59.28-66x66.jpg 66w, https:\/\/ibyme.org.ar\/investigacion\/wp-content\/uploads\/2026\/01\/WhatsApp-Image-2026-01-29-at-13.59.28-150x150.jpg 150w\" sizes=\"(max-width: 150px) 100vw, 150px\" \/><\/div>\n\n<div class=\"wpupg-meta-container\">\n\t<div class=\"wpupg-item-title wpupg-block-text-bold\">Dra. Mariana Weigel Mu\u00f1oz<\/div>\n    <span class=\"wpupg-item-custom-field wpupg-block-text-normal\">Investigador Adjunto (CONICET)<\/span><br>\n    <span><a class=\"single-professional-item\" href='\/\/ibyme.org.ar\/investigacion\/laboratorios\/mecanismos-moleculares-de-la-fertilizacion\/&lt;\/span&gt;&quot;' target=\"_blank\" style=\"text-decoration:none; color:black;\"><span class=\"wpupg-item-terms wpupg-block-text-normal\"><span class=\"wpupg-item-term\">Mecanismos Moleculares de la Fertilizaci\u00f3n<\/span><\/span><\/a><\/span>\n<\/div><\/div><div class=\"wpupg-item wpupg-item-post wpupg-item-1881 wpupg-type-integrantes wpupg-item-has-image wpupg-template-profesionales\" data-id=\"1881\" data-order-default=\"Dra. Mariela Andrea Bilotas\"><div class=\"wpupg-item-image wpupg-block-image-normal wpupg-align-center\"><img decoding=\"async\" style=\"border-width: 0px;border-style: solid;border-color: #666666;\" width=\"150\" height=\"150\" src=\"https:\/\/ibyme.org.ar\/investigacion\/wp-content\/uploads\/2023\/03\/foto-marie-3-150x150.jpg\" class=\"skip-lazy disable-lazyload attachment-150x150 size-150x150\" alt=\"\" srcset=\"https:\/\/ibyme.org.ar\/investigacion\/wp-content\/uploads\/2023\/03\/foto-marie-3-66x66.jpg 66w, https:\/\/ibyme.org.ar\/investigacion\/wp-content\/uploads\/2023\/03\/foto-marie-3-150x150.jpg 150w\" sizes=\"(max-width: 150px) 100vw, 150px\" \/><\/div>\n\n<div class=\"wpupg-meta-container\">\n\t<div class=\"wpupg-item-title wpupg-block-text-bold\">Dra. Mariela Andrea Bilotas<\/div>\n    <span class=\"wpupg-item-custom-field wpupg-block-text-normal\">Investigadora Adjunta (CONICET)<\/span><br>\n    <span><a class=\"single-professional-item\" href='\/\/ibyme.org.ar\/investigacion\/laboratorios\/inmunologia-de-la-reproduccion\/&lt;\/span&gt;&quot;' target=\"_blank\" style=\"text-decoration:none; color:black;\"><span class=\"wpupg-item-terms wpupg-block-text-normal\"><span class=\"wpupg-item-term\">Fisiopatolog\u00eda endometrial<\/span><\/span><\/a><\/span>\n<\/div><\/div><div class=\"wpupg-item wpupg-item-post wpupg-item-11604 wpupg-type-directores wpupg-item-has-image wpupg-template-profesionales\" data-id=\"11604\" data-order-default=\"Dra. Marina Olga Fern\u00e1ndez\"><div class=\"wpupg-item-image wpupg-block-image-normal wpupg-align-center\"><img decoding=\"async\" style=\"border-width: 0px;border-style: solid;border-color: #666666;\" width=\"150\" height=\"150\" src=\"https:\/\/ibyme.org.ar\/investigacion\/wp-content\/uploads\/2024\/11\/Marina-3-150x150.jpg\" class=\"skip-lazy disable-lazyload attachment-150x150 size-150x150\" alt=\"\" srcset=\"https:\/\/ibyme.org.ar\/investigacion\/wp-content\/uploads\/2024\/11\/Marina-3-66x66.jpg 66w, https:\/\/ibyme.org.ar\/investigacion\/wp-content\/uploads\/2024\/11\/Marina-3-150x150.jpg 150w\" sizes=\"(max-width: 150px) 100vw, 150px\" \/><\/div>\n\n<div class=\"wpupg-meta-container\">\n\t<div class=\"wpupg-item-title wpupg-block-text-bold\">Dra. Marina Olga Fern\u00e1ndez<\/div>\n    <span class=\"wpupg-item-custom-field wpupg-block-text-normal\">Investigadora Adjunta (CONICET)<\/span><br>\n    <span><a class=\"single-professional-item\" href='\/\/ibyme.org.ar\/investigacion\/laboratorios\/neuroendocrinologia\/&lt;\/span&gt;&quot;' target=\"_blank\" style=\"text-decoration:none; color:black;\"><span class=\"wpupg-item-terms wpupg-block-text-normal\"><span class=\"wpupg-item-term\">Neuroendocrinolog\u00eda<\/span><\/span><\/a><\/span>\n<\/div><\/div><div class=\"wpupg-item wpupg-item-post wpupg-item-12812 wpupg-type-integrantes wpupg-item-has-image wpupg-template-profesionales\" data-id=\"12812\" data-order-default=\"Dra. Marla Eliana Ladera G\u00f3mez\"><div class=\"wpupg-item-image wpupg-block-image-normal wpupg-align-center\"><img decoding=\"async\" style=\"border-width: 0px;border-style: solid;border-color: #666666;\" width=\"150\" height=\"150\" src=\"https:\/\/ibyme.org.ar\/investigacion\/wp-content\/uploads\/2023\/03\/03-MARLA-Ladera-Gomez-LAB-SCH-150x150.jpg\" class=\"skip-lazy disable-lazyload attachment-150x150 size-150x150\" alt=\"\" srcset=\"https:\/\/ibyme.org.ar\/investigacion\/wp-content\/uploads\/2023\/03\/03-MARLA-Ladera-Gomez-LAB-SCH-66x66.jpg 66w, https:\/\/ibyme.org.ar\/investigacion\/wp-content\/uploads\/2023\/03\/03-MARLA-Ladera-Gomez-LAB-SCH-150x150.jpg 150w\" sizes=\"(max-width: 150px) 100vw, 150px\" \/><\/div>\n\n<div class=\"wpupg-meta-container\">\n\t<div class=\"wpupg-item-title wpupg-block-text-bold\">Dra. Marla Eliana Ladera G\u00f3mez<\/div>\n    <span class=\"wpupg-item-custom-field wpupg-block-text-normal\">Becaria Postdoctoral<\/span><br>\n    <span><a class=\"single-professional-item\" href='&quot;&quot;' target=\"_blank\" style=\"text-decoration:none; color:black;\"><span class=\"wpupg-item-terms wpupg-block-text-normal\"><span class=\"wpupg-item-term\">Inmunolog\u00eda Tumoral<\/span><\/span><\/a><\/span>\n<\/div><\/div><div class=\"wpupg-item wpupg-item-post wpupg-item-7604 wpupg-type-directores wpupg-item-has-image wpupg-template-profesionales\" data-id=\"7604\" data-order-default=\"Dra. Marta Tesone\"><div class=\"wpupg-item-image wpupg-block-image-normal wpupg-align-center\"><img decoding=\"async\" style=\"border-width: 0px;border-style: solid;border-color: #666666;\" width=\"150\" height=\"150\" src=\"https:\/\/ibyme.org.ar\/investigacion\/wp-content\/uploads\/2023\/07\/FOTO-MT-1-1-150x150.jpg\" class=\"skip-lazy disable-lazyload attachment-150x150 size-150x150\" alt=\"\" srcset=\"https:\/\/ibyme.org.ar\/investigacion\/wp-content\/uploads\/2023\/07\/FOTO-MT-1-1-66x66.jpg 66w, https:\/\/ibyme.org.ar\/investigacion\/wp-content\/uploads\/2023\/07\/FOTO-MT-1-1-150x150.jpg 150w\" sizes=\"(max-width: 150px) 100vw, 150px\" \/><\/div>\n\n<div class=\"wpupg-meta-container\">\n\t<div class=\"wpupg-item-title wpupg-block-text-bold\">Dra. Marta Tesone<\/div>\n    <span class=\"wpupg-item-custom-field wpupg-block-text-normal\">Investigadora Superior (CONICET)<\/span><br>\n    <span><a class=\"single-professional-item\" href='\/\/ibyme.org.ar\/investigacion\/laboratorios\/fisiologia-y-biologia-tumoral-del-ovario\/&lt;\/span&gt;&quot;' target=\"_blank\" style=\"text-decoration:none; color:black;\"><span class=\"wpupg-item-terms wpupg-block-text-normal\"><span class=\"wpupg-item-term\">Fisiolog\u00eda y Biolog\u00eda Tumoral del Ovario<\/span><\/span><\/a><\/span>\n<\/div><\/div><div class=\"wpupg-item wpupg-item-post wpupg-item-11615 wpupg-type-directores wpupg-item-has-image wpupg-template-profesionales\" data-id=\"11615\" data-order-default=\"Dra. Mercedes Beatriz Fuertes\"><div class=\"wpupg-item-image wpupg-block-image-normal wpupg-align-center\"><img decoding=\"async\" style=\"border-width: 0px;border-style: solid;border-color: #666666;\" width=\"150\" height=\"150\" src=\"https:\/\/ibyme.org.ar\/investigacion\/wp-content\/uploads\/2022\/11\/fuertessubdir-150x150.jpg\" class=\"skip-lazy disable-lazyload attachment-150x150 size-150x150\" alt=\"\" srcset=\"https:\/\/ibyme.org.ar\/investigacion\/wp-content\/uploads\/2022\/11\/fuertessubdir-66x66.jpg 66w, https:\/\/ibyme.org.ar\/investigacion\/wp-content\/uploads\/2022\/11\/fuertessubdir-150x150.jpg 150w\" sizes=\"(max-width: 150px) 100vw, 150px\" \/><\/div>\n\n<div class=\"wpupg-meta-container\">\n\t<div class=\"wpupg-item-title wpupg-block-text-bold\">Dra. Mercedes Beatriz Fuertes<\/div>\n    <span class=\"wpupg-item-custom-field wpupg-block-text-normal\">Investigadora Independiente CONICET<\/span><br>\n    <span><a class=\"single-professional-item\" href='\/\/ibyme.org.ar\/investigacion\/laboratorios\/fisiopatologia-de-la-inmunidad-innata\/&lt;\/span&gt;&quot;' target=\"_blank\" style=\"text-decoration:none; color:black;\"><span class=\"wpupg-item-terms wpupg-block-text-normal\"><span class=\"wpupg-item-term\">Fisiopatolog\u00eda de la Inmunidad Innata<\/span><\/span><\/a><\/span>\n<\/div><\/div><div class=\"wpupg-item wpupg-item-post wpupg-item-7582 wpupg-type-directores wpupg-item-has-image wpupg-template-profesionales\" data-id=\"7582\" data-order-default=\"Dra. M\u00f3nica Frungieri\"><div class=\"wpupg-item-image wpupg-block-image-normal wpupg-align-center\"><img decoding=\"async\" style=\"border-width: 0px;border-style: solid;border-color: #666666;\" width=\"150\" height=\"150\" src=\"https:\/\/ibyme.org.ar\/investigacion\/wp-content\/uploads\/2023\/07\/Lab.-de-Neuro-Inmuno-Endocrinologia-Testicular-IBYME-YouTube-FOTO-1-150x150.jpg\" class=\"skip-lazy disable-lazyload attachment-150x150 size-150x150\" alt=\"\" srcset=\"https:\/\/ibyme.org.ar\/investigacion\/wp-content\/uploads\/2023\/07\/Lab.-de-Neuro-Inmuno-Endocrinologia-Testicular-IBYME-YouTube-FOTO-1-66x66.jpg 66w, https:\/\/ibyme.org.ar\/investigacion\/wp-content\/uploads\/2023\/07\/Lab.-de-Neuro-Inmuno-Endocrinologia-Testicular-IBYME-YouTube-FOTO-1-150x150.jpg 150w\" sizes=\"(max-width: 150px) 100vw, 150px\" \/><\/div>\n\n<div class=\"wpupg-meta-container\">\n\t<div class=\"wpupg-item-title wpupg-block-text-bold\">Dra. M\u00f3nica Frungieri<\/div>\n    <span class=\"wpupg-item-custom-field wpupg-block-text-normal\">Investigadora Principal (CONICET)<\/span><br>\n    <span><a class=\"single-professional-item\" href='\/\/ibyme.org.ar\/investigacion\/laboratorios\/neuro-inmuno-endocrinologia-testicular\/&lt;\/span&gt;&quot;' target=\"_blank\" style=\"text-decoration:none; color:black;\"><span class=\"wpupg-item-terms wpupg-block-text-normal\"><span class=\"wpupg-item-term\">Neuro-Inmuno-Endocrinolog\u00eda Testicular<\/span><\/span><\/a><\/span>\n<\/div><\/div><div class=\"wpupg-item wpupg-item-post wpupg-item-7605 wpupg-type-directores wpupg-item-has-image wpupg-template-profesionales\" data-id=\"7605\" data-order-default=\"Dra. M\u00f3nica Hebe Vazquez-Levin\"><div class=\"wpupg-item-image wpupg-block-image-normal wpupg-align-center\"><img decoding=\"async\" style=\"border-width: 0px;border-style: solid;border-color: #666666;\" width=\"150\" height=\"150\" src=\"https:\/\/ibyme.org.ar\/investigacion\/wp-content\/uploads\/2023\/07\/VazquezLevin_COLOR-150x150.jpg\" class=\"skip-lazy disable-lazyload attachment-150x150 size-150x150\" alt=\"\" srcset=\"https:\/\/ibyme.org.ar\/investigacion\/wp-content\/uploads\/2023\/07\/VazquezLevin_COLOR-66x66.jpg 66w, https:\/\/ibyme.org.ar\/investigacion\/wp-content\/uploads\/2023\/07\/VazquezLevin_COLOR-150x150.jpg 150w\" sizes=\"(max-width: 150px) 100vw, 150px\" \/><\/div>\n\n<div class=\"wpupg-meta-container\">\n\t<div class=\"wpupg-item-title wpupg-block-text-bold\">Dra. M\u00f3nica Hebe Vazquez-Levin<\/div>\n    <span class=\"wpupg-item-custom-field wpupg-block-text-normal\">Doctora en Ciencias Qu\u00edmicas (FCEN. Universidad de Buenos Aires) Especialista en Gesti\u00f3n de la  Tecnolog\u00eda e Innovaci\u00f3n (UNTREF). Investigadora Principal CONICET<\/span><br>\n    <span><a class=\"single-professional-item\" href='\/\/ibyme.org.ar\/investigacion\/laboratorios\/estudios-de-interaccion-celular-en-reproduccion-y-cancer\/&lt;\/span&gt;&quot;' target=\"_blank\" style=\"text-decoration:none; color:black;\"><span class=\"wpupg-item-terms wpupg-block-text-normal\"><span class=\"wpupg-item-term\">Estudios de Interacci\u00f3n Celular en Reproducci\u00f3n y C\u00e1ncer<\/span><\/span><\/a><\/span>\n<\/div><\/div><div class=\"wpupg-item wpupg-item-post wpupg-item-1963 wpupg-type-integrantes wpupg-item-has-image wpupg-template-profesionales\" data-id=\"1963\" data-order-default=\"Dra. Paola De Luca\"><div class=\"wpupg-item-image wpupg-block-image-normal wpupg-align-center\"><img decoding=\"async\" style=\"border-width: 0px;border-style: solid;border-color: #666666;\" width=\"150\" height=\"150\" src=\"https:\/\/ibyme.org.ar\/investigacion\/wp-content\/uploads\/2023\/03\/Pao-150x150.jpg\" class=\"skip-lazy disable-lazyload attachment-150x150 size-150x150\" alt=\"\" srcset=\"https:\/\/ibyme.org.ar\/investigacion\/wp-content\/uploads\/2023\/03\/Pao-66x66.jpg 66w, https:\/\/ibyme.org.ar\/investigacion\/wp-content\/uploads\/2023\/03\/Pao-150x150.jpg 150w, https:\/\/ibyme.org.ar\/investigacion\/wp-content\/uploads\/2023\/03\/Pao-200x200.jpg 200w, https:\/\/ibyme.org.ar\/investigacion\/wp-content\/uploads\/2023\/03\/Pao-300x300.jpg 300w, https:\/\/ibyme.org.ar\/investigacion\/wp-content\/uploads\/2023\/03\/Pao-400x400.jpg 400w, https:\/\/ibyme.org.ar\/investigacion\/wp-content\/uploads\/2023\/03\/Pao.jpg 591w\" sizes=\"(max-width: 150px) 100vw, 150px\" \/><\/div>\n\n<div class=\"wpupg-meta-container\">\n\t<div class=\"wpupg-item-title wpupg-block-text-bold\">Dra. Paola De Luca<\/div>\n    <span class=\"wpupg-item-custom-field wpupg-block-text-normal\">Investigadora Adjunta (CONICET)<\/span><br>\n    <span><a class=\"single-professional-item\" href='\/\/ibyme.org.ar\/investigacion\/laboratorios\/proteinas-quinasas-y-oncologia-molecular\/&lt;\/span&gt;&quot;' target=\"_blank\" style=\"text-decoration:none; color:black;\"><span class=\"wpupg-item-terms wpupg-block-text-normal\"><span class=\"wpupg-item-term\">Prote\u00ednas Quinasas y Oncolog\u00eda Molecular<\/span><\/span><\/a><\/span>\n<\/div><\/div><div class=\"wpupg-item wpupg-item-post wpupg-item-7577 wpupg-type-directores wpupg-item-has-image wpupg-template-profesionales\" data-id=\"7577\" data-order-default=\"Dra. Patricia Cuasnic\u00fa\"><div class=\"wpupg-item-image wpupg-block-image-normal wpupg-align-center\"><img decoding=\"async\" style=\"border-width: 0px;border-style: solid;border-color: #666666;\" width=\"150\" height=\"150\" src=\"https:\/\/ibyme.org.ar\/investigacion\/wp-content\/uploads\/2023\/07\/foto-Paty-150x150.jpg\" class=\"skip-lazy disable-lazyload attachment-150x150 size-150x150\" alt=\"\" srcset=\"https:\/\/ibyme.org.ar\/investigacion\/wp-content\/uploads\/2023\/07\/foto-Paty-66x66.jpg 66w, https:\/\/ibyme.org.ar\/investigacion\/wp-content\/uploads\/2023\/07\/foto-Paty-150x150.jpg 150w\" sizes=\"(max-width: 150px) 100vw, 150px\" \/><\/div>\n\n<div class=\"wpupg-meta-container\">\n\t<div class=\"wpupg-item-title wpupg-block-text-bold\">Dra. Patricia Cuasnic\u00fa<\/div>\n    <span class=\"wpupg-item-custom-field wpupg-block-text-normal\">Investigadora Superior (CONICET)<\/span><br>\n    <span><a class=\"single-professional-item\" href='\/\/ibyme.org.ar\/investigacion\/laboratorios\/mecanismos-moleculares-de-la-fertilizacion\/&lt;\/span&gt;&quot;' target=\"_blank\" style=\"text-decoration:none; color:black;\"><span class=\"wpupg-item-terms wpupg-block-text-normal\"><span class=\"wpupg-item-term\">Mecanismos Moleculares de la Fertilizaci\u00f3n<\/span><\/span><\/a><\/span>\n<\/div><\/div><div class=\"wpupg-item wpupg-item-post wpupg-item-7601 wpupg-type-directores wpupg-item-has-image wpupg-template-profesionales\" data-id=\"7601\" data-order-default=\"Dra. Patricia Sarag\u00fceta\"><div class=\"wpupg-item-image wpupg-block-image-normal wpupg-align-center\"><img decoding=\"async\" style=\"border-width: 0px;border-style: solid;border-color: #666666;\" width=\"150\" height=\"150\" src=\"https:\/\/ibyme.org.ar\/investigacion\/wp-content\/uploads\/2023\/07\/Patricia-Saragueta-272x300-1-150x150.jpg\" class=\"skip-lazy disable-lazyload attachment-150x150 size-150x150\" alt=\"\" srcset=\"https:\/\/ibyme.org.ar\/investigacion\/wp-content\/uploads\/2023\/07\/Patricia-Saragueta-272x300-1-66x66.jpg 66w, https:\/\/ibyme.org.ar\/investigacion\/wp-content\/uploads\/2023\/07\/Patricia-Saragueta-272x300-1-150x150.jpg 150w, https:\/\/ibyme.org.ar\/investigacion\/wp-content\/uploads\/2023\/07\/Patricia-Saragueta-272x300-1-272x272.jpg 272w\" sizes=\"(max-width: 150px) 100vw, 150px\" \/><\/div>\n\n<div class=\"wpupg-meta-container\">\n\t<div class=\"wpupg-item-title wpupg-block-text-bold\">Dra. Patricia Sarag\u00fceta<\/div>\n    <span class=\"wpupg-item-custom-field wpupg-block-text-normal\">Investigadora Independiente (CONICET)<\/span><br>\n    <span><a class=\"single-professional-item\" href='\/\/ibyme.org.ar\/investigacion\/laboratorios\/regulacion-hormonal-del-tracto-reproductivo-femenino\/&lt;\/span&gt;&quot;' target=\"_blank\" style=\"text-decoration:none; color:black;\"><span class=\"wpupg-item-terms wpupg-block-text-normal\"><span class=\"wpupg-item-term\">Regulaci\u00f3n Hormonal del Tracto Reproductivo Femenino<\/span><\/span><\/a><\/span>\n<\/div><\/div><div class=\"wpupg-item wpupg-item-post wpupg-item-1980 wpupg-type-integrantes wpupg-item-has-image wpupg-template-profesionales\" data-id=\"1980\" data-order-default=\"Dra. Roc\u00edo Candela Fernandez\"><div class=\"wpupg-item-image wpupg-block-image-normal wpupg-align-center\"><img decoding=\"async\" style=\"border-width: 0px;border-style: solid;border-color: #666666;\" width=\"150\" height=\"150\" src=\"https:\/\/ibyme.org.ar\/investigacion\/wp-content\/uploads\/2023\/06\/FOTO-Rocio-Fernandez-150x150.jpg\" class=\"skip-lazy disable-lazyload attachment-150x150 size-150x150\" alt=\"\" srcset=\"https:\/\/ibyme.org.ar\/investigacion\/wp-content\/uploads\/2023\/06\/FOTO-Rocio-Fernandez-66x66.jpg 66w, https:\/\/ibyme.org.ar\/investigacion\/wp-content\/uploads\/2023\/06\/FOTO-Rocio-Fernandez-150x150.jpg 150w\" sizes=\"(max-width: 150px) 100vw, 150px\" \/><\/div>\n\n<div class=\"wpupg-meta-container\">\n\t<div class=\"wpupg-item-title wpupg-block-text-bold\">Dra. Roc\u00edo Candela Fernandez<\/div>\n    <span class=\"wpupg-item-custom-field wpupg-block-text-normal\">Becaria Postdoctorado (FONCYT)<\/span><br>\n    <span><a class=\"single-professional-item\" href='\/\/ibyme.org.ar\/investigacion\/laboratorios\/biologia-del-comportamiento\/&lt;\/span&gt;&quot;' target=\"_blank\" style=\"text-decoration:none; color:black;\"><span class=\"wpupg-item-terms wpupg-block-text-normal\"><span class=\"wpupg-item-term\">Biolog\u00eda del Comportamiento<\/span><\/span><\/a><\/span>\n<\/div><\/div><div class=\"wpupg-item wpupg-item-post wpupg-item-7581 wpupg-type-directores wpupg-item-has-image wpupg-template-profesionales\" data-id=\"7581\" data-order-default=\"Dra. Roxana Schillaci\"><div class=\"wpupg-item-image wpupg-block-image-normal wpupg-align-center\"><img decoding=\"async\" style=\"border-width: 0px;border-style: solid;border-color: #666666;\" width=\"150\" height=\"150\" src=\"https:\/\/ibyme.org.ar\/investigacion\/wp-content\/uploads\/2023\/07\/01-R-Schillaci-D1-150x150.jpg\" class=\"skip-lazy disable-lazyload attachment-150x150 size-150x150\" alt=\"\" srcset=\"https:\/\/ibyme.org.ar\/investigacion\/wp-content\/uploads\/2023\/07\/01-R-Schillaci-D1-66x66.jpg 66w, https:\/\/ibyme.org.ar\/investigacion\/wp-content\/uploads\/2023\/07\/01-R-Schillaci-D1-150x150.jpg 150w\" sizes=\"(max-width: 150px) 100vw, 150px\" \/><\/div>\n\n<div class=\"wpupg-meta-container\">\n\t<div class=\"wpupg-item-title wpupg-block-text-bold\">Dra. Roxana Schillaci<\/div>\n    <span class=\"wpupg-item-custom-field wpupg-block-text-normal\">Investigadora Principal CONICET<\/span><br>\n    <span><a class=\"single-professional-item\" href='\/\/ibyme.org.ar\/investigacion\/laboratorios\/inmunologia-tumoral\/&lt;\/span&gt;&quot;' target=\"_blank\" style=\"text-decoration:none; color:black;\"><span class=\"wpupg-item-terms wpupg-block-text-normal\"><span class=\"wpupg-item-term\">Inmunolog\u00eda Tumoral<\/span><\/span><\/a><\/span>\n<\/div><\/div><div class=\"wpupg-item wpupg-item-post wpupg-item-12668 wpupg-type-integrantes wpupg-item-has-image wpupg-template-profesionales\" data-id=\"12668\" data-order-default=\"Dra. Sof\u00eda G\u00f3mez Bustillo\"><div class=\"wpupg-item-image wpupg-block-image-normal wpupg-align-center\"><img decoding=\"async\" style=\"border-width: 0px;border-style: solid;border-color: #666666;\" width=\"150\" height=\"150\" src=\"https:\/\/ibyme.org.ar\/investigacion\/wp-content\/uploads\/2022\/11\/IBYME-Lab-Bianchi-Sofi-a-150x150.jpg\" class=\"skip-lazy disable-lazyload attachment-150x150 size-150x150\" alt=\"\" srcset=\"https:\/\/ibyme.org.ar\/investigacion\/wp-content\/uploads\/2022\/11\/IBYME-Lab-Bianchi-Sofi-a-66x66.jpg 66w, https:\/\/ibyme.org.ar\/investigacion\/wp-content\/uploads\/2022\/11\/IBYME-Lab-Bianchi-Sofi-a-150x150.jpg 150w\" sizes=\"(max-width: 150px) 100vw, 150px\" \/><\/div>\n\n<div class=\"wpupg-meta-container\">\n\t<div class=\"wpupg-item-title wpupg-block-text-bold\">Dra. Sof\u00eda G\u00f3mez Bustillo<\/div>\n    <span class=\"wpupg-item-custom-field wpupg-block-text-normal\">Colaboradora Externa<\/span><br>\n    <span><a class=\"single-professional-item\" href='\/\/ibyme.org.ar\/investigacion\/laboratorios\/neuroendocrinologia\/&lt;\/span&gt;&quot;' target=\"_blank\" style=\"text-decoration:none; color:black;\"><span class=\"wpupg-item-terms wpupg-block-text-normal\"><span class=\"wpupg-item-term\">Neuroendocrinolog\u00eda<\/span><\/span><\/a><\/span>\n<\/div><\/div><div class=\"wpupg-item wpupg-item-post wpupg-item-2012 wpupg-type-integrantes wpupg-item-has-image wpupg-template-profesionales\" data-id=\"2012\" data-order-default=\"Dra. Soledad N. Gonz\u00e1lez\"><div class=\"wpupg-item-image wpupg-block-image-normal wpupg-align-center\"><img decoding=\"async\" style=\"border-width: 0px;border-style: solid;border-color: #666666;\" width=\"150\" height=\"150\" src=\"https:\/\/ibyme.org.ar\/investigacion\/wp-content\/uploads\/2023\/03\/Soledad-Natalia-Gonzalez-PhD-150x150.jpg\" class=\"skip-lazy disable-lazyload attachment-150x150 size-150x150\" alt=\"\" srcset=\"https:\/\/ibyme.org.ar\/investigacion\/wp-content\/uploads\/2023\/03\/Soledad-Natalia-Gonzalez-PhD-66x66.jpg 66w, https:\/\/ibyme.org.ar\/investigacion\/wp-content\/uploads\/2023\/03\/Soledad-Natalia-Gonzalez-PhD-150x150.jpg 150w\" sizes=\"(max-width: 150px) 100vw, 150px\" \/><\/div>\n\n<div class=\"wpupg-meta-container\">\n\t<div class=\"wpupg-item-title wpupg-block-text-bold\">Dra. Soledad N. Gonz\u00e1lez<\/div>\n    <span class=\"wpupg-item-custom-field wpupg-block-text-normal\">Investigadora Asistente (CONICET)<\/span><br>\n    <span><a class=\"single-professional-item\" href='\/\/ibyme.org.ar\/investigacion\/laboratorios\/mecanismos-moleculares-de-la-fertilizacion\/&lt;\/span&gt;&quot;' target=\"_blank\" style=\"text-decoration:none; color:black;\"><span class=\"wpupg-item-terms wpupg-block-text-normal\"><span class=\"wpupg-item-term\">Mecanismos Moleculares de la Fertilizaci\u00f3n<\/span><\/span><\/a><\/span>\n<\/div><\/div><div class=\"wpupg-item wpupg-item-post wpupg-item-1852 wpupg-type-integrantes wpupg-item-no-image wpupg-template-profesionales\" data-id=\"1852\" data-order-default=\"Dra. Soledad Paola Rossi\">\n\n<div class=\"wpupg-meta-container\">\n\t<div class=\"wpupg-item-title wpupg-block-text-bold\">Dra. Soledad Paola Rossi<\/div>\n    <span class=\"wpupg-item-custom-field wpupg-block-text-normal\">Investigadora Adjunta (CONICET) - Ayudante de Primera, Bioqu\u00edmica Humana, C\u00e1tedra 1, Facultad de Medicina, UBA<\/span><br>\n    <span><a class=\"single-professional-item\" href='\/\/ibyme.org.ar\/investigacion\/laboratorios\/neuro-inmuno-endocrinologia-testicular\/&lt;\/span&gt;&quot;' target=\"_blank\" style=\"text-decoration:none; color:black;\"><span class=\"wpupg-item-terms wpupg-block-text-normal\"><span class=\"wpupg-item-term\">Fisiolog\u00eda Testicular<\/span><\/span><\/a><\/span>\n<\/div><\/div><div class=\"wpupg-item wpupg-item-post wpupg-item-7585 wpupg-type-directores wpupg-item-no-image wpupg-template-profesionales\" data-id=\"7585\" data-order-default=\"Dra. Susana Gonz\u00e1lez\">\n\n<div class=\"wpupg-meta-container\">\n\t<div class=\"wpupg-item-title wpupg-block-text-bold\">Dra. Susana Gonz\u00e1lez<\/div>\n    <span class=\"wpupg-item-custom-field wpupg-block-text-normal\">Investigadora Independiente (CONICET)<\/span><br>\n    <span><a class=\"single-professional-item\" href='\/\/ibyme.org.ar\/investigacion\/laboratorios\/nocicepcion-y-dolor-neuropatico\/&lt;\/span&gt;&quot;' target=\"_blank\" style=\"text-decoration:none; color:black;\"><span class=\"wpupg-item-terms wpupg-block-text-normal\"><span class=\"wpupg-item-term\">Nocicepci\u00f3n y Dolor Neurop\u00e1tico<\/span><\/span><\/a><\/span>\n<\/div><\/div><div class=\"wpupg-item wpupg-item-post wpupg-item-2042 wpupg-type-integrantes wpupg-item-has-image wpupg-template-profesionales\" data-id=\"2042\" data-order-default=\"Dra. Vanina Andrea Fontana\"><div class=\"wpupg-item-image wpupg-block-image-normal wpupg-align-center\"><img decoding=\"async\" style=\"border-width: 0px;border-style: solid;border-color: #666666;\" width=\"150\" height=\"150\" src=\"https:\/\/ibyme.org.ar\/investigacion\/wp-content\/uploads\/2023\/03\/Vanina-Fontana-2-150x150.jpg\" class=\"skip-lazy disable-lazyload attachment-150x150 size-150x150\" alt=\"\" srcset=\"https:\/\/ibyme.org.ar\/investigacion\/wp-content\/uploads\/2023\/03\/Vanina-Fontana-2-66x66.jpg 66w, https:\/\/ibyme.org.ar\/investigacion\/wp-content\/uploads\/2023\/03\/Vanina-Fontana-2-150x150.jpg 150w\" sizes=\"(max-width: 150px) 100vw, 150px\" \/><\/div>\n\n<div class=\"wpupg-meta-container\">\n\t<div class=\"wpupg-item-title wpupg-block-text-bold\">Dra. Vanina Andrea Fontana<\/div>\n    <span class=\"wpupg-item-custom-field wpupg-block-text-normal\">Investigadora Adjunta (CONICET)<\/span><br>\n    <span><a class=\"single-professional-item\" href='\/\/ibyme.org.ar\/investigacion\/laboratorios\/quimica-de-proteoglicanos-y-matriz-extracelular\/&lt;\/span&gt;&quot;' target=\"_blank\" style=\"text-decoration:none; color:black;\"><span class=\"wpupg-item-terms wpupg-block-text-normal\"><span class=\"wpupg-item-term\">Qu\u00edmica de Proteoglicanos y Matriz Extracelular<\/span><\/span><\/a><\/span>\n<\/div><\/div><div class=\"wpupg-item wpupg-item-post wpupg-item-11799 wpupg-type-directores wpupg-item-has-image wpupg-template-profesionales\" data-id=\"11799\" data-order-default=\"Dra. Vanina G. Da Ros\"><div class=\"wpupg-item-image wpupg-block-image-normal wpupg-align-center\"><img decoding=\"async\" style=\"border-width: 0px;border-style: solid;border-color: #666666;\" width=\"150\" height=\"150\" src=\"https:\/\/ibyme.org.ar\/investigacion\/wp-content\/uploads\/2023\/03\/Vanina-Da-Ros-150x150.jpg\" class=\"skip-lazy disable-lazyload attachment-150x150 size-150x150\" alt=\"\" srcset=\"https:\/\/ibyme.org.ar\/investigacion\/wp-content\/uploads\/2023\/03\/Vanina-Da-Ros-66x66.jpg 66w, https:\/\/ibyme.org.ar\/investigacion\/wp-content\/uploads\/2023\/03\/Vanina-Da-Ros-150x150.jpg 150w\" sizes=\"(max-width: 150px) 100vw, 150px\" \/><\/div>\n\n<div class=\"wpupg-meta-container\">\n\t<div class=\"wpupg-item-title wpupg-block-text-bold\">Dra. Vanina G. Da Ros<\/div>\n    <span class=\"wpupg-item-custom-field wpupg-block-text-normal\">Investigador Adjunto (CONICET)<\/span><br>\n    <span><a class=\"single-professional-item\" href='\/\/ibyme.org.ar\/investigacion\/laboratorios\/biologia-de-las-gametas-gametolab\/&lt;\/span&gt;&quot;' target=\"_blank\" style=\"text-decoration:none; color:black;\"><span class=\"wpupg-item-terms wpupg-block-text-normal\"><span class=\"wpupg-item-term\">Biolog\u00eda de las Gametas<\/span><\/span><\/a><\/span>\n<\/div><\/div><div class=\"wpupg-item wpupg-item-post wpupg-item-7594 wpupg-type-directores wpupg-item-has-image wpupg-template-profesionales\" data-id=\"7594\" data-order-default=\"Dra. Virginia Novaro\"><div class=\"wpupg-item-image wpupg-block-image-normal wpupg-align-center\"><img decoding=\"async\" style=\"border-width: 0px;border-style: solid;border-color: #666666;\" width=\"150\" height=\"150\" src=\"https:\/\/ibyme.org.ar\/investigacion\/wp-content\/uploads\/2023\/07\/NOVARO-1-150x150.jpg\" class=\"skip-lazy disable-lazyload attachment-150x150 size-150x150\" alt=\"\" srcset=\"https:\/\/ibyme.org.ar\/investigacion\/wp-content\/uploads\/2023\/07\/NOVARO-1-66x66.jpg 66w, https:\/\/ibyme.org.ar\/investigacion\/wp-content\/uploads\/2023\/07\/NOVARO-1-150x150.jpg 150w\" sizes=\"(max-width: 150px) 100vw, 150px\" \/><\/div>\n\n<div class=\"wpupg-meta-container\">\n\t<div class=\"wpupg-item-title wpupg-block-text-bold\">Dra. Virginia Novaro<\/div>\n    <span class=\"wpupg-item-custom-field wpupg-block-text-normal\">Investigador Independiente (CONICET)<\/span><br>\n    <span><a class=\"single-professional-item\" href='\/\/ibyme.org.ar\/investigacion\/laboratorios\/proteinas-quinasas-y-cancer\/&lt;\/span&gt;&quot;' target=\"_blank\" style=\"text-decoration:none; color:black;\"><span class=\"wpupg-item-terms wpupg-block-text-normal\"><span class=\"wpupg-item-term\">Prote\u00ednas Quinasas y Oncolog\u00eda Molecular<\/span><\/span><\/a><\/span>\n<\/div><\/div><div class=\"wpupg-item wpupg-item-post wpupg-item-1857 wpupg-type-integrantes wpupg-item-has-image wpupg-template-profesionales\" data-id=\"1857\" data-order-default=\"Dra. Vivian Labovsky\"><div class=\"wpupg-item-image wpupg-block-image-normal wpupg-align-center\"><img decoding=\"async\" style=\"border-width: 0px;border-style: solid;border-color: #666666;\" width=\"150\" height=\"150\" src=\"https:\/\/ibyme.org.ar\/investigacion\/wp-content\/uploads\/2023\/08\/Untitled-1-150x150.jpg\" class=\"skip-lazy disable-lazyload attachment-150x150 size-150x150\" alt=\"\" srcset=\"https:\/\/ibyme.org.ar\/investigacion\/wp-content\/uploads\/2023\/08\/Untitled-1-66x66.jpg 66w, https:\/\/ibyme.org.ar\/investigacion\/wp-content\/uploads\/2023\/08\/Untitled-1-150x150.jpg 150w, https:\/\/ibyme.org.ar\/investigacion\/wp-content\/uploads\/2023\/08\/Untitled-1-200x200.jpg 200w, https:\/\/ibyme.org.ar\/investigacion\/wp-content\/uploads\/2023\/08\/Untitled-1-300x300.jpg 300w, https:\/\/ibyme.org.ar\/investigacion\/wp-content\/uploads\/2023\/08\/Untitled-1-400x400.jpg 400w, https:\/\/ibyme.org.ar\/investigacion\/wp-content\/uploads\/2023\/08\/Untitled-1-600x600.jpg 600w, https:\/\/ibyme.org.ar\/investigacion\/wp-content\/uploads\/2023\/08\/Untitled-1-768x768.jpg 768w, https:\/\/ibyme.org.ar\/investigacion\/wp-content\/uploads\/2023\/08\/Untitled-1-800x800.jpg 800w, https:\/\/ibyme.org.ar\/investigacion\/wp-content\/uploads\/2023\/08\/Untitled-1.jpg 921w\" sizes=\"(max-width: 150px) 100vw, 150px\" \/><\/div>\n\n<div class=\"wpupg-meta-container\">\n\t<div class=\"wpupg-item-title wpupg-block-text-bold\">Dra. Vivian Labovsky<\/div>\n    <span class=\"wpupg-item-custom-field wpupg-block-text-normal\">Investigadora Adjunta (CONICET)<\/span><br>\n    <span><a class=\"single-professional-item\" href='\/\/ibyme.org.ar\/investigacion\/laboratorios\/inmunohematologia\/&lt;\/span&gt;&quot;' target=\"_blank\" style=\"text-decoration:none; color:black;\"><span class=\"wpupg-item-terms wpupg-block-text-normal\"><span class=\"wpupg-item-term\">Inmunohematolog\u00eda<\/span><\/span><\/a><\/span>\n<\/div><\/div><div class=\"wpupg-item wpupg-item-post wpupg-item-4952 wpupg-type-integrantes wpupg-item-has-image wpupg-template-profesionales\" data-id=\"4952\" data-order-default=\"Dra. Yamila Herrero\"><div class=\"wpupg-item-image wpupg-block-image-normal wpupg-align-center\"><img decoding=\"async\" style=\"border-width: 0px;border-style: solid;border-color: #666666;\" width=\"150\" height=\"150\" src=\"https:\/\/ibyme.org.ar\/investigacion\/wp-content\/uploads\/2023\/04\/Yam-01-150x150.jpg\" class=\"skip-lazy disable-lazyload attachment-150x150 size-150x150\" alt=\"\" srcset=\"https:\/\/ibyme.org.ar\/investigacion\/wp-content\/uploads\/2023\/04\/Yam-01-66x66.jpg 66w, https:\/\/ibyme.org.ar\/investigacion\/wp-content\/uploads\/2023\/04\/Yam-01-150x150.jpg 150w\" sizes=\"(max-width: 150px) 100vw, 150px\" \/><\/div>\n\n<div class=\"wpupg-meta-container\">\n\t<div class=\"wpupg-item-title wpupg-block-text-bold\">Dra. Yamila Herrero<\/div>\n    <span class=\"wpupg-item-custom-field wpupg-block-text-normal\">Becaria Pos-doctoral (CONICET)<\/span><br>\n    <span><a class=\"single-professional-item\" href='\/\/ibyme.org.ar\/investigacion\/laboratorios\/estudios-de-la-fisiopatologia-del-ovario\/&lt;\/span&gt;&quot;' target=\"_blank\" style=\"text-decoration:none; color:black;\"><span class=\"wpupg-item-terms wpupg-block-text-normal\"><span class=\"wpupg-item-term\">Estudios de la Fisiopatolog\u00eda del Ovario<\/span><\/span><\/a><\/span>\n<\/div><\/div><div class=\"wpupg-item wpupg-item-post wpupg-item-11443 wpupg-type-integrantes wpupg-item-has-image wpupg-template-profesionales\" data-id=\"11443\" data-order-default=\"Eluney Alaniz\"><div class=\"wpupg-item-image wpupg-block-image-normal wpupg-align-center\"><img decoding=\"async\" style=\"border-width: 0px;border-style: solid;border-color: #666666;\" width=\"150\" height=\"150\" src=\"https:\/\/ibyme.org.ar\/investigacion\/wp-content\/uploads\/2024\/10\/Eluney-A-150x150.jpg\" class=\"skip-lazy disable-lazyload attachment-150x150 size-150x150\" alt=\"\" srcset=\"https:\/\/ibyme.org.ar\/investigacion\/wp-content\/uploads\/2024\/10\/Eluney-A-66x66.jpg 66w, https:\/\/ibyme.org.ar\/investigacion\/wp-content\/uploads\/2024\/10\/Eluney-A-150x150.jpg 150w, https:\/\/ibyme.org.ar\/investigacion\/wp-content\/uploads\/2024\/10\/Eluney-A-203x202.jpg 203w\" sizes=\"(max-width: 150px) 100vw, 150px\" \/><\/div>\n\n<div class=\"wpupg-meta-container\">\n\t<div class=\"wpupg-item-title wpupg-block-text-bold\">Eluney Alaniz<\/div>\n    <span class=\"wpupg-item-custom-field wpupg-block-text-normal\">Estudiante Licenciatura Cs Biol\u00f3gicas. Univ. Favaloro. Tesista de Grado. Directora: Dra. M\u00f3nica Vazquez-Levin<\/span><br>\n    <span><a class=\"single-professional-item\" href='&quot;&quot;' target=\"_blank\" style=\"text-decoration:none; color:black;\"><span class=\"wpupg-item-terms wpupg-block-text-normal\"><span class=\"wpupg-item-term\">Estudios de Interacci\u00f3n Celular en Reproducci\u00f3n y C\u00e1ncer<\/span><\/span><\/a><\/span>\n<\/div><\/div><div class=\"wpupg-item wpupg-item-post wpupg-item-7669 wpupg-type-integrantes wpupg-item-has-image wpupg-template-profesionales\" data-id=\"7669\" data-order-default=\"Emanuel Zylberberg\"><div class=\"wpupg-item-image wpupg-block-image-normal wpupg-align-center\"><img decoding=\"async\" style=\"border-width: 0px;border-style: solid;border-color: #666666;\" width=\"150\" height=\"150\" src=\"https:\/\/ibyme.org.ar\/investigacion\/wp-content\/uploads\/2023\/07\/avatar-m-150x150.jpg\" class=\"skip-lazy disable-lazyload attachment-150x150 size-150x150\" alt=\"\" srcset=\"https:\/\/ibyme.org.ar\/investigacion\/wp-content\/uploads\/2023\/07\/avatar-m-66x66.jpg 66w, https:\/\/ibyme.org.ar\/investigacion\/wp-content\/uploads\/2023\/07\/avatar-m-150x150.jpg 150w\" sizes=\"(max-width: 150px) 100vw, 150px\" \/><\/div>\n\n<div class=\"wpupg-meta-container\">\n\t<div class=\"wpupg-item-title wpupg-block-text-bold\">Emanuel Zylberberg<\/div>\n    <span class=\"wpupg-item-custom-field wpupg-block-text-normal\">Profesional<\/span><br>\n    <span><a class=\"single-professional-item\" href='\/\/ibyme.org.ar\/comunicacion\/&lt;\/span&gt;&quot;' target=\"_blank\" style=\"text-decoration:none; color:black;\"><span class=\"wpupg-item-terms wpupg-block-text-normal\"><span class=\"wpupg-item-term\">Unidad de Comunicaci\u00f3n y Recursos Humanos<\/span><\/span><\/a><\/span>\n<\/div><\/div><div class=\"wpupg-item wpupg-item-post wpupg-item-11105 wpupg-type-integrantes wpupg-item-has-image wpupg-template-profesionales\" data-id=\"11105\" data-order-default=\"Emma Vallejos\"><div class=\"wpupg-item-image wpupg-block-image-normal wpupg-align-center\"><img decoding=\"async\" style=\"border-width: 0px;border-style: solid;border-color: #666666;\" width=\"150\" height=\"150\" src=\"https:\/\/ibyme.org.ar\/investigacion\/wp-content\/uploads\/2023\/03\/Lab-Buffone-Vallejos-2024-150x150.jpg\" class=\"skip-lazy disable-lazyload attachment-150x150 size-150x150\" alt=\"\" srcset=\"https:\/\/ibyme.org.ar\/investigacion\/wp-content\/uploads\/2023\/03\/Lab-Buffone-Vallejos-2024-66x66.jpg 66w, https:\/\/ibyme.org.ar\/investigacion\/wp-content\/uploads\/2023\/03\/Lab-Buffone-Vallejos-2024-150x150.jpg 150w\" sizes=\"(max-width: 150px) 100vw, 150px\" \/><\/div>\n\n<div class=\"wpupg-meta-container\">\n\t<div class=\"wpupg-item-title wpupg-block-text-bold\">Emma Vallejos<\/div>\n    <span class=\"wpupg-item-custom-field wpupg-block-text-normal\">Undergraduate student (UBA)<\/span><br>\n    <span><a class=\"single-professional-item\" href='&quot;&quot;' target=\"_blank\" style=\"text-decoration:none; color:black;\"><span class=\"wpupg-item-terms wpupg-block-text-normal\"><span class=\"wpupg-item-term\">Biolog\u00eda Celular y Molecular de la Reproducci\u00f3n<\/span><\/span><\/a><\/span>\n<\/div><\/div><div class=\"wpupg-item wpupg-item-post wpupg-item-11862 wpupg-type-integrantes wpupg-item-has-image wpupg-template-profesionales\" data-id=\"11862\" data-order-default=\"Est. Bel\u00e9n Caraballo Barral\"><div class=\"wpupg-item-image wpupg-block-image-normal wpupg-align-center\"><img decoding=\"async\" style=\"border-width: 0px;border-style: solid;border-color: #666666;\" width=\"150\" height=\"150\" src=\"https:\/\/ibyme.org.ar\/investigacion\/wp-content\/uploads\/2023\/03\/person-150x150.png\" class=\"skip-lazy disable-lazyload attachment-150x150 size-150x150\" alt=\"\" srcset=\"https:\/\/ibyme.org.ar\/investigacion\/wp-content\/uploads\/2023\/03\/person-66x66.png 66w, https:\/\/ibyme.org.ar\/investigacion\/wp-content\/uploads\/2023\/03\/person-150x150.png 150w\" sizes=\"(max-width: 150px) 100vw, 150px\" \/><\/div>\n\n<div class=\"wpupg-meta-container\">\n\t<div class=\"wpupg-item-title wpupg-block-text-bold\">Est. Bel\u00e9n Caraballo Barral<\/div>\n    <span class=\"wpupg-item-custom-field wpupg-block-text-normal\">Tesinista de Licenciatura (Universidad de Belgrano)<\/span><br>\n    <span><a class=\"single-professional-item\" href='\/\/ibyme.org.ar\/investigacion\/laboratorios\/fisiologia-testicular\/&lt;\/span&gt;&quot;' target=\"_blank\" style=\"text-decoration:none; color:black;\"><span class=\"wpupg-item-terms wpupg-block-text-normal\"><span class=\"wpupg-item-term\">Fisiolog\u00eda Testicular<\/span><\/span><\/a><\/span>\n<\/div><\/div><div class=\"wpupg-item wpupg-item-post wpupg-item-1995 wpupg-type-integrantes wpupg-item-has-image wpupg-template-profesionales\" data-id=\"1995\" data-order-default=\"Est. Candela Morales\"><div class=\"wpupg-item-image wpupg-block-image-normal wpupg-align-center\"><img decoding=\"async\" style=\"border-width: 0px;border-style: solid;border-color: #666666;\" width=\"150\" height=\"150\" src=\"https:\/\/ibyme.org.ar\/investigacion\/wp-content\/uploads\/2023\/03\/Foto-Cande-150x150.jpg\" class=\"skip-lazy disable-lazyload attachment-150x150 size-150x150\" alt=\"\" srcset=\"https:\/\/ibyme.org.ar\/investigacion\/wp-content\/uploads\/2023\/03\/Foto-Cande-66x66.jpg 66w, https:\/\/ibyme.org.ar\/investigacion\/wp-content\/uploads\/2023\/03\/Foto-Cande-150x150.jpg 150w, https:\/\/ibyme.org.ar\/investigacion\/wp-content\/uploads\/2023\/03\/Foto-Cande-200x200.jpg 200w, https:\/\/ibyme.org.ar\/investigacion\/wp-content\/uploads\/2023\/03\/Foto-Cande-300x300.jpg 300w, https:\/\/ibyme.org.ar\/investigacion\/wp-content\/uploads\/2023\/03\/Foto-Cande-400x400.jpg 400w, https:\/\/ibyme.org.ar\/investigacion\/wp-content\/uploads\/2023\/03\/Foto-Cande-600x600.jpg 600w, https:\/\/ibyme.org.ar\/investigacion\/wp-content\/uploads\/2023\/03\/Foto-Cande-768x768.jpg 768w, https:\/\/ibyme.org.ar\/investigacion\/wp-content\/uploads\/2023\/03\/Foto-Cande-800x800.jpg 800w, https:\/\/ibyme.org.ar\/investigacion\/wp-content\/uploads\/2023\/03\/Foto-Cande.jpg 943w\" sizes=\"(max-width: 150px) 100vw, 150px\" \/><\/div>\n\n<div class=\"wpupg-meta-container\">\n\t<div class=\"wpupg-item-title wpupg-block-text-bold\">Est. Candela Morales<\/div>\n    <span class=\"wpupg-item-custom-field wpupg-block-text-normal\">Becaria Investigaci\u00f3n 200 A\u00f1os (UBA)<\/span><br>\n    <span><a class=\"single-professional-item\" href='\/\/ibyme.org.ar\/investigacion\/laboratorios\/biologia-del-comportamiento\/&lt;\/span&gt;&quot;' target=\"_blank\" style=\"text-decoration:none; color:black;\"><span class=\"wpupg-item-terms wpupg-block-text-normal\"><span class=\"wpupg-item-term\">Biolog\u00eda del Comportamiento<\/span><\/span><\/a><\/span>\n<\/div><\/div><div class=\"wpupg-item wpupg-item-post wpupg-item-12773 wpupg-type-integrantes wpupg-item-has-image wpupg-template-profesionales\" data-id=\"12773\" data-order-default=\"Est. de licenciatura Sofia Bigliani\"><div class=\"wpupg-item-image wpupg-block-image-normal wpupg-align-center\"><img decoding=\"async\" style=\"border-width: 0px;border-style: solid;border-color: #666666;\" width=\"150\" height=\"150\" src=\"https:\/\/ibyme.org.ar\/investigacion\/wp-content\/uploads\/2026\/01\/WhatsApp-Image-2026-02-02-at-10.39.49-150x150.jpeg\" class=\"skip-lazy disable-lazyload attachment-150x150 size-150x150\" alt=\"\" srcset=\"https:\/\/ibyme.org.ar\/investigacion\/wp-content\/uploads\/2026\/01\/WhatsApp-Image-2026-02-02-at-10.39.49-66x66.jpeg 66w, https:\/\/ibyme.org.ar\/investigacion\/wp-content\/uploads\/2026\/01\/WhatsApp-Image-2026-02-02-at-10.39.49-150x150.jpeg 150w\" sizes=\"(max-width: 150px) 100vw, 150px\" \/><\/div>\n\n<div class=\"wpupg-meta-container\">\n\t<div class=\"wpupg-item-title wpupg-block-text-bold\">Est. de licenciatura Sofia Bigliani<\/div>\n    <span class=\"wpupg-item-custom-field wpupg-block-text-normal\">Tesinista <\/span><br>\n    <span><a class=\"single-professional-item\" href='&quot;&quot;' target=\"_blank\" style=\"text-decoration:none; color:black;\"><span class=\"wpupg-item-terms wpupg-block-text-normal\"><span class=\"wpupg-item-term\">Mecanismos Moleculares de la Fertilizaci\u00f3n<\/span><\/span><\/a><\/span>\n<\/div><\/div><div class=\"wpupg-item wpupg-item-post wpupg-item-12336 wpupg-type-integrantes wpupg-item-has-image wpupg-template-profesionales\" data-id=\"12336\" data-order-default=\"Est. Federico Milathianakis\"><div class=\"wpupg-item-image wpupg-block-image-normal wpupg-align-center\"><img decoding=\"async\" style=\"border-width: 0px;border-style: solid;border-color: #666666;\" width=\"150\" height=\"150\" src=\"https:\/\/ibyme.org.ar\/investigacion\/wp-content\/uploads\/2023\/06\/person-289x300-1-150x150.png\" class=\"skip-lazy disable-lazyload attachment-150x150 size-150x150\" alt=\"\" srcset=\"https:\/\/ibyme.org.ar\/investigacion\/wp-content\/uploads\/2023\/06\/person-289x300-1-66x66.png 66w, https:\/\/ibyme.org.ar\/investigacion\/wp-content\/uploads\/2023\/06\/person-289x300-1-150x150.png 150w\" sizes=\"(max-width: 150px) 100vw, 150px\" \/><\/div>\n\n<div class=\"wpupg-meta-container\">\n\t<div class=\"wpupg-item-title wpupg-block-text-bold\">Est. Federico Milathianakis<\/div>\n    <span class=\"wpupg-item-custom-field wpupg-block-text-normal\">Estudiante (U. Favaloro)<\/span><br>\n    <span><a class=\"single-professional-item\" href='&quot;&quot;' target=\"_blank\" style=\"text-decoration:none; color:black;\"><span class=\"wpupg-item-terms wpupg-block-text-normal\"><span class=\"wpupg-item-term\">Biolog\u00eda del Comportamiento<\/span><\/span><\/a><\/span>\n<\/div><\/div><div class=\"wpupg-item wpupg-item-post wpupg-item-12337 wpupg-type-integrantes wpupg-item-has-image wpupg-template-profesionales\" data-id=\"12337\" data-order-default=\"Est. Franco Cardozo Denis\"><div class=\"wpupg-item-image wpupg-block-image-normal wpupg-align-center\"><img decoding=\"async\" style=\"border-width: 0px;border-style: solid;border-color: #666666;\" width=\"150\" height=\"150\" src=\"https:\/\/ibyme.org.ar\/investigacion\/wp-content\/uploads\/2023\/06\/person-289x300-1-150x150.png\" class=\"skip-lazy disable-lazyload attachment-150x150 size-150x150\" alt=\"\" srcset=\"https:\/\/ibyme.org.ar\/investigacion\/wp-content\/uploads\/2023\/06\/person-289x300-1-66x66.png 66w, https:\/\/ibyme.org.ar\/investigacion\/wp-content\/uploads\/2023\/06\/person-289x300-1-150x150.png 150w\" sizes=\"(max-width: 150px) 100vw, 150px\" \/><\/div>\n\n<div class=\"wpupg-meta-container\">\n\t<div class=\"wpupg-item-title wpupg-block-text-bold\">Est. Franco Cardozo Denis<\/div>\n    <span class=\"wpupg-item-custom-field wpupg-block-text-normal\">Estudiante (UBA)<\/span><br>\n    <span><a class=\"single-professional-item\" href='&quot;&quot;' target=\"_blank\" style=\"text-decoration:none; color:black;\"><span class=\"wpupg-item-terms wpupg-block-text-normal\"><span class=\"wpupg-item-term\">Biolog\u00eda del Comportamiento<\/span><\/span><\/a><\/span>\n<\/div><\/div><div class=\"wpupg-item wpupg-item-post wpupg-item-7186 wpupg-type-integrantes wpupg-item-has-image wpupg-template-profesionales\" data-id=\"7186\" data-order-default=\"Est. Lorenzo Raggi\"><div class=\"wpupg-item-image wpupg-block-image-normal wpupg-align-center\"><img decoding=\"async\" style=\"border-width: 0px;border-style: solid;border-color: #666666;\" width=\"150\" height=\"150\" src=\"https:\/\/ibyme.org.ar\/investigacion\/wp-content\/uploads\/2023\/03\/person-150x150.png\" class=\"skip-lazy disable-lazyload attachment-150x150 size-150x150\" alt=\"\" srcset=\"https:\/\/ibyme.org.ar\/investigacion\/wp-content\/uploads\/2023\/03\/person-66x66.png 66w, https:\/\/ibyme.org.ar\/investigacion\/wp-content\/uploads\/2023\/03\/person-150x150.png 150w\" sizes=\"(max-width: 150px) 100vw, 150px\" \/><\/div>\n\n<div class=\"wpupg-meta-container\">\n\t<div class=\"wpupg-item-title wpupg-block-text-bold\">Est. Lorenzo Raggi<\/div>\n    <span class=\"wpupg-item-custom-field wpupg-block-text-normal\">Estudiante (UBA)<\/span><br>\n    <span><a class=\"single-professional-item\" href='\/\/ibyme.org.ar\/investigacion\/laboratorios\/biologia-del-comportamiento\/&lt;\/span&gt;&quot;' target=\"_blank\" style=\"text-decoration:none; color:black;\"><span class=\"wpupg-item-terms wpupg-block-text-normal\"><span class=\"wpupg-item-term\">Biolog\u00eda del Comportamiento<\/span><\/span><\/a><\/span>\n<\/div><\/div><div class=\"wpupg-item wpupg-item-post wpupg-item-12338 wpupg-type-integrantes wpupg-item-has-image wpupg-template-profesionales\" data-id=\"12338\" data-order-default=\"Est. Lourdes Magal\u00ed Meza\"><div class=\"wpupg-item-image wpupg-block-image-normal wpupg-align-center\"><img decoding=\"async\" style=\"border-width: 0px;border-style: solid;border-color: #666666;\" width=\"150\" height=\"150\" src=\"https:\/\/ibyme.org.ar\/investigacion\/wp-content\/uploads\/2023\/06\/person-289x300-1-150x150.png\" class=\"skip-lazy disable-lazyload attachment-150x150 size-150x150\" alt=\"\" srcset=\"https:\/\/ibyme.org.ar\/investigacion\/wp-content\/uploads\/2023\/06\/person-289x300-1-66x66.png 66w, https:\/\/ibyme.org.ar\/investigacion\/wp-content\/uploads\/2023\/06\/person-289x300-1-150x150.png 150w\" sizes=\"(max-width: 150px) 100vw, 150px\" \/><\/div>\n\n<div class=\"wpupg-meta-container\">\n\t<div class=\"wpupg-item-title wpupg-block-text-bold\">Est. Lourdes Magal\u00ed Meza<\/div>\n    <span class=\"wpupg-item-custom-field wpupg-block-text-normal\">Estudiante (UBA)<\/span><br>\n    <span><a class=\"single-professional-item\" href='&quot;&quot;' target=\"_blank\" style=\"text-decoration:none; color:black;\"><span class=\"wpupg-item-terms wpupg-block-text-normal\"><span class=\"wpupg-item-term\">Biolog\u00eda del Comportamiento<\/span><\/span><\/a><\/span>\n<\/div><\/div><div class=\"wpupg-item wpupg-item-post wpupg-item-10163 wpupg-type-integrantes wpupg-item-has-image wpupg-template-profesionales\" data-id=\"10163\" data-order-default=\"Est. Martina Holz\"><div class=\"wpupg-item-image wpupg-block-image-normal wpupg-align-center\"><img decoding=\"async\" style=\"border-width: 0px;border-style: solid;border-color: #666666;\" width=\"150\" height=\"150\" src=\"https:\/\/ibyme.org.ar\/investigacion\/wp-content\/uploads\/2023\/06\/Holz-150x150.jpg\" class=\"skip-lazy disable-lazyload attachment-150x150 size-150x150\" alt=\"\" srcset=\"https:\/\/ibyme.org.ar\/investigacion\/wp-content\/uploads\/2023\/06\/Holz-66x66.jpg 66w, https:\/\/ibyme.org.ar\/investigacion\/wp-content\/uploads\/2023\/06\/Holz-150x150.jpg 150w\" sizes=\"(max-width: 150px) 100vw, 150px\" \/><\/div>\n\n<div class=\"wpupg-meta-container\">\n\t<div class=\"wpupg-item-title wpupg-block-text-bold\">Est. Martina Holz<\/div>\n    <span class=\"wpupg-item-custom-field wpupg-block-text-normal\">Estudiante (U. Favaloro)<\/span><br>\n    <span><a class=\"single-professional-item\" href='&quot;&quot;' target=\"_blank\" style=\"text-decoration:none; color:black;\"><span class=\"wpupg-item-terms wpupg-block-text-normal\"><span class=\"wpupg-item-term\">Biolog\u00eda del Comportamiento<\/span><\/span><\/a><\/span>\n<\/div><\/div><div class=\"wpupg-item wpupg-item-post wpupg-item-12675 wpupg-type-integrantes wpupg-item-has-image wpupg-template-profesionales\" data-id=\"12675\" data-order-default=\"Est. Medicina Sof\u00eda Ancurio\"><div class=\"wpupg-item-image wpupg-block-image-normal wpupg-align-center\"><img decoding=\"async\" style=\"border-width: 0px;border-style: solid;border-color: #666666;\" width=\"150\" height=\"150\" src=\"https:\/\/ibyme.org.ar\/investigacion\/wp-content\/uploads\/2025\/11\/foto-sofia-150x150.jpg\" class=\"skip-lazy disable-lazyload attachment-150x150 size-150x150\" alt=\"\" srcset=\"https:\/\/ibyme.org.ar\/investigacion\/wp-content\/uploads\/2025\/11\/foto-sofia-66x66.jpg 66w, https:\/\/ibyme.org.ar\/investigacion\/wp-content\/uploads\/2025\/11\/foto-sofia-150x150.jpg 150w\" sizes=\"(max-width: 150px) 100vw, 150px\" \/><\/div>\n\n<div class=\"wpupg-meta-container\">\n\t<div class=\"wpupg-item-title wpupg-block-text-bold\">Est. Medicina Sof\u00eda Ancurio<\/div>\n    <span class=\"wpupg-item-custom-field wpupg-block-text-normal\">Estudiante Pasante<\/span><br>\n    <span><a class=\"single-professional-item\" href='&quot;&quot;' target=\"_blank\" style=\"text-decoration:none; color:black;\"><span class=\"wpupg-item-terms wpupg-block-text-normal\"><span class=\"wpupg-item-term\">Neuroendocrinolog\u00eda<\/span><\/span><\/a><\/span>\n<\/div><\/div><div class=\"wpupg-item wpupg-item-post wpupg-item-12751 wpupg-type-integrantes wpupg-item-no-image wpupg-template-profesionales\" data-id=\"12751\" data-order-default=\"Est. Roc\u00edo Celeste Sabbatini\">\n\n<div class=\"wpupg-meta-container\">\n\t<div class=\"wpupg-item-title wpupg-block-text-bold\">Est. Roc\u00edo Celeste Sabbatini<\/div>\n    <span class=\"wpupg-item-custom-field wpupg-block-text-normal\">(Estudiante de Bioqu\u00edmica, UBA)<\/span><br>\n    <span><a class=\"single-professional-item\" href='&quot;&quot;' target=\"_blank\" style=\"text-decoration:none; color:black;\"><span class=\"wpupg-item-terms wpupg-block-text-normal\"><span class=\"wpupg-item-term\">Biolog\u00eda Celular y Molecular de la Reproducci\u00f3n<\/span><\/span><\/a><\/span>\n<\/div><\/div><div class=\"wpupg-item wpupg-item-post wpupg-item-12919 wpupg-type-integrantes wpupg-item-has-image wpupg-template-profesionales\" data-id=\"12919\" data-order-default=\"Fernando Gabriel Coifin\"><div class=\"wpupg-item-image wpupg-block-image-normal wpupg-align-center\"><img decoding=\"async\" style=\"border-width: 0px;border-style: solid;border-color: #666666;\" width=\"150\" height=\"150\" src=\"https:\/\/ibyme.org.ar\/investigacion\/wp-content\/uploads\/2026\/03\/Coifin-Fernando-Gabriel-150x150.jpg\" class=\"skip-lazy disable-lazyload attachment-150x150 size-150x150\" alt=\"\" srcset=\"https:\/\/ibyme.org.ar\/investigacion\/wp-content\/uploads\/2026\/03\/Coifin-Fernando-Gabriel-66x66.jpg 66w, https:\/\/ibyme.org.ar\/investigacion\/wp-content\/uploads\/2026\/03\/Coifin-Fernando-Gabriel-150x150.jpg 150w\" sizes=\"(max-width: 150px) 100vw, 150px\" \/><\/div>\n\n<div class=\"wpupg-meta-container\">\n\t<div class=\"wpupg-item-title wpupg-block-text-bold\">Fernando Gabriel Coifin<\/div>\n    <span class=\"wpupg-item-custom-field wpupg-block-text-normal\">Tesista de Licenciatura en Ciencias Biol\u00f3gicas . FCEN-UBA<\/span><br>\n    <span><a class=\"single-professional-item\" href='\/\/ibyme.org.ar\/investigacion\/laboratorios\/quimica-de-proteoglicanos-y-matriz-extracelular\/&lt;\/span&gt;&quot;' target=\"_blank\" style=\"text-decoration:none; color:black;\"><span class=\"wpupg-item-terms wpupg-block-text-normal\"><span class=\"wpupg-item-term\">Qu\u00edmica de Proteoglicanos y Matriz Extracelular<\/span><\/span><\/a><\/span>\n<\/div><\/div><div class=\"wpupg-item wpupg-item-post wpupg-item-7668 wpupg-type-integrantes wpupg-item-has-image wpupg-template-profesionales\" data-id=\"7668\" data-order-default=\"Flavia Mariana Hern\u00e1ndez\"><div class=\"wpupg-item-image wpupg-block-image-normal wpupg-align-center\"><img decoding=\"async\" style=\"border-width: 0px;border-style: solid;border-color: #666666;\" width=\"150\" height=\"150\" src=\"https:\/\/ibyme.org.ar\/investigacion\/wp-content\/uploads\/2023\/07\/avatar-f-150x150.jpg\" class=\"skip-lazy disable-lazyload attachment-150x150 size-150x150\" alt=\"\" srcset=\"https:\/\/ibyme.org.ar\/investigacion\/wp-content\/uploads\/2023\/07\/avatar-f-66x66.jpg 66w, https:\/\/ibyme.org.ar\/investigacion\/wp-content\/uploads\/2023\/07\/avatar-f-150x150.jpg 150w\" sizes=\"(max-width: 150px) 100vw, 150px\" \/><\/div>\n\n<div class=\"wpupg-meta-container\">\n\t<div class=\"wpupg-item-title wpupg-block-text-bold\">Flavia Mariana Hern\u00e1ndez<\/div>\n    <span class=\"wpupg-item-custom-field wpupg-block-text-normal\">Responsable de \u00e1rea<\/span><br>\n    <span><a class=\"single-professional-item\" href='\/\/ibyme.org.ar\/comunicacion\/&lt;\/span&gt;&quot;' target=\"_blank\" style=\"text-decoration:none; color:black;\"><span class=\"wpupg-item-terms wpupg-block-text-normal\"><span class=\"wpupg-item-term\">Unidad de Comunicaci\u00f3n y Recursos Humanos<\/span><\/span><\/a><\/span>\n<\/div><\/div><div class=\"wpupg-item wpupg-item-post wpupg-item-1907 wpupg-type-integrantes wpupg-item-has-image wpupg-template-profesionales\" data-id=\"1907\" data-order-default=\"Florencia Veigas\"><div class=\"wpupg-item-image wpupg-block-image-normal wpupg-align-center\"><img decoding=\"async\" style=\"border-width: 0px;border-style: solid;border-color: #666666;\" width=\"150\" height=\"150\" src=\"https:\/\/ibyme.org.ar\/investigacion\/wp-content\/uploads\/2023\/03\/person-150x150.png\" class=\"skip-lazy disable-lazyload attachment-150x150 size-150x150\" alt=\"\" srcset=\"https:\/\/ibyme.org.ar\/investigacion\/wp-content\/uploads\/2023\/03\/person-66x66.png 66w, https:\/\/ibyme.org.ar\/investigacion\/wp-content\/uploads\/2023\/03\/person-150x150.png 150w\" sizes=\"(max-width: 150px) 100vw, 150px\" \/><\/div>\n\n<div class=\"wpupg-meta-container\">\n\t<div class=\"wpupg-item-title wpupg-block-text-bold\">Florencia Veigas<\/div>\n    <span class=\"wpupg-item-custom-field wpupg-block-text-normal\">Becaria Doctoral (CONICET)<\/span><br>\n    <span><a class=\"single-professional-item\" href='\/\/ibyme.org.ar\/investigacion\/laboratorios\/glicomedicina\/&lt;\/span&gt;&quot;' target=\"_blank\" style=\"text-decoration:none; color:black;\"><span class=\"wpupg-item-terms wpupg-block-text-normal\"><span class=\"wpupg-item-term\">Glicomedicina<\/span><\/span><\/a><\/span>\n<\/div><\/div><div class=\"wpupg-item wpupg-item-post wpupg-item-7661 wpupg-type-integrantes wpupg-item-has-image wpupg-template-profesionales\" data-id=\"7661\" data-order-default=\"Gabriela Diessler\"><div class=\"wpupg-item-image wpupg-block-image-normal wpupg-align-center\"><img decoding=\"async\" style=\"border-width: 0px;border-style: solid;border-color: #666666;\" width=\"150\" height=\"150\" src=\"https:\/\/ibyme.org.ar\/investigacion\/wp-content\/uploads\/2023\/07\/avatar-f-150x150.jpg\" class=\"skip-lazy disable-lazyload attachment-150x150 size-150x150\" alt=\"\" srcset=\"https:\/\/ibyme.org.ar\/investigacion\/wp-content\/uploads\/2023\/07\/avatar-f-66x66.jpg 66w, https:\/\/ibyme.org.ar\/investigacion\/wp-content\/uploads\/2023\/07\/avatar-f-150x150.jpg 150w\" sizes=\"(max-width: 150px) 100vw, 150px\" \/><\/div>\n\n<div class=\"wpupg-meta-container\">\n\t<div class=\"wpupg-item-title wpupg-block-text-bold\">Gabriela Diessler<\/div>\n    <span class=\"wpupg-item-custom-field wpupg-block-text-normal\">Responsable de \u00e1rea<\/span><br>\n    <span><a class=\"single-professional-item\" href='\/\/ibyme.org.ar\/areas-complementarias\/biblioteca\/&lt;\/span&gt;&quot;' target=\"_blank\" style=\"text-decoration:none; color:black;\"><span class=\"wpupg-item-terms wpupg-block-text-normal\"><span class=\"wpupg-item-term\">Biblioteca Bernardo A. Houssay<\/span><\/span><\/a><\/span>\n<\/div><\/div><div class=\"wpupg-item wpupg-item-post wpupg-item-1955 wpupg-type-integrantes wpupg-item-has-image wpupg-template-profesionales\" data-id=\"1955\" data-order-default=\"Gabriela Pataccini\"><div class=\"wpupg-item-image wpupg-block-image-normal wpupg-align-center\"><img decoding=\"async\" style=\"border-width: 0px;border-style: solid;border-color: #666666;\" width=\"150\" height=\"150\" src=\"https:\/\/ibyme.org.ar\/investigacion\/wp-content\/uploads\/2023\/08\/Gaby-150x150.jpg\" class=\"skip-lazy disable-lazyload attachment-150x150 size-150x150\" alt=\"\" srcset=\"https:\/\/ibyme.org.ar\/investigacion\/wp-content\/uploads\/2023\/08\/Gaby-66x66.jpg 66w, https:\/\/ibyme.org.ar\/investigacion\/wp-content\/uploads\/2023\/08\/Gaby-150x150.jpg 150w\" sizes=\"(max-width: 150px) 100vw, 150px\" \/><\/div>\n\n<div class=\"wpupg-meta-container\">\n\t<div class=\"wpupg-item-title wpupg-block-text-bold\">Gabriela Pataccini<\/div>\n    <span class=\"wpupg-item-custom-field wpupg-block-text-normal\">Becaria Posdoctoral (CONICET)<\/span><br>\n    <span><a class=\"single-professional-item\" href='\/\/ibyme.org.ar\/investigacion\/laboratorios\/carcinogenesis-hormonal\/&lt;\/span&gt;&quot;' target=\"_blank\" style=\"text-decoration:none; color:black;\"><span class=\"wpupg-item-terms wpupg-block-text-normal\"><span class=\"wpupg-item-term\">Carcinog\u00e9nesis Hormonal<\/span><\/span><\/a><\/span>\n<\/div><\/div><div class=\"wpupg-item wpupg-item-post wpupg-item-1915 wpupg-type-integrantes wpupg-item-has-image wpupg-template-profesionales\" data-id=\"1915\" data-order-default=\"Gaston Suarez\"><div class=\"wpupg-item-image wpupg-block-image-normal wpupg-align-center\"><img decoding=\"async\" style=\"border-width: 0px;border-style: solid;border-color: #666666;\" width=\"150\" height=\"150\" src=\"https:\/\/ibyme.org.ar\/investigacion\/wp-content\/uploads\/2023\/03\/person-150x150.png\" class=\"skip-lazy disable-lazyload attachment-150x150 size-150x150\" alt=\"\" srcset=\"https:\/\/ibyme.org.ar\/investigacion\/wp-content\/uploads\/2023\/03\/person-66x66.png 66w, https:\/\/ibyme.org.ar\/investigacion\/wp-content\/uploads\/2023\/03\/person-150x150.png 150w\" sizes=\"(max-width: 150px) 100vw, 150px\" \/><\/div>\n\n<div class=\"wpupg-meta-container\">\n\t<div class=\"wpupg-item-title wpupg-block-text-bold\">Gaston Suarez<\/div>\n    <span class=\"wpupg-item-custom-field wpupg-block-text-normal\">Tecnico (UBA)<\/span><br>\n    <span><a class=\"single-professional-item\" href='\/\/ibyme.org.ar\/investigacion\/laboratorios\/glicomedicina\/&lt;\/span&gt;&quot;' target=\"_blank\" style=\"text-decoration:none; color:black;\"><span class=\"wpupg-item-terms wpupg-block-text-normal\"><span class=\"wpupg-item-term\">Glicomedicina<\/span><\/span><\/a><\/span>\n<\/div><\/div><div class=\"wpupg-item wpupg-item-post wpupg-item-12799 wpupg-type-integrantes wpupg-item-has-image wpupg-template-profesionales\" data-id=\"12799\" data-order-default=\"Gonzalez, Camila Roc\u00edo\"><div class=\"wpupg-item-image wpupg-block-image-normal wpupg-align-center\"><img decoding=\"async\" style=\"border-width: 0px;border-style: solid;border-color: #666666;\" width=\"150\" height=\"150\" src=\"https:\/\/ibyme.org.ar\/investigacion\/wp-content\/uploads\/2026\/01\/WhatsApp-Image-2026-01-30-at-1.27.49-PM-150x150.jpeg\" class=\"skip-lazy disable-lazyload attachment-150x150 size-150x150\" alt=\"Camila Rocio Gonzalez\" srcset=\"https:\/\/ibyme.org.ar\/investigacion\/wp-content\/uploads\/2026\/01\/WhatsApp-Image-2026-01-30-at-1.27.49-PM-66x66.jpeg 66w, https:\/\/ibyme.org.ar\/investigacion\/wp-content\/uploads\/2026\/01\/WhatsApp-Image-2026-01-30-at-1.27.49-PM-150x150.jpeg 150w\" sizes=\"(max-width: 150px) 100vw, 150px\" \/><\/div>\n\n<div class=\"wpupg-meta-container\">\n\t<div class=\"wpupg-item-title wpupg-block-text-bold\">Gonzalez, Camila Roc\u00edo<\/div>\n    <span class=\"wpupg-item-custom-field wpupg-block-text-normal\">Tesinista UADE-IBYME<\/span><br>\n    <span><a class=\"single-professional-item\" href='&quot;&quot;' target=\"_blank\" style=\"text-decoration:none; color:black;\"><span class=\"wpupg-item-terms wpupg-block-text-normal\"><span class=\"wpupg-item-term\">Regulaci\u00f3n Hipofisaria<\/span><\/span><\/a><\/span>\n<\/div><\/div><div class=\"wpupg-item wpupg-item-post wpupg-item-7189 wpupg-type-integrantes wpupg-item-has-image wpupg-template-profesionales\" data-id=\"7189\" data-order-default=\"Guido Rais\"><div class=\"wpupg-item-image wpupg-block-image-normal wpupg-align-center\"><img decoding=\"async\" style=\"border-width: 0px;border-style: solid;border-color: #666666;\" width=\"150\" height=\"150\" src=\"https:\/\/ibyme.org.ar\/investigacion\/wp-content\/uploads\/2023\/03\/person-150x150.png\" class=\"skip-lazy disable-lazyload attachment-150x150 size-150x150\" alt=\"\" srcset=\"https:\/\/ibyme.org.ar\/investigacion\/wp-content\/uploads\/2023\/03\/person-66x66.png 66w, https:\/\/ibyme.org.ar\/investigacion\/wp-content\/uploads\/2023\/03\/person-150x150.png 150w\" sizes=\"(max-width: 150px) 100vw, 150px\" \/><\/div>\n\n<div class=\"wpupg-meta-container\">\n\t<div class=\"wpupg-item-title wpupg-block-text-bold\">Guido Rais<\/div>\n    <span class=\"wpupg-item-custom-field wpupg-block-text-normal\">Estudiante (UADE)<\/span><br>\n    <span><a class=\"single-professional-item\" href='\/\/ibyme.org.ar\/investigacion\/laboratorios\/glicomedicina\/&lt;\/span&gt;&quot;' target=\"_blank\" style=\"text-decoration:none; color:black;\"><span class=\"wpupg-item-terms wpupg-block-text-normal\"><span class=\"wpupg-item-term\">Glicomedicina<\/span><\/span><\/a><\/span>\n<\/div><\/div><div class=\"wpupg-item wpupg-item-post wpupg-item-9738 wpupg-type-integrantes wpupg-item-has-image wpupg-template-profesionales\" data-id=\"9738\" data-order-default=\"Guillermina Maria Luque, Ph.D.\"><div class=\"wpupg-item-image wpupg-block-image-normal wpupg-align-center\"><img decoding=\"async\" style=\"border-width: 0px;border-style: solid;border-color: #666666;\" width=\"150\" height=\"150\" src=\"https:\/\/ibyme.org.ar\/investigacion\/wp-content\/uploads\/2023\/03\/Luque-6-quiero_-150x150.jpg\" class=\"skip-lazy disable-lazyload attachment-150x150 size-150x150\" alt=\"\" srcset=\"https:\/\/ibyme.org.ar\/investigacion\/wp-content\/uploads\/2023\/03\/Luque-6-quiero_-66x66.jpg 66w, https:\/\/ibyme.org.ar\/investigacion\/wp-content\/uploads\/2023\/03\/Luque-6-quiero_-150x150.jpg 150w\" sizes=\"(max-width: 150px) 100vw, 150px\" \/><\/div>\n\n<div class=\"wpupg-meta-container\">\n\t<div class=\"wpupg-item-title wpupg-block-text-bold\">Guillermina Maria Luque, Ph.D.<\/div>\n    <span class=\"wpupg-item-custom-field wpupg-block-text-normal\">Researcher (CONICET)<\/span><br>\n    <span><a class=\"single-professional-item\" href='\/\/ibyme.org.ar\/investigacion\/laboratorios\/biologia-celular-y-molecular-de-la-reproduccion\/&lt;\/span&gt;&quot;' target=\"_blank\" style=\"text-decoration:none; color:black;\"><span class=\"wpupg-item-terms wpupg-block-text-normal\"><span class=\"wpupg-item-term\">Biolog\u00eda Celular y Molecular de la Reproducci\u00f3n<\/span><\/span><\/a><\/span>\n<\/div><\/div><div class=\"wpupg-item wpupg-item-post wpupg-item-7667 wpupg-type-integrantes wpupg-item-has-image wpupg-template-profesionales\" data-id=\"7667\" data-order-default=\"Gustavo Federico Zenteno\"><div class=\"wpupg-item-image wpupg-block-image-normal wpupg-align-center\"><img decoding=\"async\" style=\"border-width: 0px;border-style: solid;border-color: #666666;\" width=\"150\" height=\"150\" src=\"https:\/\/ibyme.org.ar\/investigacion\/wp-content\/uploads\/2023\/07\/avatar-m-150x150.jpg\" class=\"skip-lazy disable-lazyload attachment-150x150 size-150x150\" alt=\"\" srcset=\"https:\/\/ibyme.org.ar\/investigacion\/wp-content\/uploads\/2023\/07\/avatar-m-66x66.jpg 66w, https:\/\/ibyme.org.ar\/investigacion\/wp-content\/uploads\/2023\/07\/avatar-m-150x150.jpg 150w\" sizes=\"(max-width: 150px) 100vw, 150px\" \/><\/div>\n\n<div class=\"wpupg-meta-container\">\n\t<div class=\"wpupg-item-title wpupg-block-text-bold\">Gustavo Federico Zenteno<\/div>\n    <span class=\"wpupg-item-custom-field wpupg-block-text-normal\">T\u00e9cnico<\/span><br>\n    <span><a class=\"single-professional-item\" href='\/\/ibyme.org.ar\/areas-complementarias\/bioterio\/&lt;\/span&gt;&quot;' target=\"_blank\" style=\"text-decoration:none; color:black;\"><span class=\"wpupg-item-terms wpupg-block-text-normal\"><span class=\"wpupg-item-term\">Bioterio<\/span><\/span><\/a><\/span>\n<\/div><\/div><div class=\"wpupg-item wpupg-item-post wpupg-item-7586 wpupg-type-directores wpupg-item-has-image wpupg-template-profesionales\" data-id=\"7586\" data-order-default=\"Gustavo Helguera\"><div class=\"wpupg-item-image wpupg-block-image-normal wpupg-align-center\"><img decoding=\"async\" style=\"border-width: 0px;border-style: solid;border-color: #666666;\" width=\"150\" height=\"150\" src=\"https:\/\/ibyme.org.ar\/investigacion\/wp-content\/uploads\/2023\/05\/Helguera-2-c-150x150.jpg\" class=\"skip-lazy disable-lazyload attachment-150x150 size-150x150\" alt=\"\" srcset=\"https:\/\/ibyme.org.ar\/investigacion\/wp-content\/uploads\/2023\/05\/Helguera-2-c-66x66.jpg 66w, https:\/\/ibyme.org.ar\/investigacion\/wp-content\/uploads\/2023\/05\/Helguera-2-c-150x150.jpg 150w\" sizes=\"(max-width: 150px) 100vw, 150px\" \/><\/div>\n\n<div class=\"wpupg-meta-container\">\n\t<div class=\"wpupg-item-title wpupg-block-text-bold\">Gustavo Helguera<\/div>\n    <span class=\"wpupg-item-custom-field wpupg-block-text-normal\">Investigador Independiente (CONICET)<\/span><br>\n    <span><a class=\"single-professional-item\" href='\/\/ibyme.org.ar\/investigacion\/laboratorios\/biotecnologia-farmaceutica\/&lt;\/span&gt;&quot;' target=\"_blank\" style=\"text-decoration:none; color:black;\"><span class=\"wpupg-item-terms wpupg-block-text-normal\"><span class=\"wpupg-item-term\">Biotecnolog\u00eda Farmac\u00e9utica<\/span><\/span><\/a><\/span>\n<\/div><\/div><div class=\"wpupg-item wpupg-item-post wpupg-item-7675 wpupg-type-integrantes wpupg-item-has-image wpupg-template-profesionales\" data-id=\"7675\" data-order-default=\"H\u00e9ctor Felipe Malagamba\"><div class=\"wpupg-item-image wpupg-block-image-normal wpupg-align-center\"><img decoding=\"async\" style=\"border-width: 0px;border-style: solid;border-color: #666666;\" width=\"150\" height=\"150\" src=\"https:\/\/ibyme.org.ar\/investigacion\/wp-content\/uploads\/2023\/07\/avatar-m-150x150.jpg\" class=\"skip-lazy disable-lazyload attachment-150x150 size-150x150\" alt=\"\" srcset=\"https:\/\/ibyme.org.ar\/investigacion\/wp-content\/uploads\/2023\/07\/avatar-m-66x66.jpg 66w, https:\/\/ibyme.org.ar\/investigacion\/wp-content\/uploads\/2023\/07\/avatar-m-150x150.jpg 150w\" sizes=\"(max-width: 150px) 100vw, 150px\" \/><\/div>\n\n<div class=\"wpupg-meta-container\">\n\t<div class=\"wpupg-item-title wpupg-block-text-bold\">H\u00e9ctor Felipe Malagamba<\/div>\n    <span class=\"wpupg-item-custom-field wpupg-block-text-normal\">Profesional<\/span><br>\n    <span><a class=\"single-professional-item\" href='&quot;&quot;' target=\"_blank\" style=\"text-decoration:none; color:black;\"><span class=\"wpupg-item-terms wpupg-block-text-normal\"><span class=\"wpupg-item-term\">Servicios Generales - Mantenimiento<\/span><\/span><\/a><\/span>\n<\/div><\/div><div class=\"wpupg-item wpupg-item-post wpupg-item-1901 wpupg-type-integrantes wpupg-item-has-image wpupg-template-profesionales\" data-id=\"1901\" data-order-default=\"Hockl, Pablo\"><div class=\"wpupg-item-image wpupg-block-image-normal wpupg-align-center\"><img decoding=\"async\" style=\"border-width: 0px;border-style: solid;border-color: #666666;\" width=\"150\" height=\"150\" src=\"https:\/\/ibyme.org.ar\/investigacion\/wp-content\/uploads\/2023\/03\/person-150x150.png\" class=\"skip-lazy disable-lazyload attachment-150x150 size-150x150\" alt=\"\" srcset=\"https:\/\/ibyme.org.ar\/investigacion\/wp-content\/uploads\/2023\/03\/person-66x66.png 66w, https:\/\/ibyme.org.ar\/investigacion\/wp-content\/uploads\/2023\/03\/person-150x150.png 150w\" sizes=\"(max-width: 150px) 100vw, 150px\" \/><\/div>\n\n<div class=\"wpupg-meta-container\">\n\t<div class=\"wpupg-item-title wpupg-block-text-bold\">Hockl, Pablo<\/div>\n    <span class=\"wpupg-item-custom-field wpupg-block-text-normal\">Profesional Principal (CONICET)<\/span><br>\n    <span><a class=\"single-professional-item\" href='\/\/ibyme.org.ar\/investigacion\/laboratorios\/glicomedicina\/&lt;\/span&gt;&quot;' target=\"_blank\" style=\"text-decoration:none; color:black;\"><span class=\"wpupg-item-terms wpupg-block-text-normal\"><span class=\"wpupg-item-term\">Glicomedicina<\/span><\/span><\/a><\/span>\n<\/div><\/div><div class=\"wpupg-item wpupg-item-post wpupg-item-7670 wpupg-type-integrantes wpupg-item-has-image wpupg-template-profesionales\" data-id=\"7670\" data-order-default=\"Horacio C\u00e9sar Digiovanni\"><div class=\"wpupg-item-image wpupg-block-image-normal wpupg-align-center\"><img decoding=\"async\" style=\"border-width: 0px;border-style: solid;border-color: #666666;\" width=\"150\" height=\"150\" src=\"https:\/\/ibyme.org.ar\/investigacion\/wp-content\/uploads\/2023\/07\/avatar-m-150x150.jpg\" class=\"skip-lazy disable-lazyload attachment-150x150 size-150x150\" alt=\"\" srcset=\"https:\/\/ibyme.org.ar\/investigacion\/wp-content\/uploads\/2023\/07\/avatar-m-66x66.jpg 66w, https:\/\/ibyme.org.ar\/investigacion\/wp-content\/uploads\/2023\/07\/avatar-m-150x150.jpg 150w\" sizes=\"(max-width: 150px) 100vw, 150px\" \/><\/div>\n\n<div class=\"wpupg-meta-container\">\n\t<div class=\"wpupg-item-title wpupg-block-text-bold\">Horacio C\u00e9sar Digiovanni<\/div>\n    <span class=\"wpupg-item-custom-field wpupg-block-text-normal\">T\u00e9cnico<\/span><br>\n    <span><a class=\"single-professional-item\" href='\/\/ibyme.org.ar\/institucion\/comunidad-ibyme\/&lt;\/span&gt;&quot;' target=\"_blank\" style=\"text-decoration:none; color:black;\"><span class=\"wpupg-item-terms wpupg-block-text-normal\"><span class=\"wpupg-item-term\">\u00c1rea de Inform\u00e1tica<\/span><\/span><\/a><\/span>\n<\/div><\/div><div class=\"wpupg-item wpupg-item-post wpupg-item-2054 wpupg-type-integrantes wpupg-item-has-image wpupg-template-profesionales\" data-id=\"2054\" data-order-default=\"HT. Anal\u00eda Lima\"><div class=\"wpupg-item-image wpupg-block-image-normal wpupg-align-center\"><img decoding=\"async\" style=\"border-width: 0px;border-style: solid;border-color: #666666;\" width=\"150\" height=\"150\" src=\"https:\/\/ibyme.org.ar\/investigacion\/wp-content\/uploads\/2023\/03\/20230810_125701-150x150.jpg\" class=\"skip-lazy disable-lazyload attachment-150x150 size-150x150\" alt=\"\" srcset=\"https:\/\/ibyme.org.ar\/investigacion\/wp-content\/uploads\/2023\/03\/20230810_125701-66x66.jpg 66w, https:\/\/ibyme.org.ar\/investigacion\/wp-content\/uploads\/2023\/03\/20230810_125701-150x150.jpg 150w\" sizes=\"(max-width: 150px) 100vw, 150px\" \/><\/div>\n\n<div class=\"wpupg-meta-container\">\n\t<div class=\"wpupg-item-title wpupg-block-text-bold\">HT. Anal\u00eda Lima<\/div>\n    <span class=\"wpupg-item-custom-field wpupg-block-text-normal\">Profesional Principal (CONICET)<\/span><br>\n    <span><a class=\"single-professional-item\" href='\/\/ibyme.org.ar\/investigacion\/laboratorios\/bioquimica-neuroendocrina\/&lt;\/span&gt;&quot;' target=\"_blank\" style=\"text-decoration:none; color:black;\"><span class=\"wpupg-item-terms wpupg-block-text-normal\"><span class=\"wpupg-item-term\">Bioqu\u00edmica Neuroend\u00f3crina<\/span><\/span><\/a><\/span>\n<\/div><\/div><div class=\"wpupg-item wpupg-item-post wpupg-item-11706 wpupg-type-integrantes wpupg-item-has-image wpupg-template-profesionales\" data-id=\"11706\" data-order-default=\"Jerem\u00edas Castro Romeo\"><div class=\"wpupg-item-image wpupg-block-image-normal wpupg-align-center\"><img decoding=\"async\" style=\"border-width: 0px;border-style: solid;border-color: #666666;\" width=\"150\" height=\"150\" src=\"https:\/\/ibyme.org.ar\/investigacion\/wp-content\/uploads\/2025\/01\/Castro-150x150.jpg\" class=\"skip-lazy disable-lazyload attachment-150x150 size-150x150\" alt=\"\" srcset=\"https:\/\/ibyme.org.ar\/investigacion\/wp-content\/uploads\/2025\/01\/Castro-66x66.jpg 66w, https:\/\/ibyme.org.ar\/investigacion\/wp-content\/uploads\/2025\/01\/Castro-150x150.jpg 150w\" sizes=\"(max-width: 150px) 100vw, 150px\" \/><\/div>\n\n<div class=\"wpupg-meta-container\">\n\t<div class=\"wpupg-item-title wpupg-block-text-bold\">Jerem\u00edas Castro Romeo<\/div>\n    <span class=\"wpupg-item-custom-field wpupg-block-text-normal\">Estudiante Lic. en Biotecnolog\u00eda (UADE).<\/span><br>\n    <span><a class=\"single-professional-item\" href='&quot;&quot;' target=\"_blank\" style=\"text-decoration:none; color:black;\"><span class=\"wpupg-item-terms wpupg-block-text-normal\"><span class=\"wpupg-item-term\">C\u00e9lulas Madre Tumorales y Reprogramaci\u00f3n Metab\u00f3lica<\/span><\/span><\/a><\/span>\n<\/div><\/div><div class=\"wpupg-item wpupg-item-post wpupg-item-11655 wpupg-type-integrantes wpupg-item-has-image wpupg-template-profesionales\" data-id=\"11655\" data-order-default=\"Julieta Schwarz\"><div class=\"wpupg-item-image wpupg-block-image-normal wpupg-align-center\"><img decoding=\"async\" style=\"border-width: 0px;border-style: solid;border-color: #666666;\" width=\"150\" height=\"150\" src=\"https:\/\/ibyme.org.ar\/investigacion\/wp-content\/uploads\/2024\/12\/Juli-S-150x150.png\" class=\"skip-lazy disable-lazyload attachment-150x150 size-150x150\" alt=\"\" srcset=\"https:\/\/ibyme.org.ar\/investigacion\/wp-content\/uploads\/2024\/12\/Juli-S-66x66.png 66w, https:\/\/ibyme.org.ar\/investigacion\/wp-content\/uploads\/2024\/12\/Juli-S-150x150.png 150w\" sizes=\"(max-width: 150px) 100vw, 150px\" \/><\/div>\n\n<div class=\"wpupg-meta-container\">\n\t<div class=\"wpupg-item-title wpupg-block-text-bold\">Julieta Schwarz<\/div>\n    <span class=\"wpupg-item-custom-field wpupg-block-text-normal\">Tesinista de Licenciatura, Facultad de Ciencias Biol\u00f3gicas, FCEyN, UBA<\/span><br>\n    <span><a class=\"single-professional-item\" href='&quot;&quot;' target=\"_blank\" style=\"text-decoration:none; color:black;\"><span class=\"wpupg-item-terms wpupg-block-text-normal\"><span class=\"wpupg-item-term\">Fisiopatolog\u00eda endometrial<\/span><\/span><\/a><\/span>\n<\/div><\/div><div class=\"wpupg-item wpupg-item-post wpupg-item-11454 wpupg-type-integrantes wpupg-item-has-image wpupg-template-profesionales\" data-id=\"11454\" data-order-default=\"Karen Sest\u00faa\"><div class=\"wpupg-item-image wpupg-block-image-normal wpupg-align-center\"><img decoding=\"async\" style=\"border-width: 0px;border-style: solid;border-color: #666666;\" width=\"150\" height=\"150\" src=\"https:\/\/ibyme.org.ar\/investigacion\/wp-content\/uploads\/2024\/10\/20250123_125824-1-150x150.jpg\" class=\"skip-lazy disable-lazyload attachment-150x150 size-150x150\" alt=\"\" srcset=\"https:\/\/ibyme.org.ar\/investigacion\/wp-content\/uploads\/2024\/10\/20250123_125824-1-66x66.jpg 66w, https:\/\/ibyme.org.ar\/investigacion\/wp-content\/uploads\/2024\/10\/20250123_125824-1-150x150.jpg 150w\" sizes=\"(max-width: 150px) 100vw, 150px\" \/><\/div>\n\n<div class=\"wpupg-meta-container\">\n\t<div class=\"wpupg-item-title wpupg-block-text-bold\">Karen Sest\u00faa<\/div>\n    <span class=\"wpupg-item-custom-field wpupg-block-text-normal\">Tesinista<\/span><br>\n    <span><a class=\"single-professional-item\" href='&quot;&quot;' target=\"_blank\" style=\"text-decoration:none; color:black;\"><span class=\"wpupg-item-terms wpupg-block-text-normal\"><span class=\"wpupg-item-term\">Hormonas y C\u00e1ncer<\/span><\/span><\/a><\/span>\n<\/div><\/div><div class=\"wpupg-item wpupg-item-post wpupg-item-12939 wpupg-type-integrantes wpupg-item-has-image wpupg-template-profesionales\" data-id=\"12939\" data-order-default=\"Lara Fern\u00e1ndez\"><div class=\"wpupg-item-image wpupg-block-image-normal wpupg-align-center\"><img decoding=\"async\" style=\"border-width: 0px;border-style: solid;border-color: #666666;\" width=\"150\" height=\"150\" src=\"https:\/\/ibyme.org.ar\/investigacion\/wp-content\/uploads\/2026\/03\/1000226542-150x150.jpg\" class=\"skip-lazy disable-lazyload attachment-150x150 size-150x150\" alt=\"\" srcset=\"https:\/\/ibyme.org.ar\/investigacion\/wp-content\/uploads\/2026\/03\/1000226542-66x66.jpg 66w, https:\/\/ibyme.org.ar\/investigacion\/wp-content\/uploads\/2026\/03\/1000226542-150x150.jpg 150w, https:\/\/ibyme.org.ar\/investigacion\/wp-content\/uploads\/2026\/03\/1000226542-200x200.jpg 200w, https:\/\/ibyme.org.ar\/investigacion\/wp-content\/uploads\/2026\/03\/1000226542-300x300.jpg 300w, https:\/\/ibyme.org.ar\/investigacion\/wp-content\/uploads\/2026\/03\/1000226542-400x400.jpg 400w, https:\/\/ibyme.org.ar\/investigacion\/wp-content\/uploads\/2026\/03\/1000226542-600x600.jpg 600w, https:\/\/ibyme.org.ar\/investigacion\/wp-content\/uploads\/2026\/03\/1000226542-768x768.jpg 768w, https:\/\/ibyme.org.ar\/investigacion\/wp-content\/uploads\/2026\/03\/1000226542-800x800.jpg 800w, https:\/\/ibyme.org.ar\/investigacion\/wp-content\/uploads\/2026\/03\/1000226542-1024x1024.jpg 1024w, https:\/\/ibyme.org.ar\/investigacion\/wp-content\/uploads\/2026\/03\/1000226542-1200x1200.jpg 1200w, https:\/\/ibyme.org.ar\/investigacion\/wp-content\/uploads\/2026\/03\/1000226542-1536x1536.jpg 1536w\" sizes=\"(max-width: 150px) 100vw, 150px\" \/><\/div>\n\n<div class=\"wpupg-meta-container\">\n\t<div class=\"wpupg-item-title wpupg-block-text-bold\">Lara Fern\u00e1ndez<\/div>\n    <span class=\"wpupg-item-custom-field wpupg-block-text-normal\">Pasante de Pr\u00e1cticas Profesionales - Ingenier\u00eda biom\u00e9dica - Universidad Favaloro<\/span><br>\n    <span><a class=\"single-professional-item\" href='\/\/ibyme.org.ar\/investigacion\/laboratorios\/quimica-de-proteoglicanos-y-matriz-extracelular\/&lt;\/span&gt;&quot;' target=\"_blank\" style=\"text-decoration:none; color:black;\"><span class=\"wpupg-item-terms wpupg-block-text-normal\"><span class=\"wpupg-item-term\">Qu\u00edmica de Proteoglicanos y Matriz Extracelular<\/span><\/span><\/a><\/span>\n<\/div><\/div><div class=\"wpupg-item wpupg-item-post wpupg-item-1957 wpupg-type-integrantes wpupg-item-has-image wpupg-template-profesionales\" data-id=\"1957\" data-order-default=\"Leo Saldain\"><div class=\"wpupg-item-image wpupg-block-image-normal wpupg-align-center\"><img decoding=\"async\" style=\"border-width: 0px;border-style: solid;border-color: #666666;\" width=\"150\" height=\"150\" src=\"https:\/\/ibyme.org.ar\/investigacion\/wp-content\/uploads\/2023\/08\/Leo-150x150.jpg\" class=\"skip-lazy disable-lazyload attachment-150x150 size-150x150\" alt=\"\" srcset=\"https:\/\/ibyme.org.ar\/investigacion\/wp-content\/uploads\/2023\/08\/Leo-66x66.jpg 66w, https:\/\/ibyme.org.ar\/investigacion\/wp-content\/uploads\/2023\/08\/Leo-150x150.jpg 150w\" sizes=\"(max-width: 150px) 100vw, 150px\" \/><\/div>\n\n<div class=\"wpupg-meta-container\">\n\t<div class=\"wpupg-item-title wpupg-block-text-bold\">Leo Saldain<\/div>\n    <span class=\"wpupg-item-custom-field wpupg-block-text-normal\">Becario doctoral (CONICET)<\/span><br>\n    <span><a class=\"single-professional-item\" href='\/\/ibyme.org.ar\/investigacion\/laboratorios\/carcinogenesis-hormonal\/&lt;\/span&gt;&quot;' target=\"_blank\" style=\"text-decoration:none; color:black;\"><span class=\"wpupg-item-terms wpupg-block-text-normal\"><span class=\"wpupg-item-term\">Carcinog\u00e9nesis Hormonal<\/span><\/span><\/a><\/span>\n<\/div><\/div><div class=\"wpupg-item wpupg-item-post wpupg-item-1888 wpupg-type-integrantes wpupg-item-has-image wpupg-template-profesionales\" data-id=\"1888\" data-order-default=\"Lic Jessica Presa\"><div class=\"wpupg-item-image wpupg-block-image-normal wpupg-align-center\"><img decoding=\"async\" style=\"border-width: 0px;border-style: solid;border-color: #666666;\" width=\"150\" height=\"150\" src=\"https:\/\/ibyme.org.ar\/investigacion\/wp-content\/uploads\/2023\/03\/person-150x150.png\" class=\"skip-lazy disable-lazyload attachment-150x150 size-150x150\" alt=\"\" srcset=\"https:\/\/ibyme.org.ar\/investigacion\/wp-content\/uploads\/2023\/03\/person-66x66.png 66w, https:\/\/ibyme.org.ar\/investigacion\/wp-content\/uploads\/2023\/03\/person-150x150.png 150w\" sizes=\"(max-width: 150px) 100vw, 150px\" \/><\/div>\n\n<div class=\"wpupg-meta-container\">\n\t<div class=\"wpupg-item-title wpupg-block-text-bold\">Lic Jessica Presa<\/div>\n    <span class=\"wpupg-item-custom-field wpupg-block-text-normal\">Becaria Doctoral CONICET<\/span><br>\n    <span><a class=\"single-professional-item\" href='\/\/ibyme.org.ar\/investigacion\/laboratorios\/neurobiologia-del-envejecimiento\/&lt;\/span&gt;&quot;' target=\"_blank\" style=\"text-decoration:none; color:black;\"><span class=\"wpupg-item-terms wpupg-block-text-normal\"><span class=\"wpupg-item-term\">Neurobiologia del Envejecimiento<\/span><\/span><\/a><\/span>\n<\/div><\/div><div class=\"wpupg-item wpupg-item-post wpupg-item-1890 wpupg-type-integrantes wpupg-item-has-image wpupg-template-profesionales\" data-id=\"1890\" data-order-default=\"Lic Melina Bellotto\"><div class=\"wpupg-item-image wpupg-block-image-normal wpupg-align-center\"><img decoding=\"async\" style=\"border-width: 0px;border-style: solid;border-color: #666666;\" width=\"150\" height=\"150\" src=\"https:\/\/ibyme.org.ar\/investigacion\/wp-content\/uploads\/2023\/03\/IMG_20240301_153256002_HDR-scaled-e1709318706108-150x150.jpg\" class=\"skip-lazy disable-lazyload attachment-150x150 size-150x150\" alt=\"\" srcset=\"https:\/\/ibyme.org.ar\/investigacion\/wp-content\/uploads\/2023\/03\/IMG_20240301_153256002_HDR-scaled-e1709318706108-66x66.jpg 66w, https:\/\/ibyme.org.ar\/investigacion\/wp-content\/uploads\/2023\/03\/IMG_20240301_153256002_HDR-scaled-e1709318706108-150x150.jpg 150w\" sizes=\"(max-width: 150px) 100vw, 150px\" \/><\/div>\n\n<div class=\"wpupg-meta-container\">\n\t<div class=\"wpupg-item-title wpupg-block-text-bold\">Lic Melina Bellotto<\/div>\n    <span class=\"wpupg-item-custom-field wpupg-block-text-normal\">Becaria Doctoral ANPCyT<\/span><br>\n    <span><a class=\"single-professional-item\" href='\/\/ibyme.org.ar\/investigacion\/laboratorios\/neurobiologia-del-envejecimiento\/&lt;\/span&gt;&quot;' target=\"_blank\" style=\"text-decoration:none; color:black;\"><span class=\"wpupg-item-terms wpupg-block-text-normal\"><span class=\"wpupg-item-term\">Neurobiologia del Envejecimiento<\/span><\/span><\/a><\/span>\n<\/div><\/div><div class=\"wpupg-item wpupg-item-post wpupg-item-1887 wpupg-type-integrantes wpupg-item-has-image wpupg-template-profesionales\" data-id=\"1887\" data-order-default=\"Lic Melisa Bentivegna\"><div class=\"wpupg-item-image wpupg-block-image-normal wpupg-align-center\"><img decoding=\"async\" style=\"border-width: 0px;border-style: solid;border-color: #666666;\" width=\"150\" height=\"150\" src=\"https:\/\/ibyme.org.ar\/investigacion\/wp-content\/uploads\/2023\/03\/Foto-para-IByME-Melisa-150x150.jpg\" class=\"skip-lazy disable-lazyload attachment-150x150 size-150x150\" alt=\"\" srcset=\"https:\/\/ibyme.org.ar\/investigacion\/wp-content\/uploads\/2023\/03\/Foto-para-IByME-Melisa-66x66.jpg 66w, https:\/\/ibyme.org.ar\/investigacion\/wp-content\/uploads\/2023\/03\/Foto-para-IByME-Melisa-150x150.jpg 150w\" sizes=\"(max-width: 150px) 100vw, 150px\" \/><\/div>\n\n<div class=\"wpupg-meta-container\">\n\t<div class=\"wpupg-item-title wpupg-block-text-bold\">Lic Melisa Bentivegna<\/div>\n    <span class=\"wpupg-item-custom-field wpupg-block-text-normal\">Becaria Doctoral CONICET<\/span><br>\n    <span><a class=\"single-professional-item\" href='\/\/ibyme.org.ar\/investigacion\/laboratorios\/neurobiologia-del-envejecimiento\/&lt;\/span&gt;&quot;' target=\"_blank\" style=\"text-decoration:none; color:black;\"><span class=\"wpupg-item-terms wpupg-block-text-normal\"><span class=\"wpupg-item-term\">Neurobiologia del Envejecimiento<\/span><\/span><\/a><\/span>\n<\/div><\/div><div class=\"wpupg-item wpupg-item-post wpupg-item-1889 wpupg-type-integrantes wpupg-item-has-image wpupg-template-profesionales\" data-id=\"1889\" data-order-default=\"Lic Nicolas Gonzalez Perez\"><div class=\"wpupg-item-image wpupg-block-image-normal wpupg-align-center\"><img decoding=\"async\" style=\"border-width: 0px;border-style: solid;border-color: #666666;\" width=\"150\" height=\"150\" src=\"https:\/\/ibyme.org.ar\/investigacion\/wp-content\/uploads\/2023\/03\/person-150x150.png\" class=\"skip-lazy disable-lazyload attachment-150x150 size-150x150\" alt=\"\" srcset=\"https:\/\/ibyme.org.ar\/investigacion\/wp-content\/uploads\/2023\/03\/person-66x66.png 66w, https:\/\/ibyme.org.ar\/investigacion\/wp-content\/uploads\/2023\/03\/person-150x150.png 150w\" sizes=\"(max-width: 150px) 100vw, 150px\" \/><\/div>\n\n<div class=\"wpupg-meta-container\">\n\t<div class=\"wpupg-item-title wpupg-block-text-bold\">Lic Nicolas Gonzalez Perez<\/div>\n    <span class=\"wpupg-item-custom-field wpupg-block-text-normal\">Becario Doctoral ANPCyT<\/span><br>\n    <span><a class=\"single-professional-item\" href='\/\/ibyme.org.ar\/investigacion\/laboratorios\/neurobiologia-del-envejecimiento\/&lt;\/span&gt;&quot;' target=\"_blank\" style=\"text-decoration:none; color:black;\"><span class=\"wpupg-item-terms wpupg-block-text-normal\"><span class=\"wpupg-item-term\">Neurobiologia del Envejecimiento<\/span><\/span><\/a><\/span>\n<\/div><\/div><div class=\"wpupg-item wpupg-item-post wpupg-item-2017 wpupg-type-integrantes wpupg-item-has-image wpupg-template-profesionales\" data-id=\"2017\" data-order-default=\"Lic. Abril Rebagliati Cid\"><div class=\"wpupg-item-image wpupg-block-image-normal wpupg-align-center\"><img decoding=\"async\" style=\"border-width: 0px;border-style: solid;border-color: #666666;\" width=\"150\" height=\"150\" src=\"https:\/\/ibyme.org.ar\/investigacion\/wp-content\/uploads\/2023\/03\/Foto-Abril-150x150.jpg\" class=\"skip-lazy disable-lazyload attachment-150x150 size-150x150\" alt=\"\" srcset=\"https:\/\/ibyme.org.ar\/investigacion\/wp-content\/uploads\/2023\/03\/Foto-Abril-66x66.jpg 66w, https:\/\/ibyme.org.ar\/investigacion\/wp-content\/uploads\/2023\/03\/Foto-Abril-150x150.jpg 150w\" sizes=\"(max-width: 150px) 100vw, 150px\" \/><\/div>\n\n<div class=\"wpupg-meta-container\">\n\t<div class=\"wpupg-item-title wpupg-block-text-bold\">Lic. Abril Rebagliati Cid<\/div>\n    <span class=\"wpupg-item-custom-field wpupg-block-text-normal\">Becaria de Posgrado de CONICET<\/span><br>\n    <span><a class=\"single-professional-item\" href='\/\/ibyme.org.ar\/investigacion\/laboratorios\/mecanismos-moleculares-de-la-fertilizacion\/&lt;\/span&gt;&quot;' target=\"_blank\" style=\"text-decoration:none; color:black;\"><span class=\"wpupg-item-terms wpupg-block-text-normal\"><span class=\"wpupg-item-term\">Mecanismos Moleculares de la Fertilizaci\u00f3n<\/span><\/span><\/a><\/span>\n<\/div><\/div><div class=\"wpupg-item wpupg-item-post wpupg-item-12139 wpupg-type-integrantes wpupg-item-has-image wpupg-template-profesionales\" data-id=\"12139\" data-order-default=\"Lic. Agust\u00edn de Celis Sobral\"><div class=\"wpupg-item-image wpupg-block-image-normal wpupg-align-center\"><img decoding=\"async\" style=\"border-width: 0px;border-style: solid;border-color: #666666;\" width=\"150\" height=\"150\" src=\"https:\/\/ibyme.org.ar\/investigacion\/wp-content\/uploads\/2025\/04\/Lic.-Agustin-de-Celis-Sobral-150x150.jpg\" class=\"skip-lazy disable-lazyload attachment-150x150 size-150x150\" alt=\"\" srcset=\"https:\/\/ibyme.org.ar\/investigacion\/wp-content\/uploads\/2025\/04\/Lic.-Agustin-de-Celis-Sobral-66x66.jpg 66w, https:\/\/ibyme.org.ar\/investigacion\/wp-content\/uploads\/2025\/04\/Lic.-Agustin-de-Celis-Sobral-150x150.jpg 150w\" sizes=\"(max-width: 150px) 100vw, 150px\" \/><\/div>\n\n<div class=\"wpupg-meta-container\">\n\t<div class=\"wpupg-item-title wpupg-block-text-bold\">Lic. Agust\u00edn de Celis Sobral<\/div>\n    <span class=\"wpupg-item-custom-field wpupg-block-text-normal\">Becario Doctoral de Iniciaci\u00f3n (ANPCYT)<\/span><br>\n    <span><a class=\"single-professional-item\" href='&quot;&quot;' target=\"_blank\" style=\"text-decoration:none; color:black;\"><span class=\"wpupg-item-terms wpupg-block-text-normal\"><span class=\"wpupg-item-term\">Fisiolog\u00eda Testicular<\/span><\/span><\/a><\/span>\n<\/div><\/div><div class=\"wpupg-item wpupg-item-post wpupg-item-1854 wpupg-type-integrantes wpupg-item-has-image wpupg-template-profesionales\" data-id=\"1854\" data-order-default=\"Lic. Alina Cavallotti Gomez\"><div class=\"wpupg-item-image wpupg-block-image-normal wpupg-align-center\"><img decoding=\"async\" style=\"border-width: 0px;border-style: solid;border-color: #666666;\" width=\"150\" height=\"150\" src=\"https:\/\/ibyme.org.ar\/investigacion\/wp-content\/uploads\/2023\/05\/Foto-Alina-1-150x150.jpg\" class=\"skip-lazy disable-lazyload attachment-150x150 size-150x150\" alt=\"Lic. Alina Cavallotti Gomez\" srcset=\"https:\/\/ibyme.org.ar\/investigacion\/wp-content\/uploads\/2023\/05\/Foto-Alina-1-66x66.jpg 66w, https:\/\/ibyme.org.ar\/investigacion\/wp-content\/uploads\/2023\/05\/Foto-Alina-1-150x150.jpg 150w\" sizes=\"(max-width: 150px) 100vw, 150px\" \/><\/div>\n\n<div class=\"wpupg-meta-container\">\n\t<div class=\"wpupg-item-title wpupg-block-text-bold\">Lic. Alina Cavallotti Gomez<\/div>\n    <span class=\"wpupg-item-custom-field wpupg-block-text-normal\">Beca de finalizaci\u00f3n de doctorado (CONICET)<\/span><br>\n    <span><a class=\"single-professional-item\" href='\/\/ibyme.org.ar\/investigacion\/laboratorios\/neuro-inmuno-endocrinologia-testicular\/&lt;\/span&gt;&quot;' target=\"_blank\" style=\"text-decoration:none; color:black;\"><span class=\"wpupg-item-terms wpupg-block-text-normal\"><span class=\"wpupg-item-term\">Neuro-Inmuno-Endocrinolog\u00eda Testicular<\/span><\/span><\/a><\/span>\n<\/div><\/div><div class=\"wpupg-item wpupg-item-post wpupg-item-7178 wpupg-type-integrantes wpupg-item-has-image wpupg-template-profesionales\" data-id=\"7178\" data-order-default=\"Lic. Camila Gisela Szczepanik\"><div class=\"wpupg-item-image wpupg-block-image-normal wpupg-align-center\"><img decoding=\"async\" style=\"border-width: 0px;border-style: solid;border-color: #666666;\" width=\"150\" height=\"150\" src=\"https:\/\/ibyme.org.ar\/investigacion\/wp-content\/uploads\/2023\/03\/person-150x150.png\" class=\"skip-lazy disable-lazyload attachment-150x150 size-150x150\" alt=\"\" srcset=\"https:\/\/ibyme.org.ar\/investigacion\/wp-content\/uploads\/2023\/03\/person-66x66.png 66w, https:\/\/ibyme.org.ar\/investigacion\/wp-content\/uploads\/2023\/03\/person-150x150.png 150w\" sizes=\"(max-width: 150px) 100vw, 150px\" \/><\/div>\n\n<div class=\"wpupg-meta-container\">\n\t<div class=\"wpupg-item-title wpupg-block-text-bold\">Lic. Camila Gisela Szczepanik<\/div>\n    <span class=\"wpupg-item-custom-field wpupg-block-text-normal\">Becaria (Agencia)<\/span><br>\n    <span><a class=\"single-professional-item\" href='\/\/ibyme.org.ar\/investigacion\/laboratorios\/receptores-nucleares\/&lt;\/span&gt;&quot;' target=\"_blank\" style=\"text-decoration:none; color:black;\"><span class=\"wpupg-item-terms wpupg-block-text-normal\"><span class=\"wpupg-item-term\">Receptores Nucleares<\/span><\/span><\/a><\/span>\n<\/div><\/div><div class=\"wpupg-item wpupg-item-post wpupg-item-4951 wpupg-type-integrantes wpupg-item-has-image wpupg-template-profesionales\" data-id=\"4951\" data-order-default=\"Lic. Candela Velazquez\"><div class=\"wpupg-item-image wpupg-block-image-normal wpupg-align-center\"><img decoding=\"async\" style=\"border-width: 0px;border-style: solid;border-color: #666666;\" width=\"150\" height=\"150\" src=\"https:\/\/ibyme.org.ar\/investigacion\/wp-content\/uploads\/2023\/04\/Candela-V-01-150x150.jpg\" class=\"skip-lazy disable-lazyload attachment-150x150 size-150x150\" alt=\"\" srcset=\"https:\/\/ibyme.org.ar\/investigacion\/wp-content\/uploads\/2023\/04\/Candela-V-01-66x66.jpg 66w, https:\/\/ibyme.org.ar\/investigacion\/wp-content\/uploads\/2023\/04\/Candela-V-01-150x150.jpg 150w\" sizes=\"(max-width: 150px) 100vw, 150px\" \/><\/div>\n\n<div class=\"wpupg-meta-container\">\n\t<div class=\"wpupg-item-title wpupg-block-text-bold\">Lic. Candela Velazquez<\/div>\n    <span class=\"wpupg-item-custom-field wpupg-block-text-normal\">Becaria Doctoral (CONICET)<\/span><br>\n    <span><a class=\"single-professional-item\" href='\/\/ibyme.org.ar\/investigacion\/laboratorios\/estudios-de-la-fisiopatologia-del-ovario\/&lt;\/span&gt;&quot;' target=\"_blank\" style=\"text-decoration:none; color:black;\"><span class=\"wpupg-item-terms wpupg-block-text-normal\"><span class=\"wpupg-item-term\">Estudios de la Fisiopatolog\u00eda del Ovario<\/span><\/span><\/a><\/span>\n<\/div><\/div><div class=\"wpupg-item wpupg-item-post wpupg-item-2058 wpupg-type-integrantes wpupg-item-has-image wpupg-template-profesionales\" data-id=\"2058\" data-order-default=\"Lic. Carolina Banz\u00e1n\"><div class=\"wpupg-item-image wpupg-block-image-normal wpupg-align-center\"><img decoding=\"async\" style=\"border-width: 0px;border-style: solid;border-color: #666666;\" width=\"150\" height=\"150\" src=\"https:\/\/ibyme.org.ar\/investigacion\/wp-content\/uploads\/2023\/08\/20230807_151456-150x150.jpg\" class=\"skip-lazy disable-lazyload attachment-150x150 size-150x150\" alt=\"\" srcset=\"https:\/\/ibyme.org.ar\/investigacion\/wp-content\/uploads\/2023\/08\/20230807_151456-66x66.jpg 66w, https:\/\/ibyme.org.ar\/investigacion\/wp-content\/uploads\/2023\/08\/20230807_151456-150x150.jpg 150w\" sizes=\"(max-width: 150px) 100vw, 150px\" \/><\/div>\n\n<div class=\"wpupg-meta-container\">\n\t<div class=\"wpupg-item-title wpupg-block-text-bold\">Lic. Carolina Banz\u00e1n<\/div>\n    <span class=\"wpupg-item-custom-field wpupg-block-text-normal\">Becaria (Mincyt)<\/span><br>\n    <span><a class=\"single-professional-item\" href='\/\/ibyme.org.ar\/investigacion\/laboratorios\/bioquimica-neuroendocrina\/&lt;\/span&gt;&quot;' target=\"_blank\" style=\"text-decoration:none; color:black;\"><span class=\"wpupg-item-terms wpupg-block-text-normal\"><span class=\"wpupg-item-term\">Bioqu\u00edmica Neuroend\u00f3crina<\/span><\/span><\/a><\/span>\n<\/div><\/div><div class=\"wpupg-item wpupg-item-post wpupg-item-11453 wpupg-type-integrantes wpupg-item-has-image wpupg-template-profesionales\" data-id=\"11453\" data-order-default=\"Lic. Celine Almeida Gouv\u00eaa\"><div class=\"wpupg-item-image wpupg-block-image-normal wpupg-align-center\"><img decoding=\"async\" style=\"border-width: 0px;border-style: solid;border-color: #666666;\" width=\"150\" height=\"150\" src=\"https:\/\/ibyme.org.ar\/investigacion\/wp-content\/uploads\/2025\/01\/IMG-20240905-WA0060-150x150.jpg\" class=\"skip-lazy disable-lazyload attachment-150x150 size-150x150\" alt=\"\" srcset=\"https:\/\/ibyme.org.ar\/investigacion\/wp-content\/uploads\/2025\/01\/IMG-20240905-WA0060-66x66.jpg 66w, https:\/\/ibyme.org.ar\/investigacion\/wp-content\/uploads\/2025\/01\/IMG-20240905-WA0060-150x150.jpg 150w\" sizes=\"(max-width: 150px) 100vw, 150px\" \/><\/div>\n\n<div class=\"wpupg-meta-container\">\n\t<div class=\"wpupg-item-title wpupg-block-text-bold\">Lic. Celine Almeida Gouv\u00eaa<\/div>\n    <span class=\"wpupg-item-custom-field wpupg-block-text-normal\">Becaria doctoral<\/span><br>\n    <span><a class=\"single-professional-item\" href='&quot;&quot;' target=\"_blank\" style=\"text-decoration:none; color:black;\"><span class=\"wpupg-item-terms wpupg-block-text-normal\"><span class=\"wpupg-item-term\">Hormonas y C\u00e1ncer<\/span><\/span><\/a><\/span>\n<\/div><\/div><div class=\"wpupg-item wpupg-item-post wpupg-item-1922 wpupg-type-integrantes wpupg-item-has-image wpupg-template-profesionales\" data-id=\"1922\" data-order-default=\"Lic. Dana Micaela Bornancini\"><div class=\"wpupg-item-image wpupg-block-image-normal wpupg-align-center\"><img decoding=\"async\" style=\"border-width: 0px;border-style: solid;border-color: #666666;\" width=\"150\" height=\"150\" src=\"https:\/\/ibyme.org.ar\/investigacion\/wp-content\/uploads\/2023\/03\/Lab-Diaz-T-2024-Dana-03-150x150.jpg\" class=\"skip-lazy disable-lazyload attachment-150x150 size-150x150\" alt=\"\" srcset=\"https:\/\/ibyme.org.ar\/investigacion\/wp-content\/uploads\/2023\/03\/Lab-Diaz-T-2024-Dana-03-66x66.jpg 66w, https:\/\/ibyme.org.ar\/investigacion\/wp-content\/uploads\/2023\/03\/Lab-Diaz-T-2024-Dana-03-150x150.jpg 150w\" sizes=\"(max-width: 150px) 100vw, 150px\" \/><\/div>\n\n<div class=\"wpupg-meta-container\">\n\t<div class=\"wpupg-item-title wpupg-block-text-bold\">Lic. Dana Micaela Bornancini<\/div>\n    <span class=\"wpupg-item-custom-field wpupg-block-text-normal\">Becaria doctoral<\/span><br>\n    <span><a class=\"single-professional-item\" href='\/\/ibyme.org.ar\/investigacion\/laboratorios\/fisiopatologia-hormonal\/&lt;\/span&gt;&quot;' target=\"_blank\" style=\"text-decoration:none; color:black;\"><span class=\"wpupg-item-terms wpupg-block-text-normal\"><span class=\"wpupg-item-term\">Fisiopatolog\u00eda Hormonal<\/span><\/span><\/a><\/span>\n<\/div><\/div><div class=\"wpupg-item wpupg-item-post wpupg-item-12169 wpupg-type-integrantes wpupg-item-has-image wpupg-template-profesionales\" data-id=\"12169\" data-order-default=\"Lic. Daniela Bel\u00e9n Gareis\"><div class=\"wpupg-item-image wpupg-block-image-normal wpupg-align-center\"><img decoding=\"async\" style=\"border-width: 0px;border-style: solid;border-color: #666666;\" width=\"150\" height=\"150\" src=\"https:\/\/ibyme.org.ar\/investigacion\/wp-content\/uploads\/2025\/04\/Daniela-Gareis-150x150.jpg\" class=\"skip-lazy disable-lazyload attachment-150x150 size-150x150\" alt=\"\" srcset=\"https:\/\/ibyme.org.ar\/investigacion\/wp-content\/uploads\/2025\/04\/Daniela-Gareis-66x66.jpg 66w, https:\/\/ibyme.org.ar\/investigacion\/wp-content\/uploads\/2025\/04\/Daniela-Gareis-150x150.jpg 150w\" sizes=\"(max-width: 150px) 100vw, 150px\" \/><\/div>\n\n<div class=\"wpupg-meta-container\">\n\t<div class=\"wpupg-item-title wpupg-block-text-bold\">Lic. Daniela Bel\u00e9n Gareis<\/div>\n    <span class=\"wpupg-item-custom-field wpupg-block-text-normal\">Becaria de doctorado CONICET<\/span><br>\n    <span><a class=\"single-professional-item\" href='&quot;&quot;' target=\"_blank\" style=\"text-decoration:none; color:black;\"><span class=\"wpupg-item-terms wpupg-block-text-normal\"><span class=\"wpupg-item-term\">Fisiopatolog\u00eda de la Inmunidad Innata<\/span><\/span><\/a><\/span>\n<\/div><\/div><div class=\"wpupg-item wpupg-item-post wpupg-item-2065 wpupg-type-integrantes wpupg-item-has-image wpupg-template-profesionales\" data-id=\"2065\" data-order-default=\"Lic. D\u00e9bora Catalano\"><div class=\"wpupg-item-image wpupg-block-image-normal wpupg-align-center\"><img decoding=\"async\" style=\"border-width: 0px;border-style: solid;border-color: #666666;\" width=\"150\" height=\"150\" src=\"https:\/\/ibyme.org.ar\/investigacion\/wp-content\/uploads\/2023\/03\/Debi-Catalano-150x150.jpg\" class=\"skip-lazy disable-lazyload attachment-150x150 size-150x150\" alt=\"\" srcset=\"https:\/\/ibyme.org.ar\/investigacion\/wp-content\/uploads\/2023\/03\/Debi-Catalano-66x66.jpg 66w, https:\/\/ibyme.org.ar\/investigacion\/wp-content\/uploads\/2023\/03\/Debi-Catalano-150x150.jpg 150w\" sizes=\"(max-width: 150px) 100vw, 150px\" \/><\/div>\n\n<div class=\"wpupg-meta-container\">\n\t<div class=\"wpupg-item-title wpupg-block-text-bold\">Lic. D\u00e9bora Catalano<\/div>\n    <span class=\"wpupg-item-custom-field wpupg-block-text-normal\">Licenciada en Gen\u00e9tica. Universidad de Mor\u00f3n.  Doctorando e Investigadora Colaboradora Fertilab. Directora: Dra. M\u00f3nica Vazquez-Levin<\/span><br>\n    <span><a class=\"single-professional-item\" href='\/\/ibyme.org.ar\/investigacion\/laboratorios\/estudios-de-interaccion-celular-en-reproduccion-y-cancer\/&lt;\/span&gt;&quot;' target=\"_blank\" style=\"text-decoration:none; color:black;\"><span class=\"wpupg-item-terms wpupg-block-text-normal\"><span class=\"wpupg-item-term\">Estudios de Interacci\u00f3n Celular en Reproducci\u00f3n y C\u00e1ncer<\/span><\/span><\/a><\/span>\n<\/div><\/div><div class=\"wpupg-item wpupg-item-post wpupg-item-12763 wpupg-type-integrantes wpupg-item-has-image wpupg-template-profesionales\" data-id=\"12763\" data-order-default=\"Lic. Facundo Robert\"><div class=\"wpupg-item-image wpupg-block-image-normal wpupg-align-center\"><img decoding=\"async\" style=\"border-width: 0px;border-style: solid;border-color: #666666;\" width=\"150\" height=\"150\" src=\"https:\/\/ibyme.org.ar\/investigacion\/wp-content\/uploads\/2026\/01\/32492F72-AD35-4D11-9733-446DEE0916EF-150x150.jpg\" class=\"skip-lazy disable-lazyload attachment-150x150 size-150x150\" alt=\"\" srcset=\"https:\/\/ibyme.org.ar\/investigacion\/wp-content\/uploads\/2026\/01\/32492F72-AD35-4D11-9733-446DEE0916EF-66x66.jpg 66w, https:\/\/ibyme.org.ar\/investigacion\/wp-content\/uploads\/2026\/01\/32492F72-AD35-4D11-9733-446DEE0916EF-150x150.jpg 150w, https:\/\/ibyme.org.ar\/investigacion\/wp-content\/uploads\/2026\/01\/32492F72-AD35-4D11-9733-446DEE0916EF-200x200.jpg 200w, https:\/\/ibyme.org.ar\/investigacion\/wp-content\/uploads\/2026\/01\/32492F72-AD35-4D11-9733-446DEE0916EF-300x300.jpg 300w, https:\/\/ibyme.org.ar\/investigacion\/wp-content\/uploads\/2026\/01\/32492F72-AD35-4D11-9733-446DEE0916EF-400x400.jpg 400w, https:\/\/ibyme.org.ar\/investigacion\/wp-content\/uploads\/2026\/01\/32492F72-AD35-4D11-9733-446DEE0916EF-600x600.jpg 600w, https:\/\/ibyme.org.ar\/investigacion\/wp-content\/uploads\/2026\/01\/32492F72-AD35-4D11-9733-446DEE0916EF-768x768.jpg 768w, https:\/\/ibyme.org.ar\/investigacion\/wp-content\/uploads\/2026\/01\/32492F72-AD35-4D11-9733-446DEE0916EF-800x800.jpg 800w, https:\/\/ibyme.org.ar\/investigacion\/wp-content\/uploads\/2026\/01\/32492F72-AD35-4D11-9733-446DEE0916EF.jpg 1024w\" sizes=\"(max-width: 150px) 100vw, 150px\" \/><\/div>\n\n<div class=\"wpupg-meta-container\">\n\t<div class=\"wpupg-item-title wpupg-block-text-bold\">Lic. Facundo Robert<\/div>\n    <span class=\"wpupg-item-custom-field wpupg-block-text-normal\">Becario de Posgrado de CONICET<\/span><br>\n    <span><a class=\"single-professional-item\" href='&quot;&quot;' target=\"_blank\" style=\"text-decoration:none; color:black;\"><span class=\"wpupg-item-terms wpupg-block-text-normal\"><span class=\"wpupg-item-term\">Mecanismos Moleculares de la Fertilizaci\u00f3n<\/span><\/span><\/a><\/span>\n<\/div><\/div><div class=\"wpupg-item wpupg-item-post wpupg-item-12339 wpupg-type-integrantes wpupg-item-has-image wpupg-template-profesionales\" data-id=\"12339\" data-order-default=\"Lic. Federico Szmidt\"><div class=\"wpupg-item-image wpupg-block-image-normal wpupg-align-center\"><img decoding=\"async\" style=\"border-width: 0px;border-style: solid;border-color: #666666;\" width=\"150\" height=\"150\" src=\"https:\/\/ibyme.org.ar\/investigacion\/wp-content\/uploads\/2023\/06\/person-289x300-1-150x150.png\" class=\"skip-lazy disable-lazyload attachment-150x150 size-150x150\" alt=\"\" srcset=\"https:\/\/ibyme.org.ar\/investigacion\/wp-content\/uploads\/2023\/06\/person-289x300-1-66x66.png 66w, https:\/\/ibyme.org.ar\/investigacion\/wp-content\/uploads\/2023\/06\/person-289x300-1-150x150.png 150w\" sizes=\"(max-width: 150px) 100vw, 150px\" \/><\/div>\n\n<div class=\"wpupg-meta-container\">\n\t<div class=\"wpupg-item-title wpupg-block-text-bold\">Lic. Federico Szmidt<\/div>\n    <span class=\"wpupg-item-custom-field wpupg-block-text-normal\">Licenciado UBA<\/span><br>\n    <span><a class=\"single-professional-item\" href='&quot;&quot;' target=\"_blank\" style=\"text-decoration:none; color:black;\"><span class=\"wpupg-item-terms wpupg-block-text-normal\"><span class=\"wpupg-item-term\">Biolog\u00eda del Comportamiento<\/span><\/span><\/a><\/span>\n<\/div><\/div><div class=\"wpupg-item wpupg-item-post wpupg-item-1871 wpupg-type-integrantes wpupg-item-has-image wpupg-template-profesionales\" data-id=\"1871\" data-order-default=\"Lic. Florencia Pascual\"><div class=\"wpupg-item-image wpupg-block-image-normal wpupg-align-center\"><img decoding=\"async\" style=\"border-width: 0px;border-style: solid;border-color: #666666;\" width=\"150\" height=\"150\" src=\"https:\/\/ibyme.org.ar\/investigacion\/wp-content\/uploads\/2023\/03\/Florencia-sola-2-ESTA-Copy-150x150.jpg\" class=\"skip-lazy disable-lazyload attachment-150x150 size-150x150\" alt=\"\" srcset=\"https:\/\/ibyme.org.ar\/investigacion\/wp-content\/uploads\/2023\/03\/Florencia-sola-2-ESTA-Copy-66x66.jpg 66w, https:\/\/ibyme.org.ar\/investigacion\/wp-content\/uploads\/2023\/03\/Florencia-sola-2-ESTA-Copy-150x150.jpg 150w\" sizes=\"(max-width: 150px) 100vw, 150px\" \/><\/div>\n\n<div class=\"wpupg-meta-container\">\n\t<div class=\"wpupg-item-title wpupg-block-text-bold\">Lic. Florencia Pascual<\/div>\n    <span class=\"wpupg-item-custom-field wpupg-block-text-normal\">Becaria Doctoral CONICET<\/span><br>\n    <span><a class=\"single-professional-item\" href='\/\/ibyme.org.ar\/investigacion\/laboratorios\/regulacion-hipofisaria\/&lt;\/span&gt;&quot;' target=\"_blank\" style=\"text-decoration:none; color:black;\"><span class=\"wpupg-item-terms wpupg-block-text-normal\"><span class=\"wpupg-item-term\">Regulaci\u00f3n Hipofisaria<\/span><\/span><\/a><\/span>\n<\/div><\/div><div class=\"wpupg-item wpupg-item-post wpupg-item-1937 wpupg-type-integrantes wpupg-item-has-image wpupg-template-profesionales\" data-id=\"1937\" data-order-default=\"Lic. Gisela Eliane G\u00f3mez\"><div class=\"wpupg-item-image wpupg-block-image-normal wpupg-align-center\"><img decoding=\"async\" style=\"border-width: 0px;border-style: solid;border-color: #666666;\" width=\"150\" height=\"150\" src=\"https:\/\/ibyme.org.ar\/investigacion\/wp-content\/uploads\/2023\/03\/Gomez-150x150.jpg\" class=\"skip-lazy disable-lazyload attachment-150x150 size-150x150\" alt=\"\" srcset=\"https:\/\/ibyme.org.ar\/investigacion\/wp-content\/uploads\/2023\/03\/Gomez-66x66.jpg 66w, https:\/\/ibyme.org.ar\/investigacion\/wp-content\/uploads\/2023\/03\/Gomez-150x150.jpg 150w\" sizes=\"(max-width: 150px) 100vw, 150px\" \/><\/div>\n\n<div class=\"wpupg-meta-container\">\n\t<div class=\"wpupg-item-title wpupg-block-text-bold\">Lic. Gisela Eliane G\u00f3mez<\/div>\n    <span class=\"wpupg-item-custom-field wpupg-block-text-normal\">Becaria Doctoral (ANPCyT)<\/span><br>\n    <span><a class=\"single-professional-item\" href='\/\/ibyme.org.ar\/investigacion\/laboratorios\/patologia-y-farmacologia-molecular\/&lt;\/span&gt;&quot;' target=\"_blank\" style=\"text-decoration:none; color:black;\"><span class=\"wpupg-item-terms wpupg-block-text-normal\"><span class=\"wpupg-item-term\">Patolog\u00eda y Farmacolog\u00eda Molecular<\/span><\/span><\/a><\/span>\n<\/div><\/div><div class=\"wpupg-item wpupg-item-post wpupg-item-7187 wpupg-type-integrantes wpupg-item-has-image wpupg-template-profesionales\" data-id=\"7187\" data-order-default=\"Lic. Griselda Micaela Vivanco\"><div class=\"wpupg-item-image wpupg-block-image-normal wpupg-align-center\"><img decoding=\"async\" style=\"border-width: 0px;border-style: solid;border-color: #666666;\" width=\"150\" height=\"150\" src=\"https:\/\/ibyme.org.ar\/investigacion\/wp-content\/uploads\/2023\/06\/Foto-Mica-150x150.jpeg\" class=\"skip-lazy disable-lazyload attachment-150x150 size-150x150\" alt=\"\" srcset=\"https:\/\/ibyme.org.ar\/investigacion\/wp-content\/uploads\/2023\/06\/Foto-Mica-66x66.jpeg 66w, https:\/\/ibyme.org.ar\/investigacion\/wp-content\/uploads\/2023\/06\/Foto-Mica-150x150.jpeg 150w, https:\/\/ibyme.org.ar\/investigacion\/wp-content\/uploads\/2023\/06\/Foto-Mica-200x200.jpeg 200w, https:\/\/ibyme.org.ar\/investigacion\/wp-content\/uploads\/2023\/06\/Foto-Mica-300x300.jpeg 300w, https:\/\/ibyme.org.ar\/investigacion\/wp-content\/uploads\/2023\/06\/Foto-Mica-400x400.jpeg 400w, https:\/\/ibyme.org.ar\/investigacion\/wp-content\/uploads\/2023\/06\/Foto-Mica-600x600.jpeg 600w, https:\/\/ibyme.org.ar\/investigacion\/wp-content\/uploads\/2023\/06\/Foto-Mica-768x768.jpeg 768w, https:\/\/ibyme.org.ar\/investigacion\/wp-content\/uploads\/2023\/06\/Foto-Mica-800x800.jpeg 800w, https:\/\/ibyme.org.ar\/investigacion\/wp-content\/uploads\/2023\/06\/Foto-Mica.jpeg 940w\" sizes=\"(max-width: 150px) 100vw, 150px\" \/><\/div>\n\n<div class=\"wpupg-meta-container\">\n\t<div class=\"wpupg-item-title wpupg-block-text-bold\">Lic. Griselda Micaela Vivanco<\/div>\n    <span class=\"wpupg-item-custom-field wpupg-block-text-normal\">Becaria (Agencia)<\/span><br>\n    <span><a class=\"single-professional-item\" href='\/\/ibyme.org.ar\/investigacion\/laboratorios\/proteinas-quinasas-y-cancer\/&lt;\/span&gt;&quot;' target=\"_blank\" style=\"text-decoration:none; color:black;\"><span class=\"wpupg-item-terms wpupg-block-text-normal\"><span class=\"wpupg-item-term\">Prote\u00ednas Quinasas y Oncolog\u00eda Molecular<\/span><\/span><\/a><\/span>\n<\/div><\/div><div class=\"wpupg-item wpupg-item-post wpupg-item-7177 wpupg-type-integrantes wpupg-item-has-image wpupg-template-profesionales\" data-id=\"7177\" data-order-default=\"Lic. Iara Santa Cruz\"><div class=\"wpupg-item-image wpupg-block-image-normal wpupg-align-center\"><img decoding=\"async\" style=\"border-width: 0px;border-style: solid;border-color: #666666;\" width=\"150\" height=\"150\" src=\"https:\/\/ibyme.org.ar\/investigacion\/wp-content\/uploads\/2023\/03\/person-150x150.png\" class=\"skip-lazy disable-lazyload attachment-150x150 size-150x150\" alt=\"\" srcset=\"https:\/\/ibyme.org.ar\/investigacion\/wp-content\/uploads\/2023\/03\/person-66x66.png 66w, https:\/\/ibyme.org.ar\/investigacion\/wp-content\/uploads\/2023\/03\/person-150x150.png 150w\" sizes=\"(max-width: 150px) 100vw, 150px\" \/><\/div>\n\n<div class=\"wpupg-meta-container\">\n\t<div class=\"wpupg-item-title wpupg-block-text-bold\">Lic. Iara Santa Cruz<\/div>\n    <span class=\"wpupg-item-custom-field wpupg-block-text-normal\">Becaria Doctoral (CONICET)<\/span><br>\n    <span><a class=\"single-professional-item\" href='\/\/ibyme.org.ar\/investigacion\/laboratorios\/receptores-nucleares\/&lt;\/span&gt;&quot;' target=\"_blank\" style=\"text-decoration:none; color:black;\"><span class=\"wpupg-item-terms wpupg-block-text-normal\"><span class=\"wpupg-item-term\">Receptores Nucleares<\/span><\/span><\/a><\/span>\n<\/div><\/div><div class=\"wpupg-item wpupg-item-post wpupg-item-2057 wpupg-type-integrantes wpupg-item-has-image wpupg-template-profesionales\" data-id=\"2057\" data-order-default=\"Lic. Iv\u00e1n Esperante\"><div class=\"wpupg-item-image wpupg-block-image-normal wpupg-align-center\"><img decoding=\"async\" style=\"border-width: 0px;border-style: solid;border-color: #666666;\" width=\"150\" height=\"150\" src=\"https:\/\/ibyme.org.ar\/investigacion\/wp-content\/uploads\/2023\/08\/20230808_094153-150x150.jpg\" class=\"skip-lazy disable-lazyload attachment-150x150 size-150x150\" alt=\"\" srcset=\"https:\/\/ibyme.org.ar\/investigacion\/wp-content\/uploads\/2023\/08\/20230808_094153-66x66.jpg 66w, https:\/\/ibyme.org.ar\/investigacion\/wp-content\/uploads\/2023\/08\/20230808_094153-150x150.jpg 150w\" sizes=\"(max-width: 150px) 100vw, 150px\" \/><\/div>\n\n<div class=\"wpupg-meta-container\">\n\t<div class=\"wpupg-item-title wpupg-block-text-bold\">Lic. Iv\u00e1n Esperante<\/div>\n    <span class=\"wpupg-item-custom-field wpupg-block-text-normal\">Becario Doctoral (CONICET)<\/span><br>\n    <span><a class=\"single-professional-item\" href='\/\/ibyme.org.ar\/investigacion\/laboratorios\/bioquimica-neuroendocrina\/&lt;\/span&gt;&quot;' target=\"_blank\" style=\"text-decoration:none; color:black;\"><span class=\"wpupg-item-terms wpupg-block-text-normal\"><span class=\"wpupg-item-term\">Bioqu\u00edmica Neuroend\u00f3crina<\/span><\/span><\/a><\/span>\n<\/div><\/div><div class=\"wpupg-item wpupg-item-post wpupg-item-2016 wpupg-type-integrantes wpupg-item-has-image wpupg-template-profesionales\" data-id=\"2016\" data-order-default=\"Lic. Jael Herzfeld\"><div class=\"wpupg-item-image wpupg-block-image-normal wpupg-align-center\"><img decoding=\"async\" style=\"border-width: 0px;border-style: solid;border-color: #666666;\" width=\"150\" height=\"150\" src=\"https:\/\/ibyme.org.ar\/investigacion\/wp-content\/uploads\/2023\/03\/1710247102708-150x150.jpg\" class=\"skip-lazy disable-lazyload attachment-150x150 size-150x150\" alt=\"\" srcset=\"https:\/\/ibyme.org.ar\/investigacion\/wp-content\/uploads\/2023\/03\/1710247102708-66x66.jpg 66w, https:\/\/ibyme.org.ar\/investigacion\/wp-content\/uploads\/2023\/03\/1710247102708-150x150.jpg 150w\" sizes=\"(max-width: 150px) 100vw, 150px\" \/><\/div>\n\n<div class=\"wpupg-meta-container\">\n\t<div class=\"wpupg-item-title wpupg-block-text-bold\">Lic. Jael Herzfeld<\/div>\n    <span class=\"wpupg-item-custom-field wpupg-block-text-normal\">Becaria Doctoral CONICET<\/span><br>\n    <span><a class=\"single-professional-item\" href='\/\/ibyme.org.ar\/investigacion\/laboratorios\/mecanismos-moleculares-de-la-fertilizacion\/&lt;\/span&gt;&quot;' target=\"_blank\" style=\"text-decoration:none; color:black;\"><span class=\"wpupg-item-terms wpupg-block-text-normal\"><span class=\"wpupg-item-term\">Biolog\u00eda de las Gametas<\/span><\/span><\/a><\/span>\n<\/div><\/div><div class=\"wpupg-item wpupg-item-post wpupg-item-1877 wpupg-type-integrantes wpupg-item-has-image wpupg-template-profesionales\" data-id=\"1877\" data-order-default=\"Lic. Juan Manuel Ria\u00f1o Gomez\"><div class=\"wpupg-item-image wpupg-block-image-normal wpupg-align-center\"><img decoding=\"async\" style=\"border-width: 0px;border-style: solid;border-color: #666666;\" width=\"150\" height=\"150\" src=\"https:\/\/ibyme.org.ar\/investigacion\/wp-content\/uploads\/2023\/03\/juan-150x150.jpg\" class=\"skip-lazy disable-lazyload attachment-150x150 size-150x150\" alt=\"\" srcset=\"https:\/\/ibyme.org.ar\/investigacion\/wp-content\/uploads\/2023\/03\/juan-66x66.jpg 66w, https:\/\/ibyme.org.ar\/investigacion\/wp-content\/uploads\/2023\/03\/juan-150x150.jpg 150w\" sizes=\"(max-width: 150px) 100vw, 150px\" \/><\/div>\n\n<div class=\"wpupg-meta-container\">\n\t<div class=\"wpupg-item-title wpupg-block-text-bold\">Lic. Juan Manuel Ria\u00f1o Gomez<\/div>\n    <span class=\"wpupg-item-custom-field wpupg-block-text-normal\">Becario Doctoral (CONICET)<\/span><br>\n    <span><a class=\"single-professional-item\" href='\/\/ibyme.org.ar\/investigacion\/laboratorios\/neuroendocrinologia\/&lt;\/span&gt;&quot;' target=\"_blank\" style=\"text-decoration:none; color:black;\"><span class=\"wpupg-item-terms wpupg-block-text-normal\"><span class=\"wpupg-item-term\">Neuroendocrinolog\u00eda<\/span><\/span><\/a><\/span>\n<\/div><\/div><div class=\"wpupg-item wpupg-item-post wpupg-item-2055 wpupg-type-integrantes wpupg-item-has-image wpupg-template-profesionales\" data-id=\"2055\" data-order-default=\"Lic. Juli\u00e1n Del Core\"><div class=\"wpupg-item-image wpupg-block-image-normal wpupg-align-center\"><img decoding=\"async\" style=\"border-width: 0px;border-style: solid;border-color: #666666;\" width=\"150\" height=\"150\" src=\"https:\/\/ibyme.org.ar\/investigacion\/wp-content\/uploads\/2023\/08\/20230807_151622-150x150.jpg\" class=\"skip-lazy disable-lazyload attachment-150x150 size-150x150\" alt=\"\" srcset=\"https:\/\/ibyme.org.ar\/investigacion\/wp-content\/uploads\/2023\/08\/20230807_151622-66x66.jpg 66w, https:\/\/ibyme.org.ar\/investigacion\/wp-content\/uploads\/2023\/08\/20230807_151622-150x150.jpg 150w\" sizes=\"(max-width: 150px) 100vw, 150px\" \/><\/div>\n\n<div class=\"wpupg-meta-container\">\n\t<div class=\"wpupg-item-title wpupg-block-text-bold\">Lic. Juli\u00e1n Del Core<\/div>\n    <span class=\"wpupg-item-custom-field wpupg-block-text-normal\">Becario Doctoral (CONICET)<\/span><br>\n    <span><a class=\"single-professional-item\" href='\/\/ibyme.org.ar\/investigacion\/laboratorios\/bioquimica-neuroendocrina\/&lt;\/span&gt;&quot;' target=\"_blank\" style=\"text-decoration:none; color:black;\"><span class=\"wpupg-item-terms wpupg-block-text-normal\"><span class=\"wpupg-item-term\">Bioqu\u00edmica Neuroend\u00f3crina<\/span><\/span><\/a><\/span>\n<\/div><\/div><div class=\"wpupg-item wpupg-item-post wpupg-item-12762 wpupg-type-integrantes wpupg-item-has-image wpupg-template-profesionales\" data-id=\"12762\" data-order-default=\"Lic. Julieta A Simone\"><div class=\"wpupg-item-image wpupg-block-image-normal wpupg-align-center\"><img decoding=\"async\" style=\"border-width: 0px;border-style: solid;border-color: #666666;\" width=\"150\" height=\"150\" src=\"https:\/\/ibyme.org.ar\/investigacion\/wp-content\/uploads\/2026\/01\/IMG_2255-150x150.jpg\" class=\"skip-lazy disable-lazyload attachment-150x150 size-150x150\" alt=\"\" srcset=\"https:\/\/ibyme.org.ar\/investigacion\/wp-content\/uploads\/2026\/01\/IMG_2255-66x66.jpg 66w, https:\/\/ibyme.org.ar\/investigacion\/wp-content\/uploads\/2026\/01\/IMG_2255-150x150.jpg 150w\" sizes=\"(max-width: 150px) 100vw, 150px\" \/><\/div>\n\n<div class=\"wpupg-meta-container\">\n\t<div class=\"wpupg-item-title wpupg-block-text-bold\">Lic. Julieta A Simone<\/div>\n    <span class=\"wpupg-item-custom-field wpupg-block-text-normal\">Becaria de Posgrado de ANPCyT (Agencia de Promoci\u00f3n Cient\u00edfica y Tecnolog\u00eda)<\/span><br>\n    <span><a class=\"single-professional-item\" href='&quot;&quot;' target=\"_blank\" style=\"text-decoration:none; color:black;\"><span class=\"wpupg-item-terms wpupg-block-text-normal\"><span class=\"wpupg-item-term\">Mecanismos Moleculares de la Fertilizaci\u00f3n<\/span><\/span><\/a><\/span>\n<\/div><\/div><div class=\"wpupg-item wpupg-item-post wpupg-item-1861 wpupg-type-integrantes wpupg-item-has-image wpupg-template-profesionales\" data-id=\"1861\" data-order-default=\"Lic. Leonardo Dandeu\"><div class=\"wpupg-item-image wpupg-block-image-normal wpupg-align-center\"><img decoding=\"async\" style=\"border-width: 0px;border-style: solid;border-color: #666666;\" width=\"150\" height=\"150\" src=\"https:\/\/ibyme.org.ar\/investigacion\/wp-content\/uploads\/2023\/08\/loe-150x150.jpg\" class=\"skip-lazy disable-lazyload attachment-150x150 size-150x150\" alt=\"\" srcset=\"https:\/\/ibyme.org.ar\/investigacion\/wp-content\/uploads\/2023\/08\/loe-66x66.jpg 66w, https:\/\/ibyme.org.ar\/investigacion\/wp-content\/uploads\/2023\/08\/loe-150x150.jpg 150w, https:\/\/ibyme.org.ar\/investigacion\/wp-content\/uploads\/2023\/08\/loe-200x200.jpg 200w, https:\/\/ibyme.org.ar\/investigacion\/wp-content\/uploads\/2023\/08\/loe-300x300.jpg 300w, https:\/\/ibyme.org.ar\/investigacion\/wp-content\/uploads\/2023\/08\/loe-400x400.jpg 400w, https:\/\/ibyme.org.ar\/investigacion\/wp-content\/uploads\/2023\/08\/loe-600x601.jpg 600w, https:\/\/ibyme.org.ar\/investigacion\/wp-content\/uploads\/2023\/08\/loe-768x769.jpg 768w, https:\/\/ibyme.org.ar\/investigacion\/wp-content\/uploads\/2023\/08\/loe-800x801.jpg 800w, https:\/\/ibyme.org.ar\/investigacion\/wp-content\/uploads\/2023\/08\/loe.jpg 921w\" sizes=\"(max-width: 150px) 100vw, 150px\" \/><\/div>\n\n<div class=\"wpupg-meta-container\">\n\t<div class=\"wpupg-item-title wpupg-block-text-bold\">Lic. Leonardo Dandeu<\/div>\n    <span class=\"wpupg-item-custom-field wpupg-block-text-normal\">Becario Doctoral (CONICET)<\/span><br>\n    <span><a class=\"single-professional-item\" href='\/\/ibyme.org.ar\/investigacion\/laboratorios\/inmunohematologia\/&lt;\/span&gt;&quot;' target=\"_blank\" style=\"text-decoration:none; color:black;\"><span class=\"wpupg-item-terms wpupg-block-text-normal\"><span class=\"wpupg-item-term\">Inmunohematolog\u00eda<\/span><\/span><\/a><\/span>\n<\/div><\/div><div class=\"wpupg-item wpupg-item-post wpupg-item-2014 wpupg-type-integrantes wpupg-item-has-image wpupg-template-profesionales\" data-id=\"2014\" data-order-default=\"Lic. Lucas N. Gonz\u00e1lez\"><div class=\"wpupg-item-image wpupg-block-image-normal wpupg-align-center\"><img decoding=\"async\" style=\"border-width: 0px;border-style: solid;border-color: #666666;\" width=\"150\" height=\"150\" src=\"https:\/\/ibyme.org.ar\/investigacion\/wp-content\/uploads\/2023\/03\/Lucas-Nicolas-Gonzalez-254x300-1-150x150.jpg\" class=\"skip-lazy disable-lazyload attachment-150x150 size-150x150\" alt=\"\" srcset=\"https:\/\/ibyme.org.ar\/investigacion\/wp-content\/uploads\/2023\/03\/Lucas-Nicolas-Gonzalez-254x300-1-66x66.jpg 66w, https:\/\/ibyme.org.ar\/investigacion\/wp-content\/uploads\/2023\/03\/Lucas-Nicolas-Gonzalez-254x300-1-150x150.jpg 150w\" sizes=\"(max-width: 150px) 100vw, 150px\" \/><\/div>\n\n<div class=\"wpupg-meta-container\">\n\t<div class=\"wpupg-item-title wpupg-block-text-bold\">Lic. Lucas N. Gonz\u00e1lez<\/div>\n    <span class=\"wpupg-item-custom-field wpupg-block-text-normal\">Becario Doctoral CONICET <\/span><br>\n    <span><a class=\"single-professional-item\" href='\/\/ibyme.org.ar\/investigacion\/laboratorios\/mecanismos-moleculares-de-la-fertilizacion\/&lt;\/span&gt;&quot;' target=\"_blank\" style=\"text-decoration:none; color:black;\"><span class=\"wpupg-item-terms wpupg-block-text-normal\"><span class=\"wpupg-item-term\">Biolog\u00eda de las Gametas<\/span><\/span><\/a><\/span>\n<\/div><\/div><div class=\"wpupg-item wpupg-item-post wpupg-item-2046 wpupg-type-integrantes wpupg-item-has-image wpupg-template-profesionales\" data-id=\"2046\" data-order-default=\"Lic. Lucila Gotfryd\"><div class=\"wpupg-item-image wpupg-block-image-normal wpupg-align-center\"><img decoding=\"async\" style=\"border-width: 0px;border-style: solid;border-color: #666666;\" width=\"150\" height=\"150\" src=\"https:\/\/ibyme.org.ar\/investigacion\/wp-content\/uploads\/2023\/03\/Captura-de-pantalla-2025-10-17-162804-150x150.png\" class=\"skip-lazy disable-lazyload attachment-150x150 size-150x150\" alt=\"\" srcset=\"https:\/\/ibyme.org.ar\/investigacion\/wp-content\/uploads\/2023\/03\/Captura-de-pantalla-2025-10-17-162804-66x66.png 66w, https:\/\/ibyme.org.ar\/investigacion\/wp-content\/uploads\/2023\/03\/Captura-de-pantalla-2025-10-17-162804-150x150.png 150w\" sizes=\"(max-width: 150px) 100vw, 150px\" \/><\/div>\n\n<div class=\"wpupg-meta-container\">\n\t<div class=\"wpupg-item-title wpupg-block-text-bold\">Lic. Lucila Gotfryd<\/div>\n    <span class=\"wpupg-item-custom-field wpupg-block-text-normal\">Becaria Doctoral (CONICET)<\/span><br>\n    <span><a class=\"single-professional-item\" href='\/\/ibyme.org.ar\/investigacion\/laboratorios\/quimica-de-proteoglicanos-y-matriz-extracelular\/&lt;\/span&gt;&quot;' target=\"_blank\" style=\"text-decoration:none; color:black;\"><span class=\"wpupg-item-terms wpupg-block-text-normal\"><span class=\"wpupg-item-term\">Qu\u00edmica de Proteoglicanos y Matriz Extracelular<\/span><\/span><\/a><\/span>\n<\/div><\/div><div class=\"wpupg-item wpupg-item-post wpupg-item-1870 wpupg-type-integrantes wpupg-item-has-image wpupg-template-profesionales\" data-id=\"1870\" data-order-default=\"Lic. Luis Francisco Mendez\"><div class=\"wpupg-item-image wpupg-block-image-normal wpupg-align-center\"><img decoding=\"async\" style=\"border-width: 0px;border-style: solid;border-color: #666666;\" width=\"150\" height=\"150\" src=\"https:\/\/ibyme.org.ar\/investigacion\/wp-content\/uploads\/2025\/11\/Luis-Mendez-chica-Copy-150x150.jpg\" class=\"skip-lazy disable-lazyload attachment-150x150 size-150x150\" alt=\"\" srcset=\"https:\/\/ibyme.org.ar\/investigacion\/wp-content\/uploads\/2025\/11\/Luis-Mendez-chica-Copy-66x66.jpg 66w, https:\/\/ibyme.org.ar\/investigacion\/wp-content\/uploads\/2025\/11\/Luis-Mendez-chica-Copy-150x150.jpg 150w\" sizes=\"(max-width: 150px) 100vw, 150px\" \/><\/div>\n\n<div class=\"wpupg-meta-container\">\n\t<div class=\"wpupg-item-title wpupg-block-text-bold\">Lic. Luis Francisco Mendez<\/div>\n    <span class=\"wpupg-item-custom-field wpupg-block-text-normal\">Becario ANPCYT<\/span><br>\n    <span><a class=\"single-professional-item\" href='\/\/ibyme.org.ar\/investigacion\/laboratorios\/regulacion-hipofisaria\/&lt;\/span&gt;&quot;' target=\"_blank\" style=\"text-decoration:none; color:black;\"><span class=\"wpupg-item-terms wpupg-block-text-normal\"><span class=\"wpupg-item-term\">Regulaci\u00f3n Hipofisaria<\/span><\/span><\/a><\/span>\n<\/div><\/div><div class=\"wpupg-item wpupg-item-post wpupg-item-1992 wpupg-type-integrantes wpupg-item-has-image wpupg-template-profesionales\" data-id=\"1992\" data-order-default=\"Lic. Manuel Correa Freisztav\"><div class=\"wpupg-item-image wpupg-block-image-normal wpupg-align-center\"><img decoding=\"async\" style=\"border-width: 0px;border-style: solid;border-color: #666666;\" width=\"150\" height=\"150\" src=\"https:\/\/ibyme.org.ar\/investigacion\/wp-content\/uploads\/2023\/03\/FOTO-Manuel-Correa-150x150.jpg\" class=\"skip-lazy disable-lazyload attachment-150x150 size-150x150\" alt=\"\" srcset=\"https:\/\/ibyme.org.ar\/investigacion\/wp-content\/uploads\/2023\/03\/FOTO-Manuel-Correa-66x66.jpg 66w, https:\/\/ibyme.org.ar\/investigacion\/wp-content\/uploads\/2023\/03\/FOTO-Manuel-Correa-150x150.jpg 150w\" sizes=\"(max-width: 150px) 100vw, 150px\" \/><\/div>\n\n<div class=\"wpupg-meta-container\">\n\t<div class=\"wpupg-item-title wpupg-block-text-bold\">Lic. Manuel Correa Freisztav<\/div>\n    <span class=\"wpupg-item-custom-field wpupg-block-text-normal\">Becario Maestr\u00eda (UBA)<\/span><br>\n    <span><a class=\"single-professional-item\" href='\/\/ibyme.org.ar\/investigacion\/laboratorios\/biologia-del-comportamiento\/&lt;\/span&gt;&quot;' target=\"_blank\" style=\"text-decoration:none; color:black;\"><span class=\"wpupg-item-terms wpupg-block-text-normal\"><span class=\"wpupg-item-term\">Biolog\u00eda del Comportamiento<\/span><\/span><\/a><\/span>\n<\/div><\/div><div class=\"wpupg-item wpupg-item-post wpupg-item-1845 wpupg-type-integrantes wpupg-item-has-image wpupg-template-profesionales\" data-id=\"1845\" data-order-default=\"Lic. Mar\u00eda Cecilia Santilli\"><div class=\"wpupg-item-image wpupg-block-image-normal wpupg-align-center\"><img decoding=\"async\" style=\"border-width: 0px;border-style: solid;border-color: #666666;\" width=\"150\" height=\"150\" src=\"https:\/\/ibyme.org.ar\/investigacion\/wp-content\/uploads\/2023\/03\/Ceci-IBYME-150x150.jpg\" class=\"skip-lazy disable-lazyload attachment-150x150 size-150x150\" alt=\"\" srcset=\"https:\/\/ibyme.org.ar\/investigacion\/wp-content\/uploads\/2023\/03\/Ceci-IBYME-66x66.jpg 66w, https:\/\/ibyme.org.ar\/investigacion\/wp-content\/uploads\/2023\/03\/Ceci-IBYME-150x150.jpg 150w\" sizes=\"(max-width: 150px) 100vw, 150px\" \/><\/div>\n\n<div class=\"wpupg-meta-container\">\n\t<div class=\"wpupg-item-title wpupg-block-text-bold\">Lic. Mar\u00eda Cecilia Santilli<\/div>\n    <span class=\"wpupg-item-custom-field wpupg-block-text-normal\">Becaria de doctorado CONICET<\/span><br>\n    <span><a class=\"single-professional-item\" href='\/\/ibyme.org.ar\/investigacion\/laboratorios\/fisiopatologia-de-la-inmunidad-innata\/&lt;\/span&gt;&quot;' target=\"_blank\" style=\"text-decoration:none; color:black;\"><span class=\"wpupg-item-terms wpupg-block-text-normal\"><span class=\"wpupg-item-term\">Fisiopatolog\u00eda de la Inmunidad Innata<\/span><\/span><\/a><\/span>\n<\/div><\/div><div class=\"wpupg-item wpupg-item-post wpupg-item-2039 wpupg-type-integrantes wpupg-item-has-image wpupg-template-profesionales\" data-id=\"2039\" data-order-default=\"Lic. Mar\u00eda Emilia Rosbaco\"><div class=\"wpupg-item-image wpupg-block-image-normal wpupg-align-center\"><img decoding=\"async\" style=\"border-width: 0px;border-style: solid;border-color: #666666;\" width=\"150\" height=\"150\" src=\"https:\/\/ibyme.org.ar\/investigacion\/wp-content\/uploads\/2023\/03\/person-150x150.png\" class=\"skip-lazy disable-lazyload attachment-150x150 size-150x150\" alt=\"\" srcset=\"https:\/\/ibyme.org.ar\/investigacion\/wp-content\/uploads\/2023\/03\/person-66x66.png 66w, https:\/\/ibyme.org.ar\/investigacion\/wp-content\/uploads\/2023\/03\/person-150x150.png 150w\" sizes=\"(max-width: 150px) 100vw, 150px\" \/><\/div>\n\n<div class=\"wpupg-meta-container\">\n\t<div class=\"wpupg-item-title wpupg-block-text-bold\">Lic. Mar\u00eda Emilia Rosbaco<\/div>\n    <span class=\"wpupg-item-custom-field wpupg-block-text-normal\">Becaria Doctoral (CONICET)<\/span><br>\n    <span><a class=\"single-professional-item\" href='\/\/ibyme.org.ar\/investigacion\/laboratorios\/receptores-nucleares\/&lt;\/span&gt;&quot;' target=\"_blank\" style=\"text-decoration:none; color:black;\"><span class=\"wpupg-item-terms wpupg-block-text-normal\"><span class=\"wpupg-item-term\">Receptores Nucleares<\/span><\/span><\/a><\/span>\n<\/div><\/div><div class=\"wpupg-item wpupg-item-post wpupg-item-9081 wpupg-type-integrantes wpupg-item-has-image wpupg-template-profesionales\" data-id=\"9081\" data-order-default=\"Lic. Mar\u00eda Eugenia Gaillardou\"><div class=\"wpupg-item-image wpupg-block-image-normal wpupg-align-center\"><img decoding=\"async\" style=\"border-width: 0px;border-style: solid;border-color: #666666;\" width=\"150\" height=\"150\" src=\"https:\/\/ibyme.org.ar\/investigacion\/wp-content\/uploads\/2024\/03\/A02-GAILLARDOU-150x150.jpg\" class=\"skip-lazy disable-lazyload attachment-150x150 size-150x150\" alt=\"\" srcset=\"https:\/\/ibyme.org.ar\/investigacion\/wp-content\/uploads\/2024\/03\/A02-GAILLARDOU-66x66.jpg 66w, https:\/\/ibyme.org.ar\/investigacion\/wp-content\/uploads\/2024\/03\/A02-GAILLARDOU-150x150.jpg 150w\" sizes=\"(max-width: 150px) 100vw, 150px\" \/><\/div>\n\n<div class=\"wpupg-meta-container\">\n\t<div class=\"wpupg-item-title wpupg-block-text-bold\">Lic. Mar\u00eda Eugenia Gaillardou<\/div>\n    <span class=\"wpupg-item-custom-field wpupg-block-text-normal\">Becaria de doctorado CONICET<\/span><br>\n    <span><a class=\"single-professional-item\" href='\/\/ibyme.org.ar\/investigacion\/laboratorios\/fisiopatologia-de-la-inmunidad-innata\/&lt;\/span&gt;&quot;' target=\"_blank\" style=\"text-decoration:none; color:black;\"><span class=\"wpupg-item-terms wpupg-block-text-normal\"><span class=\"wpupg-item-term\">Fisiopatolog\u00eda de la Inmunidad Innata<\/span><\/span><\/a><\/span>\n<\/div><\/div><div class=\"wpupg-item wpupg-item-post wpupg-item-4935 wpupg-type-integrantes wpupg-item-has-image wpupg-template-profesionales\" data-id=\"4935\" data-order-default=\"Lic. Mar\u00eda Sof\u00eda Amarilla\"><div class=\"wpupg-item-image wpupg-block-image-normal wpupg-align-center\"><img decoding=\"async\" style=\"border-width: 0px;border-style: solid;border-color: #666666;\" width=\"150\" height=\"150\" src=\"https:\/\/ibyme.org.ar\/investigacion\/wp-content\/uploads\/2023\/04\/Sofi-Foto-IBYME-150x150.jpg\" class=\"skip-lazy disable-lazyload attachment-150x150 size-150x150\" alt=\"\" srcset=\"https:\/\/ibyme.org.ar\/investigacion\/wp-content\/uploads\/2023\/04\/Sofi-Foto-IBYME-66x66.jpg 66w, https:\/\/ibyme.org.ar\/investigacion\/wp-content\/uploads\/2023\/04\/Sofi-Foto-IBYME-150x150.jpg 150w\" sizes=\"(max-width: 150px) 100vw, 150px\" \/><\/div>\n\n<div class=\"wpupg-meta-container\">\n\t<div class=\"wpupg-item-title wpupg-block-text-bold\">Lic. Mar\u00eda Sof\u00eda Amarilla<\/div>\n    <span class=\"wpupg-item-custom-field wpupg-block-text-normal\">Becaria de doctorado CONICET<\/span><br>\n    <span><a class=\"single-professional-item\" href='\/\/ibyme.org.ar\/investigacion\/laboratorios\/fisiopatologia-de-la-inmunidad-innata\/&lt;\/span&gt;&quot;' target=\"_blank\" style=\"text-decoration:none; color:black;\"><span class=\"wpupg-item-terms wpupg-block-text-normal\"><span class=\"wpupg-item-term\">Fisiopatolog\u00eda de la Inmunidad Innata<\/span><\/span><\/a><\/span>\n<\/div><\/div><div class=\"wpupg-item wpupg-item-post wpupg-item-1973 wpupg-type-integrantes wpupg-item-has-image wpupg-template-profesionales\" data-id=\"1973\" data-order-default=\"Lic. Mar\u00eda Sol Rodr\u00edguez\"><div class=\"wpupg-item-image wpupg-block-image-normal wpupg-align-center\"><img decoding=\"async\" style=\"border-width: 0px;border-style: solid;border-color: #666666;\" width=\"150\" height=\"150\" src=\"https:\/\/ibyme.org.ar\/investigacion\/wp-content\/uploads\/2023\/03\/Sol-150x150.jpg\" class=\"skip-lazy disable-lazyload attachment-150x150 size-150x150\" alt=\"\" srcset=\"https:\/\/ibyme.org.ar\/investigacion\/wp-content\/uploads\/2023\/03\/Sol-66x66.jpg 66w, https:\/\/ibyme.org.ar\/investigacion\/wp-content\/uploads\/2023\/03\/Sol-150x150.jpg 150w\" sizes=\"(max-width: 150px) 100vw, 150px\" \/><\/div>\n\n<div class=\"wpupg-meta-container\">\n\t<div class=\"wpupg-item-title wpupg-block-text-bold\">Lic. Mar\u00eda Sol Rodr\u00edguez<\/div>\n    <span class=\"wpupg-item-custom-field wpupg-block-text-normal\">Becaria Doctoral (CONICET)<\/span><br>\n    <span><a class=\"single-professional-item\" href='\/\/ibyme.org.ar\/investigacion\/laboratorios\/hormonas-y-cancer\/&lt;\/span&gt;&quot;' target=\"_blank\" style=\"text-decoration:none; color:black;\"><span class=\"wpupg-item-terms wpupg-block-text-normal\"><span class=\"wpupg-item-term\">Hormonas y C\u00e1ncer<\/span><\/span><\/a><\/span>\n<\/div><\/div><div class=\"wpupg-item wpupg-item-post wpupg-item-1846 wpupg-type-integrantes wpupg-item-has-image wpupg-template-profesionales\" data-id=\"1846\" data-order-default=\"Lic. Mariana Gantov\"><div class=\"wpupg-item-image wpupg-block-image-normal wpupg-align-center\"><img decoding=\"async\" style=\"border-width: 0px;border-style: solid;border-color: #666666;\" width=\"150\" height=\"150\" src=\"https:\/\/ibyme.org.ar\/investigacion\/wp-content\/uploads\/2023\/03\/Mariana-150x150.jpg\" class=\"skip-lazy disable-lazyload attachment-150x150 size-150x150\" alt=\"\" srcset=\"https:\/\/ibyme.org.ar\/investigacion\/wp-content\/uploads\/2023\/03\/Mariana-66x66.jpg 66w, https:\/\/ibyme.org.ar\/investigacion\/wp-content\/uploads\/2023\/03\/Mariana-150x150.jpg 150w\" sizes=\"(max-width: 150px) 100vw, 150px\" \/><\/div>\n\n<div class=\"wpupg-meta-container\">\n\t<div class=\"wpupg-item-title wpupg-block-text-bold\">Lic. Mariana Gantov<\/div>\n    <span class=\"wpupg-item-custom-field wpupg-block-text-normal\">Becaria de doctorado CONICET<\/span><br>\n    <span><a class=\"single-professional-item\" href='\/\/ibyme.org.ar\/investigacion\/laboratorios\/fisiopatologia-de-la-inmunidad-innata\/&lt;\/span&gt;&quot;' target=\"_blank\" style=\"text-decoration:none; color:black;\"><span class=\"wpupg-item-terms wpupg-block-text-normal\"><span class=\"wpupg-item-term\">Fisiopatolog\u00eda de la Inmunidad Innata<\/span><\/span><\/a><\/span>\n<\/div><\/div><div class=\"wpupg-item wpupg-item-post wpupg-item-1983 wpupg-type-integrantes wpupg-item-has-image wpupg-template-profesionales\" data-id=\"1983\" data-order-default=\"Lic. Mariano Rodr\u00edguez\"><div class=\"wpupg-item-image wpupg-block-image-normal wpupg-align-center\"><img decoding=\"async\" style=\"border-width: 0px;border-style: solid;border-color: #666666;\" width=\"150\" height=\"150\" src=\"https:\/\/ibyme.org.ar\/investigacion\/wp-content\/uploads\/2023\/06\/FOTO-Mariano-Rodriguez-150x150.jpg\" class=\"skip-lazy disable-lazyload attachment-150x150 size-150x150\" alt=\"\" srcset=\"https:\/\/ibyme.org.ar\/investigacion\/wp-content\/uploads\/2023\/06\/FOTO-Mariano-Rodriguez-66x66.jpg 66w, https:\/\/ibyme.org.ar\/investigacion\/wp-content\/uploads\/2023\/06\/FOTO-Mariano-Rodriguez-150x150.jpg 150w\" sizes=\"(max-width: 150px) 100vw, 150px\" \/><\/div>\n\n<div class=\"wpupg-meta-container\">\n\t<div class=\"wpupg-item-title wpupg-block-text-bold\">Lic. Mariano Rodr\u00edguez<\/div>\n    <span class=\"wpupg-item-custom-field wpupg-block-text-normal\">Becario Maestr\u00eda (UBA)<\/span><br>\n    <span><a class=\"single-professional-item\" href='\/\/ibyme.org.ar\/investigacion\/laboratorios\/biologia-del-comportamiento\/&lt;\/span&gt;&quot;' target=\"_blank\" style=\"text-decoration:none; color:black;\"><span class=\"wpupg-item-terms wpupg-block-text-normal\"><span class=\"wpupg-item-term\">Biolog\u00eda del Comportamiento<\/span><\/span><\/a><\/span>\n<\/div><\/div><div class=\"wpupg-item wpupg-item-post wpupg-item-1948 wpupg-type-integrantes wpupg-item-has-image wpupg-template-profesionales\" data-id=\"1948\" data-order-default=\"Lic. Marina C. Ruiz\"><div class=\"wpupg-item-image wpupg-block-image-normal wpupg-align-center\"><img decoding=\"async\" style=\"border-width: 0px;border-style: solid;border-color: #666666;\" width=\"150\" height=\"150\" src=\"https:\/\/ibyme.org.ar\/investigacion\/wp-content\/uploads\/2023\/03\/person-150x150.png\" class=\"skip-lazy disable-lazyload attachment-150x150 size-150x150\" alt=\"\" srcset=\"https:\/\/ibyme.org.ar\/investigacion\/wp-content\/uploads\/2023\/03\/person-66x66.png 66w, https:\/\/ibyme.org.ar\/investigacion\/wp-content\/uploads\/2023\/03\/person-150x150.png 150w\" sizes=\"(max-width: 150px) 100vw, 150px\" \/><\/div>\n\n<div class=\"wpupg-meta-container\">\n\t<div class=\"wpupg-item-title wpupg-block-text-bold\">Lic. Marina C. Ruiz<\/div>\n    <span class=\"wpupg-item-custom-field wpupg-block-text-normal\">Becaria Doctoral (ANPCyT)<\/span><br>\n    <span><a class=\"single-professional-item\" href='\/\/ibyme.org.ar\/investigacion\/laboratorios\/arquitectura-nuclear\/&lt;\/span&gt;&quot;' target=\"_blank\" style=\"text-decoration:none; color:black;\"><span class=\"wpupg-item-terms wpupg-block-text-normal\"><span class=\"wpupg-item-term\">Arquitectura Nuclear<\/span><\/span><\/a><\/span>\n<\/div><\/div><div class=\"wpupg-item wpupg-item-post wpupg-item-7179 wpupg-type-integrantes wpupg-item-has-image wpupg-template-profesionales\" data-id=\"7179\" data-order-default=\"Lic. Martina Belmonte\"><div class=\"wpupg-item-image wpupg-block-image-normal wpupg-align-center\"><img decoding=\"async\" style=\"border-width: 0px;border-style: solid;border-color: #666666;\" width=\"150\" height=\"150\" src=\"https:\/\/ibyme.org.ar\/investigacion\/wp-content\/uploads\/2023\/08\/Gelman-BELMONTE-1-150x150.jpg\" class=\"skip-lazy disable-lazyload attachment-150x150 size-150x150\" alt=\"\" srcset=\"https:\/\/ibyme.org.ar\/investigacion\/wp-content\/uploads\/2023\/08\/Gelman-BELMONTE-1-66x66.jpg 66w, https:\/\/ibyme.org.ar\/investigacion\/wp-content\/uploads\/2023\/08\/Gelman-BELMONTE-1-150x150.jpg 150w\" sizes=\"(max-width: 150px) 100vw, 150px\" \/><\/div>\n\n<div class=\"wpupg-meta-container\">\n\t<div class=\"wpupg-item-title wpupg-block-text-bold\">Lic. Martina Belmonte<\/div>\n    <span class=\"wpupg-item-custom-field wpupg-block-text-normal\">Becaria (Agencia)<\/span><br>\n    <span><a class=\"single-professional-item\" href='\/\/ibyme.org.ar\/investigacion\/laboratorios\/desarrollo-del-sistema-nervioso\/&lt;\/span&gt;&quot;' target=\"_blank\" style=\"text-decoration:none; color:black;\"><span class=\"wpupg-item-terms wpupg-block-text-normal\"><span class=\"wpupg-item-term\">Desarrollo del Sistema Nervioso<\/span><\/span><\/a><\/span>\n<\/div><\/div><div class=\"wpupg-item wpupg-item-post wpupg-item-2032 wpupg-type-integrantes wpupg-item-has-image wpupg-template-profesionales\" data-id=\"2032\" data-order-default=\"Lic. Mat\u00edas Iv\u00e1n Gatto\"><div class=\"wpupg-item-image wpupg-block-image-normal wpupg-align-center\"><img decoding=\"async\" style=\"border-width: 0px;border-style: solid;border-color: #666666;\" width=\"150\" height=\"150\" src=\"https:\/\/ibyme.org.ar\/investigacion\/wp-content\/uploads\/2023\/03\/01-Gatto-B-b-150x150.jpg\" class=\"skip-lazy disable-lazyload attachment-150x150 size-150x150\" alt=\"\" srcset=\"https:\/\/ibyme.org.ar\/investigacion\/wp-content\/uploads\/2023\/03\/01-Gatto-B-b-66x66.jpg 66w, https:\/\/ibyme.org.ar\/investigacion\/wp-content\/uploads\/2023\/03\/01-Gatto-B-b-150x150.jpg 150w\" sizes=\"(max-width: 150px) 100vw, 150px\" \/><\/div>\n\n<div class=\"wpupg-meta-container\">\n\t<div class=\"wpupg-item-title wpupg-block-text-bold\">Lic. Mat\u00edas Iv\u00e1n Gatto<\/div>\n    <span class=\"wpupg-item-custom-field wpupg-block-text-normal\">Becario Doctoral CONICET-EMPRESA (CONICET-Agropharma S.A.)<\/span><br>\n    <span><a class=\"single-professional-item\" href='\/\/ibyme.org.ar\/investigacion\/laboratorios\/biotecnologia-farmaceutica\/&lt;\/span&gt;&quot;' target=\"_blank\" style=\"text-decoration:none; color:black;\"><span class=\"wpupg-item-terms wpupg-block-text-normal\"><span class=\"wpupg-item-term\">Biotecnolog\u00eda Farmac\u00e9utica<\/span><\/span><\/a><\/span>\n<\/div><\/div><div class=\"wpupg-item wpupg-item-post wpupg-item-4949 wpupg-type-integrantes wpupg-item-has-image wpupg-template-profesionales\" data-id=\"4949\" data-order-default=\"Lic. Mayra Bordaquievich\"><div class=\"wpupg-item-image wpupg-block-image-normal wpupg-align-center\"><img decoding=\"async\" style=\"border-width: 0px;border-style: solid;border-color: #666666;\" width=\"150\" height=\"150\" src=\"https:\/\/ibyme.org.ar\/investigacion\/wp-content\/uploads\/2023\/04\/Bordaq-M-05-150x150.jpg\" class=\"skip-lazy disable-lazyload attachment-150x150 size-150x150\" alt=\"\" srcset=\"https:\/\/ibyme.org.ar\/investigacion\/wp-content\/uploads\/2023\/04\/Bordaq-M-05-66x66.jpg 66w, https:\/\/ibyme.org.ar\/investigacion\/wp-content\/uploads\/2023\/04\/Bordaq-M-05-150x150.jpg 150w\" sizes=\"(max-width: 150px) 100vw, 150px\" \/><\/div>\n\n<div class=\"wpupg-meta-container\">\n\t<div class=\"wpupg-item-title wpupg-block-text-bold\">Lic. Mayra Bordaquievich<\/div>\n    <span class=\"wpupg-item-custom-field wpupg-block-text-normal\">Becaria Doctoral (ANPCyT)<\/span><br>\n    <span><a class=\"single-professional-item\" href='\/\/ibyme.org.ar\/investigacion\/laboratorios\/estudios-de-la-fisiopatologia-del-ovario\/&lt;\/span&gt;&quot;' target=\"_blank\" style=\"text-decoration:none; color:black;\"><span class=\"wpupg-item-terms wpupg-block-text-normal\"><span class=\"wpupg-item-term\">Estudios de la Fisiopatolog\u00eda del Ovario<\/span><\/span><\/a><\/span>\n<\/div><\/div><div class=\"wpupg-item wpupg-item-post wpupg-item-4950 wpupg-type-integrantes wpupg-item-has-image wpupg-template-profesionales\" data-id=\"4950\" data-order-default=\"Lic. Melanie Neira\"><div class=\"wpupg-item-image wpupg-block-image-normal wpupg-align-center\"><img decoding=\"async\" style=\"border-width: 0px;border-style: solid;border-color: #666666;\" width=\"150\" height=\"150\" src=\"https:\/\/ibyme.org.ar\/investigacion\/wp-content\/uploads\/2023\/04\/Neira-M-01-150x150.jpg\" class=\"skip-lazy disable-lazyload attachment-150x150 size-150x150\" alt=\"\" srcset=\"https:\/\/ibyme.org.ar\/investigacion\/wp-content\/uploads\/2023\/04\/Neira-M-01-66x66.jpg 66w, https:\/\/ibyme.org.ar\/investigacion\/wp-content\/uploads\/2023\/04\/Neira-M-01-150x150.jpg 150w\" sizes=\"(max-width: 150px) 100vw, 150px\" \/><\/div>\n\n<div class=\"wpupg-meta-container\">\n\t<div class=\"wpupg-item-title wpupg-block-text-bold\">Lic. Melanie Neira<\/div>\n    <span class=\"wpupg-item-custom-field wpupg-block-text-normal\">Becaria Doctoral (ANPCyT)<\/span><br>\n    <span><a class=\"single-professional-item\" href='\/\/ibyme.org.ar\/investigacion\/laboratorios\/estudios-de-la-fisiopatologia-del-ovario\/&lt;\/span&gt;&quot;' target=\"_blank\" style=\"text-decoration:none; color:black;\"><span class=\"wpupg-item-terms wpupg-block-text-normal\"><span class=\"wpupg-item-term\">Estudios de la Fisiopatolog\u00eda del Ovario<\/span><\/span><\/a><\/span>\n<\/div><\/div><div class=\"wpupg-item wpupg-item-post wpupg-item-12753 wpupg-type-integrantes wpupg-item-no-image wpupg-template-profesionales\" data-id=\"12753\" data-order-default=\"Lic. Moira Lachavanne\">\n\n<div class=\"wpupg-meta-container\">\n\t<div class=\"wpupg-item-title wpupg-block-text-bold\">Lic. Moira Lachavanne<\/div>\n    <span class=\"wpupg-item-custom-field wpupg-block-text-normal\">(Pasante)<\/span><br>\n    <span><a class=\"single-professional-item\" href='&quot;&quot;' target=\"_blank\" style=\"text-decoration:none; color:black;\"><span class=\"wpupg-item-terms wpupg-block-text-normal\"><span class=\"wpupg-item-term\">Biolog\u00eda Celular y Molecular de la Reproducci\u00f3n<\/span><\/span><\/a><\/span>\n<\/div><\/div><div class=\"wpupg-item wpupg-item-post wpupg-item-1977 wpupg-type-integrantes wpupg-item-has-image wpupg-template-profesionales\" data-id=\"1977\" data-order-default=\"Lic. Nicol\u00e1s Calleja\"><div class=\"wpupg-item-image wpupg-block-image-normal wpupg-align-center\"><img decoding=\"async\" style=\"border-width: 0px;border-style: solid;border-color: #666666;\" width=\"150\" height=\"150\" src=\"https:\/\/ibyme.org.ar\/investigacion\/wp-content\/uploads\/2023\/06\/FOTO-Nicolas-Calleja-150x150.jpg\" class=\"skip-lazy disable-lazyload attachment-150x150 size-150x150\" alt=\"\" srcset=\"https:\/\/ibyme.org.ar\/investigacion\/wp-content\/uploads\/2023\/06\/FOTO-Nicolas-Calleja-66x66.jpg 66w, https:\/\/ibyme.org.ar\/investigacion\/wp-content\/uploads\/2023\/06\/FOTO-Nicolas-Calleja-150x150.jpg 150w\" sizes=\"(max-width: 150px) 100vw, 150px\" \/><\/div>\n\n<div class=\"wpupg-meta-container\">\n\t<div class=\"wpupg-item-title wpupg-block-text-bold\">Lic. Nicol\u00e1s Calleja<\/div>\n    <span class=\"wpupg-item-custom-field wpupg-block-text-normal\">Becario de Doctorado (UBA)<\/span><br>\n    <span><a class=\"single-professional-item\" href='\/\/ibyme.org.ar\/investigacion\/laboratorios\/biologia-del-comportamiento\/&lt;\/span&gt;&quot;' target=\"_blank\" style=\"text-decoration:none; color:black;\"><span class=\"wpupg-item-terms wpupg-block-text-normal\"><span class=\"wpupg-item-term\">Biolog\u00eda del Comportamiento<\/span><\/span><\/a><\/span>\n<\/div><\/div><div class=\"wpupg-item wpupg-item-post wpupg-item-1989 wpupg-type-integrantes wpupg-item-has-image wpupg-template-profesionales\" data-id=\"1989\" data-order-default=\"Lic. Roc\u00edo A. D\u00edaz\"><div class=\"wpupg-item-image wpupg-block-image-normal wpupg-align-center\"><img decoding=\"async\" style=\"border-width: 0px;border-style: solid;border-color: #666666;\" width=\"150\" height=\"150\" src=\"https:\/\/ibyme.org.ar\/investigacion\/wp-content\/uploads\/2023\/03\/person-150x150.png\" class=\"skip-lazy disable-lazyload attachment-150x150 size-150x150\" alt=\"\" srcset=\"https:\/\/ibyme.org.ar\/investigacion\/wp-content\/uploads\/2023\/03\/person-66x66.png 66w, https:\/\/ibyme.org.ar\/investigacion\/wp-content\/uploads\/2023\/03\/person-150x150.png 150w\" sizes=\"(max-width: 150px) 100vw, 150px\" \/><\/div>\n\n<div class=\"wpupg-meta-container\">\n\t<div class=\"wpupg-item-title wpupg-block-text-bold\">Lic. Roc\u00edo A. D\u00edaz<\/div>\n    <span class=\"wpupg-item-custom-field wpupg-block-text-normal\">Estudiante de postgrado (UBA)<\/span><br>\n    <span><a class=\"single-professional-item\" href='\/\/ibyme.org.ar\/investigacion\/laboratorios\/biologia-del-comportamiento\/&lt;\/span&gt;&quot;' target=\"_blank\" style=\"text-decoration:none; color:black;\"><span class=\"wpupg-item-terms wpupg-block-text-normal\"><span class=\"wpupg-item-term\">Biolog\u00eda del Comportamiento<\/span><\/span><\/a><\/span>\n<\/div><\/div><div class=\"wpupg-item wpupg-item-post wpupg-item-2056 wpupg-type-integrantes wpupg-item-has-image wpupg-template-profesionales\" data-id=\"2056\" data-order-default=\"Lic. Santiago Ronchetti\"><div class=\"wpupg-item-image wpupg-block-image-normal wpupg-align-center\"><img decoding=\"async\" style=\"border-width: 0px;border-style: solid;border-color: #666666;\" width=\"150\" height=\"150\" src=\"https:\/\/ibyme.org.ar\/investigacion\/wp-content\/uploads\/2023\/08\/20230807_151425-150x150.jpg\" class=\"skip-lazy disable-lazyload attachment-150x150 size-150x150\" alt=\"\" srcset=\"https:\/\/ibyme.org.ar\/investigacion\/wp-content\/uploads\/2023\/08\/20230807_151425-66x66.jpg 66w, https:\/\/ibyme.org.ar\/investigacion\/wp-content\/uploads\/2023\/08\/20230807_151425-150x150.jpg 150w\" sizes=\"(max-width: 150px) 100vw, 150px\" \/><\/div>\n\n<div class=\"wpupg-meta-container\">\n\t<div class=\"wpupg-item-title wpupg-block-text-bold\">Lic. Santiago Ronchetti<\/div>\n    <span class=\"wpupg-item-custom-field wpupg-block-text-normal\">Becario Doctoral (CONICET)<\/span><br>\n    <span><a class=\"single-professional-item\" href='\/\/ibyme.org.ar\/investigacion\/laboratorios\/bioquimica-neuroendocrina\/&lt;\/span&gt;&quot;' target=\"_blank\" style=\"text-decoration:none; color:black;\"><span class=\"wpupg-item-terms wpupg-block-text-normal\"><span class=\"wpupg-item-term\">Bioqu\u00edmica Neuroend\u00f3crina<\/span><\/span><\/a><\/span>\n<\/div><\/div><div class=\"wpupg-item wpupg-item-post wpupg-item-12979 wpupg-type-integrantes wpupg-item-has-image wpupg-template-profesionales\" data-id=\"12979\" data-order-default=\"Lic. Sof\u00eda Antonella Balestra\"><div class=\"wpupg-item-image wpupg-block-image-normal wpupg-align-center\"><img decoding=\"async\" style=\"border-width: 0px;border-style: solid;border-color: #666666;\" width=\"150\" height=\"150\" src=\"https:\/\/ibyme.org.ar\/investigacion\/wp-content\/uploads\/2026\/04\/Sofi-Balestra-150x150.jpg\" class=\"skip-lazy disable-lazyload attachment-150x150 size-150x150\" alt=\"\" srcset=\"https:\/\/ibyme.org.ar\/investigacion\/wp-content\/uploads\/2026\/04\/Sofi-Balestra-66x66.jpg 66w, https:\/\/ibyme.org.ar\/investigacion\/wp-content\/uploads\/2026\/04\/Sofi-Balestra-150x150.jpg 150w\" sizes=\"(max-width: 150px) 100vw, 150px\" \/><\/div>\n\n<div class=\"wpupg-meta-container\">\n\t<div class=\"wpupg-item-title wpupg-block-text-bold\">Lic. Sof\u00eda Antonella Balestra<\/div>\n    <span class=\"wpupg-item-custom-field wpupg-block-text-normal\">Becaria de doctorado CONICET<\/span><br>\n    <span><a class=\"single-professional-item\" href='&quot;&quot;' target=\"_blank\" style=\"text-decoration:none; color:black;\"><span class=\"wpupg-item-terms wpupg-block-text-normal\"><span class=\"wpupg-item-term\">Fisiopatolog\u00eda de la Inmunidad Innata<\/span><\/span><\/a><\/span>\n<\/div><\/div><div class=\"wpupg-item wpupg-item-post wpupg-item-7185 wpupg-type-integrantes wpupg-item-has-image wpupg-template-profesionales\" data-id=\"7185\" data-order-default=\"Lic. Sof\u00eda Barmak\"><div class=\"wpupg-item-image wpupg-block-image-normal wpupg-align-center\"><img decoding=\"async\" style=\"border-width: 0px;border-style: solid;border-color: #666666;\" width=\"150\" height=\"150\" src=\"https:\/\/ibyme.org.ar\/investigacion\/wp-content\/uploads\/2023\/06\/FOTO-Sofia-Barmak-150x150.jpg\" class=\"skip-lazy disable-lazyload attachment-150x150 size-150x150\" alt=\"\" srcset=\"https:\/\/ibyme.org.ar\/investigacion\/wp-content\/uploads\/2023\/06\/FOTO-Sofia-Barmak-66x66.jpg 66w, https:\/\/ibyme.org.ar\/investigacion\/wp-content\/uploads\/2023\/06\/FOTO-Sofia-Barmak-150x150.jpg 150w\" sizes=\"(max-width: 150px) 100vw, 150px\" \/><\/div>\n\n<div class=\"wpupg-meta-container\">\n\t<div class=\"wpupg-item-title wpupg-block-text-bold\">Lic. Sof\u00eda Barmak<\/div>\n    <span class=\"wpupg-item-custom-field wpupg-block-text-normal\">Licenciada (UBA)<\/span><br>\n    <span><a class=\"single-professional-item\" href='\/\/ibyme.org.ar\/investigacion\/laboratorios\/biologia-del-comportamiento\/&lt;\/span&gt;&quot;' target=\"_blank\" style=\"text-decoration:none; color:black;\"><span class=\"wpupg-item-terms wpupg-block-text-normal\"><span class=\"wpupg-item-term\">Biolog\u00eda del Comportamiento<\/span><\/span><\/a><\/span>\n<\/div><\/div><div class=\"wpupg-item wpupg-item-post wpupg-item-1941 wpupg-type-integrantes wpupg-item-has-image wpupg-template-profesionales\" data-id=\"1941\" data-order-default=\"Lic. Sof\u00eda del Valle\"><div class=\"wpupg-item-image wpupg-block-image-normal wpupg-align-center\"><img decoding=\"async\" style=\"border-width: 0px;border-style: solid;border-color: #666666;\" width=\"150\" height=\"150\" src=\"https:\/\/ibyme.org.ar\/investigacion\/wp-content\/uploads\/2023\/03\/Captura-150x150.jpg\" class=\"skip-lazy disable-lazyload attachment-150x150 size-150x150\" alt=\"\" srcset=\"https:\/\/ibyme.org.ar\/investigacion\/wp-content\/uploads\/2023\/03\/Captura-66x66.jpg 66w, https:\/\/ibyme.org.ar\/investigacion\/wp-content\/uploads\/2023\/03\/Captura-150x150.jpg 150w\" sizes=\"(max-width: 150px) 100vw, 150px\" \/><\/div>\n\n<div class=\"wpupg-meta-container\">\n\t<div class=\"wpupg-item-title wpupg-block-text-bold\">Lic. Sof\u00eda del Valle<\/div>\n    <span class=\"wpupg-item-custom-field wpupg-block-text-normal\">Becaria Doctoral (ANPCyT)<\/span><br>\n    <span><a class=\"single-professional-item\" href='\/\/ibyme.org.ar\/investigacion\/laboratorios\/fisiopatologia-endometrial\/&lt;\/span&gt;&quot;' target=\"_blank\" style=\"text-decoration:none; color:black;\"><span class=\"wpupg-item-terms wpupg-block-text-normal\"><span class=\"wpupg-item-term\">Fisiopatolog\u00eda endometrial<\/span><\/span><\/a><\/span>\n<\/div><\/div><div class=\"wpupg-item wpupg-item-post wpupg-item-1949 wpupg-type-integrantes wpupg-item-has-image wpupg-template-profesionales\" data-id=\"1949\" data-order-default=\"Lic. Sol Ferreyra Obreg\u00f3n\"><div class=\"wpupg-item-image wpupg-block-image-normal wpupg-align-center\"><img decoding=\"async\" style=\"border-width: 0px;border-style: solid;border-color: #666666;\" width=\"150\" height=\"150\" src=\"https:\/\/ibyme.org.ar\/investigacion\/wp-content\/uploads\/2023\/03\/person-150x150.png\" class=\"skip-lazy disable-lazyload attachment-150x150 size-150x150\" alt=\"\" srcset=\"https:\/\/ibyme.org.ar\/investigacion\/wp-content\/uploads\/2023\/03\/person-66x66.png 66w, https:\/\/ibyme.org.ar\/investigacion\/wp-content\/uploads\/2023\/03\/person-150x150.png 150w\" sizes=\"(max-width: 150px) 100vw, 150px\" \/><\/div>\n\n<div class=\"wpupg-meta-container\">\n\t<div class=\"wpupg-item-title wpupg-block-text-bold\">Lic. Sol Ferreyra Obreg\u00f3n<\/div>\n    <span class=\"wpupg-item-custom-field wpupg-block-text-normal\">Becaria Doctoral (ANPCyT)<\/span><br>\n    <span><a class=\"single-professional-item\" href='\/\/ibyme.org.ar\/investigacion\/laboratorios\/nocicepcion-y-dolor-neuropatico\/&lt;\/span&gt;&quot;' target=\"_blank\" style=\"text-decoration:none; color:black;\"><span class=\"wpupg-item-terms wpupg-block-text-normal\"><span class=\"wpupg-item-term\">Nocicepci\u00f3n y Dolor Neurop\u00e1tico<\/span><\/span><\/a><\/span>\n<\/div><\/div><div class=\"wpupg-item wpupg-item-post wpupg-item-11986 wpupg-type-integrantes wpupg-item-has-image wpupg-template-profesionales\" data-id=\"11986\" data-order-default=\"Lic. Victoria Ayel\u00e9n Segobia\"><div class=\"wpupg-item-image wpupg-block-image-normal wpupg-align-center\"><img decoding=\"async\" style=\"border-width: 0px;border-style: solid;border-color: #666666;\" width=\"150\" height=\"150\" src=\"https:\/\/ibyme.org.ar\/investigacion\/wp-content\/uploads\/2025\/02\/Lab-Diaz-T-2024-Vi-01-150x150.jpg\" class=\"skip-lazy disable-lazyload attachment-150x150 size-150x150\" alt=\"\" srcset=\"https:\/\/ibyme.org.ar\/investigacion\/wp-content\/uploads\/2025\/02\/Lab-Diaz-T-2024-Vi-01-66x66.jpg 66w, https:\/\/ibyme.org.ar\/investigacion\/wp-content\/uploads\/2025\/02\/Lab-Diaz-T-2024-Vi-01-150x150.jpg 150w\" sizes=\"(max-width: 150px) 100vw, 150px\" \/><\/div>\n\n<div class=\"wpupg-meta-container\">\n\t<div class=\"wpupg-item-title wpupg-block-text-bold\">Lic. Victoria Ayel\u00e9n Segobia<\/div>\n    <span class=\"wpupg-item-custom-field wpupg-block-text-normal\">Becaria Doctoral<\/span><br>\n    <span><a class=\"single-professional-item\" href='&quot;&quot;' target=\"_blank\" style=\"text-decoration:none; color:black;\"><span class=\"wpupg-item-terms wpupg-block-text-normal\"><span class=\"wpupg-item-term\">Fisiopatolog\u00eda Hormonal<\/span><\/span><\/a><\/span>\n<\/div><\/div><div class=\"wpupg-item wpupg-item-post wpupg-item-7680 wpupg-type-integrantes wpupg-item-has-image wpupg-template-profesionales\" data-id=\"7680\" data-order-default=\"Lorena In\u00e9s Hirthe\"><div class=\"wpupg-item-image wpupg-block-image-normal wpupg-align-center\"><img decoding=\"async\" style=\"border-width: 0px;border-style: solid;border-color: #666666;\" width=\"150\" height=\"150\" src=\"https:\/\/ibyme.org.ar\/investigacion\/wp-content\/uploads\/2023\/07\/avatar-f-150x150.jpg\" class=\"skip-lazy disable-lazyload attachment-150x150 size-150x150\" alt=\"\" srcset=\"https:\/\/ibyme.org.ar\/investigacion\/wp-content\/uploads\/2023\/07\/avatar-f-66x66.jpg 66w, https:\/\/ibyme.org.ar\/investigacion\/wp-content\/uploads\/2023\/07\/avatar-f-150x150.jpg 150w\" sizes=\"(max-width: 150px) 100vw, 150px\" \/><\/div>\n\n<div class=\"wpupg-meta-container\">\n\t<div class=\"wpupg-item-title wpupg-block-text-bold\">Lorena In\u00e9s Hirthe<\/div>\n    <span class=\"wpupg-item-custom-field wpupg-block-text-normal\">Secretaria de Direcci\u00f3n<\/span><br>\n    <span><a class=\"single-professional-item\" href='\/\/ibyme.org.ar\/institucion\/comunidad-ibyme\/&lt;\/span&gt;&quot;' target=\"_blank\" style=\"text-decoration:none; color:black;\"><span class=\"wpupg-item-terms wpupg-block-text-normal\"><span class=\"wpupg-item-term\">Direcci\u00f3n - Secretar\u00eda de Direcci\u00f3n<\/span><\/span><\/a><\/span>\n<\/div><\/div><div class=\"wpupg-item wpupg-item-post wpupg-item-1908 wpupg-type-integrantes wpupg-item-has-image wpupg-template-profesionales\" data-id=\"1908\" data-order-default=\"Lorena Laporte\"><div class=\"wpupg-item-image wpupg-block-image-normal wpupg-align-center\"><img decoding=\"async\" style=\"border-width: 0px;border-style: solid;border-color: #666666;\" width=\"150\" height=\"150\" src=\"https:\/\/ibyme.org.ar\/investigacion\/wp-content\/uploads\/2023\/03\/person-150x150.png\" class=\"skip-lazy disable-lazyload attachment-150x150 size-150x150\" alt=\"\" srcset=\"https:\/\/ibyme.org.ar\/investigacion\/wp-content\/uploads\/2023\/03\/person-66x66.png 66w, https:\/\/ibyme.org.ar\/investigacion\/wp-content\/uploads\/2023\/03\/person-150x150.png 150w\" sizes=\"(max-width: 150px) 100vw, 150px\" \/><\/div>\n\n<div class=\"wpupg-meta-container\">\n\t<div class=\"wpupg-item-title wpupg-block-text-bold\">Lorena Laporte<\/div>\n    <span class=\"wpupg-item-custom-field wpupg-block-text-normal\">Becaria Doctoral (CONICET)<\/span><br>\n    <span><a class=\"single-professional-item\" href='\/\/ibyme.org.ar\/investigacion\/laboratorios\/glicomedicina\/&lt;\/span&gt;&quot;' target=\"_blank\" style=\"text-decoration:none; color:black;\"><span class=\"wpupg-item-terms wpupg-block-text-normal\"><span class=\"wpupg-item-term\">Glicomedicina<\/span><\/span><\/a><\/span>\n<\/div><\/div><div class=\"wpupg-item wpupg-item-post wpupg-item-12493 wpupg-type-integrantes wpupg-item-has-image wpupg-template-profesionales\" data-id=\"12493\" data-order-default=\"Luana Moreno\"><div class=\"wpupg-item-image wpupg-block-image-normal wpupg-align-center\"><img decoding=\"async\" style=\"border-width: 0px;border-style: solid;border-color: #666666;\" width=\"150\" height=\"150\" src=\"https:\/\/ibyme.org.ar\/investigacion\/wp-content\/uploads\/2025\/10\/IBYME-Lab-Vellon-L-Moreno-1-150x150.jpg\" class=\"skip-lazy disable-lazyload attachment-150x150 size-150x150\" alt=\"\" srcset=\"https:\/\/ibyme.org.ar\/investigacion\/wp-content\/uploads\/2025\/10\/IBYME-Lab-Vellon-L-Moreno-1-66x66.jpg 66w, https:\/\/ibyme.org.ar\/investigacion\/wp-content\/uploads\/2025\/10\/IBYME-Lab-Vellon-L-Moreno-1-150x150.jpg 150w\" sizes=\"(max-width: 150px) 100vw, 150px\" \/><\/div>\n\n<div class=\"wpupg-meta-container\">\n\t<div class=\"wpupg-item-title wpupg-block-text-bold\">Luana Moreno<\/div>\n    <span class=\"wpupg-item-custom-field wpupg-block-text-normal\">Estudiante Lic. en Biotecnolog\u00eda (UADE)<\/span><br>\n    <span><a class=\"single-professional-item\" href='&quot;&quot;' target=\"_blank\" style=\"text-decoration:none; color:black;\"><span class=\"wpupg-item-terms wpupg-block-text-normal\"><span class=\"wpupg-item-term\">C\u00e9lulas Madre Tumorales y Reprogramaci\u00f3n Metab\u00f3lica<\/span><\/span><\/a><\/span>\n<\/div><\/div><div class=\"wpupg-item wpupg-item-post wpupg-item-12084 wpupg-type-integrantes wpupg-item-has-image wpupg-template-profesionales\" data-id=\"12084\" data-order-default=\"Lucas Franzi\"><div class=\"wpupg-item-image wpupg-block-image-normal wpupg-align-center\"><img decoding=\"async\" style=\"border-width: 0px;border-style: solid;border-color: #666666;\" width=\"150\" height=\"150\" src=\"https:\/\/ibyme.org.ar\/investigacion\/wp-content\/uploads\/2025\/02\/franzi-150x150.jpg\" class=\"skip-lazy disable-lazyload attachment-150x150 size-150x150\" alt=\"\" srcset=\"https:\/\/ibyme.org.ar\/investigacion\/wp-content\/uploads\/2025\/02\/franzi-66x66.jpg 66w, https:\/\/ibyme.org.ar\/investigacion\/wp-content\/uploads\/2025\/02\/franzi-150x150.jpg 150w\" sizes=\"(max-width: 150px) 100vw, 150px\" \/><\/div>\n\n<div class=\"wpupg-meta-container\">\n\t<div class=\"wpupg-item-title wpupg-block-text-bold\">Lucas Franzi<\/div>\n    <span class=\"wpupg-item-custom-field wpupg-block-text-normal\">Estudiante Bioingenier\u00eda (ITBA)<\/span><br>\n    <span><a class=\"single-professional-item\" href='&quot;&quot;' target=\"_blank\" style=\"text-decoration:none; color:black;\"><span class=\"wpupg-item-terms wpupg-block-text-normal\"><span class=\"wpupg-item-term\">C\u00e9lulas Madre Tumorales y Reprogramaci\u00f3n Metab\u00f3lica<\/span><\/span><\/a><\/span>\n<\/div><\/div><div class=\"wpupg-item wpupg-item-post wpupg-item-12699 wpupg-type-integrantes wpupg-item-has-image wpupg-template-profesionales\" data-id=\"12699\" data-order-default=\"Lucas Lemos\"><div class=\"wpupg-item-image wpupg-block-image-normal wpupg-align-center\"><img decoding=\"async\" style=\"border-width: 0px;border-style: solid;border-color: #666666;\" width=\"150\" height=\"150\" src=\"https:\/\/ibyme.org.ar\/investigacion\/wp-content\/uploads\/2026\/01\/Foto-Lucas-LemosWhatsApp-Image-2026-01-07-at-15.58.30-e1767813183954-150x150.jpeg\" class=\"skip-lazy disable-lazyload attachment-150x150 size-150x150\" alt=\"\" srcset=\"https:\/\/ibyme.org.ar\/investigacion\/wp-content\/uploads\/2026\/01\/Foto-Lucas-LemosWhatsApp-Image-2026-01-07-at-15.58.30-e1767813183954-66x66.jpeg 66w, https:\/\/ibyme.org.ar\/investigacion\/wp-content\/uploads\/2026\/01\/Foto-Lucas-LemosWhatsApp-Image-2026-01-07-at-15.58.30-e1767813183954-150x150.jpeg 150w\" sizes=\"(max-width: 150px) 100vw, 150px\" \/><\/div>\n\n<div class=\"wpupg-meta-container\">\n\t<div class=\"wpupg-item-title wpupg-block-text-bold\">Lucas Lemos<\/div>\n    <span class=\"wpupg-item-custom-field wpupg-block-text-normal\">M\u00e9dico onc\u00f3logo y Becario Fundaci\u00f3n Fiorini<\/span><br>\n    <span><a class=\"single-professional-item\" href='&quot;&quot;' target=\"_blank\" style=\"text-decoration:none; color:black;\"><span class=\"wpupg-item-terms wpupg-block-text-normal\"><span class=\"wpupg-item-term\">Carcinog\u00e9nesis Hormonal<\/span><\/span><\/a><\/span>\n<\/div><\/div><div class=\"wpupg-item wpupg-item-post wpupg-item-12698 wpupg-type-integrantes wpupg-item-has-image wpupg-template-profesionales\" data-id=\"12698\" data-order-default=\"Luc\u00eda Escobar\"><div class=\"wpupg-item-image wpupg-block-image-normal wpupg-align-center\"><img decoding=\"async\" style=\"border-width: 0px;border-style: solid;border-color: #666666;\" width=\"150\" height=\"150\" src=\"https:\/\/ibyme.org.ar\/investigacion\/wp-content\/uploads\/2026\/01\/Lucia-WhatsApp-Image-2026-01-07-at-14.56.48-150x150.jpeg\" class=\"skip-lazy disable-lazyload attachment-150x150 size-150x150\" alt=\"\" srcset=\"https:\/\/ibyme.org.ar\/investigacion\/wp-content\/uploads\/2026\/01\/Lucia-WhatsApp-Image-2026-01-07-at-14.56.48-66x66.jpeg 66w, https:\/\/ibyme.org.ar\/investigacion\/wp-content\/uploads\/2026\/01\/Lucia-WhatsApp-Image-2026-01-07-at-14.56.48-150x150.jpeg 150w\" sizes=\"(max-width: 150px) 100vw, 150px\" \/><\/div>\n\n<div class=\"wpupg-meta-container\">\n\t<div class=\"wpupg-item-title wpupg-block-text-bold\">Luc\u00eda Escobar<\/div>\n    <span class=\"wpupg-item-custom-field wpupg-block-text-normal\">Becaria doctoral (CONICET)<\/span><br>\n    <span><a class=\"single-professional-item\" href='&quot;&quot;' target=\"_blank\" style=\"text-decoration:none; color:black;\"><span class=\"wpupg-item-terms wpupg-block-text-normal\"><span class=\"wpupg-item-term\">Carcinog\u00e9nesis Hormonal<\/span><\/span><\/a><\/span>\n<\/div><\/div><div class=\"wpupg-item wpupg-item-post wpupg-item-2037 wpupg-type-integrantes wpupg-item-has-image wpupg-template-profesionales\" data-id=\"2037\" data-order-default=\"Luciana Ant\"><div class=\"wpupg-item-image wpupg-block-image-normal wpupg-align-center\"><img decoding=\"async\" style=\"border-width: 0px;border-style: solid;border-color: #666666;\" width=\"150\" height=\"150\" src=\"https:\/\/ibyme.org.ar\/investigacion\/wp-content\/uploads\/2023\/03\/person-150x150.png\" class=\"skip-lazy disable-lazyload attachment-150x150 size-150x150\" alt=\"\" srcset=\"https:\/\/ibyme.org.ar\/investigacion\/wp-content\/uploads\/2023\/03\/person-66x66.png 66w, https:\/\/ibyme.org.ar\/investigacion\/wp-content\/uploads\/2023\/03\/person-150x150.png 150w\" sizes=\"(max-width: 150px) 100vw, 150px\" \/><\/div>\n\n<div class=\"wpupg-meta-container\">\n\t<div class=\"wpupg-item-title wpupg-block-text-bold\">Luciana Ant<\/div>\n    <span class=\"wpupg-item-custom-field wpupg-block-text-normal\">Estudiante Biolog\u00eda (FCEN-UBA)<\/span><br>\n    <span><a class=\"single-professional-item\" href='\/\/ibyme.org.ar\/investigacion\/laboratorios\/regulacion-hormonal-del-tracto-reproductivo-femenino\/&lt;\/span&gt;&quot;' target=\"_blank\" style=\"text-decoration:none; color:black;\"><span class=\"wpupg-item-terms wpupg-block-text-normal\"><span class=\"wpupg-item-term\">Regulaci\u00f3n Hormonal del Tracto Reproductivo Femenino<\/span><\/span><\/a><\/span>\n<\/div><\/div><div class=\"wpupg-item wpupg-item-post wpupg-item-7659 wpupg-type-integrantes wpupg-item-has-image wpupg-template-profesionales\" data-id=\"7659\" data-order-default=\"Luciana Ingegnieri\"><div class=\"wpupg-item-image wpupg-block-image-normal wpupg-align-center\"><img decoding=\"async\" style=\"border-width: 0px;border-style: solid;border-color: #666666;\" width=\"150\" height=\"150\" src=\"https:\/\/ibyme.org.ar\/investigacion\/wp-content\/uploads\/2023\/07\/avatar-f-150x150.jpg\" class=\"skip-lazy disable-lazyload attachment-150x150 size-150x150\" alt=\"\" srcset=\"https:\/\/ibyme.org.ar\/investigacion\/wp-content\/uploads\/2023\/07\/avatar-f-66x66.jpg 66w, https:\/\/ibyme.org.ar\/investigacion\/wp-content\/uploads\/2023\/07\/avatar-f-150x150.jpg 150w\" sizes=\"(max-width: 150px) 100vw, 150px\" \/><\/div>\n\n<div class=\"wpupg-meta-container\">\n\t<div class=\"wpupg-item-title wpupg-block-text-bold\">Luciana Ingegnieri<\/div>\n    <span class=\"wpupg-item-custom-field wpupg-block-text-normal\">Asistente administrativo<\/span><br>\n    <span><a class=\"single-professional-item\" href='&quot;&quot;' target=\"_blank\" style=\"text-decoration:none; color:black;\"><span class=\"wpupg-item-terms wpupg-block-text-normal\"><span class=\"wpupg-item-term\">Unidad de Administraci\u00f3n<\/span><\/span><\/a><\/span>\n<\/div><\/div><div class=\"wpupg-item wpupg-item-post wpupg-item-8852 wpupg-type-integrantes wpupg-item-has-image wpupg-template-profesionales\" data-id=\"8852\" data-order-default=\"Luciano Arcucci\"><div class=\"wpupg-item-image wpupg-block-image-normal wpupg-align-center\"><img decoding=\"async\" style=\"border-width: 0px;border-style: solid;border-color: #666666;\" width=\"150\" height=\"150\" src=\"https:\/\/ibyme.org.ar\/investigacion\/wp-content\/uploads\/2024\/03\/IMG_20240301_153026455_HDR-scaled-e1709318975938-150x150.jpg\" class=\"skip-lazy disable-lazyload attachment-150x150 size-150x150\" alt=\"\" srcset=\"https:\/\/ibyme.org.ar\/investigacion\/wp-content\/uploads\/2024\/03\/IMG_20240301_153026455_HDR-scaled-e1709318975938-66x66.jpg 66w, https:\/\/ibyme.org.ar\/investigacion\/wp-content\/uploads\/2024\/03\/IMG_20240301_153026455_HDR-scaled-e1709318975938-150x150.jpg 150w\" sizes=\"(max-width: 150px) 100vw, 150px\" \/><\/div>\n\n<div class=\"wpupg-meta-container\">\n\t<div class=\"wpupg-item-title wpupg-block-text-bold\">Luciano Arcucci<\/div>\n    <span class=\"wpupg-item-custom-field wpupg-block-text-normal\">Tesista de Licenciatura<\/span><br>\n    <span><a class=\"single-professional-item\" href='\/\/ibyme.org.ar\/investigacion\/laboratorios\/neurobiologia-del-envejecimiento\/&lt;\/span&gt;&quot;' target=\"_blank\" style=\"text-decoration:none; color:black;\"><span class=\"wpupg-item-terms wpupg-block-text-normal\"><span class=\"wpupg-item-term\">Neurobiologia del Envejecimiento<\/span><\/span><\/a><\/span>\n<\/div><\/div><div class=\"wpupg-item wpupg-item-post wpupg-item-9741 wpupg-type-integrantes wpupg-item-has-image wpupg-template-profesionales\" data-id=\"9741\" data-order-default=\"Lucila Gomez Olivieri, MSc\"><div class=\"wpupg-item-image wpupg-block-image-normal wpupg-align-center\"><img decoding=\"async\" style=\"border-width: 0px;border-style: solid;border-color: #666666;\" width=\"150\" height=\"150\" src=\"https:\/\/ibyme.org.ar\/investigacion\/wp-content\/uploads\/2023\/03\/Gomez-O2-Quiero-aunque-en-verdad-no-150x150.jpg\" class=\"skip-lazy disable-lazyload attachment-150x150 size-150x150\" alt=\"\" srcset=\"https:\/\/ibyme.org.ar\/investigacion\/wp-content\/uploads\/2023\/03\/Gomez-O2-Quiero-aunque-en-verdad-no-66x66.jpg 66w, https:\/\/ibyme.org.ar\/investigacion\/wp-content\/uploads\/2023\/03\/Gomez-O2-Quiero-aunque-en-verdad-no-150x150.jpg 150w\" sizes=\"(max-width: 150px) 100vw, 150px\" \/><\/div>\n\n<div class=\"wpupg-meta-container\">\n\t<div class=\"wpupg-item-title wpupg-block-text-bold\">Lucila Gomez Olivieri, MSc<\/div>\n    <span class=\"wpupg-item-custom-field wpupg-block-text-normal\">Ph.D. student (CONICET)<\/span><br>\n    <span><a class=\"single-professional-item\" href='\/\/ibyme.org.ar\/investigacion\/laboratorios\/biologia-celular-y-molecular-de-la-reproduccion\/&lt;\/span&gt;&quot;' target=\"_blank\" style=\"text-decoration:none; color:black;\"><span class=\"wpupg-item-terms wpupg-block-text-normal\"><span class=\"wpupg-item-term\">Biolog\u00eda Celular y Molecular de la Reproducci\u00f3n<\/span><\/span><\/a><\/span>\n<\/div><\/div><div class=\"wpupg-item wpupg-item-post wpupg-item-7674 wpupg-type-integrantes wpupg-item-has-image wpupg-template-profesionales\" data-id=\"7674\" data-order-default=\"Luis Alberto Goya\"><div class=\"wpupg-item-image wpupg-block-image-normal wpupg-align-center\"><img decoding=\"async\" style=\"border-width: 0px;border-style: solid;border-color: #666666;\" width=\"150\" height=\"150\" src=\"https:\/\/ibyme.org.ar\/investigacion\/wp-content\/uploads\/2023\/07\/avatar-m-150x150.jpg\" class=\"skip-lazy disable-lazyload attachment-150x150 size-150x150\" alt=\"\" srcset=\"https:\/\/ibyme.org.ar\/investigacion\/wp-content\/uploads\/2023\/07\/avatar-m-66x66.jpg 66w, https:\/\/ibyme.org.ar\/investigacion\/wp-content\/uploads\/2023\/07\/avatar-m-150x150.jpg 150w\" sizes=\"(max-width: 150px) 100vw, 150px\" \/><\/div>\n\n<div class=\"wpupg-meta-container\">\n\t<div class=\"wpupg-item-title wpupg-block-text-bold\">Luis Alberto Goya<\/div>\n    <span class=\"wpupg-item-custom-field wpupg-block-text-normal\">Profesional<\/span><br>\n    <span><a class=\"single-professional-item\" href='&quot;&quot;' target=\"_blank\" style=\"text-decoration:none; color:black;\"><span class=\"wpupg-item-terms wpupg-block-text-normal\"><span class=\"wpupg-item-term\">Servicios Generales - Mantenimiento<\/span><\/span><\/a><\/span>\n<\/div><\/div><div class=\"wpupg-item wpupg-item-post wpupg-item-9743 wpupg-type-integrantes wpupg-item-has-image wpupg-template-profesionales\" data-id=\"9743\" data-order-default=\"Luna Magrotti Messa, MSc\"><div class=\"wpupg-item-image wpupg-block-image-normal wpupg-align-center\"><img decoding=\"async\" style=\"border-width: 0px;border-style: solid;border-color: #666666;\" width=\"150\" height=\"150\" src=\"https:\/\/ibyme.org.ar\/investigacion\/wp-content\/uploads\/2023\/03\/Lab-Buffone-Messa-2024-150x150.jpg\" class=\"skip-lazy disable-lazyload attachment-150x150 size-150x150\" alt=\"\" srcset=\"https:\/\/ibyme.org.ar\/investigacion\/wp-content\/uploads\/2023\/03\/Lab-Buffone-Messa-2024-66x66.jpg 66w, https:\/\/ibyme.org.ar\/investigacion\/wp-content\/uploads\/2023\/03\/Lab-Buffone-Messa-2024-150x150.jpg 150w\" sizes=\"(max-width: 150px) 100vw, 150px\" \/><\/div>\n\n<div class=\"wpupg-meta-container\">\n\t<div class=\"wpupg-item-title wpupg-block-text-bold\">Luna Magrotti Messa, MSc<\/div>\n    <span class=\"wpupg-item-custom-field wpupg-block-text-normal\">Ph.D. student (CONICET)<\/span><br>\n    <span><a class=\"single-professional-item\" href='\/\/ibyme.org.ar\/investigacion\/laboratorios\/biologia-celular-y-molecular-de-la-reproduccion\/&lt;\/span&gt;&quot;' target=\"_blank\" style=\"text-decoration:none; color:black;\"><span class=\"wpupg-item-terms wpupg-block-text-normal\"><span class=\"wpupg-item-term\">Biolog\u00eda Celular y Molecular de la Reproducci\u00f3n<\/span><\/span><\/a><\/span>\n<\/div><\/div><div class=\"wpupg-item wpupg-item-post wpupg-item-12618 wpupg-type-integrantes wpupg-item-has-image wpupg-template-profesionales\" data-id=\"12618\" data-order-default=\"Maia Guibelalde\"><div class=\"wpupg-item-image wpupg-block-image-normal wpupg-align-center\"><img decoding=\"async\" style=\"border-width: 0px;border-style: solid;border-color: #666666;\" width=\"150\" height=\"150\" src=\"https:\/\/ibyme.org.ar\/investigacion\/wp-content\/uploads\/2023\/03\/WhatsApp-Image-2025-11-11-at-16.24.48-e1762899177353-150x150.jpeg\" class=\"skip-lazy disable-lazyload attachment-150x150 size-150x150\" alt=\"\" srcset=\"https:\/\/ibyme.org.ar\/investigacion\/wp-content\/uploads\/2023\/03\/WhatsApp-Image-2025-11-11-at-16.24.48-e1762899177353-66x66.jpeg 66w, https:\/\/ibyme.org.ar\/investigacion\/wp-content\/uploads\/2023\/03\/WhatsApp-Image-2025-11-11-at-16.24.48-e1762899177353-150x150.jpeg 150w\" sizes=\"(max-width: 150px) 100vw, 150px\" \/><\/div>\n\n<div class=\"wpupg-meta-container\">\n\t<div class=\"wpupg-item-title wpupg-block-text-bold\">Maia Guibelalde<\/div>\n    <span class=\"wpupg-item-custom-field wpupg-block-text-normal\">Estudiante de grado FCEN-UBA<\/span><br>\n    <span><a class=\"single-professional-item\" href='&quot;&quot;' target=\"_blank\" style=\"text-decoration:none; color:black;\"><span class=\"wpupg-item-terms wpupg-block-text-normal\"><span class=\"wpupg-item-term\">Neurobiologia<\/span><\/span><\/a><\/span>\n<\/div><\/div><div class=\"wpupg-item wpupg-item-post wpupg-item-12749 wpupg-type-integrantes wpupg-item-has-image wpupg-template-profesionales\" data-id=\"12749\" data-order-default=\"Maira Garay\"><div class=\"wpupg-item-image wpupg-block-image-normal wpupg-align-center\"><img decoding=\"async\" style=\"border-width: 0px;border-style: solid;border-color: #666666;\" width=\"150\" height=\"150\" src=\"https:\/\/ibyme.org.ar\/investigacion\/wp-content\/uploads\/2026\/01\/Foto-Maira-scaled-e1768848117422-150x150.jpg\" class=\"skip-lazy disable-lazyload attachment-150x150 size-150x150\" alt=\"\" srcset=\"https:\/\/ibyme.org.ar\/investigacion\/wp-content\/uploads\/2026\/01\/Foto-Maira-scaled-e1768848117422-66x66.jpg 66w, https:\/\/ibyme.org.ar\/investigacion\/wp-content\/uploads\/2026\/01\/Foto-Maira-scaled-e1768848117422-150x150.jpg 150w, https:\/\/ibyme.org.ar\/investigacion\/wp-content\/uploads\/2026\/01\/Foto-Maira-scaled-e1768848117422-200x200.jpg 200w, https:\/\/ibyme.org.ar\/investigacion\/wp-content\/uploads\/2026\/01\/Foto-Maira-scaled-e1768848117422-300x300.jpg 300w, https:\/\/ibyme.org.ar\/investigacion\/wp-content\/uploads\/2026\/01\/Foto-Maira-scaled-e1768848117422-400x400.jpg 400w, https:\/\/ibyme.org.ar\/investigacion\/wp-content\/uploads\/2026\/01\/Foto-Maira-scaled-e1768848117422-600x600.jpg 600w, https:\/\/ibyme.org.ar\/investigacion\/wp-content\/uploads\/2026\/01\/Foto-Maira-scaled-e1768848117422-768x768.jpg 768w, https:\/\/ibyme.org.ar\/investigacion\/wp-content\/uploads\/2026\/01\/Foto-Maira-scaled-e1768848117422-800x800.jpg 800w, https:\/\/ibyme.org.ar\/investigacion\/wp-content\/uploads\/2026\/01\/Foto-Maira-scaled-e1768848117422-1024x1024.jpg 1024w, https:\/\/ibyme.org.ar\/investigacion\/wp-content\/uploads\/2026\/01\/Foto-Maira-scaled-e1768848117422-1200x1200.jpg 1200w, https:\/\/ibyme.org.ar\/investigacion\/wp-content\/uploads\/2026\/01\/Foto-Maira-scaled-e1768848117422-1536x1536.jpg 1536w, https:\/\/ibyme.org.ar\/investigacion\/wp-content\/uploads\/2026\/01\/Foto-Maira-scaled-e1768848117422.jpg 1890w\" sizes=\"(max-width: 150px) 100vw, 150px\" \/><\/div>\n\n<div class=\"wpupg-meta-container\">\n\t<div class=\"wpupg-item-title wpupg-block-text-bold\">Maira Garay<\/div>\n    <span class=\"wpupg-item-custom-field wpupg-block-text-normal\">Tesista de Licenciatura en Biotecnolog\u00eda (UNSAM)<\/span><br>\n    <span><a class=\"single-professional-item\" href='\/\/ibyme.org.ar\/investigacion\/laboratorios\/proteinas-quinasas-y-oncologia-molecular\/&lt;\/span&gt;&quot;' target=\"_blank\" style=\"text-decoration:none; color:black;\"><span class=\"wpupg-item-terms wpupg-block-text-normal\"><span class=\"wpupg-item-term\">Prote\u00ednas Quinasas y Oncolog\u00eda Molecular<\/span><\/span><\/a><\/span>\n<\/div><\/div><div class=\"wpupg-item wpupg-item-post wpupg-item-1906 wpupg-type-integrantes wpupg-item-has-image wpupg-template-profesionales\" data-id=\"1906\" data-order-default=\"Manselle Cocco Montana Nicolle\"><div class=\"wpupg-item-image wpupg-block-image-normal wpupg-align-center\"><img decoding=\"async\" style=\"border-width: 0px;border-style: solid;border-color: #666666;\" width=\"150\" height=\"150\" src=\"https:\/\/ibyme.org.ar\/investigacion\/wp-content\/uploads\/2023\/03\/person-150x150.png\" class=\"skip-lazy disable-lazyload attachment-150x150 size-150x150\" alt=\"\" srcset=\"https:\/\/ibyme.org.ar\/investigacion\/wp-content\/uploads\/2023\/03\/person-66x66.png 66w, https:\/\/ibyme.org.ar\/investigacion\/wp-content\/uploads\/2023\/03\/person-150x150.png 150w\" sizes=\"(max-width: 150px) 100vw, 150px\" \/><\/div>\n\n<div class=\"wpupg-meta-container\">\n\t<div class=\"wpupg-item-title wpupg-block-text-bold\">Manselle Cocco Montana Nicolle<\/div>\n    <span class=\"wpupg-item-custom-field wpupg-block-text-normal\">Becaria Doctoral (CONICET)<\/span><br>\n    <span><a class=\"single-professional-item\" href='\/\/ibyme.org.ar\/investigacion\/laboratorios\/glicomedicina\/&lt;\/span&gt;&quot;' target=\"_blank\" style=\"text-decoration:none; color:black;\"><span class=\"wpupg-item-terms wpupg-block-text-normal\"><span class=\"wpupg-item-term\">Glicomedicina<\/span><\/span><\/a><\/span>\n<\/div><\/div><div class=\"wpupg-item wpupg-item-post wpupg-item-1958 wpupg-type-integrantes wpupg-item-has-image wpupg-template-profesionales\" data-id=\"1958\" data-order-default=\"Marcela Coianis\"><div class=\"wpupg-item-image wpupg-block-image-normal wpupg-align-center\"><img decoding=\"async\" style=\"border-width: 0px;border-style: solid;border-color: #666666;\" width=\"150\" height=\"150\" src=\"https:\/\/ibyme.org.ar\/investigacion\/wp-content\/uploads\/2023\/08\/Marce-150x150.jpg\" class=\"skip-lazy disable-lazyload attachment-150x150 size-150x150\" alt=\"\" srcset=\"https:\/\/ibyme.org.ar\/investigacion\/wp-content\/uploads\/2023\/08\/Marce-66x66.jpg 66w, https:\/\/ibyme.org.ar\/investigacion\/wp-content\/uploads\/2023\/08\/Marce-150x150.jpg 150w\" sizes=\"(max-width: 150px) 100vw, 150px\" \/><\/div>\n\n<div class=\"wpupg-meta-container\">\n\t<div class=\"wpupg-item-title wpupg-block-text-bold\">Marcela Coianis<\/div>\n    <span class=\"wpupg-item-custom-field wpupg-block-text-normal\">Becaria doctoral (CONICET)<\/span><br>\n    <span><a class=\"single-professional-item\" href='\/\/ibyme.org.ar\/investigacion\/laboratorios\/carcinogenesis-hormonal\/&lt;\/span&gt;&quot;' target=\"_blank\" style=\"text-decoration:none; color:black;\"><span class=\"wpupg-item-terms wpupg-block-text-normal\"><span class=\"wpupg-item-term\">Carcinog\u00e9nesis Hormonal<\/span><\/span><\/a><\/span>\n<\/div><\/div><div class=\"wpupg-item wpupg-item-post wpupg-item-1910 wpupg-type-integrantes wpupg-item-has-image wpupg-template-profesionales\" data-id=\"1910\" data-order-default=\"Marco Shroedinger\"><div class=\"wpupg-item-image wpupg-block-image-normal wpupg-align-center\"><img decoding=\"async\" style=\"border-width: 0px;border-style: solid;border-color: #666666;\" width=\"150\" height=\"150\" src=\"https:\/\/ibyme.org.ar\/investigacion\/wp-content\/uploads\/2023\/03\/person-150x150.png\" class=\"skip-lazy disable-lazyload attachment-150x150 size-150x150\" alt=\"\" srcset=\"https:\/\/ibyme.org.ar\/investigacion\/wp-content\/uploads\/2023\/03\/person-66x66.png 66w, https:\/\/ibyme.org.ar\/investigacion\/wp-content\/uploads\/2023\/03\/person-150x150.png 150w\" sizes=\"(max-width: 150px) 100vw, 150px\" \/><\/div>\n\n<div class=\"wpupg-meta-container\">\n\t<div class=\"wpupg-item-title wpupg-block-text-bold\">Marco Shroedinger<\/div>\n    <span class=\"wpupg-item-custom-field wpupg-block-text-normal\">Becario Doctoral (CONICET)<\/span><br>\n    <span><a class=\"single-professional-item\" href='\/\/ibyme.org.ar\/investigacion\/laboratorios\/glicomedicina\/&lt;\/span&gt;&quot;' target=\"_blank\" style=\"text-decoration:none; color:black;\"><span class=\"wpupg-item-terms wpupg-block-text-normal\"><span class=\"wpupg-item-term\">Glicomedicina<\/span><\/span><\/a><\/span>\n<\/div><\/div><div class=\"wpupg-item wpupg-item-post wpupg-item-1925 wpupg-type-integrantes wpupg-item-has-image wpupg-template-profesionales\" data-id=\"1925\" data-order-default=\"Mar\u00eda del Pilar Lence\"><div class=\"wpupg-item-image wpupg-block-image-normal wpupg-align-center\"><img decoding=\"async\" style=\"border-width: 0px;border-style: solid;border-color: #666666;\" width=\"150\" height=\"150\" src=\"https:\/\/ibyme.org.ar\/investigacion\/wp-content\/uploads\/2023\/03\/Untitled-1-150x150.jpg\" class=\"skip-lazy disable-lazyload attachment-150x150 size-150x150\" alt=\"\" srcset=\"https:\/\/ibyme.org.ar\/investigacion\/wp-content\/uploads\/2023\/03\/Untitled-1-66x66.jpg 66w, https:\/\/ibyme.org.ar\/investigacion\/wp-content\/uploads\/2023\/03\/Untitled-1-150x150.jpg 150w\" sizes=\"(max-width: 150px) 100vw, 150px\" \/><\/div>\n\n<div class=\"wpupg-meta-container\">\n\t<div class=\"wpupg-item-title wpupg-block-text-bold\">Mar\u00eda del Pilar Lence<\/div>\n    <span class=\"wpupg-item-custom-field wpupg-block-text-normal\">Estudiante de grado FCEN-UBA<\/span><br>\n    <span><a class=\"single-professional-item\" href='&quot;&quot;' target=\"_blank\" style=\"text-decoration:none; color:black;\"><span class=\"wpupg-item-terms wpupg-block-text-normal\"><span class=\"wpupg-item-term\">Neurobiologia<\/span><\/span><\/a><\/span>\n<\/div><\/div><div class=\"wpupg-item wpupg-item-post wpupg-item-11650 wpupg-type-integrantes wpupg-item-has-image wpupg-template-profesionales\" data-id=\"11650\" data-order-default=\"Mar\u00eda Victoria Villalba D\u00edaz\"><div class=\"wpupg-item-image wpupg-block-image-normal wpupg-align-center\"><img decoding=\"async\" style=\"border-width: 0px;border-style: solid;border-color: #666666;\" width=\"150\" height=\"150\" src=\"https:\/\/ibyme.org.ar\/investigacion\/wp-content\/uploads\/2024\/12\/Vico-1-150x150.png\" class=\"skip-lazy disable-lazyload attachment-150x150 size-150x150\" alt=\"\" srcset=\"https:\/\/ibyme.org.ar\/investigacion\/wp-content\/uploads\/2024\/12\/Vico-1-66x66.png 66w, https:\/\/ibyme.org.ar\/investigacion\/wp-content\/uploads\/2024\/12\/Vico-1-150x150.png 150w, https:\/\/ibyme.org.ar\/investigacion\/wp-content\/uploads\/2024\/12\/Vico-1-200x200.png 200w, https:\/\/ibyme.org.ar\/investigacion\/wp-content\/uploads\/2024\/12\/Vico-1.png 295w\" sizes=\"(max-width: 150px) 100vw, 150px\" \/><\/div>\n\n<div class=\"wpupg-meta-container\">\n\t<div class=\"wpupg-item-title wpupg-block-text-bold\">Mar\u00eda Victoria Villalba D\u00edaz<\/div>\n    <span class=\"wpupg-item-custom-field wpupg-block-text-normal\">Tesinista de Licenciatura, Facultad de Ciencias Biol\u00f3gicas, Universidad de Belgrano<\/span><br>\n    <span><a class=\"single-professional-item\" href='&quot;&quot;' target=\"_blank\" style=\"text-decoration:none; color:black;\"><span class=\"wpupg-item-terms wpupg-block-text-normal\"><span class=\"wpupg-item-term\">Fisiopatolog\u00eda endometrial<\/span><\/span><\/a><\/span>\n<\/div><\/div><div class=\"wpupg-item wpupg-item-post wpupg-item-11101 wpupg-type-directores wpupg-item-has-image wpupg-template-profesionales\" data-id=\"11101\" data-order-default=\"Mariano Gabriel Buffone, PhD.\"><div class=\"wpupg-item-image wpupg-block-image-normal wpupg-align-center\"><img decoding=\"async\" style=\"border-width: 0px;border-style: solid;border-color: #666666;\" width=\"150\" height=\"150\" src=\"https:\/\/ibyme.org.ar\/investigacion\/wp-content\/uploads\/2023\/07\/Buffone-2-150x150.jpg\" class=\"skip-lazy disable-lazyload attachment-150x150 size-150x150\" alt=\"\" srcset=\"https:\/\/ibyme.org.ar\/investigacion\/wp-content\/uploads\/2023\/07\/Buffone-2-66x66.jpg 66w, https:\/\/ibyme.org.ar\/investigacion\/wp-content\/uploads\/2023\/07\/Buffone-2-150x150.jpg 150w\" sizes=\"(max-width: 150px) 100vw, 150px\" \/><\/div>\n\n<div class=\"wpupg-meta-container\">\n\t<div class=\"wpupg-item-title wpupg-block-text-bold\">Mariano Gabriel Buffone, PhD.<\/div>\n    <span class=\"wpupg-item-custom-field wpupg-block-text-normal\">Principal Researcher (CONICET)<\/span><span class=\"wpupg-item-custom-field wpupg-block-text-normal\">Principal Researcher (CONICET)<\/span><br>\n    <span><a class=\"single-professional-item\" href='\/\/ibyme.org.ar\/investigacion\/laboratorios\/biologia-celular-y-molecular-de-la-reproduccion\/&lt;\/span&gt;&quot;' target=\"_blank\" style=\"text-decoration:none; color:black;\"><span class=\"wpupg-item-terms wpupg-block-text-normal\"><span class=\"wpupg-item-term\">Biolog\u00eda Celular y Molecular de la Reproducci\u00f3n<\/span><\/span><\/a><\/span>\n<\/div><\/div><div class=\"wpupg-item wpupg-item-post wpupg-item-11104 wpupg-type-integrantes wpupg-item-has-image wpupg-template-profesionales\" data-id=\"11104\" data-order-default=\"Martina Griguoli\"><div class=\"wpupg-item-image wpupg-block-image-normal wpupg-align-center\"><img decoding=\"async\" style=\"border-width: 0px;border-style: solid;border-color: #666666;\" width=\"150\" height=\"150\" src=\"https:\/\/ibyme.org.ar\/investigacion\/wp-content\/uploads\/2023\/03\/Lab-Buffone-Griguoli-2024-150x150.jpg\" class=\"skip-lazy disable-lazyload attachment-150x150 size-150x150\" alt=\"\" srcset=\"https:\/\/ibyme.org.ar\/investigacion\/wp-content\/uploads\/2023\/03\/Lab-Buffone-Griguoli-2024-66x66.jpg 66w, https:\/\/ibyme.org.ar\/investigacion\/wp-content\/uploads\/2023\/03\/Lab-Buffone-Griguoli-2024-150x150.jpg 150w\" sizes=\"(max-width: 150px) 100vw, 150px\" \/><\/div>\n\n<div class=\"wpupg-meta-container\">\n\t<div class=\"wpupg-item-title wpupg-block-text-bold\">Martina Griguoli<\/div>\n    <span class=\"wpupg-item-custom-field wpupg-block-text-normal\">Undergraduate student (UBA)<\/span><br>\n    <span><a class=\"single-professional-item\" href='&quot;&quot;' target=\"_blank\" style=\"text-decoration:none; color:black;\"><span class=\"wpupg-item-terms wpupg-block-text-normal\"><span class=\"wpupg-item-term\">Biolog\u00eda Celular y Molecular de la Reproducci\u00f3n<\/span><\/span><\/a><\/span>\n<\/div><\/div><div class=\"wpupg-item wpupg-item-post wpupg-item-13007 wpupg-type-integrantes wpupg-item-no-image wpupg-template-profesionales\" data-id=\"13007\" data-order-default=\"M\u00e9d. Cirujana Mariana T\u00f3ffolo\">\n\n<div class=\"wpupg-meta-container\">\n\t<div class=\"wpupg-item-title wpupg-block-text-bold\">M\u00e9d. Cirujana Mariana T\u00f3ffolo<\/div>\n    <span class=\"wpupg-item-custom-field wpupg-block-text-normal\">Doctorando (Universidad Cat\u00f3lica Argentina)<\/span><br>\n    <span><a class=\"single-professional-item\" href='&quot;&quot;' target=\"_blank\" style=\"text-decoration:none; color:black;\"><\/a><\/span>\n<\/div><\/div><div class=\"wpupg-item wpupg-item-post wpupg-item-1868 wpupg-type-integrantes wpupg-item-has-image wpupg-template-profesionales\" data-id=\"1868\" data-order-default=\"Med. Vet. Ana Mar\u00eda Ornstein\"><div class=\"wpupg-item-image wpupg-block-image-normal wpupg-align-center\"><img decoding=\"async\" style=\"border-width: 0px;border-style: solid;border-color: #666666;\" width=\"150\" height=\"150\" src=\"https:\/\/ibyme.org.ar\/investigacion\/wp-content\/uploads\/2025\/11\/Ana-foto-sola-Copy-Copy-150x150.jpg\" class=\"skip-lazy disable-lazyload attachment-150x150 size-150x150\" alt=\"\" srcset=\"https:\/\/ibyme.org.ar\/investigacion\/wp-content\/uploads\/2025\/11\/Ana-foto-sola-Copy-Copy-66x66.jpg 66w, https:\/\/ibyme.org.ar\/investigacion\/wp-content\/uploads\/2025\/11\/Ana-foto-sola-Copy-Copy-150x150.jpg 150w\" sizes=\"(max-width: 150px) 100vw, 150px\" \/><\/div>\n\n<div class=\"wpupg-meta-container\">\n\t<div class=\"wpupg-item-title wpupg-block-text-bold\">Med. Vet. Ana Mar\u00eda Ornstein<\/div>\n    <span class=\"wpupg-item-custom-field wpupg-block-text-normal\">Profesional Principal. CPA, CONICET<\/span><br>\n    <span><a class=\"single-professional-item\" href='\/\/ibyme.org.ar\/investigacion\/laboratorios\/regulacion-hipofisaria\/&lt;\/span&gt;&quot;' target=\"_blank\" style=\"text-decoration:none; color:black;\"><span class=\"wpupg-item-terms wpupg-block-text-normal\"><span class=\"wpupg-item-term\">Regulaci\u00f3n Hipofisaria<\/span><\/span><\/a><\/span>\n<\/div><\/div><div class=\"wpupg-item wpupg-item-post wpupg-item-1967 wpupg-type-integrantes wpupg-item-has-image wpupg-template-profesionales\" data-id=\"1967\" data-order-default=\"M\u00e9dica Juana Moro\"><div class=\"wpupg-item-image wpupg-block-image-normal wpupg-align-center\"><img decoding=\"async\" style=\"border-width: 0px;border-style: solid;border-color: #666666;\" width=\"150\" height=\"150\" src=\"https:\/\/ibyme.org.ar\/investigacion\/wp-content\/uploads\/2023\/03\/Juana-150x150.jpg\" class=\"skip-lazy disable-lazyload attachment-150x150 size-150x150\" alt=\"\" srcset=\"https:\/\/ibyme.org.ar\/investigacion\/wp-content\/uploads\/2023\/03\/Juana-66x66.jpg 66w, https:\/\/ibyme.org.ar\/investigacion\/wp-content\/uploads\/2023\/03\/Juana-150x150.jpg 150w, https:\/\/ibyme.org.ar\/investigacion\/wp-content\/uploads\/2023\/03\/Juana-200x200.jpg 200w, https:\/\/ibyme.org.ar\/investigacion\/wp-content\/uploads\/2023\/03\/Juana-300x300.jpg 300w, https:\/\/ibyme.org.ar\/investigacion\/wp-content\/uploads\/2023\/03\/Juana-400x400.jpg 400w, https:\/\/ibyme.org.ar\/investigacion\/wp-content\/uploads\/2023\/03\/Juana.jpg 591w\" sizes=\"(max-width: 150px) 100vw, 150px\" \/><\/div>\n\n<div class=\"wpupg-meta-container\">\n\t<div class=\"wpupg-item-title wpupg-block-text-bold\">M\u00e9dica Juana Moro<\/div>\n    <span class=\"wpupg-item-custom-field wpupg-block-text-normal\">Becaria Doctoral (ANPCYT)<\/span><br>\n    <span><a class=\"single-professional-item\" href='\/\/ibyme.org.ar\/investigacion\/laboratorios\/proteinas-quinasas-y-oncologia-molecular\/&lt;\/span&gt;&quot;' target=\"_blank\" style=\"text-decoration:none; color:black;\"><span class=\"wpupg-item-terms wpupg-block-text-normal\"><span class=\"wpupg-item-term\">Prote\u00ednas Quinasas y Oncolog\u00eda Molecular<\/span><\/span><\/a><\/span>\n<\/div><\/div><div class=\"wpupg-item wpupg-item-post wpupg-item-1945 wpupg-type-integrantes wpupg-item-has-image wpupg-template-profesionales\" data-id=\"1945\" data-order-default=\"M\u00e9dica Pat\u00f3loga Andrea Werbach\"><div class=\"wpupg-item-image wpupg-block-image-normal wpupg-align-center\"><img decoding=\"async\" style=\"border-width: 0px;border-style: solid;border-color: #666666;\" width=\"150\" height=\"150\" src=\"https:\/\/ibyme.org.ar\/investigacion\/wp-content\/uploads\/2023\/03\/foto-carnet-Andrea-Werbach-150x150.jpeg\" class=\"skip-lazy disable-lazyload attachment-150x150 size-150x150\" alt=\"\" srcset=\"https:\/\/ibyme.org.ar\/investigacion\/wp-content\/uploads\/2023\/03\/foto-carnet-Andrea-Werbach-66x66.jpeg 66w, https:\/\/ibyme.org.ar\/investigacion\/wp-content\/uploads\/2023\/03\/foto-carnet-Andrea-Werbach-150x150.jpeg 150w, https:\/\/ibyme.org.ar\/investigacion\/wp-content\/uploads\/2023\/03\/foto-carnet-Andrea-Werbach-200x200.jpeg 200w, https:\/\/ibyme.org.ar\/investigacion\/wp-content\/uploads\/2023\/03\/foto-carnet-Andrea-Werbach-300x300.jpeg 300w, https:\/\/ibyme.org.ar\/investigacion\/wp-content\/uploads\/2023\/03\/foto-carnet-Andrea-Werbach-400x400.jpeg 400w, https:\/\/ibyme.org.ar\/investigacion\/wp-content\/uploads\/2023\/03\/foto-carnet-Andrea-Werbach-600x600.jpeg 600w, https:\/\/ibyme.org.ar\/investigacion\/wp-content\/uploads\/2023\/03\/foto-carnet-Andrea-Werbach-768x768.jpeg 768w, https:\/\/ibyme.org.ar\/investigacion\/wp-content\/uploads\/2023\/03\/foto-carnet-Andrea-Werbach-800x800.jpeg 800w, https:\/\/ibyme.org.ar\/investigacion\/wp-content\/uploads\/2023\/03\/foto-carnet-Andrea-Werbach.jpeg 926w\" sizes=\"(max-width: 150px) 100vw, 150px\" \/><\/div>\n\n<div class=\"wpupg-meta-container\">\n\t<div class=\"wpupg-item-title wpupg-block-text-bold\">M\u00e9dica Pat\u00f3loga Andrea Werbach<\/div>\n    <span class=\"wpupg-item-custom-field wpupg-block-text-normal\">Asesora<\/span><br>\n    <span><a class=\"single-professional-item\" href='\/\/ibyme.org.ar\/investigacion\/laboratorios\/proteinas-quinasas-y-cancer\/&lt;\/span&gt;&quot;' target=\"_blank\" style=\"text-decoration:none; color:black;\"><span class=\"wpupg-item-terms wpupg-block-text-normal\"><span class=\"wpupg-item-term\">Prote\u00ednas Quinasas y Oncolog\u00eda Molecular<\/span><\/span><\/a><\/span>\n<\/div><\/div><div class=\"wpupg-item wpupg-item-post wpupg-item-1964 wpupg-type-integrantes wpupg-item-has-image wpupg-template-profesionales\" data-id=\"1964\" data-order-default=\"M\u00e9dica Pat\u00f3loga Georgina Scalise\"><div class=\"wpupg-item-image wpupg-block-image-normal wpupg-align-center\"><img decoding=\"async\" style=\"border-width: 0px;border-style: solid;border-color: #666666;\" width=\"150\" height=\"150\" src=\"https:\/\/ibyme.org.ar\/investigacion\/wp-content\/uploads\/2023\/03\/Gina-150x150.jpg\" class=\"skip-lazy disable-lazyload attachment-150x150 size-150x150\" alt=\"\" srcset=\"https:\/\/ibyme.org.ar\/investigacion\/wp-content\/uploads\/2023\/03\/Gina-66x66.jpg 66w, https:\/\/ibyme.org.ar\/investigacion\/wp-content\/uploads\/2023\/03\/Gina-150x150.jpg 150w, https:\/\/ibyme.org.ar\/investigacion\/wp-content\/uploads\/2023\/03\/Gina-200x200.jpg 200w, https:\/\/ibyme.org.ar\/investigacion\/wp-content\/uploads\/2023\/03\/Gina-300x300.jpg 300w, https:\/\/ibyme.org.ar\/investigacion\/wp-content\/uploads\/2023\/03\/Gina-400x400.jpg 400w, https:\/\/ibyme.org.ar\/investigacion\/wp-content\/uploads\/2023\/03\/Gina.jpg 591w\" sizes=\"(max-width: 150px) 100vw, 150px\" \/><\/div>\n\n<div class=\"wpupg-meta-container\">\n\t<div class=\"wpupg-item-title wpupg-block-text-bold\">M\u00e9dica Pat\u00f3loga Georgina Scalise<\/div>\n    <span class=\"wpupg-item-custom-field wpupg-block-text-normal\">M\u00e9dica Pat\u00f3loga, Tesista Doctoral.<\/span><br>\n    <span><a class=\"single-professional-item\" href='\/\/ibyme.org.ar\/investigacion\/laboratorios\/proteinas-quinasas-y-oncologia-molecular\/&lt;\/span&gt;&quot;' target=\"_blank\" style=\"text-decoration:none; color:black;\"><span class=\"wpupg-item-terms wpupg-block-text-normal\"><span class=\"wpupg-item-term\">Prote\u00ednas Quinasas y Oncolog\u00eda Molecular<\/span><\/span><\/a><\/span>\n<\/div><\/div><div class=\"wpupg-item wpupg-item-post wpupg-item-12067 wpupg-type-integrantes wpupg-item-has-image wpupg-template-profesionales\" data-id=\"12067\" data-order-default=\"Micaela Rozenblum\"><div class=\"wpupg-item-image wpupg-block-image-normal wpupg-align-center\"><img decoding=\"async\" style=\"border-width: 0px;border-style: solid;border-color: #666666;\" width=\"150\" height=\"150\" src=\"https:\/\/ibyme.org.ar\/investigacion\/wp-content\/uploads\/2025\/02\/foto-150x150.jpg\" class=\"skip-lazy disable-lazyload attachment-150x150 size-150x150\" alt=\"\" srcset=\"https:\/\/ibyme.org.ar\/investigacion\/wp-content\/uploads\/2025\/02\/foto-66x66.jpg 66w, https:\/\/ibyme.org.ar\/investigacion\/wp-content\/uploads\/2025\/02\/foto-150x150.jpg 150w\" sizes=\"(max-width: 150px) 100vw, 150px\" \/><\/div>\n\n<div class=\"wpupg-meta-container\">\n\t<div class=\"wpupg-item-title wpupg-block-text-bold\">Micaela Rozenblum<\/div>\n    <span class=\"wpupg-item-custom-field wpupg-block-text-normal\">Estudiante de Lic. en Biotecnolog\u00eda<\/span><br>\n    <span><a class=\"single-professional-item\" href='&quot;&quot;' target=\"_blank\" style=\"text-decoration:none; color:black;\"><span class=\"wpupg-item-terms wpupg-block-text-normal\"><span class=\"wpupg-item-term\">Neuro-Inmuno-Endocrinolog\u00eda Testicular<\/span><\/span><\/a><\/span>\n<\/div><\/div><div class=\"wpupg-item wpupg-item-post wpupg-item-12617 wpupg-type-integrantes wpupg-item-has-image wpupg-template-profesionales\" data-id=\"12617\" data-order-default=\"Miguel Angel Obeid\"><div class=\"wpupg-item-image wpupg-block-image-normal wpupg-align-center\"><img decoding=\"async\" style=\"border-width: 0px;border-style: solid;border-color: #666666;\" width=\"150\" height=\"150\" src=\"https:\/\/ibyme.org.ar\/investigacion\/wp-content\/uploads\/2025\/03\/Miguel-150x150.jpg\" class=\"skip-lazy disable-lazyload attachment-150x150 size-150x150\" alt=\"\" srcset=\"https:\/\/ibyme.org.ar\/investigacion\/wp-content\/uploads\/2025\/03\/Miguel-66x66.jpg 66w, https:\/\/ibyme.org.ar\/investigacion\/wp-content\/uploads\/2025\/03\/Miguel-150x150.jpg 150w\" sizes=\"(max-width: 150px) 100vw, 150px\" \/><\/div>\n\n<div class=\"wpupg-meta-container\">\n\t<div class=\"wpupg-item-title wpupg-block-text-bold\">Miguel Angel Obeid<\/div>\n    <span class=\"wpupg-item-custom-field wpupg-block-text-normal\">Estudiante de grado ITBA<\/span><br>\n    <span><a class=\"single-professional-item\" href='&quot;&quot;' target=\"_blank\" style=\"text-decoration:none; color:black;\"><span class=\"wpupg-item-terms wpupg-block-text-normal\"><span class=\"wpupg-item-term\">Neurobiologia<\/span><\/span><\/a><\/span>\n<\/div><\/div><div class=\"wpupg-item wpupg-item-post wpupg-item-7663 wpupg-type-integrantes wpupg-item-has-image wpupg-template-profesionales\" data-id=\"7663\" data-order-default=\"Nancy Melisa Albarrac\u00edn\"><div class=\"wpupg-item-image wpupg-block-image-normal wpupg-align-center\"><img decoding=\"async\" style=\"border-width: 0px;border-style: solid;border-color: #666666;\" width=\"150\" height=\"150\" src=\"https:\/\/ibyme.org.ar\/investigacion\/wp-content\/uploads\/2023\/07\/avatar-f-150x150.jpg\" class=\"skip-lazy disable-lazyload attachment-150x150 size-150x150\" alt=\"\" srcset=\"https:\/\/ibyme.org.ar\/investigacion\/wp-content\/uploads\/2023\/07\/avatar-f-66x66.jpg 66w, https:\/\/ibyme.org.ar\/investigacion\/wp-content\/uploads\/2023\/07\/avatar-f-150x150.jpg 150w\" sizes=\"(max-width: 150px) 100vw, 150px\" \/><\/div>\n\n<div class=\"wpupg-meta-container\">\n\t<div class=\"wpupg-item-title wpupg-block-text-bold\">Nancy Melisa Albarrac\u00edn<\/div>\n    <span class=\"wpupg-item-custom-field wpupg-block-text-normal\">T\u00e9cnico<\/span><br>\n    <span><a class=\"single-professional-item\" href='\/\/ibyme.org.ar\/areas-complementarias\/bioterio\/&lt;\/span&gt;&quot;' target=\"_blank\" style=\"text-decoration:none; color:black;\"><span class=\"wpupg-item-terms wpupg-block-text-normal\"><span class=\"wpupg-item-term\">Bioterio<\/span><\/span><\/a><\/span>\n<\/div><\/div><div class=\"wpupg-item wpupg-item-post wpupg-item-7666 wpupg-type-integrantes wpupg-item-has-image wpupg-template-profesionales\" data-id=\"7666\" data-order-default=\"Natalia Alejandra Vasta\"><div class=\"wpupg-item-image wpupg-block-image-normal wpupg-align-center\"><img decoding=\"async\" style=\"border-width: 0px;border-style: solid;border-color: #666666;\" width=\"150\" height=\"150\" src=\"https:\/\/ibyme.org.ar\/investigacion\/wp-content\/uploads\/2023\/07\/avatar-f-150x150.jpg\" class=\"skip-lazy disable-lazyload attachment-150x150 size-150x150\" alt=\"\" srcset=\"https:\/\/ibyme.org.ar\/investigacion\/wp-content\/uploads\/2023\/07\/avatar-f-66x66.jpg 66w, https:\/\/ibyme.org.ar\/investigacion\/wp-content\/uploads\/2023\/07\/avatar-f-150x150.jpg 150w\" sizes=\"(max-width: 150px) 100vw, 150px\" \/><\/div>\n\n<div class=\"wpupg-meta-container\">\n\t<div class=\"wpupg-item-title wpupg-block-text-bold\">Natalia Alejandra Vasta<\/div>\n    <span class=\"wpupg-item-custom-field wpupg-block-text-normal\">Profesional<\/span><br>\n    <span><a class=\"single-professional-item\" href='\/\/ibyme.org.ar\/areas-complementarias\/bioterio\/&lt;\/span&gt;&quot;' target=\"_blank\" style=\"text-decoration:none; color:black;\"><span class=\"wpupg-item-terms wpupg-block-text-normal\"><span class=\"wpupg-item-term\">Bioterio<\/span><\/span><\/a><\/span>\n<\/div><\/div><div class=\"wpupg-item wpupg-item-post wpupg-item-9238 wpupg-type-directores wpupg-item-no-image wpupg-template-profesionales\" data-id=\"9238\" data-order-default=\"Nom Ape\">\n\n<div class=\"wpupg-meta-container\">\n\t<div class=\"wpupg-item-title wpupg-block-text-bold\">Nom Ape<\/div>\n    <span class=\"wpupg-item-custom-field wpupg-block-text-normal\">Dir<\/span><br>\n    <span><a class=\"single-professional-item\" href='&quot;&quot;' target=\"_blank\" style=\"text-decoration:none; color:black;\"><span class=\"wpupg-item-terms wpupg-block-text-normal\"><span class=\"wpupg-item-term\">Laboratorio DEMO<\/span><\/span><\/a><\/span>\n<\/div><\/div><div class=\"wpupg-item wpupg-item-post wpupg-item-7671 wpupg-type-integrantes wpupg-item-has-image wpupg-template-profesionales\" data-id=\"7671\" data-order-default=\"Pablo Daniel Nieva\"><div class=\"wpupg-item-image wpupg-block-image-normal wpupg-align-center\"><img decoding=\"async\" style=\"border-width: 0px;border-style: solid;border-color: #666666;\" width=\"150\" height=\"150\" src=\"https:\/\/ibyme.org.ar\/investigacion\/wp-content\/uploads\/2023\/07\/avatar-m-150x150.jpg\" class=\"skip-lazy disable-lazyload attachment-150x150 size-150x150\" alt=\"\" srcset=\"https:\/\/ibyme.org.ar\/investigacion\/wp-content\/uploads\/2023\/07\/avatar-m-66x66.jpg 66w, https:\/\/ibyme.org.ar\/investigacion\/wp-content\/uploads\/2023\/07\/avatar-m-150x150.jpg 150w\" sizes=\"(max-width: 150px) 100vw, 150px\" \/><\/div>\n\n<div class=\"wpupg-meta-container\">\n\t<div class=\"wpupg-item-title wpupg-block-text-bold\">Pablo Daniel Nieva<\/div>\n    <span class=\"wpupg-item-custom-field wpupg-block-text-normal\">T\u00e9cnico<\/span><br>\n    <span><a class=\"single-professional-item\" href='&quot;&quot;' target=\"_blank\" style=\"text-decoration:none; color:black;\"><span class=\"wpupg-item-terms wpupg-block-text-normal\"><span class=\"wpupg-item-term\">Servicios Generales - Limpieza y esterilizaci\u00f3n de material<\/span><\/span><\/a><\/span>\n<\/div><\/div><div class=\"wpupg-item wpupg-item-post wpupg-item-7678 wpupg-type-integrantes wpupg-item-has-image wpupg-template-profesionales\" data-id=\"7678\" data-order-default=\"Pablo Ernesto Pomata\"><div class=\"wpupg-item-image wpupg-block-image-normal wpupg-align-center\"><img decoding=\"async\" style=\"border-width: 0px;border-style: solid;border-color: #666666;\" width=\"150\" height=\"150\" src=\"https:\/\/ibyme.org.ar\/investigacion\/wp-content\/uploads\/2023\/07\/avatar-m-150x150.jpg\" class=\"skip-lazy disable-lazyload attachment-150x150 size-150x150\" alt=\"\" srcset=\"https:\/\/ibyme.org.ar\/investigacion\/wp-content\/uploads\/2023\/07\/avatar-m-66x66.jpg 66w, https:\/\/ibyme.org.ar\/investigacion\/wp-content\/uploads\/2023\/07\/avatar-m-150x150.jpg 150w\" sizes=\"(max-width: 150px) 100vw, 150px\" \/><\/div>\n\n<div class=\"wpupg-meta-container\">\n\t<div class=\"wpupg-item-title wpupg-block-text-bold\">Pablo Ernesto Pomata<\/div>\n    <span class=\"wpupg-item-custom-field wpupg-block-text-normal\">Responsable de \u00e1rea<\/span><br>\n    <span><a class=\"single-professional-item\" href='\/\/www.boomworking.ar\/ibyme\/areas-complementarias\/microscopia\/&lt;\/span&gt;&quot;' target=\"_blank\" style=\"text-decoration:none; color:black;\"><span class=\"wpupg-item-terms wpupg-block-text-normal\"><span class=\"wpupg-item-term\">Servicio de Microscop\u00eda<\/span><\/span><\/a><\/span>\n<\/div><\/div><div class=\"wpupg-item wpupg-item-post wpupg-item-1953 wpupg-type-integrantes wpupg-item-has-image wpupg-template-profesionales\" data-id=\"1953\" data-order-default=\"Paola A. Rojas\"><div class=\"wpupg-item-image wpupg-block-image-normal wpupg-align-center\"><img decoding=\"async\" style=\"border-width: 0px;border-style: solid;border-color: #666666;\" width=\"150\" height=\"150\" src=\"https:\/\/ibyme.org.ar\/investigacion\/wp-content\/uploads\/2023\/08\/Pao-150x150.jpg\" class=\"skip-lazy disable-lazyload attachment-150x150 size-150x150\" alt=\"\" srcset=\"https:\/\/ibyme.org.ar\/investigacion\/wp-content\/uploads\/2023\/08\/Pao-66x66.jpg 66w, https:\/\/ibyme.org.ar\/investigacion\/wp-content\/uploads\/2023\/08\/Pao-150x150.jpg 150w\" sizes=\"(max-width: 150px) 100vw, 150px\" \/><\/div>\n\n<div class=\"wpupg-meta-container\">\n\t<div class=\"wpupg-item-title wpupg-block-text-bold\">Paola A. Rojas<\/div>\n    <span class=\"wpupg-item-custom-field wpupg-block-text-normal\">Investigador Adjunto (CONICET)<\/span><br>\n    <span><a class=\"single-professional-item\" href='\/\/ibyme.org.ar\/investigacion\/laboratorios\/carcinogenesis-hormonal\/&lt;\/span&gt;&quot;' target=\"_blank\" style=\"text-decoration:none; color:black;\"><span class=\"wpupg-item-terms wpupg-block-text-normal\"><span class=\"wpupg-item-term\">Carcinog\u00e9nesis Hormonal<\/span><\/span><\/a><\/span>\n<\/div><\/div><div class=\"wpupg-item wpupg-item-post wpupg-item-12263 wpupg-type-integrantes wpupg-item-has-image wpupg-template-profesionales\" data-id=\"12263\" data-order-default=\"Paola Barri P\u00e9rez\"><div class=\"wpupg-item-image wpupg-block-image-normal wpupg-align-center\"><img decoding=\"async\" style=\"border-width: 0px;border-style: solid;border-color: #666666;\" width=\"150\" height=\"150\" src=\"https:\/\/ibyme.org.ar\/investigacion\/wp-content\/uploads\/2025\/06\/Barri-Perez-150x150.jpg\" class=\"skip-lazy disable-lazyload attachment-150x150 size-150x150\" alt=\"\" srcset=\"https:\/\/ibyme.org.ar\/investigacion\/wp-content\/uploads\/2025\/06\/Barri-Perez-66x66.jpg 66w, https:\/\/ibyme.org.ar\/investigacion\/wp-content\/uploads\/2025\/06\/Barri-Perez-150x150.jpg 150w\" sizes=\"(max-width: 150px) 100vw, 150px\" \/><\/div>\n\n<div class=\"wpupg-meta-container\">\n\t<div class=\"wpupg-item-title wpupg-block-text-bold\">Paola Barri P\u00e9rez<\/div>\n    <span class=\"wpupg-item-custom-field wpupg-block-text-normal\">Estudiante Bioingenier\u00eda (ITBA)<\/span><br>\n    <span><a class=\"single-professional-item\" href='&quot;&quot;' target=\"_blank\" style=\"text-decoration:none; color:black;\"><span class=\"wpupg-item-terms wpupg-block-text-normal\"><span class=\"wpupg-item-term\">C\u00e9lulas Madre Tumorales y Reprogramaci\u00f3n Metab\u00f3lica<\/span><\/span><\/a><\/span>\n<\/div><\/div><div class=\"wpupg-item wpupg-item-post wpupg-item-11102 wpupg-type-integrantes wpupg-item-has-image wpupg-template-profesionales\" data-id=\"11102\" data-order-default=\"Paula Soledad Ruta\"><div class=\"wpupg-item-image wpupg-block-image-normal wpupg-align-center\"><img decoding=\"async\" style=\"border-width: 0px;border-style: solid;border-color: #666666;\" width=\"150\" height=\"150\" src=\"https:\/\/ibyme.org.ar\/investigacion\/wp-content\/uploads\/2023\/03\/Lab-Buffone-Ruta-2024-150x150.jpg\" class=\"skip-lazy disable-lazyload attachment-150x150 size-150x150\" alt=\"\" srcset=\"https:\/\/ibyme.org.ar\/investigacion\/wp-content\/uploads\/2023\/03\/Lab-Buffone-Ruta-2024-66x66.jpg 66w, https:\/\/ibyme.org.ar\/investigacion\/wp-content\/uploads\/2023\/03\/Lab-Buffone-Ruta-2024-150x150.jpg 150w\" sizes=\"(max-width: 150px) 100vw, 150px\" \/><\/div>\n\n<div class=\"wpupg-meta-container\">\n\t<div class=\"wpupg-item-title wpupg-block-text-bold\">Paula Soledad Ruta<\/div>\n    <span class=\"wpupg-item-custom-field wpupg-block-text-normal\">Animal facility technician (UBA)<\/span><br>\n    <span><a class=\"single-professional-item\" href='&quot;&quot;' target=\"_blank\" style=\"text-decoration:none; color:black;\"><span class=\"wpupg-item-terms wpupg-block-text-normal\"><span class=\"wpupg-item-term\">Biolog\u00eda Celular y Molecular de la Reproducci\u00f3n<\/span><\/span><\/a><\/span>\n<\/div><\/div><div class=\"wpupg-item wpupg-item-post wpupg-item-12700 wpupg-type-integrantes wpupg-item-has-image wpupg-template-profesionales\" data-id=\"12700\" data-order-default=\"Pedro Villagra Delgado\"><div class=\"wpupg-item-image wpupg-block-image-normal wpupg-align-center\"><img decoding=\"async\" style=\"border-width: 0px;border-style: solid;border-color: #666666;\" width=\"150\" height=\"150\" src=\"https:\/\/ibyme.org.ar\/investigacion\/wp-content\/uploads\/2026\/01\/Foto-Pedro-Captura-de-pantalla-2026-01-07-160901-150x150.jpg\" class=\"skip-lazy disable-lazyload attachment-150x150 size-150x150\" alt=\"\" srcset=\"https:\/\/ibyme.org.ar\/investigacion\/wp-content\/uploads\/2026\/01\/Foto-Pedro-Captura-de-pantalla-2026-01-07-160901-66x66.jpg 66w, https:\/\/ibyme.org.ar\/investigacion\/wp-content\/uploads\/2026\/01\/Foto-Pedro-Captura-de-pantalla-2026-01-07-160901-150x150.jpg 150w\" sizes=\"(max-width: 150px) 100vw, 150px\" \/><\/div>\n\n<div class=\"wpupg-meta-container\">\n\t<div class=\"wpupg-item-title wpupg-block-text-bold\">Pedro Villagra Delgado<\/div>\n    <span class=\"wpupg-item-custom-field wpupg-block-text-normal\">Estudiante de grado - tesinista<\/span><br>\n    <span><a class=\"single-professional-item\" href='&quot;&quot;' target=\"_blank\" style=\"text-decoration:none; color:black;\"><span class=\"wpupg-item-terms wpupg-block-text-normal\"><span class=\"wpupg-item-term\">Carcinog\u00e9nesis Hormonal<\/span><\/span><\/a><\/span>\n<\/div><\/div><div class=\"wpupg-item wpupg-item-post wpupg-item-9742 wpupg-type-integrantes wpupg-item-has-image wpupg-template-profesionales\" data-id=\"9742\" data-order-default=\"Pilar Ameijeiras, MSc\"><div class=\"wpupg-item-image wpupg-block-image-normal wpupg-align-center\"><img decoding=\"async\" style=\"border-width: 0px;border-style: solid;border-color: #666666;\" width=\"150\" height=\"150\" src=\"https:\/\/ibyme.org.ar\/investigacion\/wp-content\/uploads\/2023\/03\/Lab-Buffone-Pilar-3-150x150.jpg\" class=\"skip-lazy disable-lazyload attachment-150x150 size-150x150\" alt=\"\" srcset=\"https:\/\/ibyme.org.ar\/investigacion\/wp-content\/uploads\/2023\/03\/Lab-Buffone-Pilar-3-66x66.jpg 66w, https:\/\/ibyme.org.ar\/investigacion\/wp-content\/uploads\/2023\/03\/Lab-Buffone-Pilar-3-150x150.jpg 150w\" sizes=\"(max-width: 150px) 100vw, 150px\" \/><\/div>\n\n<div class=\"wpupg-meta-container\">\n\t<div class=\"wpupg-item-title wpupg-block-text-bold\">Pilar Ameijeiras, MSc<\/div>\n    <span class=\"wpupg-item-custom-field wpupg-block-text-normal\">Ph.D. student (CONICET)<\/span><br>\n    <span><a class=\"single-professional-item\" href='\/\/ibyme.org.ar\/investigacion\/laboratorios\/biologia-celular-y-molecular-de-la-reproduccion\/&lt;\/span&gt;&quot;' target=\"_blank\" style=\"text-decoration:none; color:black;\"><span class=\"wpupg-item-terms wpupg-block-text-normal\"><span class=\"wpupg-item-term\">Biolog\u00eda Celular y Molecular de la Reproducci\u00f3n<\/span><\/span><\/a><\/span>\n<\/div><\/div><div class=\"wpupg-item wpupg-item-post wpupg-item-7578 wpupg-type-directores wpupg-item-has-image wpupg-template-profesionales\" data-id=\"7578\" data-order-default=\"Prof. Dr. Alejandro De Nicola\"><div class=\"wpupg-item-image wpupg-block-image-normal wpupg-align-center\"><img decoding=\"async\" style=\"border-width: 0px;border-style: solid;border-color: #666666;\" width=\"150\" height=\"150\" src=\"https:\/\/ibyme.org.ar\/investigacion\/wp-content\/uploads\/2023\/08\/20230807_151521-150x150.jpg\" class=\"skip-lazy disable-lazyload attachment-150x150 size-150x150\" alt=\"\" srcset=\"https:\/\/ibyme.org.ar\/investigacion\/wp-content\/uploads\/2023\/08\/20230807_151521-66x66.jpg 66w, https:\/\/ibyme.org.ar\/investigacion\/wp-content\/uploads\/2023\/08\/20230807_151521-150x150.jpg 150w\" sizes=\"(max-width: 150px) 100vw, 150px\" \/><\/div>\n\n<div class=\"wpupg-meta-container\">\n\t<div class=\"wpupg-item-title wpupg-block-text-bold\">Prof. Dr. Alejandro De Nicola<\/div>\n    <span class=\"wpupg-item-custom-field wpupg-block-text-normal\">Investigador Superior del CONICET<\/span><br>\n    <span><a class=\"single-professional-item\" href='\/\/ibyme.org.ar\/investigacion\/laboratorios\/bioquimica-neuroendocrina\/&lt;\/span&gt;&quot;' target=\"_blank\" style=\"text-decoration:none; color:black;\"><span class=\"wpupg-item-terms wpupg-block-text-normal\"><span class=\"wpupg-item-term\">Bioqu\u00edmica Neuroend\u00f3crina<\/span><\/span><\/a><\/span>\n<\/div><\/div><div class=\"wpupg-item wpupg-item-post wpupg-item-2053 wpupg-type-integrantes wpupg-item-has-image wpupg-template-profesionales\" data-id=\"2053\" data-order-default=\"Prof. Paulina Roig\"><div class=\"wpupg-item-image wpupg-block-image-normal wpupg-align-center\"><img decoding=\"async\" style=\"border-width: 0px;border-style: solid;border-color: #666666;\" width=\"150\" height=\"150\" src=\"https:\/\/ibyme.org.ar\/investigacion\/wp-content\/uploads\/2023\/08\/20230807_151437-150x150.jpg\" class=\"skip-lazy disable-lazyload attachment-150x150 size-150x150\" alt=\"\" srcset=\"https:\/\/ibyme.org.ar\/investigacion\/wp-content\/uploads\/2023\/08\/20230807_151437-66x66.jpg 66w, https:\/\/ibyme.org.ar\/investigacion\/wp-content\/uploads\/2023\/08\/20230807_151437-150x150.jpg 150w\" sizes=\"(max-width: 150px) 100vw, 150px\" \/><\/div>\n\n<div class=\"wpupg-meta-container\">\n\t<div class=\"wpupg-item-title wpupg-block-text-bold\">Prof. Paulina Roig<\/div>\n    <span class=\"wpupg-item-custom-field wpupg-block-text-normal\">T\u00e9cnica Principal (CONICET)<\/span><br>\n    <span><a class=\"single-professional-item\" href='\/\/ibyme.org.ar\/investigacion\/laboratorios\/bioquimica-neuroendocrina\/&lt;\/span&gt;&quot;' target=\"_blank\" style=\"text-decoration:none; color:black;\"><span class=\"wpupg-item-terms wpupg-block-text-normal\"><span class=\"wpupg-item-term\">Bioqu\u00edmica Neuroend\u00f3crina<\/span><\/span><\/a><\/span>\n<\/div><\/div><div class=\"wpupg-item wpupg-item-post wpupg-item-2064 wpupg-type-integrantes wpupg-item-has-image wpupg-template-profesionales\" data-id=\"2064\" data-order-default=\"Quim. Farm. Sandra Mendez Brito\"><div class=\"wpupg-item-image wpupg-block-image-normal wpupg-align-center\"><img decoding=\"async\" style=\"border-width: 0px;border-style: solid;border-color: #666666;\" width=\"150\" height=\"150\" src=\"https:\/\/ibyme.org.ar\/investigacion\/wp-content\/uploads\/2023\/03\/Sandra-Mendez-Brito-5-150x150.jpg\" class=\"skip-lazy disable-lazyload attachment-150x150 size-150x150\" alt=\"\" srcset=\"https:\/\/ibyme.org.ar\/investigacion\/wp-content\/uploads\/2023\/03\/Sandra-Mendez-Brito-5-66x66.jpg 66w, https:\/\/ibyme.org.ar\/investigacion\/wp-content\/uploads\/2023\/03\/Sandra-Mendez-Brito-5-150x150.jpg 150w\" sizes=\"(max-width: 150px) 100vw, 150px\" \/><\/div>\n\n<div class=\"wpupg-meta-container\">\n\t<div class=\"wpupg-item-title wpupg-block-text-bold\">Quim. Farm. Sandra Mendez Brito<\/div>\n    <span class=\"wpupg-item-custom-field wpupg-block-text-normal\">Qu\u00edmica Farmac\u00e9utica (Ecuador). Tesista Maestr\u00eda en Biolog\u00eda Molecular M\u00e9dica UBA. Directora: Dra. M\u00f3nica Vazquez-Levin<\/span><br>\n    <span><a class=\"single-professional-item\" href='\/\/ibyme.org.ar\/investigacion\/laboratorios\/estudios-de-interaccion-celular-en-reproduccion-y-cancer\/&lt;\/span&gt;&quot;' target=\"_blank\" style=\"text-decoration:none; color:black;\"><span class=\"wpupg-item-terms wpupg-block-text-normal\"><span class=\"wpupg-item-term\">Estudios de Interacci\u00f3n Celular en Reproducci\u00f3n y C\u00e1ncer<\/span><\/span><\/a><\/span>\n<\/div><\/div><div class=\"wpupg-item wpupg-item-post wpupg-item-9745 wpupg-type-integrantes wpupg-item-has-image wpupg-template-profesionales\" data-id=\"9745\" data-order-default=\"Rita Celeste del Prado\"><div class=\"wpupg-item-image wpupg-block-image-normal wpupg-align-center\"><img decoding=\"async\" style=\"border-width: 0px;border-style: solid;border-color: #666666;\" width=\"150\" height=\"150\" src=\"https:\/\/ibyme.org.ar\/investigacion\/wp-content\/uploads\/2023\/03\/Lab-Buffone-Rita-1-150x150.jpg\" class=\"skip-lazy disable-lazyload attachment-150x150 size-150x150\" alt=\"\" srcset=\"https:\/\/ibyme.org.ar\/investigacion\/wp-content\/uploads\/2023\/03\/Lab-Buffone-Rita-1-66x66.jpg 66w, https:\/\/ibyme.org.ar\/investigacion\/wp-content\/uploads\/2023\/03\/Lab-Buffone-Rita-1-150x150.jpg 150w\" sizes=\"(max-width: 150px) 100vw, 150px\" \/><\/div>\n\n<div class=\"wpupg-meta-container\">\n\t<div class=\"wpupg-item-title wpupg-block-text-bold\">Rita Celeste del Prado<\/div>\n    <span class=\"wpupg-item-custom-field wpupg-block-text-normal\">Undergraduate student (UBA)<\/span><br>\n    <span><a class=\"single-professional-item\" href='\/\/ibyme.org.ar\/investigacion\/laboratorios\/biologia-celular-y-molecular-de-la-reproduccion\/&lt;\/span&gt;&quot;' target=\"_blank\" style=\"text-decoration:none; color:black;\"><span class=\"wpupg-item-terms wpupg-block-text-normal\"><span class=\"wpupg-item-term\">Biolog\u00eda Celular y Molecular de la Reproducci\u00f3n<\/span><\/span><\/a><\/span>\n<\/div><\/div><div class=\"wpupg-item wpupg-item-post wpupg-item-7676 wpupg-type-integrantes wpupg-item-has-image wpupg-template-profesionales\" data-id=\"7676\" data-order-default=\"Roberto Eugenio Marino\"><div class=\"wpupg-item-image wpupg-block-image-normal wpupg-align-center\"><img decoding=\"async\" style=\"border-width: 0px;border-style: solid;border-color: #666666;\" width=\"150\" height=\"150\" src=\"https:\/\/ibyme.org.ar\/investigacion\/wp-content\/uploads\/2023\/07\/avatar-m-150x150.jpg\" class=\"skip-lazy disable-lazyload attachment-150x150 size-150x150\" alt=\"\" srcset=\"https:\/\/ibyme.org.ar\/investigacion\/wp-content\/uploads\/2023\/07\/avatar-m-66x66.jpg 66w, https:\/\/ibyme.org.ar\/investigacion\/wp-content\/uploads\/2023\/07\/avatar-m-150x150.jpg 150w\" sizes=\"(max-width: 150px) 100vw, 150px\" \/><\/div>\n\n<div class=\"wpupg-meta-container\">\n\t<div class=\"wpupg-item-title wpupg-block-text-bold\">Roberto Eugenio Marino<\/div>\n    <span class=\"wpupg-item-custom-field wpupg-block-text-normal\">Responsable de \u00e1rea<\/span><br>\n    <span><a class=\"single-professional-item\" href='\/\/ibyme.org.ar\/institucion\/comunidad-ibyme\/&lt;\/span&gt;&quot;' target=\"_blank\" style=\"text-decoration:none; color:black;\"><span class=\"wpupg-item-terms wpupg-block-text-normal\"><span class=\"wpupg-item-term\">Servicios Generales - Mantenimiento<\/span><\/span><\/a><\/span>\n<\/div><\/div><div class=\"wpupg-item wpupg-item-post wpupg-item-7658 wpupg-type-integrantes wpupg-item-has-image wpupg-template-profesionales\" data-id=\"7658\" data-order-default=\"Roc\u00edo Herrera\"><div class=\"wpupg-item-image wpupg-block-image-normal wpupg-align-center\"><img decoding=\"async\" style=\"border-width: 0px;border-style: solid;border-color: #666666;\" width=\"150\" height=\"150\" src=\"https:\/\/ibyme.org.ar\/investigacion\/wp-content\/uploads\/2023\/07\/avatar-f-150x150.jpg\" class=\"skip-lazy disable-lazyload attachment-150x150 size-150x150\" alt=\"\" srcset=\"https:\/\/ibyme.org.ar\/investigacion\/wp-content\/uploads\/2023\/07\/avatar-f-66x66.jpg 66w, https:\/\/ibyme.org.ar\/investigacion\/wp-content\/uploads\/2023\/07\/avatar-f-150x150.jpg 150w\" sizes=\"(max-width: 150px) 100vw, 150px\" \/><\/div>\n\n<div class=\"wpupg-meta-container\">\n\t<div class=\"wpupg-item-title wpupg-block-text-bold\">Roc\u00edo Herrera<\/div>\n    <span class=\"wpupg-item-custom-field wpupg-block-text-normal\">Contadora<\/span><br>\n    <span><a class=\"single-professional-item\" href='&quot;&quot;' target=\"_blank\" style=\"text-decoration:none; color:black;\"><span class=\"wpupg-item-terms wpupg-block-text-normal\"><span class=\"wpupg-item-term\">Unidad de Administraci\u00f3n<\/span><\/span><\/a><\/span>\n<\/div><\/div><div class=\"wpupg-item wpupg-item-post wpupg-item-7656 wpupg-type-integrantes wpupg-item-has-image wpupg-template-profesionales\" data-id=\"7656\" data-order-default=\"Romina Yesica Casco\"><div class=\"wpupg-item-image wpupg-block-image-normal wpupg-align-center\"><img decoding=\"async\" style=\"border-width: 0px;border-style: solid;border-color: #666666;\" width=\"150\" height=\"150\" src=\"https:\/\/ibyme.org.ar\/investigacion\/wp-content\/uploads\/2023\/07\/avatar-f-150x150.jpg\" class=\"skip-lazy disable-lazyload attachment-150x150 size-150x150\" alt=\"\" srcset=\"https:\/\/ibyme.org.ar\/investigacion\/wp-content\/uploads\/2023\/07\/avatar-f-66x66.jpg 66w, https:\/\/ibyme.org.ar\/investigacion\/wp-content\/uploads\/2023\/07\/avatar-f-150x150.jpg 150w\" sizes=\"(max-width: 150px) 100vw, 150px\" \/><\/div>\n\n<div class=\"wpupg-meta-container\">\n\t<div class=\"wpupg-item-title wpupg-block-text-bold\">Romina Yesica Casco<\/div>\n    <span class=\"wpupg-item-custom-field wpupg-block-text-normal\">Responsable de \u00e1rea<\/span><br>\n    <span><a class=\"single-professional-item\" href='\/\/ibyme.org.ar\/institucion\/comunidad-ibyme\/&lt;\/span&gt;&quot;' target=\"_blank\" style=\"text-decoration:none; color:black;\"><span class=\"wpupg-item-terms wpupg-block-text-normal\"><span class=\"wpupg-item-term\">Unidad de Administraci\u00f3n<\/span><\/span><\/a><\/span>\n<\/div><\/div><div class=\"wpupg-item wpupg-item-post wpupg-item-1903 wpupg-type-integrantes wpupg-item-has-image wpupg-template-profesionales\" data-id=\"1903\" data-order-default=\"Rosa Morales\"><div class=\"wpupg-item-image wpupg-block-image-normal wpupg-align-center\"><img decoding=\"async\" style=\"border-width: 0px;border-style: solid;border-color: #666666;\" width=\"150\" height=\"150\" src=\"https:\/\/ibyme.org.ar\/investigacion\/wp-content\/uploads\/2023\/03\/person-150x150.png\" class=\"skip-lazy disable-lazyload attachment-150x150 size-150x150\" alt=\"\" srcset=\"https:\/\/ibyme.org.ar\/investigacion\/wp-content\/uploads\/2023\/03\/person-66x66.png 66w, https:\/\/ibyme.org.ar\/investigacion\/wp-content\/uploads\/2023\/03\/person-150x150.png 150w\" sizes=\"(max-width: 150px) 100vw, 150px\" \/><\/div>\n\n<div class=\"wpupg-meta-container\">\n\t<div class=\"wpupg-item-title wpupg-block-text-bold\">Rosa Morales<\/div>\n    <span class=\"wpupg-item-custom-field wpupg-block-text-normal\">Profesional Principal (CONICET)<\/span><br>\n    <span><a class=\"single-professional-item\" href='\/\/ibyme.org.ar\/investigacion\/laboratorios\/glicomedicina\/&lt;\/span&gt;&quot;' target=\"_blank\" style=\"text-decoration:none; color:black;\"><span class=\"wpupg-item-terms wpupg-block-text-normal\"><span class=\"wpupg-item-term\">Glicomedicina<\/span><\/span><\/a><\/span>\n<\/div><\/div><div class=\"wpupg-item wpupg-item-post wpupg-item-1904 wpupg-type-integrantes wpupg-item-has-image wpupg-template-profesionales\" data-id=\"1904\" data-order-default=\"Sabrina Gatto\"><div class=\"wpupg-item-image wpupg-block-image-normal wpupg-align-center\"><img decoding=\"async\" style=\"border-width: 0px;border-style: solid;border-color: #666666;\" width=\"150\" height=\"150\" src=\"https:\/\/ibyme.org.ar\/investigacion\/wp-content\/uploads\/2023\/03\/person-150x150.png\" class=\"skip-lazy disable-lazyload attachment-150x150 size-150x150\" alt=\"\" srcset=\"https:\/\/ibyme.org.ar\/investigacion\/wp-content\/uploads\/2023\/03\/person-66x66.png 66w, https:\/\/ibyme.org.ar\/investigacion\/wp-content\/uploads\/2023\/03\/person-150x150.png 150w\" sizes=\"(max-width: 150px) 100vw, 150px\" \/><\/div>\n\n<div class=\"wpupg-meta-container\">\n\t<div class=\"wpupg-item-title wpupg-block-text-bold\">Sabrina Gatto<\/div>\n    <span class=\"wpupg-item-custom-field wpupg-block-text-normal\">Profesional Adjunta (CONICET)<\/span><br>\n    <span><a class=\"single-professional-item\" href='\/\/ibyme.org.ar\/investigacion\/laboratorios\/glicomedicina\/&lt;\/span&gt;&quot;' target=\"_blank\" style=\"text-decoration:none; color:black;\"><span class=\"wpupg-item-terms wpupg-block-text-normal\"><span class=\"wpupg-item-term\">Glicomedicina<\/span><\/span><\/a><\/span>\n<\/div><\/div><div class=\"wpupg-item wpupg-item-post wpupg-item-1928 wpupg-type-integrantes wpupg-item-has-image wpupg-template-profesionales\" data-id=\"1928\" data-order-default=\"Santiago Miranda\"><div class=\"wpupg-item-image wpupg-block-image-normal wpupg-align-center\"><img decoding=\"async\" style=\"border-width: 0px;border-style: solid;border-color: #666666;\" width=\"150\" height=\"150\" src=\"https:\/\/ibyme.org.ar\/investigacion\/wp-content\/uploads\/2023\/03\/person-150x150.png\" class=\"skip-lazy disable-lazyload attachment-150x150 size-150x150\" alt=\"\" srcset=\"https:\/\/ibyme.org.ar\/investigacion\/wp-content\/uploads\/2023\/03\/person-66x66.png 66w, https:\/\/ibyme.org.ar\/investigacion\/wp-content\/uploads\/2023\/03\/person-150x150.png 150w\" sizes=\"(max-width: 150px) 100vw, 150px\" \/><\/div>\n\n<div class=\"wpupg-meta-container\">\n\t<div class=\"wpupg-item-title wpupg-block-text-bold\">Santiago Miranda<\/div>\n    <span class=\"wpupg-item-custom-field wpupg-block-text-normal\">Estudiante de grado UADE<\/span><br>\n    <span><a class=\"single-professional-item\" href='&quot;&quot;' target=\"_blank\" style=\"text-decoration:none; color:black;\"><span class=\"wpupg-item-terms wpupg-block-text-normal\"><span class=\"wpupg-item-term\">Neurobiologia<\/span><\/span><\/a><\/span>\n<\/div><\/div><div class=\"wpupg-item wpupg-item-post wpupg-item-9746 wpupg-type-integrantes wpupg-item-no-image wpupg-template-profesionales\" data-id=\"9746\" data-order-default=\"Sebastian Manikis\">\n\n<div class=\"wpupg-meta-container\">\n\t<div class=\"wpupg-item-title wpupg-block-text-bold\">Sebastian Manikis<\/div>\n    <span class=\"wpupg-item-custom-field wpupg-block-text-normal\">Undergraduate student (UBA)<\/span><br>\n    <span><a class=\"single-professional-item\" href='\/\/ibyme.org.ar\/investigacion\/laboratorios\/biologia-celular-y-molecular-de-la-reproduccion\/&lt;\/span&gt;&quot;' target=\"_blank\" style=\"text-decoration:none; color:black;\"><span class=\"wpupg-item-terms wpupg-block-text-normal\"><span class=\"wpupg-item-term\">Biolog\u00eda Celular y Molecular de la Reproducci\u00f3n<\/span><\/span><\/a><\/span>\n<\/div><\/div><div class=\"wpupg-item wpupg-item-post wpupg-item-7677 wpupg-type-integrantes wpupg-item-has-image wpupg-template-profesionales\" data-id=\"7677\" data-order-default=\"Sebasti\u00e1n Petracca\"><div class=\"wpupg-item-image wpupg-block-image-normal wpupg-align-center\"><img decoding=\"async\" style=\"border-width: 0px;border-style: solid;border-color: #666666;\" width=\"150\" height=\"150\" src=\"https:\/\/ibyme.org.ar\/investigacion\/wp-content\/uploads\/2023\/07\/avatar-m-150x150.jpg\" class=\"skip-lazy disable-lazyload attachment-150x150 size-150x150\" alt=\"\" srcset=\"https:\/\/ibyme.org.ar\/investigacion\/wp-content\/uploads\/2023\/07\/avatar-m-66x66.jpg 66w, https:\/\/ibyme.org.ar\/investigacion\/wp-content\/uploads\/2023\/07\/avatar-m-150x150.jpg 150w\" sizes=\"(max-width: 150px) 100vw, 150px\" \/><\/div>\n\n<div class=\"wpupg-meta-container\">\n\t<div class=\"wpupg-item-title wpupg-block-text-bold\">Sebasti\u00e1n Petracca<\/div>\n    <span class=\"wpupg-item-custom-field wpupg-block-text-normal\">Profesional<\/span><br>\n    <span><a class=\"single-professional-item\" href='\/\/www.boomworking.ar\/ibyme\/areas-complementarias\/microscopia\/&lt;\/span&gt;&quot;' target=\"_blank\" style=\"text-decoration:none; color:black;\"><span class=\"wpupg-item-terms wpupg-block-text-normal\"><span class=\"wpupg-item-term\">Servicio de Microscop\u00eda<\/span><\/span><\/a><\/span>\n<\/div><\/div><div class=\"wpupg-item wpupg-item-post wpupg-item-12560 wpupg-type-integrantes wpupg-item-has-image wpupg-template-profesionales\" data-id=\"12560\" data-order-default=\"Sr. Alejo Nahuel Prieto\"><div class=\"wpupg-item-image wpupg-block-image-normal wpupg-align-center\"><img decoding=\"async\" style=\"border-width: 0px;border-style: solid;border-color: #666666;\" width=\"150\" height=\"150\" src=\"https:\/\/ibyme.org.ar\/investigacion\/wp-content\/uploads\/2025\/10\/IBYME-A-PRIETO-GRUPO-Z-5-150x150.jpg\" class=\"skip-lazy disable-lazyload attachment-150x150 size-150x150\" alt=\"\" srcset=\"https:\/\/ibyme.org.ar\/investigacion\/wp-content\/uploads\/2025\/10\/IBYME-A-PRIETO-GRUPO-Z-5-66x66.jpg 66w, https:\/\/ibyme.org.ar\/investigacion\/wp-content\/uploads\/2025\/10\/IBYME-A-PRIETO-GRUPO-Z-5-150x150.jpg 150w\" sizes=\"(max-width: 150px) 100vw, 150px\" \/><\/div>\n\n<div class=\"wpupg-meta-container\">\n\t<div class=\"wpupg-item-title wpupg-block-text-bold\">Sr. Alejo Nahuel Prieto<\/div>\n    <span class=\"wpupg-item-custom-field wpupg-block-text-normal\">Estudiante de Tesis de Licenciatura en Ciencias Biol\u00f3gicas, Facultad de Ciencias Exactas y Naturales, UBA<\/span><br>\n    <span><a class=\"single-professional-item\" href='&quot;&quot;' target=\"_blank\" style=\"text-decoration:none; color:black;\"><span class=\"wpupg-item-terms wpupg-block-text-normal\"><span class=\"wpupg-item-term\">Fisiopatolog\u00eda de la Inmunidad Innata<\/span><\/span><\/a><\/span>\n<\/div><\/div><div class=\"wpupg-item wpupg-item-post wpupg-item-12210 wpupg-type-integrantes wpupg-item-has-image wpupg-template-profesionales\" data-id=\"12210\" data-order-default=\"Sr. Esteban Storani\"><div class=\"wpupg-item-image wpupg-block-image-normal wpupg-align-center\"><img decoding=\"async\" style=\"border-width: 0px;border-style: solid;border-color: #666666;\" width=\"150\" height=\"150\" src=\"https:\/\/ibyme.org.ar\/investigacion\/wp-content\/uploads\/2025\/05\/IBYME-Lab-Z-Esteban-Storani-4-150x150.jpg\" class=\"skip-lazy disable-lazyload attachment-150x150 size-150x150\" alt=\"\" srcset=\"https:\/\/ibyme.org.ar\/investigacion\/wp-content\/uploads\/2025\/05\/IBYME-Lab-Z-Esteban-Storani-4-66x66.jpg 66w, https:\/\/ibyme.org.ar\/investigacion\/wp-content\/uploads\/2025\/05\/IBYME-Lab-Z-Esteban-Storani-4-150x150.jpg 150w\" sizes=\"(max-width: 150px) 100vw, 150px\" \/><\/div>\n\n<div class=\"wpupg-meta-container\">\n\t<div class=\"wpupg-item-title wpupg-block-text-bold\">Sr. Esteban Storani<\/div>\n    <span class=\"wpupg-item-custom-field wpupg-block-text-normal\">Estudiante de Tesis de Licenciatura en Ciencias Biol\u00f3gicas, Facultad de Ciencias Exactas y Naturales, UBA<\/span><br>\n    <span><a class=\"single-professional-item\" href='&quot;&quot;' target=\"_blank\" style=\"text-decoration:none; color:black;\"><span class=\"wpupg-item-terms wpupg-block-text-normal\"><span class=\"wpupg-item-term\">Fisiopatolog\u00eda de la Inmunidad Innata<\/span><\/span><\/a><\/span>\n<\/div><\/div><div class=\"wpupg-item wpupg-item-post wpupg-item-2073 wpupg-type-integrantes wpupg-item-has-image wpupg-template-profesionales\" data-id=\"2073\" data-order-default=\"Sra. Marta Gianotti\"><div class=\"wpupg-item-image wpupg-block-image-normal wpupg-align-center\"><img decoding=\"async\" style=\"border-width: 0px;border-style: solid;border-color: #666666;\" width=\"150\" height=\"150\" src=\"https:\/\/ibyme.org.ar\/investigacion\/wp-content\/uploads\/2023\/03\/person-150x150.png\" class=\"skip-lazy disable-lazyload attachment-150x150 size-150x150\" alt=\"\" srcset=\"https:\/\/ibyme.org.ar\/investigacion\/wp-content\/uploads\/2023\/03\/person-66x66.png 66w, https:\/\/ibyme.org.ar\/investigacion\/wp-content\/uploads\/2023\/03\/person-150x150.png 150w\" sizes=\"(max-width: 150px) 100vw, 150px\" \/><\/div>\n\n<div class=\"wpupg-meta-container\">\n\t<div class=\"wpupg-item-title wpupg-block-text-bold\">Sra. Marta Gianotti<\/div>\n    <span class=\"wpupg-item-custom-field wpupg-block-text-normal\">Secretaria Administrativa externa<\/span><br>\n    <span><a class=\"single-professional-item\" href='&quot;&quot;' target=\"_blank\" style=\"text-decoration:none; color:black;\"><\/a><\/span>\n<\/div><\/div><div class=\"wpupg-item wpupg-item-post wpupg-item-12990 wpupg-type-integrantes wpupg-item-has-image wpupg-template-profesionales\" data-id=\"12990\" data-order-default=\"Srta. Milena Tr\u00edpoli\"><div class=\"wpupg-item-image wpupg-block-image-normal wpupg-align-center\"><img decoding=\"async\" style=\"border-width: 0px;border-style: solid;border-color: #666666;\" width=\"150\" height=\"150\" src=\"https:\/\/ibyme.org.ar\/investigacion\/wp-content\/uploads\/2026\/04\/Mile-Tripoli-150x150.jpeg\" class=\"skip-lazy disable-lazyload attachment-150x150 size-150x150\" alt=\"\" srcset=\"https:\/\/ibyme.org.ar\/investigacion\/wp-content\/uploads\/2026\/04\/Mile-Tripoli-66x66.jpeg 66w, https:\/\/ibyme.org.ar\/investigacion\/wp-content\/uploads\/2026\/04\/Mile-Tripoli-150x150.jpeg 150w\" sizes=\"(max-width: 150px) 100vw, 150px\" \/><\/div>\n\n<div class=\"wpupg-meta-container\">\n\t<div class=\"wpupg-item-title wpupg-block-text-bold\">Srta. Milena Tr\u00edpoli<\/div>\n    <span class=\"wpupg-item-custom-field wpupg-block-text-normal\">Estudiante de Tesis de Licenciatura en Ciencias Biol\u00f3gicas, Facultad de Ciencias Exactas y Naturales, UBA<\/span><br>\n    <span><a class=\"single-professional-item\" href='&quot;&quot;' target=\"_blank\" style=\"text-decoration:none; color:black;\"><span class=\"wpupg-item-terms wpupg-block-text-normal\"><span class=\"wpupg-item-term\">Fisiopatolog\u00eda de la Inmunidad Innata<\/span><\/span><\/a><\/span>\n<\/div><\/div><div class=\"wpupg-item wpupg-item-post wpupg-item-1902 wpupg-type-integrantes wpupg-item-has-image wpupg-template-profesionales\" data-id=\"1902\" data-order-default=\"Stupirski Juan Carlos\"><div class=\"wpupg-item-image wpupg-block-image-normal wpupg-align-center\"><img decoding=\"async\" style=\"border-width: 0px;border-style: solid;border-color: #666666;\" width=\"150\" height=\"150\" src=\"https:\/\/ibyme.org.ar\/investigacion\/wp-content\/uploads\/2023\/03\/person-150x150.png\" class=\"skip-lazy disable-lazyload attachment-150x150 size-150x150\" alt=\"\" srcset=\"https:\/\/ibyme.org.ar\/investigacion\/wp-content\/uploads\/2023\/03\/person-66x66.png 66w, https:\/\/ibyme.org.ar\/investigacion\/wp-content\/uploads\/2023\/03\/person-150x150.png 150w\" sizes=\"(max-width: 150px) 100vw, 150px\" \/><\/div>\n\n<div class=\"wpupg-meta-container\">\n\t<div class=\"wpupg-item-title wpupg-block-text-bold\">Stupirski Juan Carlos<\/div>\n    <span class=\"wpupg-item-custom-field wpupg-block-text-normal\">Profesional Principal (CONICET)<\/span><br>\n    <span><a class=\"single-professional-item\" href='\/\/ibyme.org.ar\/investigacion\/laboratorios\/glicomedicina\/&lt;\/span&gt;&quot;' target=\"_blank\" style=\"text-decoration:none; color:black;\"><span class=\"wpupg-item-terms wpupg-block-text-normal\"><span class=\"wpupg-item-term\">Glicomedicina<\/span><\/span><\/a><\/span>\n<\/div><\/div><div class=\"wpupg-item wpupg-item-post wpupg-item-7673 wpupg-type-integrantes wpupg-item-has-image wpupg-template-profesionales\" data-id=\"7673\" data-order-default=\"Susana Cristina Perez\"><div class=\"wpupg-item-image wpupg-block-image-normal wpupg-align-center\"><img decoding=\"async\" style=\"border-width: 0px;border-style: solid;border-color: #666666;\" width=\"150\" height=\"150\" src=\"https:\/\/ibyme.org.ar\/investigacion\/wp-content\/uploads\/2023\/07\/avatar-f-150x150.jpg\" class=\"skip-lazy disable-lazyload attachment-150x150 size-150x150\" alt=\"\" srcset=\"https:\/\/ibyme.org.ar\/investigacion\/wp-content\/uploads\/2023\/07\/avatar-f-66x66.jpg 66w, https:\/\/ibyme.org.ar\/investigacion\/wp-content\/uploads\/2023\/07\/avatar-f-150x150.jpg 150w\" sizes=\"(max-width: 150px) 100vw, 150px\" \/><\/div>\n\n<div class=\"wpupg-meta-container\">\n\t<div class=\"wpupg-item-title wpupg-block-text-bold\">Susana Cristina Perez<\/div>\n    <span class=\"wpupg-item-custom-field wpupg-block-text-normal\">T\u00e9cnico<\/span><br>\n    <span><a class=\"single-professional-item\" href='&quot;&quot;' target=\"_blank\" style=\"text-decoration:none; color:black;\"><span class=\"wpupg-item-terms wpupg-block-text-normal\"><span class=\"wpupg-item-term\">Servicios Generales - Limpieza y esterilizaci\u00f3n de material<\/span><\/span><\/a><\/span>\n<\/div><\/div><div class=\"wpupg-item wpupg-item-post wpupg-item-7188 wpupg-type-integrantes wpupg-item-has-image wpupg-template-profesionales\" data-id=\"7188\" data-order-default=\"T.P. Amalia Boto\"><div class=\"wpupg-item-image wpupg-block-image-normal wpupg-align-center\"><img decoding=\"async\" style=\"border-width: 0px;border-style: solid;border-color: #666666;\" width=\"150\" height=\"150\" src=\"https:\/\/ibyme.org.ar\/investigacion\/wp-content\/uploads\/2023\/03\/person-150x150.png\" class=\"skip-lazy disable-lazyload attachment-150x150 size-150x150\" alt=\"\" srcset=\"https:\/\/ibyme.org.ar\/investigacion\/wp-content\/uploads\/2023\/03\/person-66x66.png 66w, https:\/\/ibyme.org.ar\/investigacion\/wp-content\/uploads\/2023\/03\/person-150x150.png 150w\" sizes=\"(max-width: 150px) 100vw, 150px\" \/><\/div>\n\n<div class=\"wpupg-meta-container\">\n\t<div class=\"wpupg-item-title wpupg-block-text-bold\">T.P. Amalia Boto<\/div>\n    <span class=\"wpupg-item-custom-field wpupg-block-text-normal\">Traductora P\u00fablica<\/span><br>\n    <span><a class=\"single-professional-item\" href='\/\/ibyme.org.ar\/investigacion\/laboratorios\/glicomedicina\/&lt;\/span&gt;&quot;' target=\"_blank\" style=\"text-decoration:none; color:black;\"><span class=\"wpupg-item-terms wpupg-block-text-normal\"><span class=\"wpupg-item-term\">Glicomedicina<\/span><\/span><\/a><\/span>\n<\/div><\/div><div class=\"wpupg-item wpupg-item-post wpupg-item-7672 wpupg-type-integrantes wpupg-item-has-image wpupg-template-profesionales\" data-id=\"7672\" data-order-default=\"Teresa Rosa Pacheco\"><div class=\"wpupg-item-image wpupg-block-image-normal wpupg-align-center\"><img decoding=\"async\" style=\"border-width: 0px;border-style: solid;border-color: #666666;\" width=\"150\" height=\"150\" src=\"https:\/\/ibyme.org.ar\/investigacion\/wp-content\/uploads\/2023\/07\/avatar-f-150x150.jpg\" class=\"skip-lazy disable-lazyload attachment-150x150 size-150x150\" alt=\"\" srcset=\"https:\/\/ibyme.org.ar\/investigacion\/wp-content\/uploads\/2023\/07\/avatar-f-66x66.jpg 66w, https:\/\/ibyme.org.ar\/investigacion\/wp-content\/uploads\/2023\/07\/avatar-f-150x150.jpg 150w\" sizes=\"(max-width: 150px) 100vw, 150px\" \/><\/div>\n\n<div class=\"wpupg-meta-container\">\n\t<div class=\"wpupg-item-title wpupg-block-text-bold\">Teresa Rosa Pacheco<\/div>\n    <span class=\"wpupg-item-custom-field wpupg-block-text-normal\">T\u00e9cnico<\/span><br>\n    <span><a class=\"single-professional-item\" href='&quot;&quot;' target=\"_blank\" style=\"text-decoration:none; color:black;\"><span class=\"wpupg-item-terms wpupg-block-text-normal\"><span class=\"wpupg-item-term\">Servicios Generales - Limpieza y esterilizaci\u00f3n de material<\/span><\/span><\/a><\/span>\n<\/div><\/div><div class=\"wpupg-item wpupg-item-post wpupg-item-2068 wpupg-type-integrantes wpupg-item-has-image wpupg-template-profesionales\" data-id=\"2068\" data-order-default=\"Vet. Patricio D\u00edaz-Pumar\u00e1\"><div class=\"wpupg-item-image wpupg-block-image-normal wpupg-align-center\"><img decoding=\"async\" style=\"border-width: 0px;border-style: solid;border-color: #666666;\" width=\"150\" height=\"150\" src=\"https:\/\/ibyme.org.ar\/investigacion\/wp-content\/uploads\/2023\/03\/Patricio-DP-1-150x150.jpg\" class=\"skip-lazy disable-lazyload attachment-150x150 size-150x150\" alt=\"\" srcset=\"https:\/\/ibyme.org.ar\/investigacion\/wp-content\/uploads\/2023\/03\/Patricio-DP-1-66x66.jpg 66w, https:\/\/ibyme.org.ar\/investigacion\/wp-content\/uploads\/2023\/03\/Patricio-DP-1-150x150.jpg 150w\" sizes=\"(max-width: 150px) 100vw, 150px\" \/><\/div>\n\n<div class=\"wpupg-meta-container\">\n\t<div class=\"wpupg-item-title wpupg-block-text-bold\">Vet. Patricio D\u00edaz-Pumar\u00e1<\/div>\n    <span class=\"wpupg-item-custom-field wpupg-block-text-normal\">Med. Vet Universidad de Buenos Aires. Tesista Doctorado UBA. Directora: Dra. M\u00f3nica Vazquez-Levin<\/span><br>\n    <span><a class=\"single-professional-item\" href='\/\/ibyme.org.ar\/investigacion\/laboratorios\/estudios-de-interaccion-celular-en-reproduccion-y-cancer\/&lt;\/span&gt;&quot;' target=\"_blank\" style=\"text-decoration:none; color:black;\"><span class=\"wpupg-item-terms wpupg-block-text-normal\"><span class=\"wpupg-item-term\">Estudios de Interacci\u00f3n Celular en Reproducci\u00f3n y C\u00e1ncer<\/span><\/span><\/a><\/span>\n<\/div><\/div><div class=\"wpupg-item wpupg-item-post wpupg-item-1952 wpupg-type-integrantes wpupg-item-has-image wpupg-template-profesionales\" data-id=\"1952\" data-order-default=\"Victoria T. Fabris\"><div class=\"wpupg-item-image wpupg-block-image-normal wpupg-align-center\"><img decoding=\"async\" style=\"border-width: 0px;border-style: solid;border-color: #666666;\" width=\"150\" height=\"150\" src=\"https:\/\/ibyme.org.ar\/investigacion\/wp-content\/uploads\/2023\/08\/Vicky-150x150.jpg\" class=\"skip-lazy disable-lazyload attachment-150x150 size-150x150\" alt=\"\" srcset=\"https:\/\/ibyme.org.ar\/investigacion\/wp-content\/uploads\/2023\/08\/Vicky-66x66.jpg 66w, https:\/\/ibyme.org.ar\/investigacion\/wp-content\/uploads\/2023\/08\/Vicky-150x150.jpg 150w\" sizes=\"(max-width: 150px) 100vw, 150px\" \/><\/div>\n\n<div class=\"wpupg-meta-container\">\n\t<div class=\"wpupg-item-title wpupg-block-text-bold\">Victoria T. Fabris<\/div>\n    <span class=\"wpupg-item-custom-field wpupg-block-text-normal\">Investigador Adjunto (CONICET)<\/span><br>\n    <span><a class=\"single-professional-item\" href='\/\/ibyme.org.ar\/investigacion\/laboratorios\/carcinogenesis-hormonal\/&lt;\/span&gt;&quot;' target=\"_blank\" style=\"text-decoration:none; color:black;\"><span class=\"wpupg-item-terms wpupg-block-text-normal\"><span class=\"wpupg-item-term\">Carcinog\u00e9nesis Hormonal<\/span><\/span><\/a><\/span>\n<\/div><\/div><div class=\"wpupg-item wpupg-item-post wpupg-item-1914 wpupg-type-integrantes wpupg-item-has-image wpupg-template-profesionales\" data-id=\"1914\" data-order-default=\"Yamil Mahmoud\"><div class=\"wpupg-item-image wpupg-block-image-normal wpupg-align-center\"><img decoding=\"async\" style=\"border-width: 0px;border-style: solid;border-color: #666666;\" width=\"150\" height=\"150\" src=\"https:\/\/ibyme.org.ar\/investigacion\/wp-content\/uploads\/2023\/03\/person-150x150.png\" class=\"skip-lazy disable-lazyload attachment-150x150 size-150x150\" alt=\"\" srcset=\"https:\/\/ibyme.org.ar\/investigacion\/wp-content\/uploads\/2023\/03\/person-66x66.png 66w, https:\/\/ibyme.org.ar\/investigacion\/wp-content\/uploads\/2023\/03\/person-150x150.png 150w\" sizes=\"(max-width: 150px) 100vw, 150px\" \/><\/div>\n\n<div class=\"wpupg-meta-container\">\n\t<div class=\"wpupg-item-title wpupg-block-text-bold\">Yamil Mahmoud<\/div>\n    <span class=\"wpupg-item-custom-field wpupg-block-text-normal\">Becario Doctoral (CONICET)<\/span><br>\n    <span><a class=\"single-professional-item\" href='\/\/ibyme.org.ar\/investigacion\/laboratorios\/glicomedicina\/&lt;\/span&gt;&quot;' target=\"_blank\" style=\"text-decoration:none; color:black;\"><span class=\"wpupg-item-terms wpupg-block-text-normal\"><span class=\"wpupg-item-term\">Glicomedicina<\/span><\/span><\/a><\/span>\n<\/div><\/div><div class=\"wpupg-item wpupg-item-post wpupg-item-7665 wpupg-type-integrantes wpupg-item-has-image wpupg-template-profesionales\" data-id=\"7665\" data-order-default=\"Yanina Yael Rivenson Kurant\"><div class=\"wpupg-item-image wpupg-block-image-normal wpupg-align-center\"><img decoding=\"async\" style=\"border-width: 0px;border-style: solid;border-color: #666666;\" width=\"150\" height=\"150\" src=\"https:\/\/ibyme.org.ar\/investigacion\/wp-content\/uploads\/2023\/07\/avatar-f-150x150.jpg\" class=\"skip-lazy disable-lazyload attachment-150x150 size-150x150\" alt=\"\" srcset=\"https:\/\/ibyme.org.ar\/investigacion\/wp-content\/uploads\/2023\/07\/avatar-f-66x66.jpg 66w, https:\/\/ibyme.org.ar\/investigacion\/wp-content\/uploads\/2023\/07\/avatar-f-150x150.jpg 150w\" sizes=\"(max-width: 150px) 100vw, 150px\" \/><\/div>\n\n<div class=\"wpupg-meta-container\">\n\t<div class=\"wpupg-item-title wpupg-block-text-bold\">Yanina Yael Rivenson Kurant<\/div>\n    <span class=\"wpupg-item-custom-field wpupg-block-text-normal\">T\u00e9cnico<\/span><br>\n    <span><a class=\"single-professional-item\" href='\/\/ibyme.org.ar\/areas-complementarias\/bioterio\/&lt;\/span&gt;&quot;' target=\"_blank\" style=\"text-decoration:none; color:black;\"><span class=\"wpupg-item-terms wpupg-block-text-normal\"><span class=\"wpupg-item-term\">Bioterio<\/span><\/span><\/a><\/span>\n<\/div><\/div><\/div><\/div><\/div><\/div><\/div><\/div><\/div><\/p>\n","protected":false},"excerpt":{"rendered":"","protected":false},"author":4,"featured_media":0,"parent":0,"menu_order":0,"comment_status":"closed","ping_status":"closed","template":"100-width.php","meta":{"_acf_changed":false,"inline_featured_image":false,"wpupg_custom_link":[],"wpupg_custom_link_behaviour":[],"wpupg_custom_link_nofollow":[],"wpupg_custom_image":[],"wpupg_custom_image_id":[],"footnotes":""},"page_category":[],"class_list":["post-8532","page","type-page","status-publish","hentry"],"acf":[],"yoast_head":"<!-- This site is optimized with the Yoast SEO plugin v26.6 - https:\/\/yoast.com\/wordpress\/plugins\/seo\/ -->\n<title>Staff Search - IBYME<\/title>\n<meta name=\"robots\" content=\"index, follow, max-snippet:-1, max-image-preview:large, max-video-preview:-1\" \/>\n<link rel=\"canonical\" href=\"https:\/\/ibyme.org.ar\/investigacion\/en\/profesional-staff-finder\/\" \/>\n<meta property=\"og:locale\" content=\"en_US\" \/>\n<meta property=\"og:type\" content=\"article\" \/>\n<meta property=\"og:title\" content=\"Staff Search - IBYME\" \/>\n<meta property=\"og:url\" content=\"https:\/\/ibyme.org.ar\/investigacion\/en\/profesional-staff-finder\/\" \/>\n<meta property=\"og:site_name\" content=\"IBYME\" \/>\n<meta property=\"article:modified_time\" content=\"2023-12-20T15:40:58+00:00\" \/>\n<meta name=\"twitter:card\" content=\"summary_large_image\" \/>\n<meta name=\"twitter:label1\" content=\"Est. reading time\" \/>\n\t<meta name=\"twitter:data1\" content=\"8 minutes\" \/>\n<script type=\"application\/ld+json\" class=\"yoast-schema-graph\">{\"@context\":\"https:\/\/schema.org\",\"@graph\":[{\"@type\":\"WebPage\",\"@id\":\"https:\/\/ibyme.org.ar\/investigacion\/en\/profesional-staff-finder\/\",\"url\":\"https:\/\/ibyme.org.ar\/investigacion\/en\/profesional-staff-finder\/\",\"name\":\"Staff Search - IBYME\",\"isPartOf\":{\"@id\":\"https:\/\/ibyme.org.ar\/investigacion\/en\/#website\"},\"datePublished\":\"2023-06-02T15:51:42+00:00\",\"dateModified\":\"2023-12-20T15:40:58+00:00\",\"breadcrumb\":{\"@id\":\"https:\/\/ibyme.org.ar\/investigacion\/en\/profesional-staff-finder\/#breadcrumb\"},\"inLanguage\":\"en-US\",\"potentialAction\":[{\"@type\":\"ReadAction\",\"target\":[\"https:\/\/ibyme.org.ar\/investigacion\/en\/profesional-staff-finder\/\"]}]},{\"@type\":\"BreadcrumbList\",\"@id\":\"https:\/\/ibyme.org.ar\/investigacion\/en\/profesional-staff-finder\/#breadcrumb\",\"itemListElement\":[{\"@type\":\"ListItem\",\"position\":1,\"name\":\"Inicio\",\"item\":\"https:\/\/ibyme.org.ar\/investigacion\/en\/laboratories\/\"},{\"@type\":\"ListItem\",\"position\":2,\"name\":\"Staff Search\"}]},{\"@type\":\"WebSite\",\"@id\":\"https:\/\/ibyme.org.ar\/investigacion\/en\/#website\",\"url\":\"https:\/\/ibyme.org.ar\/investigacion\/en\/\",\"name\":\"IBYME\",\"description\":\"Instituto de Biolog\u00eda y Medicina Experimental\",\"potentialAction\":[{\"@type\":\"SearchAction\",\"target\":{\"@type\":\"EntryPoint\",\"urlTemplate\":\"https:\/\/ibyme.org.ar\/investigacion\/en\/?s={search_term_string}\"},\"query-input\":{\"@type\":\"PropertyValueSpecification\",\"valueRequired\":true,\"valueName\":\"search_term_string\"}}],\"inLanguage\":\"en-US\"}]}<\/script>\n<!-- \/ Yoast SEO plugin. -->","yoast_head_json":{"title":"Staff Search - IBYME","robots":{"index":"index","follow":"follow","max-snippet":"max-snippet:-1","max-image-preview":"max-image-preview:large","max-video-preview":"max-video-preview:-1"},"canonical":"https:\/\/ibyme.org.ar\/investigacion\/en\/profesional-staff-finder\/","og_locale":"en_US","og_type":"article","og_title":"Staff Search - IBYME","og_url":"https:\/\/ibyme.org.ar\/investigacion\/en\/profesional-staff-finder\/","og_site_name":"IBYME","article_modified_time":"2023-12-20T15:40:58+00:00","twitter_card":"summary_large_image","twitter_misc":{"Est. reading time":"8 minutes"},"schema":{"@context":"https:\/\/schema.org","@graph":[{"@type":"WebPage","@id":"https:\/\/ibyme.org.ar\/investigacion\/en\/profesional-staff-finder\/","url":"https:\/\/ibyme.org.ar\/investigacion\/en\/profesional-staff-finder\/","name":"Staff Search - IBYME","isPartOf":{"@id":"https:\/\/ibyme.org.ar\/investigacion\/en\/#website"},"datePublished":"2023-06-02T15:51:42+00:00","dateModified":"2023-12-20T15:40:58+00:00","breadcrumb":{"@id":"https:\/\/ibyme.org.ar\/investigacion\/en\/profesional-staff-finder\/#breadcrumb"},"inLanguage":"en-US","potentialAction":[{"@type":"ReadAction","target":["https:\/\/ibyme.org.ar\/investigacion\/en\/profesional-staff-finder\/"]}]},{"@type":"BreadcrumbList","@id":"https:\/\/ibyme.org.ar\/investigacion\/en\/profesional-staff-finder\/#breadcrumb","itemListElement":[{"@type":"ListItem","position":1,"name":"Inicio","item":"https:\/\/ibyme.org.ar\/investigacion\/en\/laboratories\/"},{"@type":"ListItem","position":2,"name":"Staff Search"}]},{"@type":"WebSite","@id":"https:\/\/ibyme.org.ar\/investigacion\/en\/#website","url":"https:\/\/ibyme.org.ar\/investigacion\/en\/","name":"IBYME","description":"Instituto de Biolog\u00eda y Medicina Experimental","potentialAction":[{"@type":"SearchAction","target":{"@type":"EntryPoint","urlTemplate":"https:\/\/ibyme.org.ar\/investigacion\/en\/?s={search_term_string}"},"query-input":{"@type":"PropertyValueSpecification","valueRequired":true,"valueName":"search_term_string"}}],"inLanguage":"en-US"}]}},"_links":{"self":[{"href":"https:\/\/ibyme.org.ar\/investigacion\/en\/wp-json\/wp\/v2\/pages\/8532","targetHints":{"allow":["GET"]}}],"collection":[{"href":"https:\/\/ibyme.org.ar\/investigacion\/en\/wp-json\/wp\/v2\/pages"}],"about":[{"href":"https:\/\/ibyme.org.ar\/investigacion\/en\/wp-json\/wp\/v2\/types\/page"}],"author":[{"embeddable":true,"href":"https:\/\/ibyme.org.ar\/investigacion\/en\/wp-json\/wp\/v2\/users\/4"}],"replies":[{"embeddable":true,"href":"https:\/\/ibyme.org.ar\/investigacion\/en\/wp-json\/wp\/v2\/comments?post=8532"}],"version-history":[{"count":5,"href":"https:\/\/ibyme.org.ar\/investigacion\/en\/wp-json\/wp\/v2\/pages\/8532\/revisions"}],"predecessor-version":[{"id":8539,"href":"https:\/\/ibyme.org.ar\/investigacion\/en\/wp-json\/wp\/v2\/pages\/8532\/revisions\/8539"}],"wp:attachment":[{"href":"https:\/\/ibyme.org.ar\/investigacion\/en\/wp-json\/wp\/v2\/media?parent=8532"}],"wp:term":[{"taxonomy":"page_category","embeddable":true,"href":"https:\/\/ibyme.org.ar\/investigacion\/en\/wp-json\/wp\/v2\/page_category?post=8532"}],"curies":[{"name":"wp","href":"https:\/\/api.w.org\/{rel}","templated":true}]}}