{"id":2290,"date":"2023-03-31T08:22:26","date_gmt":"2023-03-31T11:22:26","guid":{"rendered":"https:\/\/ibyme.org.ar\/investigacion\/?page_id=2290"},"modified":"2026-01-19T11:35:54","modified_gmt":"2026-01-19T14:35:54","slug":"proteinas-quinasas-y-oncologia-molecular","status":"publish","type":"page","link":"https:\/\/ibyme.org.ar\/investigacion\/laboratorios\/proteinas-quinasas-y-oncologia-molecular\/","title":{"rendered":"Prote\u00ednas Quinasas y Oncolog\u00eda Molecular"},"content":{"rendered":"<p><div class=\"fusion-fullwidth fullwidth-box fusion-builder-row-1 fusion-flex-container has-pattern-background has-mask-background fusion-parallax-none hundred-percent-fullwidth non-hundred-percent-height-scrolling\" style=\"--awb-border-radius-top-left:0px;--awb-border-radius-top-right:0px;--awb-border-radius-bottom-right:0px;--awb-border-radius-bottom-left:0px;--awb-margin-top:0px;--awb-margin-bottom:0px;--awb-min-height:300px;--awb-background-image:url(&quot;https:\/\/ibyme.org.ar\/investigacion\/wp-content\/uploads\/2023\/03\/laboratorio-header-gen.jpg&quot;);--awb-background-size:cover;--awb-flex-wrap:wrap;\" ><div class=\"fusion-builder-row fusion-row fusion-flex-align-items-flex-start fusion-flex-content-wrap\" style=\"width:104% !important;max-width:104% !important;margin-left: calc(-4% \/ 2 );margin-right: calc(-4% \/ 2 );\"><\/div><\/div><div class=\"fusion-fullwidth fullwidth-box fusion-builder-row-2 fusion-flex-container has-pattern-background has-mask-background lab-menu nonhundred-percent-fullwidth non-hundred-percent-height-scrolling fusion-custom-z-index\" style=\"--awb-border-radius-top-left:0px;--awb-border-radius-top-right:0px;--awb-border-radius-bottom-right:0px;--awb-border-radius-bottom-left:0px;--awb-z-index:999;--awb-padding-top:5px;--awb-padding-bottom:5px;--awb-margin-bottom:40px;--awb-background-color:var(--awb-color8);--awb-flex-wrap:wrap;\" ><div class=\"fusion-builder-row fusion-row fusion-flex-align-items-flex-start fusion-flex-content-wrap\" style=\"max-width:1248px;margin-left: calc(-4% \/ 2 );margin-right: calc(-4% \/ 2 );\"><div class=\"fusion-layout-column fusion_builder_column fusion-builder-column-0 fusion_builder_column_1_1 1_1 fusion-flex-column\" style=\"--awb-bg-size:cover;--awb-width-large:100%;--awb-margin-top-large:0px;--awb-spacing-right-large:1.92%;--awb-margin-bottom-large:0px;--awb-spacing-left-large:1.92%;--awb-width-medium:100%;--awb-order-medium:0;--awb-spacing-right-medium:1.92%;--awb-spacing-left-medium:1.92%;--awb-width-small:100%;--awb-order-small:0;--awb-spacing-right-small:1.92%;--awb-spacing-left-small:1.92%;\"><div class=\"fusion-column-wrapper fusion-column-has-shadow fusion-flex-justify-content-flex-start fusion-content-layout-column\"><nav class=\"awb-menu awb-menu_row awb-menu_em-hover mobile-mode-collapse-to-button awb-menu_icons-left awb-menu_dc-no mobile-trigger-fullwidth-off awb-menu_mobile-toggle awb-menu_indent-left mobile-size-full-absolute loading mega-menu-loading awb-menu_desktop awb-menu_dropdown awb-menu_expand-right awb-menu_transition-fade\" style=\"--awb-font-size:15px;--awb-line-height:1.5;--awb-bg:rgba(26,23,27,0);--awb-border-radius-top-left:3px;--awb-border-radius-top-right:3px;--awb-border-radius-bottom-right:3px;--awb-border-radius-bottom-left:3px;--awb-gap:10px;--awb-align-items:center;--awb-items-padding-top:6px;--awb-items-padding-right:15px;--awb-items-padding-bottom:6px;--awb-items-padding-left:15px;--awb-color:var(--awb-color1);--awb-active-color:var(--awb-color1);--awb-active-bg:var(--awb-color4);--awb-active-border-color:var(--awb-color2);--awb-icons-color:var(--awb-color1);--awb-icons-hover-color:var(--awb-color2);--awb-main-justify-content:flex-start;--awb-mobile-justify:flex-start;--awb-mobile-caret-left:auto;--awb-mobile-caret-right:0;--awb-fusion-font-family-typography:&quot;Red Hat Display&quot;;--awb-fusion-font-style-typography:normal;--awb-fusion-font-weight-typography:400;--awb-fusion-font-family-submenu-typography:inherit;--awb-fusion-font-style-submenu-typography:normal;--awb-fusion-font-weight-submenu-typography:400;--awb-fusion-font-family-mobile-typography:inherit;--awb-fusion-font-style-mobile-typography:normal;--awb-fusion-font-weight-mobile-typography:400;\" aria-label=\"Prote\u00ednas Quinasas y C\u00e1ncer\" data-breakpoint=\"1024\" data-count=\"0\" data-transition-type=\"fade\" data-transition-time=\"300\" data-expand=\"right\"><button type=\"button\" class=\"awb-menu__m-toggle awb-menu__m-toggle_no-text\" aria-expanded=\"false\" aria-controls=\"menu-proteinas-quinasas-y-cancer\"><span class=\"awb-menu__m-toggle-inner\"><span class=\"collapsed-nav-text\"><span class=\"screen-reader-text\">Toggle Navigation<\/span><\/span><span class=\"awb-menu__m-collapse-icon awb-menu__m-collapse-icon_no-text\"><span class=\"awb-menu__m-collapse-icon-open awb-menu__m-collapse-icon-open_no-text fa-bars fas\"><\/span><span class=\"awb-menu__m-collapse-icon-close awb-menu__m-collapse-icon-close_no-text fa-times fas\"><\/span><\/span><\/span><\/button><ul id=\"menu-proteinas-quinasas-y-cancer\" class=\"fusion-menu awb-menu__main-ul awb-menu__main-ul_row\"><li  id=\"menu-item-2932\"  class=\"menu-item menu-item-type-post_type menu-item-object-page menu-item-2932 awb-menu__li awb-menu__main-li awb-menu__main-li_regular\"  data-item-id=\"2932\"><span class=\"awb-menu__main-background-default awb-menu__main-background-default_fade\"><\/span><span class=\"awb-menu__main-background-active awb-menu__main-background-active_fade\"><\/span><a  href=\"https:\/\/ibyme.org.ar\/investigacion\/laboratorios\/proteinas-quinasas-y-oncologia-molecular\/\" class=\"awb-menu__main-a awb-menu__main-a_regular\"><span class=\"menu-text\">Inicio<\/span><\/a><\/li><li  id=\"menu-item-2933\"  class=\"menu-item menu-item-type-post_type menu-item-object-page menu-item-2933 awb-menu__li awb-menu__main-li awb-menu__main-li_regular\"  data-item-id=\"2933\"><span class=\"awb-menu__main-background-default awb-menu__main-background-default_fade\"><\/span><span class=\"awb-menu__main-background-active awb-menu__main-background-active_fade\"><\/span><a  href=\"https:\/\/ibyme.org.ar\/investigacion\/laboratorios\/proteinas-quinasas-y-oncologia-molecular\/integrantes\/\" class=\"awb-menu__main-a awb-menu__main-a_regular\"><span class=\"menu-text\">Integrantes<\/span><\/a><\/li><li  id=\"menu-item-2931\"  class=\"menu-item menu-item-type-post_type menu-item-object-page menu-item-2931 awb-menu__li awb-menu__main-li awb-menu__main-li_regular\"  data-item-id=\"2931\"><span class=\"awb-menu__main-background-default awb-menu__main-background-default_fade\"><\/span><span class=\"awb-menu__main-background-active awb-menu__main-background-active_fade\"><\/span><a  href=\"https:\/\/ibyme.org.ar\/investigacion\/laboratorios\/proteinas-quinasas-y-oncologia-molecular\/lineas-de-investigacion\/\" class=\"awb-menu__main-a awb-menu__main-a_regular\"><span class=\"menu-text\">L\u00edneas de Investigaci\u00f3n<\/span><\/a><\/li><li  id=\"menu-item-2930\"  class=\"menu-item menu-item-type-post_type menu-item-object-page menu-item-2930 awb-menu__li awb-menu__main-li awb-menu__main-li_regular\"  data-item-id=\"2930\"><span class=\"awb-menu__main-background-default awb-menu__main-background-default_fade\"><\/span><span class=\"awb-menu__main-background-active awb-menu__main-background-active_fade\"><\/span><a  href=\"https:\/\/ibyme.org.ar\/investigacion\/laboratorios\/proteinas-quinasas-y-oncologia-molecular\/publicaciones\/\" class=\"awb-menu__main-a awb-menu__main-a_regular\"><span class=\"menu-text\">Publicaciones<\/span><\/a><\/li><li  id=\"menu-item-2929\"  class=\"menu-item menu-item-type-post_type menu-item-object-page menu-item-2929 awb-menu__li awb-menu__main-li awb-menu__main-li_regular\"  data-item-id=\"2929\"><span class=\"awb-menu__main-background-default awb-menu__main-background-default_fade\"><\/span><span class=\"awb-menu__main-background-active awb-menu__main-background-active_fade\"><\/span><a  href=\"https:\/\/ibyme.org.ar\/investigacion\/laboratorios\/proteinas-quinasas-y-oncologia-molecular\/blog\/\" class=\"awb-menu__main-a awb-menu__main-a_regular\"><span class=\"menu-text\">Blog<\/span><\/a><\/li><li  id=\"menu-item-2928\"  class=\"menu-item menu-item-type-post_type menu-item-object-page menu-item-2928 awb-menu__li awb-menu__main-li awb-menu__main-li_regular\"  data-item-id=\"2928\"><span class=\"awb-menu__main-background-default awb-menu__main-background-default_fade\"><\/span><span class=\"awb-menu__main-background-active awb-menu__main-background-active_fade\"><\/span><a  href=\"https:\/\/ibyme.org.ar\/investigacion\/laboratorios\/proteinas-quinasas-y-oncologia-molecular\/contacto\/\" class=\"awb-menu__main-a awb-menu__main-a_regular\"><span class=\"menu-text\">Contacto<\/span><\/a><\/li><\/ul><\/nav><\/div><\/div><\/div><\/div><div class=\"fusion-fullwidth fullwidth-box fusion-builder-row-3 fusion-flex-container has-pattern-background has-mask-background nonhundred-percent-fullwidth non-hundred-percent-height-scrolling\" style=\"--awb-border-radius-top-left:0px;--awb-border-radius-top-right:0px;--awb-border-radius-bottom-right:0px;--awb-border-radius-bottom-left:0px;--awb-flex-wrap:wrap;\" ><div class=\"fusion-builder-row fusion-row fusion-flex-align-items-flex-start fusion-flex-content-wrap\" style=\"max-width:1248px;margin-left: calc(-4% \/ 2 );margin-right: calc(-4% \/ 2 );\"><div class=\"fusion-layout-column fusion_builder_column fusion-builder-column-1 fusion_builder_column_1_1 1_1 fusion-flex-column\" style=\"--awb-bg-size:cover;--awb-width-large:100%;--awb-margin-top-large:0px;--awb-spacing-right-large:1.92%;--awb-margin-bottom-large:20px;--awb-spacing-left-large:1.92%;--awb-width-medium:100%;--awb-order-medium:0;--awb-spacing-right-medium:1.92%;--awb-spacing-left-medium:1.92%;--awb-width-small:100%;--awb-order-small:0;--awb-spacing-right-small:1.92%;--awb-spacing-left-small:1.92%;\"><div class=\"fusion-column-wrapper fusion-column-has-shadow fusion-flex-justify-content-flex-start fusion-content-layout-column\"><nav class=\"fusion-breadcrumbs awb-yoast-breadcrumbs fusion-breadcrumbs-1\" style=\"--awb-alignment:left;--awb-breadcrumb-sep:&#039;\/&#039;;text-align:left;\" aria-label=\"Breadcrumb\"><span><span><a href=\"https:\/\/ibyme.org.ar\/investigacion\/en\/laboratories\/\">Inicio<\/a><\/span><\/span><\/nav><div class=\"fusion-title title fusion-title-1 fusion-sep-none fusion-title-text fusion-title-size-one\" style=\"--awb-text-color:var(--awb-color8);\"><h1 class=\"fusion-title-heading title-heading-left\" style=\"margin:0;\">Prote\u00ednas Quinasas y Oncolog\u00eda Molecular<\/h1><\/div><\/div><\/div><\/div><\/div><div class=\"fusion-fullwidth fullwidth-box fusion-builder-row-4 fusion-flex-container has-pattern-background has-mask-background nonhundred-percent-fullwidth non-hundred-percent-height-scrolling\" style=\"--awb-border-radius-top-left:0px;--awb-border-radius-top-right:0px;--awb-border-radius-bottom-right:0px;--awb-border-radius-bottom-left:0px;--awb-padding-bottom:40px;--awb-flex-wrap:wrap;\" ><div class=\"fusion-builder-row fusion-row fusion-flex-align-items-flex-start fusion-flex-content-wrap\" style=\"max-width:1248px;margin-left: calc(-4% \/ 2 );margin-right: calc(-4% \/ 2 );\"><div class=\"fusion-layout-column fusion_builder_column fusion-builder-column-2 fusion_builder_column_2_5 2_5 fusion-flex-column\" style=\"--awb-bg-size:cover;--awb-width-large:40%;--awb-margin-top-large:0px;--awb-spacing-right-large:4.8%;--awb-margin-bottom-large:20px;--awb-spacing-left-large:4.8%;--awb-width-medium:40%;--awb-order-medium:0;--awb-spacing-right-medium:4.8%;--awb-spacing-left-medium:4.8%;--awb-width-small:100%;--awb-order-small:0;--awb-spacing-right-small:1.92%;--awb-spacing-left-small:1.92%;\"><div class=\"fusion-column-wrapper fusion-column-has-shadow fusion-flex-justify-content-flex-start fusion-content-layout-column\"><div class=\"fusion-image-element \" style=\"--awb-caption-title-font-family:var(--h2_typography-font-family);--awb-caption-title-font-weight:var(--h2_typography-font-weight);--awb-caption-title-font-style:var(--h2_typography-font-style);--awb-caption-title-size:var(--h2_typography-font-size);--awb-caption-title-transform:var(--h2_typography-text-transform);--awb-caption-title-line-height:var(--h2_typography-line-height);--awb-caption-title-letter-spacing:var(--h2_typography-letter-spacing);\"><span class=\" fusion-imageframe imageframe-none imageframe-1 hover-type-none\" style=\"border-radius:5px;\"><img decoding=\"async\" width=\"1440\" height=\"1395\" title=\"foto grupal 2025\" src=\"https:\/\/ibyme.org.ar\/investigacion\/wp-content\/uploads\/2026\/01\/foto-grupal-2025-1-scaled-e1768833322230.jpg\" alt class=\"img-responsive wp-image-12746\" srcset=\"https:\/\/ibyme.org.ar\/investigacion\/wp-content\/uploads\/2026\/01\/foto-grupal-2025-1-scaled-e1768833322230-200x194.jpg 200w, https:\/\/ibyme.org.ar\/investigacion\/wp-content\/uploads\/2026\/01\/foto-grupal-2025-1-scaled-e1768833322230-400x388.jpg 400w, https:\/\/ibyme.org.ar\/investigacion\/wp-content\/uploads\/2026\/01\/foto-grupal-2025-1-scaled-e1768833322230-600x581.jpg 600w, https:\/\/ibyme.org.ar\/investigacion\/wp-content\/uploads\/2026\/01\/foto-grupal-2025-1-scaled-e1768833322230-800x775.jpg 800w, https:\/\/ibyme.org.ar\/investigacion\/wp-content\/uploads\/2026\/01\/foto-grupal-2025-1-scaled-e1768833322230-1200x1163.jpg 1200w, https:\/\/ibyme.org.ar\/investigacion\/wp-content\/uploads\/2026\/01\/foto-grupal-2025-1-scaled-e1768833322230.jpg 1440w\" sizes=\"(max-width: 640px) 100vw, 600px\" \/><\/span><\/div><\/div><\/div><div class=\"fusion-layout-column fusion_builder_column fusion-builder-column-3 fusion_builder_column_3_5 3_5 fusion-flex-column\" style=\"--awb-bg-size:cover;--awb-width-large:60%;--awb-margin-top-large:0px;--awb-spacing-right-large:3.2%;--awb-margin-bottom-large:20px;--awb-spacing-left-large:3.2%;--awb-width-medium:60%;--awb-order-medium:0;--awb-spacing-right-medium:3.2%;--awb-spacing-left-medium:3.2%;--awb-width-small:100%;--awb-order-small:0;--awb-spacing-right-small:1.92%;--awb-spacing-left-small:1.92%;\"><div class=\"fusion-column-wrapper fusion-column-has-shadow fusion-flex-justify-content-flex-start fusion-content-layout-column\"><div class=\"fusion-text fusion-text-1\"><p>La resistencia a los tratamientos convencionales en el c\u00e1ncer de mama es altamente frecuente, afectando en nuestro pa\u00eds a aproximadamente 14.000 pacientes por a\u00f1o. En nuestro laboratorio estudiamos c\u00f3mo ocurre la desregulaci\u00f3n de ciertas prote\u00ednas y microARNs en la evoluci\u00f3n del c\u00e1ncer de mama con el fin de identificar nuevos biomarcadores que permitan estratificar a las pacientes y mejorar el tratamiento de esta enfermedad as\u00ed como predecir qu\u00e9 pacientes van a recaer a un determinado tratamiento e intervenir a tiempo.\nLos abordajes cl\u00ednicos en c\u00e1ncer donde se decide la estrategia terap\u00e9utica en funci\u00f3n de la expresi\u00f3n de una v\u00eda blanco particular son escasos. Tal es el caso de la presencia de las alteraciones en el gen de la subunidad catal\u00edtica alfa de PI3K (PIK3CA) denominadas PIK3CAmutante, tanto en el tejido tumoral como en el ADN libre circular, para indicar el uso de alpelisib, un inhibidor espec\u00edfico de PI3Kalfa, en el c\u00e1ncer de mama avanzado. Sin embargo, adem\u00e1s de los altos costos para la determinaci\u00f3n de PIK3CAmutante, hay que considerar que la determinaci\u00f3n de las alteraciones en un solo gen puede no ser del todo informativa. Por ello, utilizando modelos experimentales precl\u00ednicos y muestras de pacientes con c\u00e1ncer de mama, en colaboraci\u00f3n con m\u00e9dicos onc\u00f3logos del Instituto Alexander Fleming, del Hospital Pirovano y del Hospital Provincial de Neuqu\u00e9n, trabajamos en la b\u00fasqueda de nuevos biomarcadores tumorales que faciliten el seguimiento cl\u00ednico del c\u00e1ncer de mama y que a futuro puedan ser utilizados con valor diagn\u00f3stico, pron\u00f3stico y predictivo de la respuesta terap\u00e9utica. Proponemos implementar otros m\u00e9todos de detecci\u00f3n m\u00e1s accesibles y ampliar esa determinaci\u00f3n a otros factores de la v\u00eda de PI3K sumando adem\u00e1s componentes particulares de otras v\u00edas relacionadas, como las CDK4\/6, involucradas en mecanismos de resistencia y escape tumoral, tales como los reguladores del ciclo celular y de los procesos de invasi\u00f3n y supervivencia celular, entre otros. \nDe esta manera esperamos contribuir a ampliar y facilitar la disponibilidad de biomarcadores que puedan utilizarse en la cl\u00ednica para estratificar mejor los tumores de mama y dirigir la estrategia terap\u00e9utica de manera m\u00e1s espec\u00edfica y selectiva.<\/p>\n<\/div><\/div><\/div><\/div><\/div><div class=\"fusion-fullwidth fullwidth-box fusion-builder-row-5 fusion-flex-container has-pattern-background has-mask-background nonhundred-percent-fullwidth non-hundred-percent-height-scrolling\" style=\"--awb-border-radius-top-left:0px;--awb-border-radius-top-right:0px;--awb-border-radius-bottom-right:0px;--awb-border-radius-bottom-left:0px;--awb-padding-bottom:20px;--awb-flex-wrap:wrap;\" ><div class=\"fusion-builder-row fusion-row fusion-flex-align-items-flex-start fusion-flex-content-wrap\" style=\"max-width:1248px;margin-left: calc(-4% \/ 2 );margin-right: calc(-4% \/ 2 );\"><div class=\"fusion-layout-column fusion_builder_column fusion-builder-column-4 fusion_builder_column_2_3 2_3 fusion-flex-column\" style=\"--awb-bg-size:cover;--awb-width-large:66.666666666667%;--awb-margin-top-large:0px;--awb-spacing-right-large:2.88%;--awb-margin-bottom-large:20px;--awb-spacing-left-large:2.88%;--awb-width-medium:66.666666666667%;--awb-order-medium:0;--awb-spacing-right-medium:2.88%;--awb-spacing-left-medium:2.88%;--awb-width-small:100%;--awb-order-small:0;--awb-spacing-right-small:1.92%;--awb-spacing-left-small:1.92%;\"><div class=\"fusion-column-wrapper fusion-column-has-shadow fusion-flex-justify-content-flex-start fusion-content-layout-column\"><div class=\"fusion-builder-row fusion-builder-row-inner fusion-row fusion-flex-align-items-flex-start fusion-flex-content-wrap\" style=\"width:104% !important;max-width:104% !important;margin-left: calc(-4% \/ 2 );margin-right: calc(-4% \/ 2 );\"><div class=\"fusion-layout-column fusion_builder_column_inner fusion-builder-nested-column-0 fusion_builder_column_inner_1_1 1_1 fusion-flex-column\" style=\"--awb-bg-size:cover;--awb-width-large:100%;--awb-margin-top-large:0px;--awb-spacing-right-large:1.92%;--awb-margin-bottom-large:20px;--awb-spacing-left-large:1.92%;--awb-width-medium:100%;--awb-order-medium:0;--awb-spacing-right-medium:1.92%;--awb-spacing-left-medium:1.92%;--awb-width-small:100%;--awb-order-small:0;--awb-spacing-right-small:1.92%;--awb-spacing-left-small:1.92%;\"><div class=\"fusion-column-wrapper fusion-column-has-shadow fusion-flex-justify-content-flex-start fusion-content-layout-row\"><div class=\"fusion-title title fusion-title-2 fusion-sep-none fusion-title-text fusion-title-size-three\" style=\"--awb-text-color:var(--awb-color5);--awb-margin-right:30px;--awb-font-size:22px;\"><h3 class=\"fusion-title-heading title-heading-left\" style=\"font-family:&quot;Red Hat Display&quot;;font-style:normal;font-weight:700;margin:0;font-size:1em;\">Blog<\/h3><\/div><div ><a class=\"fusion-button button-flat fusion-button-default-size button-custom fusion-button-default button-1 fusion-button-default-span fusion-button-default-type\" style=\"--button_accent_color:#2b5394;--button_accent_hover_color:var(--awb-color1);--button_border_hover_color:var(--awb-color1);--button-border-radius-top-left:25px;--button-border-radius-top-right:25px;--button-border-radius-bottom-right:25px;--button-border-radius-bottom-left:25px;--button_gradient_top_color:rgba(43,83,148,0.2);--button_gradient_bottom_color:rgba(43,83,148,0.2);--button_gradient_top_color_hover:var(--awb-color5);--button_gradient_bottom_color_hover:var(--awb-color5);--button_font_size:14px;--button_typography-font-family:&quot;Red Hat Display&quot;;--button_typography-font-style:normal;--button_typography-font-weight:700;--button_margin-top:6px;\" target=\"_self\" href=\"https:\/\/ibyme.org.ar\/investigacion\/laboratorios\/proteinas-quinasas-y-cancer\/blog\/\"><span class=\"fusion-button-text\">Ver m\u00e1s<\/span><i class=\"fa-long-arrow-alt-right fas button-icon-right\" aria-hidden=\"true\"><\/i><\/a><\/div><\/div><\/div><\/div><\/div><\/div><div class=\"fusion-layout-column fusion_builder_column fusion-builder-column-5 fusion_builder_column_1_3 1_3 fusion-flex-column\" style=\"--awb-bg-size:cover;--awb-width-large:33.333333333333%;--awb-margin-top-large:0px;--awb-spacing-right-large:5.76%;--awb-margin-bottom-large:20px;--awb-spacing-left-large:5.76%;--awb-width-medium:33.333333333333%;--awb-order-medium:0;--awb-spacing-right-medium:5.76%;--awb-spacing-left-medium:5.76%;--awb-width-small:100%;--awb-order-small:0;--awb-spacing-right-small:1.92%;--awb-spacing-left-small:1.92%;\"><div class=\"fusion-column-wrapper fusion-column-has-shadow fusion-flex-justify-content-flex-start fusion-content-layout-column\"><div class=\"fusion-builder-row fusion-builder-row-inner fusion-row fusion-flex-align-items-flex-start fusion-flex-content-wrap\" style=\"width:104% !important;max-width:104% !important;margin-left: calc(-4% \/ 2 );margin-right: calc(-4% \/ 2 );\"><div class=\"fusion-layout-column fusion_builder_column_inner fusion-builder-nested-column-1 fusion_builder_column_inner_1_1 1_1 fusion-flex-column\" style=\"--awb-bg-size:cover;--awb-width-large:100%;--awb-margin-top-large:0px;--awb-spacing-right-large:1.92%;--awb-margin-bottom-large:20px;--awb-spacing-left-large:1.92%;--awb-width-medium:100%;--awb-order-medium:0;--awb-spacing-right-medium:1.92%;--awb-spacing-left-medium:1.92%;--awb-width-small:100%;--awb-order-small:0;--awb-spacing-right-small:1.92%;--awb-spacing-left-small:1.92%;\"><div class=\"fusion-column-wrapper fusion-column-has-shadow fusion-flex-justify-content-flex-start fusion-content-layout-row\"><div class=\"fusion-title title fusion-title-3 fusion-sep-none fusion-title-text fusion-title-size-three\" style=\"--awb-text-color:var(--awb-color5);--awb-margin-right:30px;--awb-font-size:22px;\"><h3 class=\"fusion-title-heading title-heading-left\" style=\"font-family:&quot;Red Hat Display&quot;;font-style:normal;font-weight:700;margin:0;font-size:1em;\">B\u00fasqueda interna<\/h3><\/div><div ><a class=\"fusion-button button-flat fusion-button-default-size button-custom fusion-button-default button-2 fusion-button-default-span fusion-button-default-type\" style=\"--button_accent_color:#2b5394;--button_accent_hover_color:var(--awb-color1);--button_border_hover_color:var(--awb-color1);--button-border-radius-top-left:25px;--button-border-radius-top-right:25px;--button-border-radius-bottom-right:25px;--button-border-radius-bottom-left:25px;--button_gradient_top_color:rgba(43,83,148,0.2);--button_gradient_bottom_color:rgba(43,83,148,0.2);--button_gradient_top_color_hover:var(--awb-color5);--button_gradient_bottom_color_hover:var(--awb-color5);--button_font_size:14px;--button_typography-font-family:&quot;Red Hat Display&quot;;--button_typography-font-style:normal;--button_typography-font-weight:700;--button_margin-top:6px;\" target=\"_self\" href=\"https:\/\/ibyme.org.ar\/investigacion\/laboratorios\/proteinas-quinasas-y-oncologia-molecular\/busquedas-laborales\/\"><span class=\"fusion-button-text\">Ver m\u00e1s<\/span><i class=\"fa-long-arrow-alt-right fas button-icon-right\" aria-hidden=\"true\"><\/i><\/a><\/div><\/div><\/div><\/div><div class=\"fusion-text fusion-text-2 laboral-lab-home\"><div class=\"job_listings\" data-location=\"\" data-keywords=\"\" data-show_filters=\"false\" data-show_pagination=\"false\" data-per_page=\"10\" data-orderby=\"featured\" data-order=\"DESC\" data-categories=\"novaro\" data-disable-form-state-storage=\"\" data-featured_first=\"false\" data-post_id=\"2290\" >\t<p class=\"no_job_listings_found\">Actualmente no hay vacantes.<\/p>\n<\/div>\n<\/div><\/div><\/div><\/div><\/div><div class=\"fusion-fullwidth fullwidth-box fusion-builder-row-6 fusion-flex-container has-pattern-background has-mask-background nonhundred-percent-fullwidth non-hundred-percent-height-scrolling\" style=\"--awb-border-radius-top-left:0px;--awb-border-radius-top-right:0px;--awb-border-radius-bottom-right:0px;--awb-border-radius-bottom-left:0px;--awb-padding-top:40px;--awb-padding-bottom:60px;--awb-background-color:var(--awb-color2);--awb-flex-wrap:wrap;\" ><div class=\"fusion-builder-row fusion-row fusion-flex-align-items-flex-start fusion-flex-content-wrap\" style=\"max-width:1248px;margin-left: calc(-4% \/ 2 );margin-right: calc(-4% \/ 2 );\"><div class=\"fusion-layout-column fusion_builder_column fusion-builder-column-6 fusion_builder_column_1_1 1_1 fusion-flex-column\" style=\"--awb-bg-size:cover;--awb-width-large:100%;--awb-margin-top-large:0px;--awb-spacing-right-large:1.92%;--awb-margin-bottom-large:0px;--awb-spacing-left-large:1.92%;--awb-width-medium:100%;--awb-order-medium:0;--awb-spacing-right-medium:1.92%;--awb-spacing-left-medium:1.92%;--awb-width-small:100%;--awb-order-small:0;--awb-spacing-right-small:1.92%;--awb-spacing-left-small:1.92%;\"><div class=\"fusion-column-wrapper fusion-column-has-shadow fusion-flex-justify-content-flex-start fusion-content-layout-column\"><div class=\"fusion-title title fusion-title-4 fusion-sep-none fusion-title-text fusion-title-size-one\" style=\"--awb-text-color:var(--awb-color5);--awb-font-size:22px;\"><h1 class=\"fusion-title-heading title-heading-left\" style=\"font-family:&quot;Red Hat Display&quot;;font-style:normal;font-weight:700;margin:0;font-size:1em;\">Laboratorios del \u00e1rea<\/h1><\/div><div class=\"fusion-separator fusion-full-width-sep\" style=\"align-self: center;margin-left: auto;margin-right: auto;margin-top:10px;margin-bottom:10px;width:100%;\"><\/div><div class=\"fusion-text fusion-text-3\"> \n                          <div class=\"labs-grid-container\">                            \n                                    <div class=\"lab_grid_single_item\" onclick=\"location.href='https:\/\/ibyme.org.ar\/investigacion\/laboratorios\/quimica-de-proteoglicanos-y-matriz-extracelular\/'\" style=\"cursor: pointer;\"><div id=\"asociated-area-colors\"><div class=\"single-dot\"><span class=\"dot\" style=\"height:10px; width:10px; border-radius:50%; display: inline-block; background-color:#0ab7cc\"><\/span><span class=\"tooltiptext\">Endocrinolog\u00eda<\/span><\/div><div class=\"single-dot\"><span class=\"dot\" style=\"height:10px; width:10px; border-radius:50%; display: inline-block; background-color:#4224cf\"><\/span><span class=\"tooltiptext\">Oncolog\u00eda<\/span><\/div><div class=\"single-dot\"><span class=\"dot\" style=\"height:10px; width:10px; border-radius:50%; display: inline-block; background-color:#a624ce\"><\/span><span class=\"tooltiptext\">Reproducci\u00f3n<\/span><\/div><\/div><p id=\"lab-name\">Qu\u00edmica de Proteoglicanos y Matriz Extracelular<br><\/p>\n                                       <p id=\"director\"> Dr. Juan Carlos Calvo<\/p>\n                                   <\/div>\n                                    <div class=\"lab_grid_single_item\" onclick=\"location.href='https:\/\/ibyme.org.ar\/investigacion\/laboratorios\/receptores-nucleares\/'\" style=\"cursor: pointer;\"><div id=\"asociated-area-colors\"><div class=\"single-dot\"><span class=\"dot\" style=\"height:10px; width:10px; border-radius:50%; display: inline-block; background-color:#0ab7cc\"><\/span><span class=\"tooltiptext\">Endocrinolog\u00eda<\/span><\/div><div class=\"single-dot\"><span class=\"dot\" style=\"height:10px; width:10px; border-radius:50%; display: inline-block; background-color:#ccb50a\"><\/span><span class=\"tooltiptext\">Neurociencia<\/span><\/div><div class=\"single-dot\"><span class=\"dot\" style=\"height:10px; width:10px; border-radius:50%; display: inline-block; background-color:#4224cf\"><\/span><span class=\"tooltiptext\">Oncolog\u00eda<\/span><\/div><div class=\"single-dot\"><span class=\"dot\" style=\"height:10px; width:10px; border-radius:50%; display: inline-block; background-color:#00cb6f\"><\/span><span class=\"tooltiptext\">Biolog\u00eda Molecular<\/span><\/div><\/div><p id=\"lab-name\">Receptores Nucleares<br><\/p>\n                                       <p id=\"director\"> Dr. Mario D. Galigniana<\/p>\n                                   <\/div>\n                                    <div class=\"lab_grid_single_item\" onclick=\"location.href='https:\/\/ibyme.org.ar\/investigacion\/laboratorios\/biotecnologia-farmaceutica\/'\" style=\"cursor: pointer;\"><div id=\"asociated-area-colors\"><div class=\"single-dot\"><span class=\"dot\" style=\"height:10px; width:10px; border-radius:50%; display: inline-block; background-color:#fc610a\"><\/span><span class=\"tooltiptext\">Inmunolog\u00eda<\/span><\/div><div class=\"single-dot\"><span class=\"dot\" style=\"height:10px; width:10px; border-radius:50%; display: inline-block; background-color:#4224cf\"><\/span><span class=\"tooltiptext\">Oncolog\u00eda<\/span><\/div><div class=\"single-dot\"><span class=\"dot\" style=\"height:10px; width:10px; border-radius:50%; display: inline-block; background-color:#00cb6f\"><\/span><span class=\"tooltiptext\">Biolog\u00eda Molecular<\/span><\/div><\/div><p id=\"lab-name\">Biotecnolog\u00eda Farmac\u00e9utica<br><\/p>\n                                       <p id=\"director\"> Dr. Gustavo Helguera<\/p>\n                                   <\/div>\n                                    <div class=\"lab_grid_single_item\" onclick=\"location.href='https:\/\/ibyme.org.ar\/investigacion\/laboratorios\/carcinogenesis-hormonal\/'\" style=\"cursor: pointer;\"><div id=\"asociated-area-colors\"><div class=\"single-dot\"><span class=\"dot\" style=\"height:10px; width:10px; border-radius:50%; display: inline-block; background-color:#0ab7cc\"><\/span><span class=\"tooltiptext\">Endocrinolog\u00eda<\/span><\/div><div class=\"single-dot\"><span class=\"dot\" style=\"height:10px; width:10px; border-radius:50%; display: inline-block; background-color:#4224cf\"><\/span><span class=\"tooltiptext\">Oncolog\u00eda<\/span><\/div><\/div><p id=\"lab-name\">Carcinog\u00e9nesis hormonal<br><\/p>\n                                       <p id=\"director\"> Dra. Claudia Lanari<\/p>\n                                   <\/div>\n                                    <div class=\"lab_grid_single_item\" onclick=\"location.href='https:\/\/ibyme.org.ar\/investigacion\/laboratorios\/hormonas-y-cancer\/'\" style=\"cursor: pointer;\"><div id=\"asociated-area-colors\"><div class=\"single-dot\"><span class=\"dot\" style=\"height:10px; width:10px; border-radius:50%; display: inline-block; background-color:#4224cf\"><\/span><span class=\"tooltiptext\">Oncolog\u00eda<\/span><\/div><\/div><p id=\"lab-name\">Hormonas y C\u00e1ncer<br><\/p>\n                                       <p id=\"director\"> Dra. Isabel Alicia L\u00fcthy<\/p>\n                                   <\/div>\n                                    <div class=\"lab_grid_single_item\" onclick=\"location.href='https:\/\/ibyme.org.ar\/investigacion\/laboratorios\/glicomica-funcional-y-molecular\/'\" style=\"cursor: pointer;\"><div id=\"asociated-area-colors\"><div class=\"single-dot\"><span class=\"dot\" style=\"height:10px; width:10px; border-radius:50%; display: inline-block; background-color:#fc610a\"><\/span><span class=\"tooltiptext\">Inmunolog\u00eda<\/span><\/div><div class=\"single-dot\"><span class=\"dot\" style=\"height:10px; width:10px; border-radius:50%; display: inline-block; background-color:#4224cf\"><\/span><span class=\"tooltiptext\">Oncolog\u00eda<\/span><\/div><div class=\"single-dot\"><span class=\"dot\" style=\"height:10px; width:10px; border-radius:50%; display: inline-block; background-color:#00cb6f\"><\/span><span class=\"tooltiptext\">Biolog\u00eda Molecular<\/span><\/div><\/div><p id=\"lab-name\">Glic\u00f3mica Funcional y Molecular<br><\/p>\n                                       <p id=\"director\"> Dra. Karina V. Mari\u00f1o<\/p>\n                                   <\/div>\n                                    <div class=\"lab_grid_single_item\" onclick=\"location.href='https:\/\/ibyme.org.ar\/investigacion\/laboratorios\/proteinas-quinasas-y-oncologia-molecular\/'\" style=\"cursor: pointer;\"><div id=\"asociated-area-colors\"><div class=\"single-dot\"><span class=\"dot\" style=\"height:10px; width:10px; border-radius:50%; display: inline-block; background-color:#4224cf\"><\/span><span class=\"tooltiptext\">Oncolog\u00eda<\/span><\/div><\/div><p id=\"lab-name\">Prote\u00ednas Quinasas y Oncolog\u00eda Molecular<br><\/p>\n                                       <p id=\"director\"> Dra. Virginia Novaro<\/p>\n                                   <\/div>\n                                    <div class=\"lab_grid_single_item\" onclick=\"location.href='https:\/\/ibyme.org.ar\/investigacion\/laboratorios\/estudios-de-la-fisiopatologia-del-ovario\/'\" style=\"cursor: pointer;\"><div id=\"asociated-area-colors\"><div class=\"single-dot\"><span class=\"dot\" style=\"height:10px; width:10px; border-radius:50%; display: inline-block; background-color:#0ab7cc\"><\/span><span class=\"tooltiptext\">Endocrinolog\u00eda<\/span><\/div><div class=\"single-dot\"><span class=\"dot\" style=\"height:10px; width:10px; border-radius:50%; display: inline-block; background-color:#4224cf\"><\/span><span class=\"tooltiptext\">Oncolog\u00eda<\/span><\/div><div class=\"single-dot\"><span class=\"dot\" style=\"height:10px; width:10px; border-radius:50%; display: inline-block; background-color:#a624ce\"><\/span><span class=\"tooltiptext\">Reproducci\u00f3n<\/span><\/div><\/div><p id=\"lab-name\">Estudios de la Fisiopatolog\u00eda del Ovario<br><\/p>\n                                       <p id=\"director\"> Dra. Mar\u00eda Fernanda Parborell<\/p>\n                                   <\/div>\n                                    <div class=\"lab_grid_single_item\" onclick=\"location.href='https:\/\/ibyme.org.ar\/investigacion\/laboratorios\/glicomedicina\/'\" style=\"cursor: pointer;\"><div id=\"asociated-area-colors\"><div class=\"single-dot\"><span class=\"dot\" style=\"height:10px; width:10px; border-radius:50%; display: inline-block; background-color:#fc610a\"><\/span><span class=\"tooltiptext\">Inmunolog\u00eda<\/span><\/div><div class=\"single-dot\"><span class=\"dot\" style=\"height:10px; width:10px; border-radius:50%; display: inline-block; background-color:#4224cf\"><\/span><span class=\"tooltiptext\">Oncolog\u00eda<\/span><\/div><\/div><p id=\"lab-name\">Glicomedicina<br><\/p>\n                                       <p id=\"director\"> Dr. Gabriel Adri\u00e1n Rabinovich<\/p>\n                                   <\/div>\n                                    <div class=\"lab_grid_single_item\" onclick=\"location.href='https:\/\/ibyme.org.ar\/investigacion\/laboratorios\/inmunologia-tumoral\/'\" style=\"cursor: pointer;\"><div id=\"asociated-area-colors\"><div class=\"single-dot\"><span class=\"dot\" style=\"height:10px; width:10px; border-radius:50%; display: inline-block; background-color:#fc610a\"><\/span><span class=\"tooltiptext\">Inmunolog\u00eda<\/span><\/div><div class=\"single-dot\"><span class=\"dot\" style=\"height:10px; width:10px; border-radius:50%; display: inline-block; background-color:#4224cf\"><\/span><span class=\"tooltiptext\">Oncolog\u00eda<\/span><\/div><\/div><p id=\"lab-name\">Inmunolog\u00eda Tumoral<br><\/p>\n                                       <p id=\"director\"> Dra. Roxana Schillaci<\/p>\n                                   <\/div>\n                                    <div class=\"lab_grid_single_item\" onclick=\"location.href='https:\/\/ibyme.org.ar\/investigacion\/laboratorios\/patologia-y-farmacologia-molecular\/'\" style=\"cursor: pointer;\"><div id=\"asociated-area-colors\"><div class=\"single-dot\"><span class=\"dot\" style=\"height:10px; width:10px; border-radius:50%; display: inline-block; background-color:#4224cf\"><\/span><span class=\"tooltiptext\">Oncolog\u00eda<\/span><\/div><div class=\"single-dot\"><span class=\"dot\" style=\"height:10px; width:10px; border-radius:50%; display: inline-block; background-color:#00cb6f\"><\/span><span class=\"tooltiptext\">Biolog\u00eda Molecular<\/span><\/div><\/div><p id=\"lab-name\">Patolog\u00eda y Farmacolog\u00eda Molecular<br><\/p>\n                                       <p id=\"director\"> Dra. Carina Shayo<\/p>\n                                   <\/div>\n                                    <div class=\"lab_grid_single_item\" onclick=\"location.href='https:\/\/ibyme.org.ar\/investigacion\/laboratorios\/fisiologia-y-biologia-tumoral-del-ovario\/'\" style=\"cursor: pointer;\"><div id=\"asociated-area-colors\"><div class=\"single-dot\"><span class=\"dot\" style=\"height:10px; width:10px; border-radius:50%; display: inline-block; background-color:#4224cf\"><\/span><span class=\"tooltiptext\">Oncolog\u00eda<\/span><\/div><div class=\"single-dot\"><span class=\"dot\" style=\"height:10px; width:10px; border-radius:50%; display: inline-block; background-color:#a624ce\"><\/span><span class=\"tooltiptext\">Reproducci\u00f3n<\/span><\/div><\/div><p id=\"lab-name\">Fisiolog\u00eda y Biolog\u00eda Tumoral del Ovario<br><\/p>\n                                       <p id=\"director\"> Dra. Marta Tesone<\/p>\n                                   <\/div>\n                                    <div class=\"lab_grid_single_item\" onclick=\"location.href='https:\/\/ibyme.org.ar\/investigacion\/laboratorios\/estudios-de-interaccion-celular-en-reproduccion-y-cancer\/'\" style=\"cursor: pointer;\"><div id=\"asociated-area-colors\"><div class=\"single-dot\"><span class=\"dot\" style=\"height:10px; width:10px; border-radius:50%; display: inline-block; background-color:#4224cf\"><\/span><span class=\"tooltiptext\">Oncolog\u00eda<\/span><\/div><div class=\"single-dot\"><span class=\"dot\" style=\"height:10px; width:10px; border-radius:50%; display: inline-block; background-color:#a624ce\"><\/span><span class=\"tooltiptext\">Reproducci\u00f3n<\/span><\/div><div class=\"single-dot\"><span class=\"dot\" style=\"height:10px; width:10px; border-radius:50%; display: inline-block; background-color:#00cb6f\"><\/span><span class=\"tooltiptext\">Biolog\u00eda Molecular<\/span><\/div><\/div><p id=\"lab-name\">Estudios de Interacci\u00f3n Celular en Reproducci\u00f3n y C\u00e1ncer<br><\/p>\n                                       <p id=\"director\"> Dra. M\u00f3nica Hebe Vazquez-Levin<\/p>\n                                   <\/div>\n                                    <div class=\"lab_grid_single_item\" onclick=\"location.href='https:\/\/ibyme.org.ar\/investigacion\/laboratorios\/celulas-madre\/'\" style=\"cursor: pointer;\"><div id=\"asociated-area-colors\"><div class=\"single-dot\"><span class=\"dot\" style=\"height:10px; width:10px; border-radius:50%; display: inline-block; background-color:#4224cf\"><\/span><span class=\"tooltiptext\">Oncolog\u00eda<\/span><\/div><div class=\"single-dot\"><span class=\"dot\" style=\"height:10px; width:10px; border-radius:50%; display: inline-block; background-color:#00cb6f\"><\/span><span class=\"tooltiptext\">Biolog\u00eda Molecular<\/span><\/div><\/div><p id=\"lab-name\">C\u00e9lulas Madre Tumorales y Reprogramaci\u00f3n Metab\u00f3lica<br><\/p>\n                                       <p id=\"director\"> Dr. Luciano Vell\u00f3n<\/p>\n                                   <\/div>\n                                    <div class=\"lab_grid_single_item\" onclick=\"location.href='https:\/\/ibyme.org.ar\/investigacion\/laboratorios\/fisiopatologia-de-la-inmunidad-innata\/'\" style=\"cursor: pointer;\"><div id=\"asociated-area-colors\"><div class=\"single-dot\"><span class=\"dot\" style=\"height:10px; width:10px; border-radius:50%; display: inline-block; background-color:#fc610a\"><\/span><span class=\"tooltiptext\">Inmunolog\u00eda<\/span><\/div><div class=\"single-dot\"><span class=\"dot\" style=\"height:10px; width:10px; border-radius:50%; display: inline-block; background-color:#4224cf\"><\/span><span class=\"tooltiptext\">Oncolog\u00eda<\/span><\/div><\/div><p id=\"lab-name\">Fisiopatolog\u00eda de la Inmunidad Innata<br><\/p>\n                                       <p id=\"director\"> Dr. Norberto Walter Zwirner<\/p>\n                                   <\/div>\n                                    <div class=\"lab_grid_single_item\" onclick=\"location.href='https:\/\/ibyme.org.ar\/investigacion\/laboratorios\/inmunohematologia\/'\" style=\"cursor: pointer;\"><div id=\"asociated-area-colors\"><div class=\"single-dot\"><span class=\"dot\" style=\"height:10px; width:10px; border-radius:50%; display: inline-block; background-color:#4224cf\"><\/span><span class=\"tooltiptext\">Oncolog\u00eda<\/span><\/div><\/div><p id=\"lab-name\">Inmunohematolog\u00eda<br><\/p>\n                                       <p id=\"director\"> .<\/p>\n                                   <\/div><\/div>\n        <style>\n\n        .single-dot .tooltiptext {\n            background-color: #555;\n            color: #fff;\n            text-align: center;\n            border-radius: 6px;\n            padding: 5px 15px;\n            z-index: 100;\n            opacity: 0;\n            transition: opacity 0.3s;\n            font-family: Inter;\n            font-size: 12px;\n            font-weight: 400;\n            position: absolute;\n            visibility: hidden;\n            margin-top: -25px;\n            margin-left: -20px;\n        }\n        div#asociated-area-colors {\n            display: flex;\n        }\n        \n        .single-dot:hover .tooltiptext {\n            visibility: visible;\n            opacity: 1;\n        }\n        .single-dot .tooltiptext::after {\n            content: \"\";\n            position: absolute;\n            top: 100%;\n            left: 10%;\n            margin-left: -5px;\n            border-width: 5px;\n            border-style: solid;\n            border-color: #555 transparent transparent transparent;\n        }\n\n        .labs-grid-container {\n            display: grid;\n            gap: 25px;\n            grid-template-columns: repeat(5, minmax(0, 1fr));\n            padding: 10px;\n        }\n        \n        .lab_grid_single_item {\n            background-color: rgba(255, 255, 255, 0.8);\n            border: 1px solid rgba(0, 0, 0, 0.8);\n            border-radius: 20px;\n            padding: 17px 20px;\n            text-align: center;\n        }\n\n        .labs-grid-container .lab_grid_single_item a{\n            font-family: Inter;\n            font-size: 16px;\n            font-weight: 700;\n        }\n        .labs-grid-container .lab_grid_single_item p{\n            font-family: Inter;\n            font-size: 10px;\n            font-weight: 400;\n        }\n        #asociated-area-colors .dot {\n            margin: 0px 2px\n        }\n        @media only screen and (max-width: 768px){\n            .labs-grid-container {\n                grid-template-columns: repeat(2, minmax(0, 1fr));\n                display: grid;\n                gap: 5px;\n            }\n        \n            .lab_grid_single_item {\n                background-color: rgba(255, 255, 255, 0.8);\n                border: 1px solid rgba(0, 0, 0, 0.8);\n                border-radius: 20px;\n                padding: 5px 5px;\n                text-align: center;\n            }\n        \n            .labs-grid-container .lab_grid_single_item a{\n                font-family: Inter;\n                font-size: 12px;\n                font-weight: 500;\n            }\n            .labs-grid-container .lab_grid_single_item p{\n                font-family: Inter;\n                font-size: 8px;\n                font-weight: 400;\n            }\n        \n        }\n        <\/style>\n<\/div><\/div><\/div><\/div><\/div><\/p>\n","protected":false},"excerpt":{"rendered":"","protected":false},"author":25,"featured_media":0,"parent":819,"menu_order":1,"comment_status":"closed","ping_status":"closed","template":"100-width.php","meta":{"_acf_changed":false,"inline_featured_image":false,"wpupg_custom_link":[],"wpupg_custom_link_behaviour":["default"],"wpupg_custom_link_nofollow":["default"],"wpupg_custom_image":[],"wpupg_custom_image_id":[],"footnotes":""},"page_category":[],"class_list":["post-2290","page","type-page","status-publish","hentry"],"acf":[],"yoast_head":"<!-- This site is optimized with the Yoast SEO plugin v26.6 - https:\/\/yoast.com\/wordpress\/plugins\/seo\/ -->\n<title>Prote\u00ednas Quinasas y Oncolog\u00eda Molecular - IBYME<\/title>\n<meta name=\"robots\" content=\"index, follow, max-snippet:-1, max-image-preview:large, max-video-preview:-1\" \/>\n<link rel=\"canonical\" href=\"https:\/\/ibyme.org.ar\/investigacion\/laboratorios\/proteinas-quinasas-y-oncologia-molecular\/\" \/>\n<meta property=\"og:locale\" content=\"es_ES\" \/>\n<meta property=\"og:type\" content=\"article\" \/>\n<meta property=\"og:title\" content=\"Prote\u00ednas Quinasas y Oncolog\u00eda Molecular - IBYME\" \/>\n<meta property=\"og:url\" content=\"https:\/\/ibyme.org.ar\/investigacion\/laboratorios\/proteinas-quinasas-y-oncologia-molecular\/\" \/>\n<meta property=\"og:site_name\" content=\"IBYME\" \/>\n<meta property=\"article:modified_time\" content=\"2026-01-19T14:35:54+00:00\" \/>\n<meta name=\"twitter:card\" content=\"summary_large_image\" \/>\n<meta name=\"twitter:label1\" content=\"Tiempo de lectura\" \/>\n\t<meta name=\"twitter:data1\" content=\"2 minutos\" \/>\n<script type=\"application\/ld+json\" class=\"yoast-schema-graph\">{\"@context\":\"https:\/\/schema.org\",\"@graph\":[{\"@type\":\"WebPage\",\"@id\":\"https:\/\/ibyme.org.ar\/investigacion\/laboratorios\/proteinas-quinasas-y-oncologia-molecular\/\",\"url\":\"https:\/\/ibyme.org.ar\/investigacion\/laboratorios\/proteinas-quinasas-y-oncologia-molecular\/\",\"name\":\"Prote\u00ednas Quinasas y Oncolog\u00eda Molecular - IBYME\",\"isPartOf\":{\"@id\":\"https:\/\/ibyme.org.ar\/investigacion\/en\/#website\"},\"datePublished\":\"2023-03-31T11:22:26+00:00\",\"dateModified\":\"2026-01-19T14:35:54+00:00\",\"breadcrumb\":{\"@id\":\"https:\/\/ibyme.org.ar\/investigacion\/laboratorios\/proteinas-quinasas-y-oncologia-molecular\/#breadcrumb\"},\"inLanguage\":\"es\",\"potentialAction\":[{\"@type\":\"ReadAction\",\"target\":[\"https:\/\/ibyme.org.ar\/investigacion\/laboratorios\/proteinas-quinasas-y-oncologia-molecular\/\"]}]},{\"@type\":\"BreadcrumbList\",\"@id\":\"https:\/\/ibyme.org.ar\/investigacion\/laboratorios\/proteinas-quinasas-y-oncologia-molecular\/#breadcrumb\",\"itemListElement\":[{\"@type\":\"ListItem\",\"position\":1,\"name\":\"Inicio\",\"item\":\"https:\/\/ibyme.org.ar\/investigacion\/en\/laboratories\/\"},{\"@type\":\"ListItem\",\"position\":2,\"name\":\"Laboratorios\",\"item\":\"https:\/\/ibyme.org.ar\/investigacion\/en\/laboratories\/\"},{\"@type\":\"ListItem\",\"position\":3,\"name\":\"Prote\u00ednas Quinasas y Oncolog\u00eda Molecular\"}]},{\"@type\":\"WebSite\",\"@id\":\"https:\/\/ibyme.org.ar\/investigacion\/en\/#website\",\"url\":\"https:\/\/ibyme.org.ar\/investigacion\/en\/\",\"name\":\"IBYME\",\"description\":\"Instituto de Biolog\u00eda y Medicina Experimental\",\"potentialAction\":[{\"@type\":\"SearchAction\",\"target\":{\"@type\":\"EntryPoint\",\"urlTemplate\":\"https:\/\/ibyme.org.ar\/investigacion\/en\/?s={search_term_string}\"},\"query-input\":{\"@type\":\"PropertyValueSpecification\",\"valueRequired\":true,\"valueName\":\"search_term_string\"}}],\"inLanguage\":\"es\"}]}<\/script>\n<!-- \/ Yoast SEO plugin. -->","yoast_head_json":{"title":"Prote\u00ednas Quinasas y Oncolog\u00eda Molecular - IBYME","robots":{"index":"index","follow":"follow","max-snippet":"max-snippet:-1","max-image-preview":"max-image-preview:large","max-video-preview":"max-video-preview:-1"},"canonical":"https:\/\/ibyme.org.ar\/investigacion\/laboratorios\/proteinas-quinasas-y-oncologia-molecular\/","og_locale":"es_ES","og_type":"article","og_title":"Prote\u00ednas Quinasas y Oncolog\u00eda Molecular - IBYME","og_url":"https:\/\/ibyme.org.ar\/investigacion\/laboratorios\/proteinas-quinasas-y-oncologia-molecular\/","og_site_name":"IBYME","article_modified_time":"2026-01-19T14:35:54+00:00","twitter_card":"summary_large_image","twitter_misc":{"Tiempo de lectura":"2 minutos"},"schema":{"@context":"https:\/\/schema.org","@graph":[{"@type":"WebPage","@id":"https:\/\/ibyme.org.ar\/investigacion\/laboratorios\/proteinas-quinasas-y-oncologia-molecular\/","url":"https:\/\/ibyme.org.ar\/investigacion\/laboratorios\/proteinas-quinasas-y-oncologia-molecular\/","name":"Prote\u00ednas Quinasas y Oncolog\u00eda Molecular - IBYME","isPartOf":{"@id":"https:\/\/ibyme.org.ar\/investigacion\/en\/#website"},"datePublished":"2023-03-31T11:22:26+00:00","dateModified":"2026-01-19T14:35:54+00:00","breadcrumb":{"@id":"https:\/\/ibyme.org.ar\/investigacion\/laboratorios\/proteinas-quinasas-y-oncologia-molecular\/#breadcrumb"},"inLanguage":"es","potentialAction":[{"@type":"ReadAction","target":["https:\/\/ibyme.org.ar\/investigacion\/laboratorios\/proteinas-quinasas-y-oncologia-molecular\/"]}]},{"@type":"BreadcrumbList","@id":"https:\/\/ibyme.org.ar\/investigacion\/laboratorios\/proteinas-quinasas-y-oncologia-molecular\/#breadcrumb","itemListElement":[{"@type":"ListItem","position":1,"name":"Inicio","item":"https:\/\/ibyme.org.ar\/investigacion\/en\/laboratories\/"},{"@type":"ListItem","position":2,"name":"Laboratorios","item":"https:\/\/ibyme.org.ar\/investigacion\/en\/laboratories\/"},{"@type":"ListItem","position":3,"name":"Prote\u00ednas Quinasas y Oncolog\u00eda Molecular"}]},{"@type":"WebSite","@id":"https:\/\/ibyme.org.ar\/investigacion\/en\/#website","url":"https:\/\/ibyme.org.ar\/investigacion\/en\/","name":"IBYME","description":"Instituto de Biolog\u00eda y Medicina Experimental","potentialAction":[{"@type":"SearchAction","target":{"@type":"EntryPoint","urlTemplate":"https:\/\/ibyme.org.ar\/investigacion\/en\/?s={search_term_string}"},"query-input":{"@type":"PropertyValueSpecification","valueRequired":true,"valueName":"search_term_string"}}],"inLanguage":"es"}]}},"_links":{"self":[{"href":"https:\/\/ibyme.org.ar\/investigacion\/wp-json\/wp\/v2\/pages\/2290","targetHints":{"allow":["GET"]}}],"collection":[{"href":"https:\/\/ibyme.org.ar\/investigacion\/wp-json\/wp\/v2\/pages"}],"about":[{"href":"https:\/\/ibyme.org.ar\/investigacion\/wp-json\/wp\/v2\/types\/page"}],"author":[{"embeddable":true,"href":"https:\/\/ibyme.org.ar\/investigacion\/wp-json\/wp\/v2\/users\/25"}],"replies":[{"embeddable":true,"href":"https:\/\/ibyme.org.ar\/investigacion\/wp-json\/wp\/v2\/comments?post=2290"}],"version-history":[{"count":19,"href":"https:\/\/ibyme.org.ar\/investigacion\/wp-json\/wp\/v2\/pages\/2290\/revisions"}],"predecessor-version":[{"id":12748,"href":"https:\/\/ibyme.org.ar\/investigacion\/wp-json\/wp\/v2\/pages\/2290\/revisions\/12748"}],"up":[{"embeddable":true,"href":"https:\/\/ibyme.org.ar\/investigacion\/wp-json\/wp\/v2\/pages\/819"}],"wp:attachment":[{"href":"https:\/\/ibyme.org.ar\/investigacion\/wp-json\/wp\/v2\/media?parent=2290"}],"wp:term":[{"taxonomy":"page_category","embeddable":true,"href":"https:\/\/ibyme.org.ar\/investigacion\/wp-json\/wp\/v2\/page_category?post=2290"}],"curies":[{"name":"wp","href":"https:\/\/api.w.org\/{rel}","templated":true}]}}