{"id":421,"date":"2022-12-19T17:31:36","date_gmt":"2022-12-19T20:31:36","guid":{"rendered":"https:\/\/ibyme.org.ar\/investigacion\/?page_id=421"},"modified":"2024-11-06T13:04:17","modified_gmt":"2024-11-06T16:04:17","slug":"oncologia","status":"publish","type":"page","link":"https:\/\/ibyme.org.ar\/investigacion\/area-investigacion\/oncologia\/","title":{"rendered":"Oncolog\u00eda"},"content":{"rendered":"<p><div class=\"fusion-fullwidth fullwidth-box fusion-builder-row-1 fusion-flex-container has-pattern-background has-mask-background fusion-parallax-none hundred-percent-fullwidth non-hundred-percent-height-scrolling\" style=\"--awb-border-radius-top-left:0px;--awb-border-radius-top-right:0px;--awb-border-radius-bottom-right:0px;--awb-border-radius-bottom-left:0px;--awb-margin-top:0px;--awb-margin-bottom:30px;--awb-min-height:300px;--awb-background-image:url(&quot;https:\/\/ibyme.org.ar\/investigacion\/wp-content\/uploads\/2023\/05\/Header-areas-d.jpg&quot;);--awb-background-size:cover;--awb-flex-wrap:wrap;\" ><div class=\"fusion-builder-row fusion-row fusion-flex-align-items-flex-start fusion-flex-content-wrap\" style=\"width:104% !important;max-width:104% !important;margin-left: calc(-4% \/ 2 );margin-right: calc(-4% \/ 2 );\"><\/div><\/div><div class=\"fusion-fullwidth fullwidth-box fusion-builder-row-2 fusion-flex-container has-pattern-background has-mask-background nonhundred-percent-fullwidth non-hundred-percent-height-scrolling\" style=\"--awb-border-radius-top-left:0px;--awb-border-radius-top-right:0px;--awb-border-radius-bottom-right:0px;--awb-border-radius-bottom-left:0px;--awb-padding-bottom:30px;--awb-flex-wrap:wrap;\" ><div class=\"fusion-builder-row fusion-row fusion-flex-align-items-flex-start fusion-flex-content-wrap\" style=\"max-width:1248px;margin-left: calc(-4% \/ 2 );margin-right: calc(-4% \/ 2 );\"><div class=\"fusion-layout-column fusion_builder_column fusion-builder-column-0 fusion_builder_column_1_1 1_1 fusion-flex-column\" style=\"--awb-bg-size:cover;--awb-width-large:100%;--awb-margin-top-large:0px;--awb-spacing-right-large:1.92%;--awb-margin-bottom-large:20px;--awb-spacing-left-large:1.92%;--awb-width-medium:100%;--awb-order-medium:0;--awb-spacing-right-medium:1.92%;--awb-spacing-left-medium:1.92%;--awb-width-small:100%;--awb-order-small:0;--awb-spacing-right-small:1.92%;--awb-spacing-left-small:1.92%;\"><div class=\"fusion-column-wrapper fusion-column-has-shadow fusion-flex-justify-content-flex-start fusion-content-layout-column\"><nav class=\"fusion-breadcrumbs awb-yoast-breadcrumbs fusion-breadcrumbs-1\" style=\"--awb-alignment:left;--awb-breadcrumb-sep:&#039;\/&#039;;text-align:left;\" aria-label=\"Breadcrumb\"><span><span><a href=\"https:\/\/ibyme.org.ar\/investigacion\/en\/laboratories\/\">Inicio<\/a><\/span><\/span><\/nav><div class=\"fusion-title title fusion-title-1 fusion-sep-none fusion-title-text fusion-title-size-one\" style=\"--awb-text-color:var(--awb-custom_color_5);\"><h1 class=\"fusion-title-heading title-heading-left\" style=\"margin:0;\">Oncolog\u00eda<\/h1><\/div><div class=\"fusion-text fusion-text-1\"><p>Listado de patolog\u00edas estudiadas en el \u00e1rea Oncolog\u00eda<\/p>\n<p><span class=\"fusion-tooltip tooltip-shortcode\" data-animation=\"\" data-delay=\"0\" data-placement=\"top\" data-title=\"Lab. Tesone | Lab. Zwirner\" title=\"Lab. Tesone | Lab. Zwirner\" data-toggle=\"tooltip\" data-trigger=\"hover\">C\u00e1ncer<\/span> | <span class=\"fusion-tooltip tooltip-shortcode\" data-animation=\"\" data-delay=\"0\" data-placement=\"top\" data-title=\"Lab. Mari\u00f1o | Lab. Rabinovich\" title=\"Lab. Mari\u00f1o | Lab. Rabinovich\" data-toggle=\"tooltip\" data-trigger=\"hover\">C\u00e1ncer de col\u00f3n<\/span> | <span class=\"fusion-tooltip tooltip-shortcode\" data-animation=\"\" data-delay=\"0\" data-placement=\"top\" data-title=\"Lab. Calvo | Lab. Chaseeing | Lab. Lanari | Lab. L\u00fcthy | Lab. Novaro | Lab. Rabinovich\" title=\"Lab. Calvo | Lab. Chaseeing | Lab. Lanari | Lab. L\u00fcthy | Lab. Novaro | Lab. Rabinovich\" data-toggle=\"tooltip\" data-trigger=\"hover\">C\u00e1ncer de mama<\/span> | <span class=\"fusion-tooltip tooltip-shortcode\" data-animation=\"\" data-delay=\"0\" data-placement=\"top\" data-title=\"Lab. Calvo\" title=\"Lab. Calvo\" data-toggle=\"tooltip\" data-trigger=\"hover\">C\u00e1ncer de pr\u00f3stata<\/span> | <span class=\"fusion-tooltip tooltip-shortcode\" data-animation=\"\" data-delay=\"0\" data-placement=\"top\" data-title=\"Lab. Rabinovich\" title=\"Lab. Rabinovich\" data-toggle=\"tooltip\" data-trigger=\"hover\">C\u00e1ncer de pulm\u00f3n<\/span> | <span class=\"fusion-tooltip tooltip-shortcode\" data-animation=\"\" data-delay=\"0\" data-placement=\"top\" data-title=\"Lab. Rabinovich\" title=\"Lab. Rabinovich\" data-toggle=\"tooltip\" data-trigger=\"hover\">C\u00e1ncer renal<\/span> | <span class=\"fusion-tooltip tooltip-shortcode\" data-animation=\"\" data-delay=\"0\" data-placement=\"top\" data-title=\"Lab. Rabinovich\" title=\"Lab. Rabinovich\" data-toggle=\"tooltip\" data-trigger=\"hover\">Glioblastoma<\/span> | <span class=\"fusion-tooltip tooltip-shortcode\" data-animation=\"\" data-delay=\"0\" data-placement=\"top\" data-title=\"Lab. Rabinovich\" title=\"Lab. Rabinovich\" data-toggle=\"tooltip\" data-trigger=\"hover\">Melanoma<\/span> | <span class=\"fusion-tooltip tooltip-shortcode\" data-animation=\"\" data-delay=\"0\" data-placement=\"top\" data-title=\"Lab. Parborell\" title=\"Lab. Parborell\" data-toggle=\"tooltip\" data-trigger=\"hover\">Oncofertilidad<\/span><\/p>\n<\/div><\/div><\/div><\/div><\/div><div class=\"fusion-fullwidth fullwidth-box fusion-builder-row-3 fusion-flex-container has-pattern-background has-mask-background nonhundred-percent-fullwidth non-hundred-percent-height-scrolling\" style=\"--awb-border-radius-top-left:0px;--awb-border-radius-top-right:0px;--awb-border-radius-bottom-right:0px;--awb-border-radius-bottom-left:0px;--awb-flex-wrap:wrap;\" ><div class=\"fusion-builder-row fusion-row fusion-flex-align-items-flex-start fusion-flex-content-wrap\" style=\"max-width:1248px;margin-left: calc(-4% \/ 2 );margin-right: calc(-4% \/ 2 );\"><div class=\"fusion-layout-column fusion_builder_column fusion-builder-column-1 fusion_builder_column_1_1 1_1 fusion-flex-column\" style=\"--awb-bg-size:cover;--awb-width-large:100%;--awb-margin-top-large:0px;--awb-spacing-right-large:1.92%;--awb-margin-bottom-large:20px;--awb-spacing-left-large:1.92%;--awb-width-medium:100%;--awb-order-medium:0;--awb-spacing-right-medium:1.92%;--awb-spacing-left-medium:1.92%;--awb-width-small:100%;--awb-order-small:0;--awb-spacing-right-small:1.92%;--awb-spacing-left-small:1.92%;\"><div class=\"fusion-column-wrapper fusion-column-has-shadow fusion-flex-justify-content-flex-start fusion-content-layout-column\"><div class=\"fusion-title title fusion-title-2 fusion-sep-none fusion-title-text fusion-title-size-one\" style=\"--awb-text-color:var(--awb-custom_color_5);--awb-font-size:22px;\"><h1 class=\"fusion-title-heading title-heading-left\" style=\"font-family:&quot;Red Hat Display&quot;;font-style:normal;font-weight:700;margin:0;font-size:1em;\">Laboratorios de Oncolog\u00eda<\/h1><\/div><\/div><\/div><\/div><\/div><div class=\"fusion-fullwidth fullwidth-box fusion-builder-row-4 fusion-flex-container has-pattern-background has-mask-background nonhundred-percent-fullwidth non-hundred-percent-height-scrolling\" style=\"--awb-border-radius-top-left:0px;--awb-border-radius-top-right:0px;--awb-border-radius-bottom-right:0px;--awb-border-radius-bottom-left:0px;--awb-flex-wrap:wrap;\" ><div class=\"fusion-builder-row fusion-row fusion-flex-align-items-stretch fusion-flex-content-wrap\" style=\"max-width:calc( 1200px + 25px );margin-left: calc(-25px \/ 2 );margin-right: calc(-25px \/ 2 );\"><div class=\"fusion-layout-column fusion_builder_column fusion-builder-column-2 fusion_builder_column_1_1 1_1 fusion-flex-column\" style=\"--awb-bg-size:cover;--awb-width-large:100%;--awb-margin-top-large:0px;--awb-spacing-right-large:12.5px;--awb-margin-bottom-large:20px;--awb-spacing-left-large:12.5px;--awb-width-medium:100%;--awb-order-medium:0;--awb-spacing-right-medium:12.5px;--awb-spacing-left-medium:12.5px;--awb-width-small:100%;--awb-order-small:0;--awb-spacing-right-small:12.5px;--awb-spacing-left-small:12.5px;\"><div class=\"fusion-column-wrapper fusion-column-has-shadow fusion-flex-justify-content-flex-start fusion-content-layout-column\"><div class=\"fusion-text fusion-text-2\"> \n                          <div class=\"labs-grid-container\">                            \n                                    <div class=\"lab_grid_single_item\" onclick=\"location.href='https:\/\/ibyme.org.ar\/investigacion\/laboratorios\/quimica-de-proteoglicanos-y-matriz-extracelular\/'\" style=\"cursor: pointer;\"><div id=\"asociated-area-colors\"><div class=\"single-dot\"><span class=\"dot\" style=\"height:10px; width:10px; border-radius:50%; display: inline-block; background-color:#0ab7cc\"><\/span><span class=\"tooltiptext\">Endocrinolog\u00eda<\/span><\/div><div class=\"single-dot\"><span class=\"dot\" style=\"height:10px; width:10px; border-radius:50%; display: inline-block; background-color:#4224cf\"><\/span><span class=\"tooltiptext\">Oncolog\u00eda<\/span><\/div><div class=\"single-dot\"><span class=\"dot\" style=\"height:10px; width:10px; border-radius:50%; display: inline-block; background-color:#a624ce\"><\/span><span class=\"tooltiptext\">Reproducci\u00f3n<\/span><\/div><\/div><p id=\"lab-name\">Qu\u00edmica de Proteoglicanos y Matriz Extracelular<br><\/p>\n                                       <p id=\"director\"> Dr. Juan Carlos Calvo<\/p>\n                                   <\/div>\n                                    <div class=\"lab_grid_single_item\" onclick=\"location.href='https:\/\/ibyme.org.ar\/investigacion\/laboratorios\/receptores-nucleares\/'\" style=\"cursor: pointer;\"><div id=\"asociated-area-colors\"><div class=\"single-dot\"><span class=\"dot\" style=\"height:10px; width:10px; border-radius:50%; display: inline-block; background-color:#0ab7cc\"><\/span><span class=\"tooltiptext\">Endocrinolog\u00eda<\/span><\/div><div class=\"single-dot\"><span class=\"dot\" style=\"height:10px; width:10px; border-radius:50%; display: inline-block; background-color:#ccb50a\"><\/span><span class=\"tooltiptext\">Neurociencia<\/span><\/div><div class=\"single-dot\"><span class=\"dot\" style=\"height:10px; width:10px; border-radius:50%; display: inline-block; background-color:#4224cf\"><\/span><span class=\"tooltiptext\">Oncolog\u00eda<\/span><\/div><div class=\"single-dot\"><span class=\"dot\" style=\"height:10px; width:10px; border-radius:50%; display: inline-block; background-color:#00cb6f\"><\/span><span class=\"tooltiptext\">Biolog\u00eda Molecular<\/span><\/div><\/div><p id=\"lab-name\">Receptores Nucleares<br><\/p>\n                                       <p id=\"director\"> Dr. Mario D. Galigniana<\/p>\n                                   <\/div>\n                                    <div class=\"lab_grid_single_item\" onclick=\"location.href='https:\/\/ibyme.org.ar\/investigacion\/laboratorios\/biotecnologia-farmaceutica\/'\" style=\"cursor: pointer;\"><div id=\"asociated-area-colors\"><div class=\"single-dot\"><span class=\"dot\" style=\"height:10px; width:10px; border-radius:50%; display: inline-block; background-color:#fc610a\"><\/span><span class=\"tooltiptext\">Inmunolog\u00eda<\/span><\/div><div class=\"single-dot\"><span class=\"dot\" style=\"height:10px; width:10px; border-radius:50%; display: inline-block; background-color:#4224cf\"><\/span><span class=\"tooltiptext\">Oncolog\u00eda<\/span><\/div><div class=\"single-dot\"><span class=\"dot\" style=\"height:10px; width:10px; border-radius:50%; display: inline-block; background-color:#00cb6f\"><\/span><span class=\"tooltiptext\">Biolog\u00eda Molecular<\/span><\/div><\/div><p id=\"lab-name\">Biotecnolog\u00eda Farmac\u00e9utica<br><\/p>\n                                       <p id=\"director\"> Dr. Gustavo Helguera<\/p>\n                                   <\/div>\n                                    <div class=\"lab_grid_single_item\" onclick=\"location.href='https:\/\/ibyme.org.ar\/investigacion\/laboratorios\/carcinogenesis-hormonal\/'\" style=\"cursor: pointer;\"><div id=\"asociated-area-colors\"><div class=\"single-dot\"><span class=\"dot\" style=\"height:10px; width:10px; border-radius:50%; display: inline-block; background-color:#0ab7cc\"><\/span><span class=\"tooltiptext\">Endocrinolog\u00eda<\/span><\/div><div class=\"single-dot\"><span class=\"dot\" style=\"height:10px; width:10px; border-radius:50%; display: inline-block; background-color:#4224cf\"><\/span><span class=\"tooltiptext\">Oncolog\u00eda<\/span><\/div><\/div><p id=\"lab-name\">Carcinog\u00e9nesis hormonal<br><\/p>\n                                       <p id=\"director\"> Dra. Claudia Lanari<\/p>\n                                   <\/div>\n                                    <div class=\"lab_grid_single_item\" onclick=\"location.href='https:\/\/ibyme.org.ar\/investigacion\/laboratorios\/hormonas-y-cancer\/'\" style=\"cursor: pointer;\"><div id=\"asociated-area-colors\"><div class=\"single-dot\"><span class=\"dot\" style=\"height:10px; width:10px; border-radius:50%; display: inline-block; background-color:#4224cf\"><\/span><span class=\"tooltiptext\">Oncolog\u00eda<\/span><\/div><\/div><p id=\"lab-name\">Hormonas y C\u00e1ncer<br><\/p>\n                                       <p id=\"director\"> Dra. Isabel Alicia L\u00fcthy<\/p>\n                                   <\/div>\n                                    <div class=\"lab_grid_single_item\" onclick=\"location.href='https:\/\/ibyme.org.ar\/investigacion\/laboratorios\/glicomica-funcional-y-molecular\/'\" style=\"cursor: pointer;\"><div id=\"asociated-area-colors\"><div class=\"single-dot\"><span class=\"dot\" style=\"height:10px; width:10px; border-radius:50%; display: inline-block; background-color:#fc610a\"><\/span><span class=\"tooltiptext\">Inmunolog\u00eda<\/span><\/div><div class=\"single-dot\"><span class=\"dot\" style=\"height:10px; width:10px; border-radius:50%; display: inline-block; background-color:#4224cf\"><\/span><span class=\"tooltiptext\">Oncolog\u00eda<\/span><\/div><div class=\"single-dot\"><span class=\"dot\" style=\"height:10px; width:10px; border-radius:50%; display: inline-block; background-color:#00cb6f\"><\/span><span class=\"tooltiptext\">Biolog\u00eda Molecular<\/span><\/div><\/div><p id=\"lab-name\">Glic\u00f3mica Funcional y Molecular<br><\/p>\n                                       <p id=\"director\"> Dra. Karina V. Mari\u00f1o<\/p>\n                                   <\/div>\n                                    <div class=\"lab_grid_single_item\" onclick=\"location.href='https:\/\/ibyme.org.ar\/investigacion\/laboratorios\/proteinas-quinasas-y-oncologia-molecular\/'\" style=\"cursor: pointer;\"><div id=\"asociated-area-colors\"><div class=\"single-dot\"><span class=\"dot\" style=\"height:10px; width:10px; border-radius:50%; display: inline-block; background-color:#4224cf\"><\/span><span class=\"tooltiptext\">Oncolog\u00eda<\/span><\/div><\/div><p id=\"lab-name\">Prote\u00ednas Quinasas y Oncolog\u00eda Molecular<br><\/p>\n                                       <p id=\"director\"> Dra. Virginia Novaro<\/p>\n                                   <\/div>\n                                    <div class=\"lab_grid_single_item\" onclick=\"location.href='https:\/\/ibyme.org.ar\/investigacion\/laboratorios\/estudios-de-la-fisiopatologia-del-ovario\/'\" style=\"cursor: pointer;\"><div id=\"asociated-area-colors\"><div class=\"single-dot\"><span class=\"dot\" style=\"height:10px; width:10px; border-radius:50%; display: inline-block; background-color:#0ab7cc\"><\/span><span class=\"tooltiptext\">Endocrinolog\u00eda<\/span><\/div><div class=\"single-dot\"><span class=\"dot\" style=\"height:10px; width:10px; border-radius:50%; display: inline-block; background-color:#4224cf\"><\/span><span class=\"tooltiptext\">Oncolog\u00eda<\/span><\/div><div class=\"single-dot\"><span class=\"dot\" style=\"height:10px; width:10px; border-radius:50%; display: inline-block; background-color:#a624ce\"><\/span><span class=\"tooltiptext\">Reproducci\u00f3n<\/span><\/div><\/div><p id=\"lab-name\">Estudios de la Fisiopatolog\u00eda del Ovario<br><\/p>\n                                       <p id=\"director\"> Dra. Mar\u00eda Fernanda Parborell<\/p>\n                                   <\/div>\n                                    <div class=\"lab_grid_single_item\" onclick=\"location.href='https:\/\/ibyme.org.ar\/investigacion\/laboratorios\/glicomedicina\/'\" style=\"cursor: pointer;\"><div id=\"asociated-area-colors\"><div class=\"single-dot\"><span class=\"dot\" style=\"height:10px; width:10px; border-radius:50%; display: inline-block; background-color:#fc610a\"><\/span><span class=\"tooltiptext\">Inmunolog\u00eda<\/span><\/div><div class=\"single-dot\"><span class=\"dot\" style=\"height:10px; width:10px; border-radius:50%; display: inline-block; background-color:#4224cf\"><\/span><span class=\"tooltiptext\">Oncolog\u00eda<\/span><\/div><\/div><p id=\"lab-name\">Glicomedicina<br><\/p>\n                                       <p id=\"director\"> Dr. Gabriel Adri\u00e1n Rabinovich<\/p>\n                                   <\/div>\n                                    <div class=\"lab_grid_single_item\" onclick=\"location.href='https:\/\/ibyme.org.ar\/investigacion\/laboratorios\/inmunologia-tumoral\/'\" style=\"cursor: pointer;\"><div id=\"asociated-area-colors\"><div class=\"single-dot\"><span class=\"dot\" style=\"height:10px; width:10px; border-radius:50%; display: inline-block; background-color:#fc610a\"><\/span><span class=\"tooltiptext\">Inmunolog\u00eda<\/span><\/div><div class=\"single-dot\"><span class=\"dot\" style=\"height:10px; width:10px; border-radius:50%; display: inline-block; background-color:#4224cf\"><\/span><span class=\"tooltiptext\">Oncolog\u00eda<\/span><\/div><\/div><p id=\"lab-name\">Inmunolog\u00eda Tumoral<br><\/p>\n                                       <p id=\"director\"> Dra. Roxana Schillaci<\/p>\n                                   <\/div>\n                                    <div class=\"lab_grid_single_item\" onclick=\"location.href='https:\/\/ibyme.org.ar\/investigacion\/laboratorios\/patologia-y-farmacologia-molecular\/'\" style=\"cursor: pointer;\"><div id=\"asociated-area-colors\"><div class=\"single-dot\"><span class=\"dot\" style=\"height:10px; width:10px; border-radius:50%; display: inline-block; background-color:#4224cf\"><\/span><span class=\"tooltiptext\">Oncolog\u00eda<\/span><\/div><div class=\"single-dot\"><span class=\"dot\" style=\"height:10px; width:10px; border-radius:50%; display: inline-block; background-color:#00cb6f\"><\/span><span class=\"tooltiptext\">Biolog\u00eda Molecular<\/span><\/div><\/div><p id=\"lab-name\">Patolog\u00eda y Farmacolog\u00eda Molecular<br><\/p>\n                                       <p id=\"director\"> Dra. Carina Shayo<\/p>\n                                   <\/div>\n                                    <div class=\"lab_grid_single_item\" onclick=\"location.href='https:\/\/ibyme.org.ar\/investigacion\/laboratorios\/fisiologia-y-biologia-tumoral-del-ovario\/'\" style=\"cursor: pointer;\"><div id=\"asociated-area-colors\"><div class=\"single-dot\"><span class=\"dot\" style=\"height:10px; width:10px; border-radius:50%; display: inline-block; background-color:#4224cf\"><\/span><span class=\"tooltiptext\">Oncolog\u00eda<\/span><\/div><div class=\"single-dot\"><span class=\"dot\" style=\"height:10px; width:10px; border-radius:50%; display: inline-block; background-color:#a624ce\"><\/span><span class=\"tooltiptext\">Reproducci\u00f3n<\/span><\/div><\/div><p id=\"lab-name\">Fisiolog\u00eda y Biolog\u00eda Tumoral del Ovario<br><\/p>\n                                       <p id=\"director\"> Dra. Marta Tesone<\/p>\n                                   <\/div>\n                                    <div class=\"lab_grid_single_item\" onclick=\"location.href='https:\/\/ibyme.org.ar\/investigacion\/laboratorios\/estudios-de-interaccion-celular-en-reproduccion-y-cancer\/'\" style=\"cursor: pointer;\"><div id=\"asociated-area-colors\"><div class=\"single-dot\"><span class=\"dot\" style=\"height:10px; width:10px; border-radius:50%; display: inline-block; background-color:#4224cf\"><\/span><span class=\"tooltiptext\">Oncolog\u00eda<\/span><\/div><div class=\"single-dot\"><span class=\"dot\" style=\"height:10px; width:10px; border-radius:50%; display: inline-block; background-color:#a624ce\"><\/span><span class=\"tooltiptext\">Reproducci\u00f3n<\/span><\/div><div class=\"single-dot\"><span class=\"dot\" style=\"height:10px; width:10px; border-radius:50%; display: inline-block; background-color:#00cb6f\"><\/span><span class=\"tooltiptext\">Biolog\u00eda Molecular<\/span><\/div><\/div><p id=\"lab-name\">Estudios de Interacci\u00f3n Celular en Reproducci\u00f3n y C\u00e1ncer<br><\/p>\n                                       <p id=\"director\"> Dra. M\u00f3nica Hebe Vazquez-Levin<\/p>\n                                   <\/div>\n                                    <div class=\"lab_grid_single_item\" onclick=\"location.href='https:\/\/ibyme.org.ar\/investigacion\/laboratorios\/celulas-madre\/'\" style=\"cursor: pointer;\"><div id=\"asociated-area-colors\"><div class=\"single-dot\"><span class=\"dot\" style=\"height:10px; width:10px; border-radius:50%; display: inline-block; background-color:#4224cf\"><\/span><span class=\"tooltiptext\">Oncolog\u00eda<\/span><\/div><div class=\"single-dot\"><span class=\"dot\" style=\"height:10px; width:10px; border-radius:50%; display: inline-block; background-color:#00cb6f\"><\/span><span class=\"tooltiptext\">Biolog\u00eda Molecular<\/span><\/div><\/div><p id=\"lab-name\">C\u00e9lulas Madre Tumorales y Reprogramaci\u00f3n Metab\u00f3lica<br><\/p>\n                                       <p id=\"director\"> Dr. Luciano Vell\u00f3n<\/p>\n                                   <\/div>\n                                    <div class=\"lab_grid_single_item\" onclick=\"location.href='https:\/\/ibyme.org.ar\/investigacion\/laboratorios\/fisiopatologia-de-la-inmunidad-innata\/'\" style=\"cursor: pointer;\"><div id=\"asociated-area-colors\"><div class=\"single-dot\"><span class=\"dot\" style=\"height:10px; width:10px; border-radius:50%; display: inline-block; background-color:#fc610a\"><\/span><span class=\"tooltiptext\">Inmunolog\u00eda<\/span><\/div><div class=\"single-dot\"><span class=\"dot\" style=\"height:10px; width:10px; border-radius:50%; display: inline-block; background-color:#4224cf\"><\/span><span class=\"tooltiptext\">Oncolog\u00eda<\/span><\/div><\/div><p id=\"lab-name\">Fisiopatolog\u00eda de la Inmunidad Innata<br><\/p>\n                                       <p id=\"director\"> Dr. Norberto Walter Zwirner<\/p>\n                                   <\/div>\n                                    <div class=\"lab_grid_single_item\" onclick=\"location.href='https:\/\/ibyme.org.ar\/investigacion\/laboratorios\/inmunohematologia\/'\" style=\"cursor: pointer;\"><div id=\"asociated-area-colors\"><div class=\"single-dot\"><span class=\"dot\" style=\"height:10px; width:10px; border-radius:50%; display: inline-block; background-color:#4224cf\"><\/span><span class=\"tooltiptext\">Oncolog\u00eda<\/span><\/div><\/div><p id=\"lab-name\">Inmunohematolog\u00eda<br><\/p>\n                                       <p id=\"director\"> .<\/p>\n                                   <\/div><\/div>\n        <style>\n\n        .single-dot .tooltiptext {\n            background-color: #555;\n            color: #fff;\n            text-align: center;\n            border-radius: 6px;\n            padding: 5px 15px;\n            z-index: 100;\n            opacity: 0;\n            transition: opacity 0.3s;\n            font-family: Inter;\n            font-size: 12px;\n            font-weight: 400;\n            position: absolute;\n            visibility: hidden;\n            margin-top: -25px;\n            margin-left: -20px;\n        }\n        div#asociated-area-colors {\n            display: flex;\n        }\n        \n        .single-dot:hover .tooltiptext {\n            visibility: visible;\n            opacity: 1;\n        }\n        .single-dot .tooltiptext::after {\n            content: \"\";\n            position: absolute;\n            top: 100%;\n            left: 10%;\n            margin-left: -5px;\n            border-width: 5px;\n            border-style: solid;\n            border-color: #555 transparent transparent transparent;\n        }\n\n        .labs-grid-container {\n            display: grid;\n            gap: 25px;\n            grid-template-columns: repeat(5, minmax(0, 1fr));\n            padding: 10px;\n        }\n        \n        .lab_grid_single_item {\n            background-color: rgba(255, 255, 255, 0.8);\n            border: 1px solid rgba(0, 0, 0, 0.8);\n            border-radius: 20px;\n            padding: 17px 20px;\n            text-align: center;\n        }\n\n        .labs-grid-container .lab_grid_single_item a{\n            font-family: Inter;\n            font-size: 16px;\n            font-weight: 700;\n        }\n        .labs-grid-container .lab_grid_single_item p{\n            font-family: Inter;\n            font-size: 10px;\n            font-weight: 400;\n        }\n        #asociated-area-colors .dot {\n            margin: 0px 2px\n        }\n        @media only screen and (max-width: 768px){\n            .labs-grid-container {\n                grid-template-columns: repeat(2, minmax(0, 1fr));\n                display: grid;\n                gap: 5px;\n            }\n        \n            .lab_grid_single_item {\n                background-color: rgba(255, 255, 255, 0.8);\n                border: 1px solid rgba(0, 0, 0, 0.8);\n                border-radius: 20px;\n                padding: 5px 5px;\n                text-align: center;\n            }\n        \n            .labs-grid-container .lab_grid_single_item a{\n                font-family: Inter;\n                font-size: 12px;\n                font-weight: 500;\n            }\n            .labs-grid-container .lab_grid_single_item p{\n                font-family: Inter;\n                font-size: 8px;\n                font-weight: 400;\n            }\n        \n        }\n        <\/style>\n<\/div><\/div><\/div><\/div><\/div><div class=\"fusion-fullwidth fullwidth-box fusion-builder-row-5 fusion-flex-container has-pattern-background has-mask-background nonhundred-percent-fullwidth non-hundred-percent-height-scrolling\" style=\"--awb-border-radius-top-left:0px;--awb-border-radius-top-right:0px;--awb-border-radius-bottom-right:0px;--awb-border-radius-bottom-left:0px;--awb-padding-top:60px;--awb-flex-wrap:wrap;\" ><div class=\"fusion-builder-row fusion-row fusion-flex-align-items-flex-start fusion-flex-content-wrap\" style=\"max-width:1248px;margin-left: calc(-4% \/ 2 );margin-right: calc(-4% \/ 2 );\"><div class=\"fusion-layout-column fusion_builder_column fusion-builder-column-3 fusion_builder_column_1_1 1_1 fusion-flex-column\" style=\"--awb-bg-size:cover;--awb-width-large:100%;--awb-margin-top-large:0px;--awb-spacing-right-large:1.92%;--awb-margin-bottom-large:20px;--awb-spacing-left-large:1.92%;--awb-width-medium:100%;--awb-order-medium:0;--awb-spacing-right-medium:1.92%;--awb-spacing-left-medium:1.92%;--awb-width-small:100%;--awb-order-small:0;--awb-spacing-right-small:1.92%;--awb-spacing-left-small:1.92%;\"><div class=\"fusion-column-wrapper fusion-column-has-shadow fusion-flex-justify-content-flex-start fusion-content-layout-column\"><div class=\"awb-gallery-wrapper awb-gallery-wrapper-1 button-span-no\" style=\"--more-btn-alignment:center;\"><div style=\"margin:-5px;--awb-bordersize:0px;\" class=\"fusion-gallery fusion-gallery-container fusion-grid-3 fusion-columns-total-9 fusion-gallery-layout-masonry fusion-gallery-1\"><div class=\"fusion-grid-column fusion-gallery-column fusion-gallery-column-3 hover-type-none fusion-grid-sizer\"><\/div><div style=\"padding:5px;\" class=\"fusion-grid-column fusion-gallery-column fusion-gallery-column-3 hover-type-none fusion-element-grid\"><div class=\"fusion-gallery-image\"><a href=\"https:\/\/ibyme.org.ar\/investigacion\/wp-content\/uploads\/2023\/05\/Gal-On-04-Cel-tum-cultiv-in-vitro-nucleo-azul-y-molecula-MICA-marcada-en-rosa-violaceo-Autora-M-V-Regge-zw-1.jpg\" data-caption=\"C\u00e9lula Tumoral Cultivo in vitro. N\u00facleo azul y mol\u00e9cula MICA marcada en rosa-viol\u00e1ceo \u2013 Lab. Fisiopatolog\u00eda de la inmunidad innata\" rel=\"noreferrer\" data-rel=\"iLightbox[gallery_image_1]\" class=\"fusion-lightbox\" target=\"_self\"><div style=\"background-image:url(https:\/\/ibyme.org.ar\/investigacion\/wp-content\/uploads\/2023\/05\/Gal-On-04-Cel-tum-cultiv-in-vitro-nucleo-azul-y-molecula-MICA-marcada-en-rosa-violaceo-Autora-M-V-Regge-zw-1.jpg);padding-top:calc((100% + 10px) * 0.8 - 5px);background-position:;\" class=\"fusion-masonry-element-container\"><img decoding=\"async\" src=\"https:\/\/ibyme.org.ar\/investigacion\/wp-content\/uploads\/2023\/05\/Gal-On-04-Cel-tum-cultiv-in-vitro-nucleo-azul-y-molecula-MICA-marcada-en-rosa-violaceo-Autora-M-V-Regge-zw-1.jpg\" width=\"1434\" height=\"1426\" alt=\"\" title=\"\" aria-label=\"\" class=\"img-responsive wp-image-6664\" srcset=\"https:\/\/ibyme.org.ar\/investigacion\/wp-content\/uploads\/2023\/05\/Gal-On-04-Cel-tum-cultiv-in-vitro-nucleo-azul-y-molecula-MICA-marcada-en-rosa-violaceo-Autora-M-V-Regge-zw-1-200x199.jpg 200w, https:\/\/ibyme.org.ar\/investigacion\/wp-content\/uploads\/2023\/05\/Gal-On-04-Cel-tum-cultiv-in-vitro-nucleo-azul-y-molecula-MICA-marcada-en-rosa-violaceo-Autora-M-V-Regge-zw-1-400x398.jpg 400w, https:\/\/ibyme.org.ar\/investigacion\/wp-content\/uploads\/2023\/05\/Gal-On-04-Cel-tum-cultiv-in-vitro-nucleo-azul-y-molecula-MICA-marcada-en-rosa-violaceo-Autora-M-V-Regge-zw-1-600x597.jpg 600w, https:\/\/ibyme.org.ar\/investigacion\/wp-content\/uploads\/2023\/05\/Gal-On-04-Cel-tum-cultiv-in-vitro-nucleo-azul-y-molecula-MICA-marcada-en-rosa-violaceo-Autora-M-V-Regge-zw-1-800x796.jpg 800w, https:\/\/ibyme.org.ar\/investigacion\/wp-content\/uploads\/2023\/05\/Gal-On-04-Cel-tum-cultiv-in-vitro-nucleo-azul-y-molecula-MICA-marcada-en-rosa-violaceo-Autora-M-V-Regge-zw-1-1200x1193.jpg 1200w, https:\/\/ibyme.org.ar\/investigacion\/wp-content\/uploads\/2023\/05\/Gal-On-04-Cel-tum-cultiv-in-vitro-nucleo-azul-y-molecula-MICA-marcada-en-rosa-violaceo-Autora-M-V-Regge-zw-1.jpg 1434w\" sizes=\"(min-width: 2200px) 100vw, (min-width: 784px) 397px, (min-width: 712px) 595px, (min-width: 640px) 712px, \" \/><\/div><\/a><\/div><\/div><div style=\"padding:5px;\" class=\"fusion-grid-column fusion-gallery-column fusion-gallery-column-3 hover-type-none fusion-element-grid\"><div class=\"fusion-gallery-image\"><a href=\"https:\/\/ibyme.org.ar\/investigacion\/wp-content\/uploads\/2023\/05\/Gal-On-05-lab-lanari.jpg\" data-caption=\"Corte de tumor de mama humano, con inmunohistoqu\u00edmica contra receptor de progesterona - Lab. Carcinog\u00e9nesis Hormonal\" rel=\"noreferrer\" data-rel=\"iLightbox[gallery_image_1]\" class=\"fusion-lightbox\" target=\"_self\"><div style=\"background-image:url(https:\/\/ibyme.org.ar\/investigacion\/wp-content\/uploads\/2023\/05\/Gal-On-05-lab-lanari.jpg);padding-top:calc((100% + 10px) * 0.8 - 5px);background-position:;\" class=\"fusion-masonry-element-container\"><img decoding=\"async\" src=\"https:\/\/ibyme.org.ar\/investigacion\/wp-content\/uploads\/2023\/05\/Gal-On-05-lab-lanari.jpg\" width=\"437\" height=\"328\" alt=\"\" title=\"\" aria-label=\"\" class=\"img-responsive wp-image-6653\" srcset=\"https:\/\/ibyme.org.ar\/investigacion\/wp-content\/uploads\/2023\/05\/Gal-On-05-lab-lanari-200x150.jpg 200w, https:\/\/ibyme.org.ar\/investigacion\/wp-content\/uploads\/2023\/05\/Gal-On-05-lab-lanari-400x300.jpg 400w, https:\/\/ibyme.org.ar\/investigacion\/wp-content\/uploads\/2023\/05\/Gal-On-05-lab-lanari.jpg 437w\" sizes=\"(min-width: 2200px) 100vw, (min-width: 784px) 397px, (min-width: 712px) 595px, (min-width: 640px) 712px, \" \/><\/div><\/a><\/div><\/div><div style=\"padding:5px;\" class=\"fusion-grid-column fusion-gallery-column fusion-gallery-column-3 hover-type-none fusion-element-grid\"><div class=\"fusion-gallery-image\"><a href=\"https:\/\/ibyme.org.ar\/investigacion\/wp-content\/uploads\/2023\/05\/Gal-On-07-M-Vazquez-6.jpg\" data-caption=\"Microscop\u00eda de fluorescencia de c\u00e9lulas MCF7-CadEvar con anticuerpo espec\u00edfico (se\u00f1al roja) y detecci\u00f3n de filamentos de actina con sonda especifica de faloidina marcada con fluor\u00f3foro (se\u00f1al verde) - Lab. Estudios de la Interacci\u00f3n Celular en Reproducci\u00f3n y C\u00e1ncer\" rel=\"noreferrer\" data-rel=\"iLightbox[gallery_image_1]\" class=\"fusion-lightbox\" target=\"_self\"><div style=\"background-image:url(https:\/\/ibyme.org.ar\/investigacion\/wp-content\/uploads\/2023\/05\/Gal-On-07-M-Vazquez-6.jpg);padding-top:calc((100% + 10px) * 0.8 - 5px);background-position:;\" class=\"fusion-masonry-element-container\"><img decoding=\"async\" src=\"https:\/\/ibyme.org.ar\/investigacion\/wp-content\/uploads\/2023\/05\/Gal-On-07-M-Vazquez-6.jpg\" width=\"380\" height=\"310\" alt=\"\" title=\"\" aria-label=\"\" class=\"img-responsive wp-image-6657\" srcset=\"https:\/\/ibyme.org.ar\/investigacion\/wp-content\/uploads\/2023\/05\/Gal-On-07-M-Vazquez-6-200x163.jpg 200w, https:\/\/ibyme.org.ar\/investigacion\/wp-content\/uploads\/2023\/05\/Gal-On-07-M-Vazquez-6.jpg 380w\" sizes=\"(min-width: 2200px) 100vw, (min-width: 784px) 397px, (min-width: 712px) 595px, (min-width: 640px) 712px, \" \/><\/div><\/a><\/div><\/div><div style=\"padding:5px;\" class=\"fusion-grid-column fusion-gallery-column fusion-gallery-column-3 hover-type-none fusion-element-grid\"><div class=\"fusion-gallery-image\"><a href=\"https:\/\/ibyme.org.ar\/investigacion\/wp-content\/uploads\/2023\/05\/Gal-On-01-Criptas-intestinales-en-el-colon-de-un-raton-sano.jpg\" data-caption=\"Vista de las criptas intestinales en el colon de un rat\u00f3n sano \u2013 Lab. Glic\u00f3mica Funcional y Molecular\" rel=\"noreferrer\" data-rel=\"iLightbox[gallery_image_1]\" class=\"fusion-lightbox\" target=\"_self\"><div style=\"background-image:url(https:\/\/ibyme.org.ar\/investigacion\/wp-content\/uploads\/2023\/05\/Gal-On-01-Criptas-intestinales-en-el-colon-de-un-raton-sano.jpg);padding-top:calc((100% + 10px) * 0.8 - 5px);background-position:;\" class=\"fusion-masonry-element-container\"><img decoding=\"async\" src=\"https:\/\/ibyme.org.ar\/investigacion\/wp-content\/uploads\/2023\/05\/Gal-On-01-Criptas-intestinales-en-el-colon-de-un-raton-sano.jpg\" width=\"1920\" height=\"1440\" alt=\"\" title=\"\" aria-label=\"\" class=\"img-responsive wp-image-6645\" srcset=\"https:\/\/ibyme.org.ar\/investigacion\/wp-content\/uploads\/2023\/05\/Gal-On-01-Criptas-intestinales-en-el-colon-de-un-raton-sano-200x150.jpg 200w, https:\/\/ibyme.org.ar\/investigacion\/wp-content\/uploads\/2023\/05\/Gal-On-01-Criptas-intestinales-en-el-colon-de-un-raton-sano-400x300.jpg 400w, https:\/\/ibyme.org.ar\/investigacion\/wp-content\/uploads\/2023\/05\/Gal-On-01-Criptas-intestinales-en-el-colon-de-un-raton-sano-600x450.jpg 600w, https:\/\/ibyme.org.ar\/investigacion\/wp-content\/uploads\/2023\/05\/Gal-On-01-Criptas-intestinales-en-el-colon-de-un-raton-sano-800x600.jpg 800w, https:\/\/ibyme.org.ar\/investigacion\/wp-content\/uploads\/2023\/05\/Gal-On-01-Criptas-intestinales-en-el-colon-de-un-raton-sano-1200x900.jpg 1200w, https:\/\/ibyme.org.ar\/investigacion\/wp-content\/uploads\/2023\/05\/Gal-On-01-Criptas-intestinales-en-el-colon-de-un-raton-sano.jpg 1920w\" sizes=\"(min-width: 2200px) 100vw, (min-width: 784px) 397px, (min-width: 712px) 595px, (min-width: 640px) 712px, \" \/><\/div><\/a><\/div><\/div><div style=\"padding:5px;\" class=\"fusion-grid-column fusion-gallery-column fusion-gallery-column-3 hover-type-none fusion-element-grid\"><div class=\"fusion-gallery-image\"><a href=\"https:\/\/ibyme.org.ar\/investigacion\/wp-content\/uploads\/2023\/05\/Gal-On-09-Tejido-Adipo-Hum-Perilipina-en-rojo-nucleos-en-azul-.tif-RGB.jpg\" data-caption=\"Tejido adiposo humano. Perilipina en rojo, con el n\u00facleo en azul - Lab. Qu\u00edmica de Proteoglicanos y Matriz Extracelular\n\" rel=\"noreferrer\" data-rel=\"iLightbox[gallery_image_1]\" class=\"fusion-lightbox\" target=\"_self\"><div style=\"background-image:url(https:\/\/ibyme.org.ar\/investigacion\/wp-content\/uploads\/2023\/05\/Gal-On-09-Tejido-Adipo-Hum-Perilipina-en-rojo-nucleos-en-azul-.tif-RGB.jpg);padding-top:calc((100% + 10px) * 0.8 - 5px);background-position:;\" class=\"fusion-masonry-element-container\"><img decoding=\"async\" src=\"https:\/\/ibyme.org.ar\/investigacion\/wp-content\/uploads\/2023\/05\/Gal-On-09-Tejido-Adipo-Hum-Perilipina-en-rojo-nucleos-en-azul-.tif-RGB.jpg\" width=\"1024\" height=\"1024\" alt=\"\" title=\"\" aria-label=\"\" class=\"img-responsive wp-image-6643\" srcset=\"https:\/\/ibyme.org.ar\/investigacion\/wp-content\/uploads\/2023\/05\/Gal-On-09-Tejido-Adipo-Hum-Perilipina-en-rojo-nucleos-en-azul-.tif-RGB-200x200.jpg 200w, https:\/\/ibyme.org.ar\/investigacion\/wp-content\/uploads\/2023\/05\/Gal-On-09-Tejido-Adipo-Hum-Perilipina-en-rojo-nucleos-en-azul-.tif-RGB-400x400.jpg 400w, https:\/\/ibyme.org.ar\/investigacion\/wp-content\/uploads\/2023\/05\/Gal-On-09-Tejido-Adipo-Hum-Perilipina-en-rojo-nucleos-en-azul-.tif-RGB-600x600.jpg 600w, https:\/\/ibyme.org.ar\/investigacion\/wp-content\/uploads\/2023\/05\/Gal-On-09-Tejido-Adipo-Hum-Perilipina-en-rojo-nucleos-en-azul-.tif-RGB-800x800.jpg 800w, https:\/\/ibyme.org.ar\/investigacion\/wp-content\/uploads\/2023\/05\/Gal-On-09-Tejido-Adipo-Hum-Perilipina-en-rojo-nucleos-en-azul-.tif-RGB.jpg 1024w\" sizes=\"(min-width: 2200px) 100vw, (min-width: 784px) 397px, (min-width: 712px) 595px, (min-width: 640px) 712px, \" \/><\/div><\/a><\/div><\/div><div style=\"padding:5px;\" class=\"fusion-grid-column fusion-gallery-column fusion-gallery-column-3 hover-type-none fusion-element-grid\"><div class=\"fusion-gallery-image\"><a href=\"https:\/\/ibyme.org.ar\/investigacion\/wp-content\/uploads\/2023\/05\/Gal-On-03-Cel-tum-cultiv-in-vitro-nucleo-azul-y-molecula-MICA-marcada-en-rosa-violaceo-Autora-M-V-Regge-zw-3.jpg\" data-caption=\"C\u00e9lula Tumoral Cultivo in vitro. N\u00facleo azul y mol\u00e9cula MICA marcada en rosa-viol\u00e1ceo \u2013 Lab. Fisiopatolog\u00eda de la inmunidad innata\" rel=\"noreferrer\" data-rel=\"iLightbox[gallery_image_1]\" class=\"fusion-lightbox\" target=\"_self\"><div style=\"background-image:url(https:\/\/ibyme.org.ar\/investigacion\/wp-content\/uploads\/2023\/05\/Gal-On-03-Cel-tum-cultiv-in-vitro-nucleo-azul-y-molecula-MICA-marcada-en-rosa-violaceo-Autora-M-V-Regge-zw-3.jpg);padding-top:calc((100% + 10px) * 0.8 - 5px);background-position:;\" class=\"fusion-masonry-element-container\"><img decoding=\"async\" src=\"https:\/\/ibyme.org.ar\/investigacion\/wp-content\/uploads\/2023\/05\/Gal-On-03-Cel-tum-cultiv-in-vitro-nucleo-azul-y-molecula-MICA-marcada-en-rosa-violaceo-Autora-M-V-Regge-zw-3.jpg\" width=\"1920\" height=\"1440\" alt=\"\" title=\"\" aria-label=\"\" class=\"img-responsive wp-image-6649\" srcset=\"https:\/\/ibyme.org.ar\/investigacion\/wp-content\/uploads\/2023\/05\/Gal-On-03-Cel-tum-cultiv-in-vitro-nucleo-azul-y-molecula-MICA-marcada-en-rosa-violaceo-Autora-M-V-Regge-zw-3-200x150.jpg 200w, https:\/\/ibyme.org.ar\/investigacion\/wp-content\/uploads\/2023\/05\/Gal-On-03-Cel-tum-cultiv-in-vitro-nucleo-azul-y-molecula-MICA-marcada-en-rosa-violaceo-Autora-M-V-Regge-zw-3-400x300.jpg 400w, https:\/\/ibyme.org.ar\/investigacion\/wp-content\/uploads\/2023\/05\/Gal-On-03-Cel-tum-cultiv-in-vitro-nucleo-azul-y-molecula-MICA-marcada-en-rosa-violaceo-Autora-M-V-Regge-zw-3-600x450.jpg 600w, https:\/\/ibyme.org.ar\/investigacion\/wp-content\/uploads\/2023\/05\/Gal-On-03-Cel-tum-cultiv-in-vitro-nucleo-azul-y-molecula-MICA-marcada-en-rosa-violaceo-Autora-M-V-Regge-zw-3-800x600.jpg 800w, https:\/\/ibyme.org.ar\/investigacion\/wp-content\/uploads\/2023\/05\/Gal-On-03-Cel-tum-cultiv-in-vitro-nucleo-azul-y-molecula-MICA-marcada-en-rosa-violaceo-Autora-M-V-Regge-zw-3-1200x900.jpg 1200w, https:\/\/ibyme.org.ar\/investigacion\/wp-content\/uploads\/2023\/05\/Gal-On-03-Cel-tum-cultiv-in-vitro-nucleo-azul-y-molecula-MICA-marcada-en-rosa-violaceo-Autora-M-V-Regge-zw-3.jpg 1920w\" sizes=\"(min-width: 2200px) 100vw, (min-width: 784px) 397px, (min-width: 712px) 595px, (min-width: 640px) 712px, \" \/><\/div><\/a><\/div><\/div><div style=\"padding:5px;\" class=\"fusion-grid-column fusion-gallery-column fusion-gallery-column-3 hover-type-none fusion-element-grid\"><div class=\"fusion-gallery-image\"><a href=\"https:\/\/ibyme.org.ar\/investigacion\/wp-content\/uploads\/2023\/05\/Gal-On-02-Cel-tum-cultiv-in-vitro-nucleo-azul-y-molecula-MICA-marcada-en-rosa-violaceo-Autora-M-V-Regge-zw-2-1.jpg\" data-caption=\"C\u00e9lula Tumoral Cultivo in vitro. N\u00facleo azul y mol\u00e9cula MICA marcada en rosa-viol\u00e1ceo \u2013 Lab. Fisiopatolog\u00eda de la inmunidad innata\" rel=\"noreferrer\" data-rel=\"iLightbox[gallery_image_1]\" class=\"fusion-lightbox\" target=\"_self\"><div style=\"background-image:url(https:\/\/ibyme.org.ar\/investigacion\/wp-content\/uploads\/2023\/05\/Gal-On-02-Cel-tum-cultiv-in-vitro-nucleo-azul-y-molecula-MICA-marcada-en-rosa-violaceo-Autora-M-V-Regge-zw-2-1.jpg);padding-top:calc((100% + 10px) * 0.8 - 5px);background-position:;\" class=\"fusion-masonry-element-container\"><img decoding=\"async\" src=\"https:\/\/ibyme.org.ar\/investigacion\/wp-content\/uploads\/2023\/05\/Gal-On-02-Cel-tum-cultiv-in-vitro-nucleo-azul-y-molecula-MICA-marcada-en-rosa-violaceo-Autora-M-V-Regge-zw-2-1.jpg\" width=\"1438\" height=\"1440\" alt=\"\" title=\"\" aria-label=\"\" class=\"img-responsive wp-image-6662\" srcset=\"https:\/\/ibyme.org.ar\/investigacion\/wp-content\/uploads\/2023\/05\/Gal-On-02-Cel-tum-cultiv-in-vitro-nucleo-azul-y-molecula-MICA-marcada-en-rosa-violaceo-Autora-M-V-Regge-zw-2-1-200x200.jpg 200w, https:\/\/ibyme.org.ar\/investigacion\/wp-content\/uploads\/2023\/05\/Gal-On-02-Cel-tum-cultiv-in-vitro-nucleo-azul-y-molecula-MICA-marcada-en-rosa-violaceo-Autora-M-V-Regge-zw-2-1-400x401.jpg 400w, https:\/\/ibyme.org.ar\/investigacion\/wp-content\/uploads\/2023\/05\/Gal-On-02-Cel-tum-cultiv-in-vitro-nucleo-azul-y-molecula-MICA-marcada-en-rosa-violaceo-Autora-M-V-Regge-zw-2-1-600x601.jpg 600w, https:\/\/ibyme.org.ar\/investigacion\/wp-content\/uploads\/2023\/05\/Gal-On-02-Cel-tum-cultiv-in-vitro-nucleo-azul-y-molecula-MICA-marcada-en-rosa-violaceo-Autora-M-V-Regge-zw-2-1-800x801.jpg 800w, https:\/\/ibyme.org.ar\/investigacion\/wp-content\/uploads\/2023\/05\/Gal-On-02-Cel-tum-cultiv-in-vitro-nucleo-azul-y-molecula-MICA-marcada-en-rosa-violaceo-Autora-M-V-Regge-zw-2-1-1200x1202.jpg 1200w, https:\/\/ibyme.org.ar\/investigacion\/wp-content\/uploads\/2023\/05\/Gal-On-02-Cel-tum-cultiv-in-vitro-nucleo-azul-y-molecula-MICA-marcada-en-rosa-violaceo-Autora-M-V-Regge-zw-2-1.jpg 1438w\" sizes=\"(min-width: 2200px) 100vw, (min-width: 784px) 397px, (min-width: 712px) 595px, (min-width: 640px) 712px, \" \/><\/div><\/a><\/div><\/div><div style=\"padding:5px;\" class=\"fusion-grid-column fusion-gallery-column fusion-gallery-column-3 hover-type-none fusion-element-grid\"><div class=\"fusion-gallery-image\"><a href=\"https:\/\/ibyme.org.ar\/investigacion\/wp-content\/uploads\/2023\/05\/Gal-On-06-M-Vazquez-4.jpg\" data-caption=\"Microscop\u00eda de fluorescencia de c\u00e9lulas MCF7-CadEvar con anticuerpo espec\u00edfico (se\u00f1al roja), detecci\u00f3n de filamentos de actina con sonda espec\u00edfica de faloidina marcada con fluor\u00f3foro (se\u00f1al verde), y de n\u00facleos con colorante Hoescht33342 (se\u00f1al azul-violeta) - Lab. Estudios de la Interacci\u00f3n Celular en Reproducci\u00f3n y C\u00e1ncer\" rel=\"noreferrer\" data-rel=\"iLightbox[gallery_image_1]\" class=\"fusion-lightbox\" target=\"_self\"><div style=\"background-image:url(https:\/\/ibyme.org.ar\/investigacion\/wp-content\/uploads\/2023\/05\/Gal-On-06-M-Vazquez-4.jpg);padding-top:calc((100% + 10px) * 0.8 - 5px);background-position:;\" class=\"fusion-masonry-element-container\"><img decoding=\"async\" src=\"https:\/\/ibyme.org.ar\/investigacion\/wp-content\/uploads\/2023\/05\/Gal-On-06-M-Vazquez-4.jpg\" width=\"408\" height=\"350\" alt=\"\" title=\"\" aria-label=\"\" class=\"img-responsive wp-image-6655\" srcset=\"https:\/\/ibyme.org.ar\/investigacion\/wp-content\/uploads\/2023\/05\/Gal-On-06-M-Vazquez-4-200x172.jpg 200w, https:\/\/ibyme.org.ar\/investigacion\/wp-content\/uploads\/2023\/05\/Gal-On-06-M-Vazquez-4-400x343.jpg 400w, https:\/\/ibyme.org.ar\/investigacion\/wp-content\/uploads\/2023\/05\/Gal-On-06-M-Vazquez-4.jpg 408w\" sizes=\"(min-width: 2200px) 100vw, (min-width: 784px) 397px, (min-width: 712px) 595px, (min-width: 640px) 712px, \" \/><\/div><\/a><\/div><\/div><div style=\"padding:5px;\" class=\"fusion-grid-column fusion-gallery-column fusion-gallery-column-3 hover-type-none fusion-element-grid\"><div class=\"fusion-gallery-image\"><a href=\"https:\/\/ibyme.org.ar\/investigacion\/wp-content\/uploads\/2023\/05\/Gal-On-08-Mitotracker-en-Adipocitos-maduros.jpg\" data-caption=\"Mitotracker en adipocitos maduros - Lab. Qu\u00edmica de Proteoglicanos y Matriz Extracelular\n\" rel=\"noreferrer\" data-rel=\"iLightbox[gallery_image_1]\" class=\"fusion-lightbox\" target=\"_self\"><div style=\"background-image:url(https:\/\/ibyme.org.ar\/investigacion\/wp-content\/uploads\/2023\/05\/Gal-On-08-Mitotracker-en-Adipocitos-maduros.jpg);padding-top:calc((100% + 10px) * 0.8 - 5px);background-position:;\" class=\"fusion-masonry-element-container\"><img decoding=\"async\" src=\"https:\/\/ibyme.org.ar\/investigacion\/wp-content\/uploads\/2023\/05\/Gal-On-08-Mitotracker-en-Adipocitos-maduros.jpg\" width=\"1024\" height=\"1024\" alt=\"\" title=\"\" aria-label=\"\" class=\"img-responsive wp-image-6659\" srcset=\"https:\/\/ibyme.org.ar\/investigacion\/wp-content\/uploads\/2023\/05\/Gal-On-08-Mitotracker-en-Adipocitos-maduros-200x200.jpg 200w, https:\/\/ibyme.org.ar\/investigacion\/wp-content\/uploads\/2023\/05\/Gal-On-08-Mitotracker-en-Adipocitos-maduros-400x400.jpg 400w, https:\/\/ibyme.org.ar\/investigacion\/wp-content\/uploads\/2023\/05\/Gal-On-08-Mitotracker-en-Adipocitos-maduros-600x600.jpg 600w, https:\/\/ibyme.org.ar\/investigacion\/wp-content\/uploads\/2023\/05\/Gal-On-08-Mitotracker-en-Adipocitos-maduros-800x800.jpg 800w, https:\/\/ibyme.org.ar\/investigacion\/wp-content\/uploads\/2023\/05\/Gal-On-08-Mitotracker-en-Adipocitos-maduros.jpg 1024w\" sizes=\"(min-width: 2200px) 100vw, (min-width: 784px) 397px, (min-width: 712px) 595px, (min-width: 640px) 712px, \" \/><\/div><\/a><\/div><\/div><\/div><\/div><\/div><\/div><\/div><\/div><\/p>\n","protected":false},"excerpt":{"rendered":"","protected":false},"author":2,"featured_media":0,"parent":1063,"menu_order":5,"comment_status":"closed","ping_status":"closed","template":"100-width.php","meta":{"_acf_changed":false,"inline_featured_image":false,"wpupg_custom_link":[],"wpupg_custom_link_behaviour":["default"],"wpupg_custom_link_nofollow":["default"],"wpupg_custom_image":[],"wpupg_custom_image_id":[],"footnotes":""},"page_category":[],"class_list":["post-421","page","type-page","status-publish","hentry"],"acf":[],"yoast_head":"<!-- This site is optimized with the Yoast SEO plugin v26.6 - https:\/\/yoast.com\/wordpress\/plugins\/seo\/ -->\n<title>Oncolog\u00eda - IBYME<\/title>\n<meta name=\"robots\" content=\"index, follow, max-snippet:-1, max-image-preview:large, max-video-preview:-1\" \/>\n<link rel=\"canonical\" href=\"https:\/\/ibyme.org.ar\/investigacion\/area-investigacion\/oncologia\/\" \/>\n<meta property=\"og:locale\" content=\"es_ES\" \/>\n<meta property=\"og:type\" content=\"article\" \/>\n<meta property=\"og:title\" content=\"Oncolog\u00eda - IBYME\" \/>\n<meta property=\"og:url\" content=\"https:\/\/ibyme.org.ar\/investigacion\/area-investigacion\/oncologia\/\" \/>\n<meta property=\"og:site_name\" content=\"IBYME\" \/>\n<meta property=\"article:modified_time\" content=\"2024-11-06T16:04:17+00:00\" \/>\n<meta name=\"twitter:card\" content=\"summary_large_image\" \/>\n<meta name=\"twitter:label1\" content=\"Tiempo de lectura\" \/>\n\t<meta name=\"twitter:data1\" content=\"3 minutos\" \/>\n<script type=\"application\/ld+json\" class=\"yoast-schema-graph\">{\"@context\":\"https:\/\/schema.org\",\"@graph\":[{\"@type\":\"WebPage\",\"@id\":\"https:\/\/ibyme.org.ar\/investigacion\/area-investigacion\/oncologia\/\",\"url\":\"https:\/\/ibyme.org.ar\/investigacion\/area-investigacion\/oncologia\/\",\"name\":\"Oncolog\u00eda - IBYME\",\"isPartOf\":{\"@id\":\"https:\/\/ibyme.org.ar\/investigacion\/en\/#website\"},\"datePublished\":\"2022-12-19T20:31:36+00:00\",\"dateModified\":\"2024-11-06T16:04:17+00:00\",\"breadcrumb\":{\"@id\":\"https:\/\/ibyme.org.ar\/investigacion\/area-investigacion\/oncologia\/#breadcrumb\"},\"inLanguage\":\"es\",\"potentialAction\":[{\"@type\":\"ReadAction\",\"target\":[\"https:\/\/ibyme.org.ar\/investigacion\/area-investigacion\/oncologia\/\"]}]},{\"@type\":\"BreadcrumbList\",\"@id\":\"https:\/\/ibyme.org.ar\/investigacion\/area-investigacion\/oncologia\/#breadcrumb\",\"itemListElement\":[{\"@type\":\"ListItem\",\"position\":1,\"name\":\"Inicio\",\"item\":\"https:\/\/ibyme.org.ar\/investigacion\/en\/laboratories\/\"},{\"@type\":\"ListItem\",\"position\":2,\"name\":\"\u00c1reas de investigaci\u00f3n\",\"item\":\"https:\/\/ibyme.org.ar\/investigacion\/area-investigacion\/\"},{\"@type\":\"ListItem\",\"position\":3,\"name\":\"Oncolog\u00eda\"}]},{\"@type\":\"WebSite\",\"@id\":\"https:\/\/ibyme.org.ar\/investigacion\/en\/#website\",\"url\":\"https:\/\/ibyme.org.ar\/investigacion\/en\/\",\"name\":\"IBYME\",\"description\":\"Instituto de Biolog\u00eda y Medicina Experimental\",\"potentialAction\":[{\"@type\":\"SearchAction\",\"target\":{\"@type\":\"EntryPoint\",\"urlTemplate\":\"https:\/\/ibyme.org.ar\/investigacion\/en\/?s={search_term_string}\"},\"query-input\":{\"@type\":\"PropertyValueSpecification\",\"valueRequired\":true,\"valueName\":\"search_term_string\"}}],\"inLanguage\":\"es\"}]}<\/script>\n<!-- \/ Yoast SEO plugin. -->","yoast_head_json":{"title":"Oncolog\u00eda - IBYME","robots":{"index":"index","follow":"follow","max-snippet":"max-snippet:-1","max-image-preview":"max-image-preview:large","max-video-preview":"max-video-preview:-1"},"canonical":"https:\/\/ibyme.org.ar\/investigacion\/area-investigacion\/oncologia\/","og_locale":"es_ES","og_type":"article","og_title":"Oncolog\u00eda - IBYME","og_url":"https:\/\/ibyme.org.ar\/investigacion\/area-investigacion\/oncologia\/","og_site_name":"IBYME","article_modified_time":"2024-11-06T16:04:17+00:00","twitter_card":"summary_large_image","twitter_misc":{"Tiempo de lectura":"3 minutos"},"schema":{"@context":"https:\/\/schema.org","@graph":[{"@type":"WebPage","@id":"https:\/\/ibyme.org.ar\/investigacion\/area-investigacion\/oncologia\/","url":"https:\/\/ibyme.org.ar\/investigacion\/area-investigacion\/oncologia\/","name":"Oncolog\u00eda - IBYME","isPartOf":{"@id":"https:\/\/ibyme.org.ar\/investigacion\/en\/#website"},"datePublished":"2022-12-19T20:31:36+00:00","dateModified":"2024-11-06T16:04:17+00:00","breadcrumb":{"@id":"https:\/\/ibyme.org.ar\/investigacion\/area-investigacion\/oncologia\/#breadcrumb"},"inLanguage":"es","potentialAction":[{"@type":"ReadAction","target":["https:\/\/ibyme.org.ar\/investigacion\/area-investigacion\/oncologia\/"]}]},{"@type":"BreadcrumbList","@id":"https:\/\/ibyme.org.ar\/investigacion\/area-investigacion\/oncologia\/#breadcrumb","itemListElement":[{"@type":"ListItem","position":1,"name":"Inicio","item":"https:\/\/ibyme.org.ar\/investigacion\/en\/laboratories\/"},{"@type":"ListItem","position":2,"name":"\u00c1reas de investigaci\u00f3n","item":"https:\/\/ibyme.org.ar\/investigacion\/area-investigacion\/"},{"@type":"ListItem","position":3,"name":"Oncolog\u00eda"}]},{"@type":"WebSite","@id":"https:\/\/ibyme.org.ar\/investigacion\/en\/#website","url":"https:\/\/ibyme.org.ar\/investigacion\/en\/","name":"IBYME","description":"Instituto de Biolog\u00eda y Medicina Experimental","potentialAction":[{"@type":"SearchAction","target":{"@type":"EntryPoint","urlTemplate":"https:\/\/ibyme.org.ar\/investigacion\/en\/?s={search_term_string}"},"query-input":{"@type":"PropertyValueSpecification","valueRequired":true,"valueName":"search_term_string"}}],"inLanguage":"es"}]}},"_links":{"self":[{"href":"https:\/\/ibyme.org.ar\/investigacion\/wp-json\/wp\/v2\/pages\/421","targetHints":{"allow":["GET"]}}],"collection":[{"href":"https:\/\/ibyme.org.ar\/investigacion\/wp-json\/wp\/v2\/pages"}],"about":[{"href":"https:\/\/ibyme.org.ar\/investigacion\/wp-json\/wp\/v2\/types\/page"}],"author":[{"embeddable":true,"href":"https:\/\/ibyme.org.ar\/investigacion\/wp-json\/wp\/v2\/users\/2"}],"replies":[{"embeddable":true,"href":"https:\/\/ibyme.org.ar\/investigacion\/wp-json\/wp\/v2\/comments?post=421"}],"version-history":[{"count":40,"href":"https:\/\/ibyme.org.ar\/investigacion\/wp-json\/wp\/v2\/pages\/421\/revisions"}],"predecessor-version":[{"id":11506,"href":"https:\/\/ibyme.org.ar\/investigacion\/wp-json\/wp\/v2\/pages\/421\/revisions\/11506"}],"up":[{"embeddable":true,"href":"https:\/\/ibyme.org.ar\/investigacion\/wp-json\/wp\/v2\/pages\/1063"}],"wp:attachment":[{"href":"https:\/\/ibyme.org.ar\/investigacion\/wp-json\/wp\/v2\/media?parent=421"}],"wp:term":[{"taxonomy":"page_category","embeddable":true,"href":"https:\/\/ibyme.org.ar\/investigacion\/wp-json\/wp\/v2\/page_category?post=421"}],"curies":[{"name":"wp","href":"https:\/\/api.w.org\/{rel}","templated":true}]}}